

{"id":10999,"date":"2026-02-16T13:00:26","date_gmt":"2026-02-16T12:00:26","guid":{"rendered":"https:\/\/www.gabrielle-laroche.com\/product\/constantin-andreou-la-sauterelle\/"},"modified":"2026-02-16T13:31:50","modified_gmt":"2026-02-16T12:31:50","slug":"constantin-andreou-la-sauterelle","status":"publish","type":"product","link":"https:\/\/www.gabrielle-laroche.com\/en\/product\/constantin-andreou-la-sauterelle\/","title":{"rendered":"ETIENNE MARTIN &#8211; La Sauterelle"},"content":{"rendered":"<div class=\"wpb-content-wrapper\"><p>[vc_row][vc_column width=&#8221;1\/2&#8243;][vc_column_text]<\/p>\n<p>Commentary:\u00a0<span class=\"Apple-converted-space\">\u00a0<\/span><\/p>\n<p>This piece was created based on the original plaster from 1933, donated by Madame Fran\u00e7oise Dupuy Michaud to the Mus\u00e9e des Beaux-Arts de Lyon in 1996.\u00a0<span class=\"Apple-converted-space\">\u00a0<\/span><\/p>\n<p>The sculpture titled La Sauterelle, named after the nickname given to a studio model, represents the first emblematic work of \u00c9tienne Martin. Created during his training at the \u00c9cole des Beaux-Arts de Lyon, this imposing female nude figure illustrates his interest in Egyptian sculpture.\u00a0<span class=\"Apple-converted-space\">\u00a0<\/span><\/p>\n<p>A tripartite contract signed on February 25, 1992, between Fran\u00e7oise Dupuy-Michaud, \u00c9tienne Martin, and Guy Landon, for a period of ten years, stipulated the production of a bronze cast of La Sauterelle, in accordance with the specifications of the original edition of the sculpture. Only this single example was to be produced.\u00a0<span class=\"Apple-converted-space\">\u00a0<\/span><\/p>\n<p>&nbsp;<\/p>\n<p>Provenance : Fran\u00e7oise Dupuy-Michaud Collection\u00a0<span class=\"Apple-converted-space\">\u00a0<\/span><\/p>\n<p>&nbsp;<\/p>\n<p>Bibliography (plaster model) :<\/p>\n<p>Michel Ragon, \u00c9tienne-Martin, Brussels, La Connaissance, 1970, listed as No. 1 in the catalog and reproduced on pages 13 and 99.\u00a0<span class=\"Apple-converted-space\">\u00a0<\/span><\/p>\n<p>Collective, Le Poids du Monde, Marcel Michaud (1898-1958), Exhibition catalog, Mus\u00e9e des Beaux-Arts de Lyon, Lyon, Fage, 2011, reproduced on pages 19, 120, 217, and described on page 120.\u00a0<span class=\"Apple-converted-space\">\u00a0<\/span><\/p>\n<p>Collective, under the direction of Sylvie Ramond and Pierre Wat , Exhibition catalog, Mus\u00e9e des Beaux-Arts de Lyon (October 22, 2011 \u2013 January 23, 2012), Lyon, Hazan, Mus\u00e9e des Beaux-Arts de Lyon, 2011, reproduced on pages 44, 57, 199, and 239.\u00a0<span class=\"Apple-converted-space\">\u00a0<\/span><\/p>\n<p>&nbsp;<\/p>\n<p>Biography :<\/p>\n<p>\u00c9tienne-Martin was born in Loriol, Dr\u00f4me, in 1913. He studied at the \u00c9cole des Beaux-Arts in Lyon from 1929 to 1933, then continued his training at the Acad\u00e9mie Ranson in Paris after receiving the Prix de Paris. In 1966, he was awarded the Grand Prize for Sculpture at the 33rd Venice Biennale, and in 1984, he exhibited at the Centre Georges Pompidou. In 2012, the Mus\u00e9e des Beaux-Arts de Lyon paid tribute to him with a retrospective exhibition.\u00a0<span class=\"Apple-converted-space\">\u00a0<\/span><\/p>\n<p>&nbsp;<\/p>\n<p>Exhibitions:<\/p>\n<p>&nbsp;<\/p>\n<p>&#8211; In 1972, an \u00c9tienne-Martin exhibition was held at the Mus\u00e9e Rodin.\u00a0<span class=\"Apple-converted-space\">\u00a0<\/span><\/p>\n<p>&#8211; In 1984, a comprehensive exhibition of his Demeures was presented at the Centre Pompidou in Paris.\u00a0<span class=\"Apple-converted-space\">\u00a0<\/span><\/p>\n<p>&#8211; In 1996, a dedicated exhibition was held at the Fondation de Coubertin (Saint-R\u00e9my-les-Chevreuse, Yvelines).\u00a0<span class=\"Apple-converted-space\">\u00a0<\/span><\/p>\n<p>&#8211; In 1997, the Mus\u00e9e des Beaux-Arts de Clermont-Ferrand (now the Mus\u00e9e d&#8217;Art Roger-Quilliot) honored him with an exhibition.\u00a0<span class=\"Apple-converted-space\">\u00a0<\/span><\/p>\n<p>&#8211; From June to September 2010, an exhibition was presented at the Centre Pompidou, showcasing fifteen sculptures, drawings, personal notebooks, and photographs of his studio. It was later displayed in Vannes at the Mus\u00e9e de la Cohue (June\u2013September 2011) as part of the \u201cCentre Georges Pompidou hors-les-murs\u201d program.\u00a0<span class=\"Apple-converted-space\">\u00a0<\/span><\/p>\n<p>&#8211; From October 2011 to January 2012, the first retrospective of the artist was presented at the Mus\u00e9e des Beaux-Arts de Lyon.\u00a0<span class=\"Apple-converted-space\">\u00a0<\/span><\/p>\n<p>&nbsp;<\/p>\n<p>Public Collections:<span class=\"Apple-converted-space\">\u00a0<\/span><\/p>\n<p>&nbsp;<\/p>\n<p>Belgium:\u00a0<span class=\"Apple-converted-space\">\u00a0<\/span><\/p>\n<p>Antwerp, Middelheim Open Air Sculpture Museum: \u201cDemeure\u201d<span class=\"Apple-converted-space\">\u00a0<\/span><\/p>\n<p>Royal Museums of Fine Arts of Belgium\u00a0<span class=\"Apple-converted-space\">\u00a0<\/span><\/p>\n<p>&nbsp;<\/p>\n<p>Canada:<span class=\"Apple-converted-space\">\u00a0<\/span><\/p>\n<p>Mus\u00e9e national des beaux-arts du Qu\u00e9bec: \u00ab\u00a0Demeure III\u00a0\u00bb, 1960\u00a0<span class=\"Apple-converted-space\">\u00a0<\/span><\/p>\n<p>&nbsp;<\/p>\n<p>United States:<\/p>\n<p>Art Institute of Chicago\u00a0<span class=\"Apple-converted-space\">\u00a0<\/span><\/p>\n<p>New York, Solomon R. Guggenheim Museum\u00a0<span class=\"Apple-converted-space\">\u00a0<\/span><\/p>\n<p>&nbsp;<\/p>\n<p>France:\u00a0<span class=\"Apple-converted-space\">\u00a0<\/span><\/p>\n<p>Amiens, near the Church of Saint-Leu: \u201cDemeure 4\u201d, 1961\u00a0<span class=\"Apple-converted-space\">\u00a0<\/span><\/p>\n<p>&nbsp;<\/p>\n<p>Cassis\u00a0<span class=\"Apple-converted-space\">\u00a0<\/span><\/p>\n<p>\u00ab\u00a0La Durance \u00e0 Sistero\u00a0\u00bb, oil on canvas, 56 \u00d7 80 cm\u00a0<span class=\"Apple-converted-space\">\u00a0<\/span><\/p>\n<p>&nbsp;<\/p>\n<p>Clermont-Ferrand, Place du 1er Mai: \u00ab\u00a0Demeure XX &#8211; Terrasses de la Terre et de l&#8217;Air\u00a0\u00bb, 1989 (on loan from the Centre national des arts plastiques)\u00a0<span class=\"Apple-converted-space\">\u00a0<\/span><\/p>\n<p>&nbsp;<\/p>\n<p>Mus\u00e9e des Beaux-Arts de Dijon : \u00ab\u00a0T\u00eate aux mains\u00a0\u00bb, 1950-1951, bronze\u00a0<span class=\"Apple-converted-space\">\u00a0<\/span><\/p>\n<p>&nbsp;<\/p>\n<p>Mus\u00e9e de Grenoble :\u00a0<span class=\"Apple-converted-space\">\u00a0<\/span><\/p>\n<p>La Nuit ouvrante, 1948, bronze\u00a0<span class=\"Apple-converted-space\">\u00a0<\/span><\/p>\n<p>Le Collier de la nuit\u00a0<span class=\"Apple-converted-space\">\u00a0<\/span><\/p>\n<p>Les Eaux souterraines du d\u00e9sir, 1985, mixed media\u00a0<span class=\"Apple-converted-space\">\u00a0<\/span><\/p>\n<p>&nbsp;<\/p>\n<p>Mus\u00e9e des Beaux-Arts de Lyon:\u00a0<span class=\"Apple-converted-space\">\u00a0<\/span><\/p>\n<p>Le Cerb\u00e8re, 1977, chestnut wood (acquired in 1985)\u00a0<span class=\"Apple-converted-space\">\u00a0<\/span><\/p>\n<p>Femme debout, bronze (museum purchase) and Femme debout, plaster (donated \u00a0\u00a0\u00a0in 1994)\u00a0<span class=\"Apple-converted-space\">\u00a0<\/span><\/p>\n<p>Piet\u00e0, 1945, limewood (acquired in 2008)\u00a0<span class=\"Apple-converted-space\">\u00a0<\/span><\/p>\n<p>Le Secr\u00e9taire (donation 2018), Nuit II, La Nuit Nina, and Les G\u00e9meaux (acquired in 2018)\u00a0<span class=\"Apple-converted-space\">\u00a0<\/span><\/p>\n<p>&nbsp;<\/p>\n<p>Acad\u00e9mie de Marseille\u00a0<span class=\"Apple-converted-space\">\u00a0<\/span><\/p>\n<p>Panorama des Ports marchands entre le phare Sainte-Marie et la tour Saint-Jean, oil on canvas, before 1905, 50 \u00d7 61 cm\u00a0<span class=\"Apple-converted-space\">\u00a0<\/span><\/p>\n<p>&nbsp;<\/p>\n<p>Noyal-sur-Vilaine,<span class=\"Apple-converted-space\">\u00a0<\/span><\/p>\n<p>L&#8217;Athanor, \u00c9tienne-Martin Museum and Park, Domaine du Bois Orcan (various sculptures)\u00a0<span class=\"Apple-converted-space\">\u00a0<\/span><\/p>\n<p>&nbsp;<\/p>\n<p>Paris:\u00a0<span class=\"Apple-converted-space\">\u00a0<\/span><\/p>\n<p>&nbsp;<\/p>\n<p>22 works at the Mus\u00e9e d&#8217;Art Moderne de la Ville de Paris (<\/p>\n<p>Donation \u00c9tienne-Martin), including:\u00a0<span class=\"Apple-converted-space\">\u00a0<\/span><\/p>\n<p>Le N\u0153ud (1938)\u00a0<span class=\"Apple-converted-space\">\u00a0<\/span><\/p>\n<p>La Nuit Nina (1951)\u00a0<span class=\"Apple-converted-space\">\u00a0<\/span><\/p>\n<p>T\u00eate d\u2019Alma (1954)\u00a0<span class=\"Apple-converted-space\">\u00a0<\/span><\/p>\n<p>&nbsp;<\/p>\n<p>Several works reconstructing his childhood home (Les Demeures), including:\u00a0<span class=\"Apple-converted-space\">\u00a0<\/span><\/p>\n<p>Demeure II (1958-1959)\u00a0<span class=\"Apple-converted-space\">\u00a0<\/span><\/p>\n<p>Petite Demeure X (1965)\u00a0<span class=\"Apple-converted-space\">\u00a0<\/span><\/p>\n<p>Le Fil du Temps (1978)\u00a0<span class=\"Apple-converted-space\">\u00a0<\/span><\/p>\n<p>Jeux et Racines, inspired by natural tree shapes:\u00a0<span class=\"Apple-converted-space\">\u00a0<\/span><\/p>\n<p>Le Petit Canard (1951-1953)\u00a0<span class=\"Apple-converted-space\">\u00a0<\/span><\/p>\n<p>Le Bec (1964)\u00a0<span class=\"Apple-converted-space\">\u00a0<\/span><\/p>\n<p>Le Rhinoc\u00e9ros and L\u2019Amandier (1969)\u00a0<span class=\"Apple-converted-space\">\u00a0<\/span><\/p>\n<p>&nbsp;<\/p>\n<p>Mixed media and polychrome works:\u00a0<span class=\"Apple-converted-space\">\u00a0<\/span><\/p>\n<p>Le Clin d\u2019\u0153il (1970)\u00a0<span class=\"Apple-converted-space\">\u00a0<\/span><\/p>\n<p>Main rouge (1986)\u00a0<span class=\"Apple-converted-space\">\u00a0<\/span><\/p>\n<p>&nbsp;<\/p>\n<p>Late large-scale wood sculptures:\u00a0<span class=\"Apple-converted-space\">\u00a0<\/span><\/p>\n<p>La Corne (1989)\u00a0<span class=\"Apple-converted-space\">\u00a0<\/span><\/p>\n<p>L&#8217;\u00c9chelle (1991)\u00a0<span class=\"Apple-converted-space\">\u00a0<\/span><\/p>\n<p>&nbsp;<\/p>\n<p>44 works at the Mus\u00e9e National d&#8217;Art Moderne, Paris, including:\u00a0<span class=\"Apple-converted-space\">\u00a0<\/span><\/p>\n<p>Nuit ouvrante, wood, 1945-1955\u00a0<span class=\"Apple-converted-space\">\u00a0<\/span><\/p>\n<p>Grand couple, wood, 1946\u00a0<span class=\"Apple-converted-space\">\u00a0<\/span><\/p>\n<p>L\u2019Idole des Ramoneurs, oxidized metals and wood, 1946\u00a0<span class=\"Apple-converted-space\">\u00a0<\/span><\/p>\n<p>La Julie, painted wood, 1951\u00a0<span class=\"Apple-converted-space\">\u00a0<\/span><\/p>\n<p>Le Manteau, mixed media, 1962\u00a0<span class=\"Apple-converted-space\">\u00a0<\/span><\/p>\n<p>Ab\u00e9c\u00e9daire, wood and iron, 1967 (deposited at the Mus\u00e9e des Beaux-Arts de Nancy since 1998)\u00a0<span class=\"Apple-converted-space\">\u00a0<\/span><\/p>\n<p>Mur miroir, painted wood and rubber, 1979\u00a0<span class=\"Apple-converted-space\">\u00a0<\/span><\/p>\n<p>Double tr\u00e8fle, wood, 1985\u00a0<span class=\"Apple-converted-space\">\u00a0<\/span><\/p>\n<p>Ecce homo, wood and steel chains, 1993\u00a0<span class=\"Apple-converted-space\">\u00a0<\/span><\/p>\n<p>&nbsp;<\/p>\n<p>Paris, Jardin des Tuileries: Personnage III, 1967\u00a0<span class=\"Apple-converted-space\">\u00a0<\/span><\/p>\n<p>Paris, Parc de Bercy : Demeure X, 1968\u00a0<span class=\"Apple-converted-space\">\u00a0<\/span><\/p>\n<p>Paris, Quai Saint-Bernard, Open-Air Sculpture Museum: Demeure I (1954-58)\u00a0<span class=\"Apple-converted-space\">\u00a0<\/span><\/p>\n<p>&nbsp;<\/p>\n<p>Saint-R\u00e9my-l\u00e8s-Chevreuse, Fondation de Coubertin\u00a0: Trois Personnages, 1967<\/p>\n<p>&nbsp;<\/p>\n<p>Rennes, Frac Bretagne\u00a0: Ab\u00e9c\u00e9daire et autres lieux, 1967\u00a0[archive]<\/p>\n<p>&nbsp;<\/p>\n<p>Netherlands :<span class=\"Apple-converted-space\">\u00a0<\/span><\/p>\n<p>Amsterdam, Stedelijk Museum\u00a0<span class=\"Apple-converted-space\">\u00a0<\/span><\/p>\n<p>&nbsp;<\/p>\n<p>Switzerland :<span class=\"Apple-converted-space\">\u00a0<\/span><\/p>\n<p>Martigny, Fondation Pierre Gianadda, Sculpture Park: Grand Couple, 1947, bronze\u00a0<span class=\"Apple-converted-space\">\u00a0<\/span>[\/vc_column_text][\/vc_column][vc_column width=&#8221;1\/2&#8243;][\/vc_column][\/vc_row]<\/p>\n<\/div>","protected":false},"excerpt":{"rendered":"<h4>ETIENNE MARTIN<\/h4>\n<p>(1913 &#8211; 1995)<\/p>\n<p>&nbsp;<\/p>\n<h4 class=\"p1\"><em><span class=\"s1\">La Sauterelle<\/span><\/em><\/h4>\n<p>&nbsp;<\/p>\n<p>Green patinated bronze cast\u00a0\u00a0\u00a0\u00a0\u00a0\u00a0\u00a0\u00a0\u00a0\u00a0\u00a0\u00a0\u00a0\u00a0\u00a0\u00a0\u00a0\u00a0\u00a0\u00a0 \u00a0\u00a0\u00a0\u00a0\u00a0<span class=\"Apple-converted-space\">\u00a0<\/span><\/p>\n<p>Signed on the base<\/p>\n<p>N\u00b02\/8<\/p>\n<p>Foundry : Clementi<\/p>\n<p><span class=\"Apple-converted-space\">\u00a0<\/span><\/p>\n<p>Height\u00a0:160 cm<\/p>\n<p>Width\u00a0: \u00a026 cm<\/p>\n<p>Depth\u00a0: 54 cm<\/p>\n<p>Provenance : Fran\u00e7oise Dupuy-Michaud Collection<\/p>\n<p>&nbsp;<\/p>\n[dt_button size=\"small\" style=\"default\" animation=\"none\" color_mode=\"default\" icon=\"\" icon_align=\"left\" color=\"\" link=\"mailto:gabrielle-laroche@wanadoo.fr?subject=315_ETIENNE_MARTIN_LA_SAUTEELLE_ANG\"target_blank=\"true\"]DEMANDE D&#8217;INFORMATIONS[\/dt_button]\n<p>&nbsp;<\/p>\n<p><a href=\"https:\/\/www.gabrielle-laroche.com\/en\/contemporains\/\">Retour aux contemporains<\/a><\/p>\n","protected":false},"featured_media":10982,"template":"","meta":[],"product_brand":[],"product_cat":[46],"product_tag":[],"class_list":{"0":"post-10999","1":"product","2":"type-product","3":"status-publish","4":"has-post-thumbnail","6":"product_cat-contemporary","7":"description-off","9":"first","10":"instock","11":"shipping-taxable","12":"product-type-simple"},"aioseo_notices":[],"_links":{"self":[{"href":"https:\/\/www.gabrielle-laroche.com\/en\/wp-json\/wp\/v2\/product\/10999","targetHints":{"allow":["GET"]}}],"collection":[{"href":"https:\/\/www.gabrielle-laroche.com\/en\/wp-json\/wp\/v2\/product"}],"about":[{"href":"https:\/\/www.gabrielle-laroche.com\/en\/wp-json\/wp\/v2\/types\/product"}],"wp:featuredmedia":[{"embeddable":true,"href":"https:\/\/www.gabrielle-laroche.com\/en\/wp-json\/wp\/v2\/media\/10982"}],"wp:attachment":[{"href":"https:\/\/www.gabrielle-laroche.com\/en\/wp-json\/wp\/v2\/media?parent=10999"}],"wp:term":[{"taxonomy":"product_brand","embeddable":true,"href":"https:\/\/www.gabrielle-laroche.com\/en\/wp-json\/wp\/v2\/product_brand?post=10999"},{"taxonomy":"product_cat","embeddable":true,"href":"https:\/\/www.gabrielle-laroche.com\/en\/wp-json\/wp\/v2\/product_cat?post=10999"},{"taxonomy":"product_tag","embeddable":true,"href":"https:\/\/www.gabrielle-laroche.com\/en\/wp-json\/wp\/v2\/product_tag?post=10999"}],"curies":[{"name":"wp","href":"https:\/\/api.w.org\/{rel}","templated":true}]}}