

{"id":11541,"date":"2023-02-09T18:20:13","date_gmt":"2023-02-09T17:20:13","guid":{"rendered":"https:\/\/www.gabrielle-laroche.com\/product\/louis-cane-le-couple\/"},"modified":"2025-06-19T16:37:00","modified_gmt":"2025-06-19T14:37:00","slug":"louis-cane-le-couple","status":"publish","type":"product","link":"https:\/\/www.gabrielle-laroche.com\/en\/product\/louis-cane-le-couple\/","title":{"rendered":"LOUIS CANE &#8211; Le Couple"},"content":{"rendered":"<div class=\"wpb-content-wrapper\"><p><strong>Bibliography\u00a0:<\/strong> \u00a0\u00a0\u00a0\u00a0\u00a0\u00a0\u00a0\u00a0\u00a0\u00a0\u00a0<span class=\"Apple-converted-space\">\u00a0<\/span><\/p>\n<p>This artwork is reprduced in the Catalog raisonnn\u00e9 of the Artist , n\u00b0100, p. 97, and described p. 17:<span class=\"Apple-converted-space\">\u00a0<\/span><\/p>\n<p>Isabelle Sobelman, \u00ab\u00a0Louis Cane, catalogue raisonn\u00e9 sculptures, volume II, 1986-1990\u00a0\u00bb, Editions de la Diff\u00e9rence\/galerie Beaubourg, 1991.<\/p>\n<p>&nbsp;<\/p>\n<p style=\"text-align: justify;\"><strong>Biography of the Artist :<span class=\"Apple-converted-space\">\u00a0<\/span><\/strong><\/p>\n<p style=\"text-align: justify;\">1943<\/p>\n<p style=\"text-align: justify;\">Naissance \u00e0 Beaulieu-sur-Mer.<\/p>\n<p style=\"text-align: justify;\">1961<\/p>\n<p style=\"text-align: justify;\">Ecole Nationale des Arts D\u00e9coratifs de Nice.<\/p>\n<p style=\"text-align: justify;\">1962<\/p>\n<p style=\"text-align: justify;\">Ecole Nationale Sup\u00e9rieure des Arts D\u00e9coratifs de Paris.<br \/>\nDipl\u00f4me National d\u2019Architecture d\u2019int\u00e9rieur.<br \/>\nPeint ses premi\u00e8res toiles abstraites.<\/p>\n<p style=\"text-align: justify;\">1968<\/p>\n<p style=\"text-align: justify;\">Ecole Nationale Sup\u00e9rieure des Beaux-Arts de Paris.<br \/>\nGrande loge du Prix de Rome de peinture.<br \/>\nPendant les \u00e9v\u00e9nements de \u00ab Mai 68 \u00bb, s\u2019occupe de l\u2019Atelier d\u2019affiches populaires des Arts D\u00e9coratifs.<br \/>\nRencontre avec Marc Devade.<\/p>\n<p style=\"text-align: justify;\">1969<\/p>\n<p style=\"text-align: justify;\">Premi\u00e8re exposition \u00e0 la Galerie Givaudan, Paris.<br \/>\nRencontre avec Philippe Sollers et Marcelin Pleynet.<\/p>\n<p style=\"text-align: justify;\">1970<\/p>\n<p style=\"text-align: justify;\">Premi\u00e8re exposition du groupe Supports-Surfaces \u00e0 l\u2019A.R.C.<br \/>\nRencontre avec Jacques Henric.<\/p>\n<p style=\"text-align: justify;\">1971<\/p>\n<p style=\"text-align: justify;\">Exposition \u00e0 la Galerie Templon, Paris.<\/p>\n<p style=\"text-align: justify;\">1972<\/p>\n<p style=\"text-align: justify;\">Exposition \u00e0 la Galerie Yvon Lambert, pr\u00e9sentation des toiles sol\/mur.<\/p>\n<p style=\"text-align: justify;\">1973<\/p>\n<p style=\"text-align: justify;\">D\u00e9veloppement de la revue \u00ab Peintures \u00bb, Cahiers Th\u00e9oriques.<\/p>\n<p style=\"text-align: justify;\">Achat du Mus\u00e9e d\u2019Art Moderne de Paris.<\/p>\n<p style=\"text-align: justify;\">1974<\/p>\n<p style=\"text-align: justify;\">S\u2019installe dans son atelier rue de Charenton.<br \/>\nD\u00e9but du travail sur les toiles d\u00e9coup\u00e9es.<\/p>\n<p style=\"text-align: justify;\">1975<\/p>\n<p style=\"text-align: justify;\">Pr\u00e9sentation de la revue \u00ab Peintures \u00bb, Cahiers Th\u00e9oriques n\u00b010\/11 chez Ghislain Mollet-Vi\u00e9ville.<br \/>\nPremiers dessins sur les M\u00e9nines.<\/p>\n<p style=\"text-align: justify;\">1976<\/p>\n<p style=\"text-align: justify;\">Expositions personnelles au Louisiana Museum, au Danemark, et au Mus\u00e9e d\u2019Art Contemporain de Montr\u00e9al.<br \/>\nPremi\u00e8res toiles peintes avec des Arches.<\/p>\n<p style=\"text-align: justify;\">1977<\/p>\n<p style=\"text-align: justify;\">Exposition chez L\u00e9o Castelli \u00e0 New York.<br \/>\nExposition personnelle au Mus\u00e9e National d\u2019Art Moderne du Centre Georges Pompidou.<br \/>\nPr\u00e9sentation de la revue \u00ab Peintures \u00bb, Cahiers Th\u00e9oriques n\u00b012 chez Jean Fournier.<br \/>\nInvit\u00e9 \u00e0 la Dokumenta 6, \u00e0 Kessel, Louis Cane expose son tableau : \u00ab Saint Damien parle \u00e0 Saint Fran\u00e7ois \u00bb.<\/p>\n<p style=\"text-align: justify;\">1978<\/p>\n<p style=\"text-align: justify;\">Pr\u00e9sentation de la revue \u00ab Peintures \u00bb, Cahiers Th\u00e9oriques n\u00b013 \u00e0 la Galerie Templon, Paris.<br \/>\nExposition \u00e0 la Kunsthalle de Bielefeld, Allemagne.<\/p>\n<p style=\"text-align: justify;\">1979<\/p>\n<p style=\"text-align: justify;\">Nombreuses expositions personnelles en Europe.<br \/>\nExposition \u00e0 la Galerie Art in Progress \u00e0 D\u00fcsseldorf et \u00e0 Munich, Allemagne.<br \/>\nExposition de groupe \u00e0 l\u2019A.R.C., Paris.<\/p>\n<p style=\"text-align: justify;\">1980<\/p>\n<p style=\"text-align: justify;\">D\u00e9coration du C.E.S. de Peyrolle.<br \/>\nMichel Guy lui commande l\u2019affiche du Festival d\u2019Automne.<\/p>\n<p style=\"text-align: justify;\">1981<\/p>\n<p style=\"text-align: justify;\">Donne une conf\u00e9rence \u00e0 l\u2019Institut d\u2019Art, Paris.<br \/>\nExposition des toiles figuratives \u00e0 la Galerie Templon, Paris.<br \/>\nS\u2019installe dans son atelier de la rue Saint-Maur. Retravaille la sculpture.<\/p>\n<p style=\"text-align: justify;\">1982<\/p>\n<p style=\"text-align: justify;\">Exposition chez L\u00e9o Castelli \u00e0 New York.<br \/>\nCommence les tableaux du D\u00e9luge.<br \/>\nDonne une conf\u00e9rence aux Beaux-Arts.<br \/>\nPremiers dessins pour Homo Carnifex.<\/p>\n<p style=\"text-align: justify;\">1983<\/p>\n<p style=\"text-align: justify;\">Parution de la revue \u00ab Peintures \u00bb, Cahiers Th\u00e9oriques n\u00b016\/17.<br \/>\nSuite du travail sur Manet et Greco, la frontalit\u00e9 et ses plis : l\u2019Assomption de la Vierge.<br \/>\nExposition \u00e0 la Fondation Maeght, Saint-Paul de Vence.<\/p>\n<p style=\"text-align: justify;\">1984<\/p>\n<p style=\"text-align: justify;\">Exposition de Carnifex \u00e0 la Galerie de France, texte et pr\u00e9sentation de Philippe Sollers.<br \/>\nLe tableau est ensuite montr\u00e9 \u00e0 Venise puis en Yougoslavie.<br \/>\nPr\u00e9sentation des sculptures par Pierre Nahon \u00e0 la F.I.A.C.<\/p>\n<p style=\"text-align: justify;\">1985<\/p>\n<p style=\"text-align: justify;\">Exposition des D\u00e9luges \u00e0 la Galerie Templon, Paris.<br \/>\nInt\u00e9r\u00eat pour le texte biblique.<br \/>\nPremi\u00e8re exposition de sculptures \u00e0 la Galerie Beaubourg, Paris.<br \/>\nParution du Volume I des sculptures. Sculptures classiques, r\u00e9solument figuratives.<\/p>\n<p style=\"text-align: justify;\">1986<\/p>\n<p style=\"text-align: justify;\">Exposition de peintures et sculptures \u00e0 la Galerie Brompton \u00e0 Londres, puis \u00e0 la Galerie Reckermann \u00e0 Cologne, Allemagne.<br \/>\nTravaille sur un projet monumental de fontaine publique : la fontaine du d\u00e9luge.<\/p>\n<p style=\"text-align: justify;\">1987<\/p>\n<p style=\"text-align: justify;\">Exposition \u00ab Les in\u00e9dits de Louis Cane \u00bb au Mus\u00e9e de Toulon, une vue d\u2019ensemble de dix ans de peinture (1977\/1987), figurative et abstraite.<\/p>\n<p style=\"text-align: justify;\">1988<\/p>\n<p style=\"text-align: justify;\">Exposition des Crucifixions \u00e0 la Galerie Gill Favre, Lyon.<br \/>\nExposition des sculptures \u00e0 la Galerie des Ponchettes, Nice.<br \/>\nExposition des Femmes \u00e0 la Galerie de la Gare, Bonnieux.<\/p>\n<p style=\"text-align: justify;\">1989<\/p>\n<p style=\"text-align: justify;\">Exposition des sculptures \u00e0 la Galerie Beaubourg, Paris.<br \/>\nExposition des M\u00e9nines \u00e0 la Galerie Haranobu Okada, Japon.<\/p>\n<p style=\"text-align: justify;\">1990<\/p>\n<p style=\"text-align: justify;\">Exposition des premiers Nymph\u00e9as dans la Chapelle Saint-Louis de la Salp\u00e9tri\u00e8re, Paris.<br \/>\nExposition \u00e0 la Galerie Reckermann, Cologne, Allemagne.<br \/>\nExposition au Mus\u00e9e Saint-Roch, Issoudun.<br \/>\nExposition chez Robert Skalli, Fondation Fortant de France, S\u00e8te.<br \/>\nExposition \u00e0 la Casa del Monte, Madrid, Espagne.<br \/>\nExposition Supports-Surfaces, Ch\u00e2teau de Chambord.<\/p>\n<p style=\"text-align: justify;\">1991<\/p>\n<p style=\"text-align: justify;\">Exposition r\u00e9trospective du groupe Supports-Surfaces, Mus\u00e9e d\u2019Art contemporain de Saint-Etienne.<br \/>\nExposition au Mus\u00e9e Municipal de Bellas Artes \u00e0 Santander, Espagne.<br \/>\nExposition \u00e0 la Fondation Deutsch Belmont \u00e0 Lausanne, Suisse.<br \/>\nExposition \u00e0 la Galerie Art-Concept, \u00e0 Nice.<br \/>\nExposition \u00e0 la Galerie Bjorn Olsson \u00e0 Stockholm, Su\u00e8de.<br \/>\nExposition de sculptures \u00e0 la Galerie Beaubourg.<br \/>\nExposition Supports-Surfaces \u00e0 la Galerie Le Chanjour, Nice.<br \/>\nParution du livre de Marie-H\u00e9l\u00e8ne Grinfeder sur \u00ab Les ann\u00e9es Supports-Surfaces \u00bb.<br \/>\nExposition \u00e0 la Galerie d\u2019Art et d\u2019Essai, Paris.<\/p>\n<p style=\"text-align: justify;\">1992<\/p>\n<p style=\"text-align: justify;\">Exposition \u00e0 la Statengalerie, La Haye, Pays-Bas.<br \/>\nExposition \u00e0 la Galerie H\u00e9l\u00e8ne Trintignan, Montpellier.<br \/>\nExposition chez Artcurial, Paris.<br \/>\nExposition au Tel Aviv Museum of Art, Isra\u00ebl.<br \/>\nExposition \u00e0 la Galerie Nationale Hongroise \u00e0 Budapest, Hongrie.<br \/>\nExposition au Westf\u00e4llisches Landesmuseum f\u00fcr Kunst und Kulturgeschichte, \u00e0 M\u00fcnster, Allemagne.<br \/>\nExposition au Centre Municipal Loisirs et Rencontres, Clermont-Ferrand.<br \/>\nExposition \u00ab Manifeste \u00bb au Centre Georges Pompidou, Paris.<\/p>\n<p style=\"text-align: justify;\">1993<\/p>\n<p style=\"text-align: justify;\">Exposition au Centre Culturel de Boulogne-Billancourt.<br \/>\nExposition au Museum der Bildenden K\u00fcnste \u00e0 Leipzig, Allemagne.<br \/>\nExpositions du groupe Supports-Surfaces dans six villes du Japon et au Mus\u00e9e Denys Puech \u00e0 Rodez, France.<br \/>\nExposition \u00e0 la foire de Bologne, Italie.<br \/>\nExposition \u00e0 la Galerie Marianne et Pierre Nahon \u00e0 Vence.<br \/>\nLes meubles et objets d\u00e9coratifs sont pr\u00e9sent\u00e9s au Salon de Mars, Paris.<\/p>\n<p style=\"text-align: justify;\">1994<\/p>\n<p style=\"text-align: justify;\">Exposition au Mus\u00e9e de l\u2019Orangerie, Jardin des Tuileries, Paris.<br \/>\nExposition au Salon de Mars, Paris.<br \/>\nExposition \u00e0 l\u2019Institut Fran\u00e7ais, \u00e0 Ath\u00e8nes et \u00e0 Bari, Galerie Bonomo.<\/p>\n<p style=\"text-align: justify;\">1995<\/p>\n<p style=\"text-align: justify;\">Exposition \u00e0 l\u2019Institut Fran\u00e7ais, Florence, Italie.<br \/>\nExposition au Salon de Mars, Paris.<br \/>\nExposition au Mus\u00e9e d\u2019Art Contemporain de Cambrai.<br \/>\nExposition au Mus\u00e9e de la Chartreuse \u00e0 Douai avec Daniel Dezeuze et Claude Viallat.<br \/>\nExposition des Nymph\u00e9as \u00e0 Chiba, au Kawamura Memorial Museum, \u00e0 Kurashiki.<br \/>\nExposition au Mus\u00e9e Municipal, \u00e0 Hokkaido, Japon.<br \/>\nExposition au Mus\u00e9e d\u2019Art Moderne \u00e0 Takaoka, Japon.<br \/>\nExposition de terres cuites \u00e0 Faenza, au Mus\u00e9e National de la C\u00e9ramique.<br \/>\nExposition \u00e0 la F.I.A.C. avec la Galerie Beaubourg, Paris.<br \/>\nExposition au Palais des Congr\u00e8s, Paris.<br \/>\nExposition \u00e0 New-York, Galerie 29 : les meubles et objets d\u00e9coratifs.<\/p>\n<p style=\"text-align: justify;\">1996<\/p>\n<p style=\"text-align: justify;\">Exposition au Salon de Mars, Paris.<br \/>\nExposition \u00e0 la Galerie Jacques Girard, Toulouse.<br \/>\nExposition \u00e0 la Galerie Patricia Dorfman, Paris.<br \/>\nExposition \u00e0 Issoudun, Mus\u00e9e d\u2019Art Contemporain : \u00ab Les anges et v\u00e9hicules libello-tract\u00e9s \u00bb, 1985\/1995.<br \/>\nExposition au Manoir de Cologny, Gen\u00e8ve, Suisse.<\/p>\n<p style=\"text-align: justify;\">1997<\/p>\n<p style=\"text-align: justify;\">Mus\u00e9e d\u2019Art Moderne de Skopi\u00e9, Mac\u00e9doine.<br \/>\nGalerie H\u00e9l\u00e8ne Trintignan, Montpellier.<br \/>\nGalerie Rachelin-Lemarie, Paris.<br \/>\nExposition personnelle au Tefaf Maastricht, Galerie Pilzer.<\/p>\n<p style=\"text-align: justify;\">1998<\/p>\n<p style=\"text-align: justify;\">Exposition Supports-Surfaces au Mus\u00e9e du Jeu de Paume, Paris.<br \/>\nExposition \u00e0 la Galerie Le rire bleu, Figeac.<br \/>\nExposition \u00e0 la Galerie Piltzer, Paris.<\/p>\n<p style=\"text-align: justify;\">1999<\/p>\n<p style=\"text-align: justify;\">\u00ab Les ann\u00e9es Supports-Surfaces \u00bb, Maison de la Culture, Namur, Belgique : 15 janvier \u2013 21 f\u00e9vrier.<br \/>\nMuzeum Sztuki w Lodzi, Lodz, Pologne : 17 mars \u2013 9 mai.<br \/>\nPalazzo delle esposizioni, Rome, Italie : 5 septembre \u2013 25 octobre.<br \/>\nTaidemuseo, Porl, Finlande : 11 novembre \u2013 2 janvier 2000.<br \/>\nExposition \u00ab D\u00e9coration \u00bb, Mus\u00e9e Tecla Sala, Barcelone, Espagne.<br \/>\nExposition \u00e0 la Galerie Arkos, Clermont-Ferrand.<br \/>\nR\u00e9\u00e9dition de l\u2019Encyclop\u00e9die de la peinture chinoise.<br \/>\nLe seuil de Peinture (exposition collective), Centre d\u2019exposition \u00ab Della Rocca Paolina \u00bb, province de Perugia, Italie.<\/p>\n<p style=\"text-align: justify;\">2000<\/p>\n<p style=\"text-align: justify;\">Exposition Supports-Surfaces, Mus\u00e9e d\u2019art contemporain de Tokyo, Japon : 29 janvier \u2013 2 avril.<br \/>\nMuseu de Arte Moderna, Sao Paulo, Br\u00e9sil : 4 juin \u2013 30 juillet.<br \/>\nCentro Cultural Banco do Brasil, Rio de Janeiro, Br\u00e9sil : 18 ao\u00fbt \u2013 29 octobre.<br \/>\nExposition \u00ab Narcisse bless\u00e9 \u00bb, Passage de Retz, Paris, juin-juillet.<br \/>\nExposition \u00ab Le Nu contemporain \u00bb, Palais de l\u2019Europe, Menton.<br \/>\nExposition \u00ab Nativit\u00e9s \u00bb, peintures, Galerie 14, Paris, d\u00e9cembre 2000 \u2013 janvier 2001.<\/p>\n<p style=\"text-align: justify;\">2001<\/p>\n<p style=\"text-align: justify;\">\u00ab L\u2019esprit Supports-Surfaces \u00bb, exposition de groupe, Mus\u00e9e d\u2019histoire du Shaanxi, Xi\u2019An, Shaanxi, Chine : 19 juillet \u2013 5 ao\u00fbt.<br \/>\nExposition \u00ab Les fleurs \u00bb, Galerie 14, Paris, octobre.<br \/>\nExposition \u00ab Aux alentours de Nice \u00bb, Galerie Marlborough, Nice, octobre.<br \/>\nWallace Collection, marqueteries, Londres, octobre.<br \/>\nExposition \u00ab L\u2019esprit des couleurs \u00bb, Galerie 14, Paris.<\/p>\n<p style=\"text-align: justify;\">2002<\/p>\n<p style=\"text-align: justify;\">\u00ab Une femme joue avec des Fly-Tox \u00bb, Galerie 14, Paris.<br \/>\n\u00ab Peintures et Sculptures \u00bb, Galerie Trintignan, Montpellier.<br \/>\nExposition Supports-Surfaces \u00e0 la Galerie Dorsky, New York.<br \/>\nExposition \u00ab Les ann\u00e9es 70 : L\u2019art en cause \u00bb au Mus\u00e9e d\u2019art contemporain de Bordeaux.<br \/>\n\u00ab Les v\u00e9hicules libello-tract\u00e9s \u00bb, Galerie 14, Paris, novembre.<\/p>\n<p style=\"text-align: justify;\">2003<\/p>\n<p style=\"text-align: justify;\">Photos-peintures, Galerie 14, Paris.<br \/>\nExposition \u00ab peintures, sculpture\u00a0 \u00bb Galerie Marlborough, a Monaco.<\/p>\n<p style=\"text-align: justify;\">2004<\/p>\n<p style=\"text-align: justify;\">Exposition \u00ab peinture de Louis Cane \u00bb L\u2019Espal, Le mans.<br \/>\nExposition \u00ab Lapidation \u00bb Galerie 14, Paris.<br \/>\nExposition \u00ab Peintures \u00bb Arkos, Clermont-Ferrand.<br \/>\nExposition \u00ab Peintures \u00bb Galerie Carnot, Avignon.<br \/>\nExposition \u00ab Nativit\u00e9s II peintures \u00bb Galerie 14, Paris.<br \/>\nMus\u00e9e Eucharistique du Hi\u00e9ron, Paray Le Monial.<br \/>\nPavillon des Antiquaires, Paris.<br \/>\nCitadelle de Saint-Tropez, Sculptures, Galerie Marlborough de Monaco.<\/p>\n<p style=\"text-align: justify;\">2005<\/p>\n<p style=\"text-align: justify;\">\u00ab Itin\u00e9ris, a via Crucis for Ofena \u00bb, Italie.<br \/>\nExposition des sculptures les couples enlac\u00e9s, les M\u00e9nines et des peintures abstraites sur r\u00e9sine, Galerie Gana, S\u00e9oul, Cor\u00e9e.<br \/>\nPavillon des Antiquaires, Paris.<br \/>\nPeintures : Galerie Arkos, Clermont-Ferrant.<br \/>\nPeintures et sculptures : galerie Amini Art-Monaco.<\/p>\n<p style=\"text-align: justify;\">2006<\/p>\n<p style=\"text-align: justify;\">Ch\u00e2teau Mus\u00e9e Grimaldi, Cagnes-sur-mer, les peintures et les v\u00e9hicules libello-tract\u00e9s 1996-2006.<br \/>\nPeintures et sculptures : H\u00e9l\u00e8ne Trintignant, Montpellier.<br \/>\nMeubles et objets d\u00e9coratifs : Galerie 14, Paris.<br \/>\nParution de la Monographie : \u00ab Peintures 1963 \u2013 2005 \u00bb, Editions de la Diff\u00e9rence.<\/p>\n<p style=\"text-align: justify;\">2007<\/p>\n<p style=\"text-align: justify;\">Peintures et Sculptures : Galerie Amini Art-Monaco.<br \/>\nPavillon Art-Fair, Paris.<br \/>\nLe fond de sc\u00e8ne \u2013 Universit\u00e9 des sciences, Nice.<br \/>\nGalerie LJ Beaubourg Fair, Paris : peintures r\u00e9sine sur grillage.<br \/>\nGalerie Moderne Art, Monaco.<br \/>\nGalerie Trintignan, Montpellier.<\/p>\n<p style=\"text-align: justify;\">2008<\/p>\n<p style=\"text-align: justify;\">Galerie LJ Beaubourg, Paris.<br \/>\nGalerie Moderne Art, Monaco.<br \/>\nMus\u00e9e d\u2019art moderne, Monaco (balan\u00e7oire plastique).<br \/>\nPavillon Vend\u00f4me, Aix-en-Provence.<br \/>\nGalerie Yamaki Fine Art, Kob\u00e9, Japon.<\/p>\n<p style=\"text-align: justify;\">2009<\/p>\n<p style=\"text-align: justify;\">Galerie B.C. Beaubourg, Paris.<br \/>\nGalerie Yamaki Fine Art, Kob\u00e9, Japon.<br \/>\nArt Elys\u00e9e, Paris.<\/p>\n<p style=\"text-align: justify;\">2010<\/p>\n<p style=\"text-align: justify;\">Mus\u00e9e de la tapisserie, Aix en Provence.<br \/>\nAbbaye Saint Andr\u00e9 \u2013 Centre d\u2019art contemporain, Meymac, France.<br \/>\nGalerie B.C. Beaubourg, Paris.<\/p>\n<p style=\"text-align: justify;\">2011<\/p>\n<p style=\"text-align: justify;\">Foire d\u2019Art Paris.<br \/>\nGalerie H\u00e9l\u00e8ne Trintignant, Montpellier.<br \/>\nLa Roche Guyon, France.<br \/>\nGalerie Ceysson, Luxembourg.<\/p>\n<p style=\"text-align: justify;\">2012<\/p>\n<p style=\"text-align: justify;\">Galerie Marlborough \u2013 Monaco.<br \/>\nMamac Nice \u2013 Voyage dans la peinture 1.<br \/>\nGalerie Ceysson, Saint-Etienne.<br \/>\nGalerie Ceysson, Paris.<\/p>\n<p style=\"text-align: justify;\">2013<\/p>\n<p style=\"text-align: justify;\">France-Italie, palazzo delle Promotrice delle Belle Arti, Turin, Italie.<br \/>\nArt Paris \u2013 Grand Palais, Paris.<br \/>\nGalerie B.C. Beaubourg, Paris.<br \/>\nSupports-Surfaces\u2026 et apr\u00e8s, Abbaye de Beaulieu en Rouergue.<br \/>\nArt Paris, Grand Palais, Galerie B.C. Beaubourg, Paris.<br \/>\nMamac Nice, \u00ab Bonjour Mr Matisse \u00bb.<br \/>\nGalerie Ceysson, Luxembourg.<br \/>\nF.I.A.C., Grand Palais, Galerie Ceysson, Paris.<br \/>\nKunstmuseum Wolfsburg , \u00ab Arts et Textiles \u00bb Wolfsburg, Allemagne.<\/p>\n<p style=\"text-align: justify;\">2014<\/p>\n<p style=\"text-align: justify;\">Galerie B.C. Beaubourg, Paris.<br \/>\n\u00ab Supports\/Surfaces is alive and well \u00bb, Galerie Cherry and Martin , Los Angeles.<br \/>\nSupport\/Surface, Galerie Canada, New York.<\/p>\n<p style=\"text-align: justify;\">2015<\/p>\n<p style=\"text-align: justify;\">Galerie Patricia Low, Gstaad, Suisse.<br \/>\nGalerie B.C. Beaubourg, Paris \u2013 Exposition \u00ab Barley Sugar \u00bb.<br \/>\nGalerie Torri \u00ab 1974 \u00bb Paris, France.<br \/>\nFondation Prada, exposition collective \u00ab Recto verso \u00bb, Milan, Italie.<br \/>\nGalerie T293, \u00ab Barley sugar \u00bb, Rome, Italie.<\/p>\n<p style=\"text-align: justify;\">2016<\/p>\n<p style=\"text-align: justify;\">Mus\u00e9e de l\u2019abbaye Sainte-Croix \u2013 Exposition \u00ab Passages. Vers une abstraction habit\u00e9e \u00bb, Les sables d\u2019Olonne, France.<\/p>\n<p style=\"text-align: justify;\"><strong>Bibliographie\u00a0:<\/strong> \u00a0 `<\/p>\n<p style=\"text-align: justify;\">CORNEC Gilles, <em>Louis Cane Sculptures, vol. IV \u2013 1996-\u00a0\u00a0 2003<\/em>, \u00e9ditions Galerie 14, Paris, page 23<\/p>\n<p>[\/vc_column_text][\/vc_column][vc_column width=&#8221;1\/2&#8243;][\/vc_column][\/vc_row]<\/p>\n<\/div>","protected":false},"excerpt":{"rendered":"<p><strong>LOUIS CANE <\/strong><\/p>\n<p><strong>( 1943 &#8211; 2024 )<\/strong><\/p>\n<p>&nbsp;<\/p>\n<p><strong>Title : \u00a0\u00ab Le Couple \u00a0\u00bb<\/strong><\/p>\n<p>&nbsp;<\/p>\n<p><strong>Date : \u00a0 \u00a0 \u00a0<\/strong>1988<\/p>\n<p>&nbsp;<\/p>\n<p>Bronze with patina<\/p>\n<p>Signed and numeroted 1\/8<\/p>\n<p>Foundry : \u00a0Bocquel<\/p>\n<p>&nbsp;<\/p>\n<p>Height : 200 cm<\/p>\n<p>Width : 40 cm<\/p>\n<p>Depth : 74 cm<\/p>\n<p style=\"font-weight: 400;\"><strong>\u00a0<\/strong><\/p>\n<p style=\"font-weight: 400;\"><strong>\u00a0<\/strong><\/p>\n[dt_button size=\"small\" style=\"default\" animation=\"none\" color_mode=\"default\" icon=\"\" icon_align=\"left\" color=\"\" link=\"mailto:gabrielle-laroche@wanadoo.fr?subject=193bis_LOUIS_CANE_COUPLE_DEBOUT_ANG\" target_blank=\"true\"]DEMANDE D&#8217;INFORMATIONS[\/dt_button]\n<p>&nbsp;<\/p>\n<p><a href=\"https:\/\/www.gabrielle-laroche.com\/en\/contemporains\/\">Retour aux contemporains<\/a><\/p>\n","protected":false},"featured_media":11516,"template":"","meta":[],"product_brand":[],"product_cat":[46],"product_tag":[],"class_list":{"0":"post-11541","1":"product","2":"type-product","3":"status-publish","4":"has-post-thumbnail","6":"product_cat-contemporary","7":"description-off","9":"first","10":"instock","11":"shipping-taxable","12":"product-type-simple"},"aioseo_notices":[],"_links":{"self":[{"href":"https:\/\/www.gabrielle-laroche.com\/en\/wp-json\/wp\/v2\/product\/11541","targetHints":{"allow":["GET"]}}],"collection":[{"href":"https:\/\/www.gabrielle-laroche.com\/en\/wp-json\/wp\/v2\/product"}],"about":[{"href":"https:\/\/www.gabrielle-laroche.com\/en\/wp-json\/wp\/v2\/types\/product"}],"wp:featuredmedia":[{"embeddable":true,"href":"https:\/\/www.gabrielle-laroche.com\/en\/wp-json\/wp\/v2\/media\/11516"}],"wp:attachment":[{"href":"https:\/\/www.gabrielle-laroche.com\/en\/wp-json\/wp\/v2\/media?parent=11541"}],"wp:term":[{"taxonomy":"product_brand","embeddable":true,"href":"https:\/\/www.gabrielle-laroche.com\/en\/wp-json\/wp\/v2\/product_brand?post=11541"},{"taxonomy":"product_cat","embeddable":true,"href":"https:\/\/www.gabrielle-laroche.com\/en\/wp-json\/wp\/v2\/product_cat?post=11541"},{"taxonomy":"product_tag","embeddable":true,"href":"https:\/\/www.gabrielle-laroche.com\/en\/wp-json\/wp\/v2\/product_tag?post=11541"}],"curies":[{"name":"wp","href":"https:\/\/api.w.org\/{rel}","templated":true}]}}