

{"id":3294,"date":"2021-12-09T14:30:24","date_gmt":"2021-03-19T11:07:24","guid":{"rendered":"http:\/\/mrplwpw.cluster030.hosting.ovh.net\/?post_type=product&#038;p=3294"},"modified":"2021-04-21T15:27:52","modified_gmt":"2021-04-21T13:27:52","slug":"alex-berdal-still-life-copie","status":"publish","type":"product","link":"https:\/\/www.gabrielle-laroche.com\/en\/product\/alex-berdal-still-life-copie\/","title":{"rendered":"MATHIAS LIPTAY &#8211; She"},"content":{"rendered":"<div class=\"wpb-content-wrapper\"><p>[vc_row][vc_column width=&#8221;1\/2&#8243;][vc_column_text]<\/p>\n<p class=\"p1\" style=\"text-align: justify;\"><span class=\"s1\"><b>Biography<\/b><\/span><\/p>\n<p class=\"p1\" style=\"text-align: justify;\"><span class=\"s1\">Born in Kalocsa (Hongria) in 1936. Came to Paris at the age of twenty, he entered the Ecole des Beaux Arts. Formed through different experiences and different materials : iron, metal , plastic. He creates transparent sculptures before tackling the woods and find finally in stone his preferred medium . Since 1972, Mathias Liptay lives and works in Carrara in Italy where , through the marble , he seeks to achieve the essence and unity of things.<\/span><\/p>\n<p class=\"p1\" style=\"text-align: justify;\"><span class=\"s1\">He is concerned with specific topics for some years,\u00a0 allowing to divide his creative activities in several successive periods :<\/span><\/p>\n<ul class=\"ul1\" style=\"text-align: justify;\">\n<li class=\"li1\"><span class=\"s1\">Les Eclosions, 1977-1982<\/span><\/li>\n<li class=\"li1\"><span class=\"s1\">Les T\u00eates, 1984-1986<\/span><\/li>\n<li class=\"li1\"><span class=\"s1\">Les Germinations, 1990-1992<\/span><\/li>\n<li class=\"li1\"><span class=\"s1\">Les Couples, 1994-1995<\/span><\/li>\n<li class=\"li1\"><span class=\"s1\">Les Dialogues, 1997-1998<\/span><\/li>\n<li class=\"li1\"><span class=\"s1\">La Sculpture et son Ombre, 1999-2001<\/span><\/li>\n<\/ul>\n<p>&nbsp;<\/p>\n<p class=\"p1\" style=\"text-align: justify;\"><span class=\"s1\">INDIVIDUAL EXHIBITION<\/span><\/p>\n<p class=\"p1\" style=\"text-align: justify;\"><span class=\"s1\">1974, 1979 &#8211;\u00a0Galerie d&#8217;Art Contemporain, Lausanne<b> <\/b>(Suisse)<\/span><\/p>\n<p class=\"p1\" style=\"text-align: justify;\"><span class=\"s1\">1976, 1978 &#8211; Galerie Visconti, Paris<\/span><\/p>\n<p class=\"p1\" style=\"text-align: justify;\"><span class=\"s1\">1980,1984 &#8211; Ancienne Douanne, Strasbourg<\/span><\/p>\n<p class=\"p1\" style=\"text-align: justify;\"><span class=\"s1\">1982,1984 &#8211; Galerie Arcadia, Paris<\/span><\/p>\n<p class=\"p1\" style=\"text-align: justify;\"><span class=\"s1\">1984 &#8211; Mus\u00e9e des Beaux Arts, Agen<\/span><\/p>\n<p class=\"p1\" style=\"text-align: justify;\"><span class=\"s1\">1986 &#8211; Mus\u00e9e de Haguenau<\/span><\/p>\n<p class=\"p1\" style=\"text-align: justify;\"><span class=\"s1\">1989 &#8211; Galerie Rolf Wahl, Paris<\/span><\/p>\n<p class=\"p1\" style=\"text-align: justify;\"><span class=\"s1\">1992 &#8211; Galerie Muscade, Paris<\/span><\/p>\n<p class=\"p1\" style=\"text-align: justify;\"><span class=\"s1\">1994 &#8211; Galerie Christine Colas, Paris<\/span><\/p>\n<p class=\"p1\" style=\"text-align: justify;\"><span class=\"s1\">1999 &#8211; Galerie Art Pr\u00e9sent, Paris<\/span><\/p>\n<p class=\"p1\" style=\"text-align: justify;\"><span class=\"s1\">2005 &#8211; Galerie des Ormes, Courtenay<\/span><\/p>\n<p>&nbsp;<\/p>\n<p class=\"p1\" style=\"text-align: justify;\"><span class=\"s1\">SHOW<\/span><\/p>\n<p class=\"p1\" style=\"text-align: justify;\"><span class=\"s1\">Jeune Sculpture \u2013 1964,1965, 1966,1967,1968, 1970, 1971<\/span><\/p>\n<p class=\"p1\" style=\"text-align: justify;\"><span class=\"s1\">Salon de Mai \u2013 1975,1976, 1977<\/span><\/p>\n<p class=\"p1\" style=\"text-align: justify;\"><span class=\"s1\">Grands et Jeunes d&#8217;aujourd&#8217;hui \u2013 1978,1979<\/span><\/p>\n<p class=\"p1\" style=\"text-align: justify;\"><span class=\"s1\">R\u00e9alit\u00e9s nouvelles \u2013 1971, 1977, 1983, 1984, 1985, 1987<\/span><\/p>\n<p class=\"p1\" style=\"text-align: justify;\"><span class=\"s1\">Mac 2000, Grand Palais \u2013 1986, 1988, 1995, 2001, 2004<\/span><\/p>\n<p class=\"p1\" style=\"text-align: justify;\"><span class=\"s1\">SIAC, Strasbourg \u2013 1995,1996<\/span><\/p>\n<p>&nbsp;<\/p>\n<p class=\"p1\" style=\"text-align: justify;\"><span class=\"s1\">GROUP EXHIBITION<\/span><\/p>\n<p class=\"p1\" style=\"text-align: justify;\"><span class=\"s1\">1965 &#8211;\u00a0Groupe Requiem en annexe de la Biennale de Paris, Galerie Transposition<\/span><\/p>\n<p class=\"p1\" style=\"text-align: justify;\"><span class=\"s1\">1970 &#8211;\u00a0Magyarok, Les hongrois de Paris, Galerie Zuzini, Paris\u00a0\u00a0<\/span><\/p>\n<p class=\"p1\" style=\"text-align: justify;\"><span class=\"s1\">1975 &#8211;\u00a0Peinture et Sculptures des Artistes hongrois en France, Galerie Isis, Paris<\/span><\/p>\n<p class=\"p1\" style=\"text-align: justify;\"><span class=\"s1\">1977 &#8211;\u00a0Mostra Internazional de Sculptura, Forte dei Marmi, Olaszorsz\u00e0g<\/span><\/p>\n<p class=\"p1\" style=\"text-align: justify;\"><span class=\"s1\">1990 &#8211;\u00a0Une semaine abstraite \u00e0 Sarrebourg, Sarrebourg<\/span><\/p>\n<p class=\"p1\" style=\"text-align: justify;\"><span class=\"s1\">1991 &#8211;\u00a05<\/span><span class=\"s2\"><sup>e<\/sup><\/span><span class=\"s1\"> Forum des Arts: un Peintre, un Sculpteur et Picasso, Bitche<\/span><\/p>\n<p class=\"p1\" style=\"text-align: justify;\"><span class=\"s1\">1993 &#8211;\u00a0Camille Claudel et 24 sculpteurs, Chapelle des Cordeliers, Sarrebourg<\/span><\/p>\n<p class=\"p1\" style=\"text-align: justify;\"><span class=\"s1\">1995 &#8211;\u00a0Ces Sculpteurs fran\u00e7ais de Hongrie, Institut Hongrois de Paris<\/span><\/p>\n<p class=\"p1\" style=\"text-align: justify;\"><span class=\"s1\">2007 &#8211;\u00a0Galerie Abigail, Budapest\u00a0\u00a0\u00a0\u00a0\u00a0\u00a0\u00a0\u00a0\u00a0\u00a0\u00a0\u00a0\u00a0\u00a0<\/span><\/p>\n<p>&nbsp;<\/p>\n<p class=\"p1\" style=\"text-align: justify;\"><span class=\"s1\">STATE ORDER<\/span><\/p>\n<p class=\"p1\" style=\"text-align: justify;\"><span class=\"s1\">Sculpture en marbre devant l&#8217;H\u00f4pital r\u00e9gional des Arm\u00e9es de Pourvourville, Toulouse \u2013 1984<\/span><\/p>\n<p class=\"p1\" style=\"text-align: justify;\"><span class=\"s1\">Sculpture monumentale en marbre blanc de Cararre &#8220;Pr\u00e9sent de l&#8217;Esprit&#8221;, Mus\u00e9e de l&#8217;ancienne Abbaye de Land\u00e9vennec (Finist\u00e8re) \u2013 1990<\/span><\/p>\n<p class=\"p1\" style=\"text-align: justify;\"><span class=\"s1\">\u00a0<\/span><\/p>\n<p class=\"p1\" style=\"text-align: justify;\"><span class=\"s1\">ORDER<\/span><\/p>\n<p class=\"p1\" style=\"text-align: justify;\"><span class=\"s1\">Sculpture Bas-relief en marbre blanc de Carrare, &#8220;L&#8217;Annonciation&#8221; Eglise de l&#8217;Abbaye de Land\u00e9vennec, 1991<\/span><\/p>\n<p>[\/vc_column_text][\/vc_column][vc_column width=&#8221;1\/2&#8243;][\/vc_column][\/vc_row][vc_row][vc_column][vc_column_text]<\/p>\n<p style=\"text-align: center;\"><div class=\"_3d-flip-book  fb3d-fullscreen-mode full-size\" data-id=\"3292\" data-mode=\"fullscreen\" data-title=\"false\" data-template=\"short-white-book-view\" data-lightbox=\"dark-shadow\" data-urlparam=\"fb3d-page\" data-page-n=\"0\" data-pdf=\"\" data-tax=\"null\" data-thumbnail=\"\" data-cols=\"3\" data-book-template=\"default\" data-trigger=\"\"><\/div><script type=\"text\/javascript\">window.FB3D_CLIENT_DATA = window.FB3D_CLIENT_DATA || [];FB3D_CLIENT_DATA.push('eyJwb3N0cyI6eyIzMjkyIjp7IklEIjozMjkyLCJ0aXRsZSI6Ik1BVEhJQVMgTElQVEFZIC0gQ2F0YWxvZ3VlIiwidHlwZSI6InBkZiIsInJlYWR5X2Z1bmN0aW9uIjoiIiwiYm9va19zdHlsZSI6ImZsYXQiLCJib29rX3RlbXBsYXRlIjoibm9uZSIsIm91dGxpbmUiOltdLCJkYXRhIjp7InBvc3RfSUQiOiIzMjkxIiwiZ3VpZCI6Imh0dHBzOlwvXC93d3cuZ2FicmllbGxlLWxhcm9jaGUuY29tXC93cC1jb250ZW50XC91cGxvYWRzXC8yMDIxXC8wM1wvMjI5LWxpcHRheS1tYXR5YXMtc2N1bHB0dXJlLnBkZiIsInBkZl9wYWdlcyI6IjIiLCJwYWdlc19jdXN0b21pemF0aW9uIjoibm9uZSJ9LCJ0aHVtYm5haWwiOnsiZGF0YSI6eyJwb3N0X0lEIjoiMCJ9LCJ0eXBlIjoiYXV0byJ9LCJwcm9wcyI6eyJjYWNoZWRQYWdlcyI6ImF1dG8iLCJyZW5kZXJJbmFjdGl2ZVBhZ2VzIjoiYXV0byIsInJlbmRlckluYWN0aXZlUGFnZXNPbk1vYmlsZSI6ImF1dG8iLCJyZW5kZXJXaGlsZUZsaXBwaW5nIjoiYXV0byIsInByZWxvYWRQYWdlcyI6ImF1dG8iLCJydGwiOiJhdXRvIiwic2hlZXQiOnsic3RhcnRWZWxvY2l0eSI6ImF1dG8iLCJ3YXZlIjoiYXV0byIsIndpZHRoVGV4ZWxzIjoiYXV0byIsImNvbG9yIjoiYXV0byIsInNpZGUiOiJhdXRvIiwiY29ybmVyRGV2aWF0aW9uIjoiYXV0byIsImZsZXhpYmlsaXR5IjoiYXV0byIsImZsZXhpYmxlQ29ybmVyIjoiYXV0byIsImJlbmRpbmciOiJhdXRvIiwiaGVpZ2h0VGV4ZWxzIjoiYXV0byJ9LCJjb3ZlciI6eyJ3YXZlIjoiYXV0byIsImNvbG9yIjoiYXV0byIsImJpbmRlclRleHR1cmUiOiJhdXRvIiwiZGVwdGgiOiJhdXRvIiwicGFkZGluZyI6ImF1dG8iLCJzdGFydFZlbG9jaXR5IjoiYXV0byIsImZsZXhpYmlsaXR5IjoiYXV0byIsImZsZXhpYmxlQ29ybmVyIjoiYXV0byIsImJlbmRpbmciOiJhdXRvIiwid2lkdGhUZXhlbHMiOiJhdXRvIiwiaGVpZ2h0VGV4ZWxzIjoiYXV0byIsIm1hc3MiOiJhdXRvIiwic2lkZSI6ImF1dG8ifSwicGFnZSI6eyJ3YXZlIjoiYXV0byIsImNvbG9yIjoiYXV0byIsImRlcHRoIjoiYXV0byIsInN0YXJ0VmVsb2NpdHkiOiJhdXRvIiwiZmxleGliaWxpdHkiOiJhdXRvIiwiZmxleGlibGVDb3JuZXIiOiJhdXRvIiwiYmVuZGluZyI6ImF1dG8iLCJ3aWR0aFRleGVscyI6ImF1dG8iLCJoZWlnaHRUZXhlbHMiOiJhdXRvIiwibWFzcyI6ImF1dG8iLCJzaWRlIjoiYXV0byJ9LCJoZWlnaHQiOiJhdXRvIiwid2lkdGgiOiJhdXRvIiwiZ3Jhdml0eSI6ImF1dG8iLCJwYWdlc0ZvclByZWRpY3RpbmciOiJhdXRvIn0sImNvbnRyb2xQcm9wcyI6eyJhY3Rpb25zIjp7ImNtZFNhdmUiOnsiZW5hYmxlZCI6ImF1dG8iLCJlbmFibGVkSW5OYXJyb3ciOiJhdXRvIn0sImNtZFByaW50Ijp7ImVuYWJsZWQiOiJhdXRvIiwiZW5hYmxlZEluTmFycm93IjoiYXV0byJ9LCJjbWRTaW5nbGVQYWdlIjp7ImVuYWJsZWQiOiJhdXRvIiwiZW5hYmxlZEluTmFycm93IjoiYXV0byIsImFjdGl2ZSI6ImF1dG8ifX19LCJhdXRvVGh1bWJuYWlsIjoiaHR0cHM6XC9cL3d3dy5nYWJyaWVsbGUtbGFyb2NoZS5jb21cL3dwLWNvbnRlbnRcL3VwbG9hZHNcLzNkLWZsaXAtYm9va1wvYXV0by10aHVtYm5haWxzXC8zMjkyLnBuZyIsInBvc3RfbmFtZSI6Im1hdGhpYXMtbGlwdGF5LWNhdGFsb2d1ZSIsInBvc3RfdHlwZSI6IjNkLWZsaXAtYm9vayJ9fSwicGFnZXMiOltdLCJmaXJzdFBhZ2VzIjpbXX0=');window.FB3D_CLIENT_LOCALE && FB3D_CLIENT_LOCALE.render && FB3D_CLIENT_LOCALE.render();<\/script><\/p>\n<p>[\/vc_column_text][\/vc_column][\/vc_row]<\/p>\n<\/div>","protected":false},"excerpt":{"rendered":"<h4>MATHIAS LIPTAY<\/h4>\n<h4><em>She<\/em><\/h4>\n<p>&nbsp;<\/p>\n<p class=\"p1\"><span class=\"s1\">1985<\/span><\/p>\n<p class=\"p1\"><span class=\"s1\">Direct carving in Carrara marble\u00a0<\/span><\/p>\n<p class=\"p1\"><span class=\"s1\">Signed Mathias L<\/span><\/p>\n<p class=\"p1\"><span class=\"s1\">Unique Piece<\/span><\/p>\n<p class=\"p1\"><span class=\"s1\">\u00a0<\/span><\/p>\n<p class=\"p1\"><span class=\"s1\">Height\u00a0:\u00a067 cm\u00a0\u00a0\u00a0\u00a0\u00a0<\/span><\/p>\n<p class=\"p1\"><span class=\"s1\">Width\u00a0: 27 cm\u00a0\u00a0\u00a0\u00a0\u00a0\u00a0<\/span><\/p>\n<p class=\"p1\"><span class=\"s1\">Depth: 17 cm<\/span><\/p>\n<p class=\"p1\"><span class=\"s1\">\u00a0<\/span><\/p>\n<p class=\"p1\"><span class=\"s1\">Base\u00a0:<\/span><\/p>\n<p class=\"p1\"><span class=\"s1\">Height\u00a0: 5 cm<\/span><\/p>\n<p class=\"p1\"><span class=\"s1\">Diameter\u00a0: 33 cm<\/span><\/p>\n<p>&nbsp;<\/p>\n<p>&nbsp;<\/p>\n<h4 class=\"p1\"><span style=\"font-weight: normal;\">[dt_button size=\"small\" style=\"default\" animation=\"none\" color_mode=\"default\" icon=\"\" icon_align=\"left\" color=\"\" link=\"mailto:gabrielle-laroche@wanadoo.fr?subject=229_MATHIAS LIPTAY - She\" target_blank=\"true\"]REQUEST FOR INFORMATION[\/dt_button]<\/span><\/h4>\n<p>&nbsp;<\/p>\n<p><a href=\"\/en\/contemporains\/\">Back to contemporary<\/a><\/p>\n","protected":false},"featured_media":3296,"template":"","meta":[],"product_brand":[],"product_cat":[46],"product_tag":[],"class_list":{"0":"post-3294","1":"product","2":"type-product","3":"status-publish","4":"has-post-thumbnail","6":"product_cat-contemporary","7":"description-off","9":"first","10":"instock","11":"shipping-taxable","12":"product-type-simple"},"aioseo_notices":[],"_links":{"self":[{"href":"https:\/\/www.gabrielle-laroche.com\/en\/wp-json\/wp\/v2\/product\/3294","targetHints":{"allow":["GET"]}}],"collection":[{"href":"https:\/\/www.gabrielle-laroche.com\/en\/wp-json\/wp\/v2\/product"}],"about":[{"href":"https:\/\/www.gabrielle-laroche.com\/en\/wp-json\/wp\/v2\/types\/product"}],"wp:featuredmedia":[{"embeddable":true,"href":"https:\/\/www.gabrielle-laroche.com\/en\/wp-json\/wp\/v2\/media\/3296"}],"wp:attachment":[{"href":"https:\/\/www.gabrielle-laroche.com\/en\/wp-json\/wp\/v2\/media?parent=3294"}],"wp:term":[{"taxonomy":"product_brand","embeddable":true,"href":"https:\/\/www.gabrielle-laroche.com\/en\/wp-json\/wp\/v2\/product_brand?post=3294"},{"taxonomy":"product_cat","embeddable":true,"href":"https:\/\/www.gabrielle-laroche.com\/en\/wp-json\/wp\/v2\/product_cat?post=3294"},{"taxonomy":"product_tag","embeddable":true,"href":"https:\/\/www.gabrielle-laroche.com\/en\/wp-json\/wp\/v2\/product_tag?post=3294"}],"curies":[{"name":"wp","href":"https:\/\/api.w.org\/{rel}","templated":true}]}}