

{"id":10281,"date":"2024-02-21T12:38:39","date_gmt":"2024-02-21T11:38:39","guid":{"rendered":"https:\/\/www.gabrielle-laroche.com\/?post_type=product&#038;p=10281"},"modified":"2024-02-21T12:50:45","modified_gmt":"2024-02-21T11:50:45","slug":"francois-cacheux-claudie","status":"publish","type":"product","link":"https:\/\/www.gabrielle-laroche.com\/fr\/product\/francois-cacheux-claudie\/","title":{"rendered":"FRAN\u00c7OIS CACHEUX &#8211; Claudie"},"content":{"rendered":"<div class=\"wpb-content-wrapper\"><p>[vc_row][vc_column width=\u00a0\u00bb1\/2&Prime;][vc_column_text]<\/p>\n<p style=\"text-align: justify;\"><strong>Biographie\u00a0:<\/strong><\/p>\n<p style=\"text-align: justify;\">Apr\u00e8s les \u00e9tudes secondaires, il fait trois ans en cours du soir chez Robert WLERICK qui devient ensuite son professeur \u00e0 l\u2019Ecole Sup\u00e9rieure des Arts Appliqu\u00e9s avant de passer aux Beaux-Arts o\u00f9 il reste peu, pr\u00e9f\u00e9rant l\u2019enseignement de ZWOBADA et de WLERICK dans leur atelier. Mais en 1941, l\u2019arrestation des Juifs d\u00e9cide ce protestant \u00e0 son d\u00e9part en R\u00e9sistance au R\u00e9seau F2. D\u00e9port\u00e9, condamn\u00e9 \u00e0 mort, il est sauv\u00e9 par l\u2019avance des troupes russes.<\/p>\n<p style=\"text-align: justify;\">Commencent les ann\u00e9es difficiles pour le jeune artiste. Mais en 1954, le Prix de la Villa Abd el Tif\u00a0 le tire pour deux ans des ennuis d\u2019argent.<\/p>\n<p style=\"text-align: justify;\">A son retour d\u2019Alger, il devient professeur de dessin de nu aux Beaux-Arts de Clermont-Ferrand puis il est nomm\u00e9 par un concours national \u00e0 la direction de l&rsquo;\u00e9cole sup\u00e9rieure des Arts D\u00e9coratifs de Strasbourg qu\u2019il quitte en 1989.<\/p>\n<p style=\"text-align: justify;\">Depuis, c\u2019est une suite d\u2019expositions, \u00e0 New-York, aux Etats-Unis o\u00f9 il repr\u00e9sente la France au FMI \u00e0 Washington, puis \u00e0 Harvard. Les villes de Brest, Angers, St-Amand-Montrond, Cognac, Nevers lui rendent hommage par de grandes r\u00e9trospectives.<\/p>\n<p style=\"text-align: justify;\">Le Palais d\u2019I\u00e9na a re\u00e7u ses grands bronzes en d\u00e9p\u00f4t. Les mus\u00e9es d\u2019Art Moderne de Paris, Albi,\u00a0 St-Amand-Montrond,\u00a0 Bourges,\u00a0 Strasbourg, Lausanne, Cracovie, Budapest, exposent ses \u0153uvres.<\/p>\n<p style=\"text-align: justify;\">Il a ex\u00e9cut\u00e9 le grand Jean MOULIN \u00e0 la demande de Jean MONNIER pour Angers et un Fran\u00e7ois MITTERRAND que lui a command\u00e9 Pierre MAUROIS pour Lille. Coopt\u00e9 par la Fondation Taylor \u00e0 Paris, il en est membre du comit\u00e9.Il a entre autres plusieurs grandes sculptures \u00e0 Tr\u00e9laz\u00e9, Sainte Gemmes et Avrill\u00e9.<\/p>\n<p style=\"text-align: justify;\">De nombreux livres sont consacr\u00e9s \u00e0 son \u0153uvre. Le plus important est celui que Henri MERCILLON \u00e9crit \u00e0 la demande de Fran\u00e7ois DAULTE \u00e0 la Biblioth\u00e8que des Arts \u00e0 Paris en 1997. Les plus r\u00e9cents sont ceux que Claude POUNEAU a sorti aux Editions PGR \u00e0 Angers sur les pastels et les dessins\u00a0 de Cacheux en 1999.<\/p>\n<p style=\"text-align: justify;\">La ville d\u2019Angers inaugure en juillet 2001 un mus\u00e9e de sculptures en plein air \u00e0 l\u2019Arboretum. L\u2019orangerie qui contiendra les esquisses en bronze, les dessins et les pastels, sera ouverte au public en 2003. Les \u0153uvres situ\u00e9es en cet endroit entrent dans le patrimoine des mus\u00e9es de la ville d\u2019Angers.<\/p>\n<p style=\"text-align: justify;\">A son retour de d\u00e9portation, il re\u00e7oit la L\u00e9gion d\u2019Honneur, le M\u00e9rite National, la Croix de Guerre avec Palme, la Croix des Combattants Volontaires de la R\u00e9sistance, la M\u00e9daille d\u2019Or de la Renaissance Fran\u00e7aise, etc\u2026 Le 25 juin 1998, il a \u00e9t\u00e9 fait Commandeur de la L\u00e9gion d\u2019Honneur.<\/p>\n<p style=\"text-align: justify;\">Les villes de Brest, Angers plusieurs fois, St. Amand 2 fois, lui rendent des hommages sous forme d\u2019exposition.<\/p>\n<p style=\"text-align: justify;\"><strong>Commentaires\u00a0:<span class=\"Apple-converted-space\">\u00a0<\/span><\/strong><\/p>\n<p style=\"text-align: justify;\">C&rsquo;est un sculpteur dans tout le sens de ce mot magnifique. Il portait en lui sans doute d\u00e8s l&rsquo;enfance le sens des masses, cette Intuition de l&rsquo;\u00e9quilibre des grands volumes qui sont l&rsquo;apanage des sculpteurs authentiques. S&rsquo;il me fallait tenter de d\u00e9finir les meilleures sources de son talent, je dials qu&rsquo;il proc\u00e8de d&rsquo;un go\u00fbt du monumental, qualit\u00e9 rare entre toutes, mails qui ne d\u00e9g\u00e9n\u00e8re jamais en grandiloquence. En somme, c&rsquo;est une sagesse Instinctive ennoblie par une audace Intelligente, et cette formule suffirait \u00e0 d\u00e9finir le g\u00e9nie m\u00e9diterran\u00e9en \u00e0 qui nous devons les plus belles sculptures du monde.<\/p>\n<p style=\"text-align: justify;\">Jean Brune, Alger, avril 1956<\/p>\n<p style=\"text-align: justify;\"><strong>Bibliographie\u00a0:<\/strong><\/p>\n<p style=\"text-align: justify;\">Henri Mercillon,\u00a0<i>Fran\u00e7ois Cacheux ou La passion de la vie, Lausanne,<\/i> La Biblioth\u00e8que des arts, 1997.<\/p>\n<p style=\"text-align: justify;\"><strong>Bibliographie num\u00e9rique\u00a0:<\/strong><\/p>\n<p style=\"text-align: justify;\">www.francoiscacheux.fr\u00a0: Un exemplaire similaire est reprodiut page 2\/4<\/p>\n<p style=\"text-align: justify;\">https:\/\/www.francetvinfo.fr\/culture\/arts-expos\/sculpture\/des-oeuvres-inedites-du-sculpteur-francois-cacheux-exposees-a-angers_4790065.html<\/p>\n<p><iframe loading=\"lazy\" title=\"Sainte-Gemmes : visite de la maison du sculpteur Fran\u00e7ois Cacheux\" width=\"1200\" height=\"675\" src=\"https:\/\/www.youtube.com\/embed\/dh7RJw-lAxo?feature=oembed\" frameborder=\"0\" allow=\"accelerometer; autoplay; clipboard-write; encrypted-media; gyroscope; picture-in-picture; web-share\" allowfullscreen><\/iframe><\/p>\n<p><iframe loading=\"lazy\" title=\"Anjou : une exposition intimiste de Fran\u00e7ois Cacheux\" width=\"1200\" height=\"675\" src=\"https:\/\/www.youtube.com\/embed\/FgGf8OXMRzo?feature=oembed\" frameborder=\"0\" allow=\"accelerometer; autoplay; clipboard-write; encrypted-media; gyroscope; picture-in-picture; web-share\" allowfullscreen><\/iframe><\/p>\n<p><iframe loading=\"lazy\" title=\"Les nus de Fran\u00e7ois Cacheux \u00e0 Angers\" frameborder=\"0\" width=\"1200\" height=\"900\" src=\"https:\/\/geo.dailymotion.com\/player.html?video=x6v86y&#038;\" allowfullscreen allow=\"autoplay; fullscreen; picture-in-picture; web-share\"><\/iframe><\/p>\n<p>[\/vc_column_text][\/vc_column][vc_column width=\u00a0\u00bb1\/2&Prime;][\/vc_column][\/vc_row]<\/p>\n<\/div>","protected":false},"excerpt":{"rendered":"<p><strong>FRAN\u00c7OIS CACHEUX<\/strong><\/p>\n<p>(1923 &#8211; 2011 )\u00a0\u00a0\u00a0\u00a0\u00a0<span class=\"Apple-converted-space\">\u00a0<\/span><\/p>\n<p>&nbsp;<\/p>\n<p><strong>Claudie\u00a0<\/strong><\/p>\n<p>&nbsp;<\/p>\n<p>Bronze \u00e0 patine Verte<span class=\"Apple-converted-space\">\u00a0<\/span><\/p>\n<p>Cire perdue<\/p>\n<p>Signature de l\u2019artiste<\/p>\n<p>Epreuve Num\u00e9rot\u00e9e\u00a0: 7\/8<\/p>\n<p>&nbsp;<\/p>\n<p>Epreuve ex\u00e9cut\u00e9e d\u2019apr\u00e8s un mod\u00e8le cr\u00e9e en 1952<\/p>\n<p>Un exemplaire similaire\u00a0 (fonte Valsuani) se trouve aujourd\u2019hui\u00a0dans les jardins de Bourges<\/p>\n<p>&nbsp;<\/p>\n<p>Hauteur : 115 cm<\/p>\n<p>Largeur :\u00a0\u00a043 cm<\/p>\n<p>Profondeur : 25,5\u00a0cm<\/p>\n<p class=\"p1\"><span class=\"s1\">\u00a0<\/span><\/p>\n<p>&nbsp;<\/p>\n[dt_button size=\"small\" style=\"default\" animation=\"none\" color_mode=\"default\" icon=\"\" icon_align=\"left\" color=\"\" link=\"mailto:gabrielle-laroche@wanadoo.fr?subject=307-CACHEUX-CLAUDIE\" target_blank=\"true\"]DEMANDE D&rsquo;INFORMATIONS[\/dt_button]\n<p>&nbsp;<\/p>\n<p><a href=\"\/fr\/contemporains\/\">Retour aux contemporains<\/a><\/p>\n","protected":false},"featured_media":10286,"template":"","meta":[],"product_brand":[],"product_cat":[39],"product_tag":[],"class_list":{"0":"post-10281","1":"product","2":"type-product","3":"status-publish","4":"has-post-thumbnail","6":"product_cat-contemporain","7":"description-off","9":"first","10":"instock","11":"shipping-taxable","12":"product-type-simple"},"aioseo_notices":[],"_links":{"self":[{"href":"https:\/\/www.gabrielle-laroche.com\/fr\/wp-json\/wp\/v2\/product\/10281","targetHints":{"allow":["GET"]}}],"collection":[{"href":"https:\/\/www.gabrielle-laroche.com\/fr\/wp-json\/wp\/v2\/product"}],"about":[{"href":"https:\/\/www.gabrielle-laroche.com\/fr\/wp-json\/wp\/v2\/types\/product"}],"wp:featuredmedia":[{"embeddable":true,"href":"https:\/\/www.gabrielle-laroche.com\/fr\/wp-json\/wp\/v2\/media\/10286"}],"wp:attachment":[{"href":"https:\/\/www.gabrielle-laroche.com\/fr\/wp-json\/wp\/v2\/media?parent=10281"}],"wp:term":[{"taxonomy":"product_brand","embeddable":true,"href":"https:\/\/www.gabrielle-laroche.com\/fr\/wp-json\/wp\/v2\/product_brand?post=10281"},{"taxonomy":"product_cat","embeddable":true,"href":"https:\/\/www.gabrielle-laroche.com\/fr\/wp-json\/wp\/v2\/product_cat?post=10281"},{"taxonomy":"product_tag","embeddable":true,"href":"https:\/\/www.gabrielle-laroche.com\/fr\/wp-json\/wp\/v2\/product_tag?post=10281"}],"curies":[{"name":"wp","href":"https:\/\/api.w.org\/{rel}","templated":true}]}}