

{"id":10405,"date":"2021-03-31T09:45:18","date_gmt":"2021-03-31T07:45:18","guid":{"rendered":"https:\/\/www.gabrielle-laroche.com\/?post_type=product&#038;p=10405"},"modified":"2024-06-05T16:52:44","modified_gmt":"2024-06-05T14:52:44","slug":"vierge-en-majeste-sedes-sapientae","status":"publish","type":"product","link":"https:\/\/www.gabrielle-laroche.com\/fr\/product\/vierge-en-majeste-sedes-sapientae\/","title":{"rendered":"VIERGE EN MAJEST\u00c9 \u00ab\u00a0SEDES SAPIENTAE\u00a0\u00bb"},"content":{"rendered":"<div class=\"wpb-content-wrapper\"><p>[vc_row][vc_column width=\u00a0\u00bb1\/2&Prime;][vc_column_text]<\/p>\n<p style=\"text-align: justify;\">La Vierge couronn\u00e9e est assise dans une attitude frontale, sur une sedia, comme cela est d\u2019usage au XIII\u00e8me si\u00e8cle pour les Sedes Sapientae. Elle est le tr\u00f4ne de la Sagesse incarn\u00e9e en son fils J\u00e9sus qu\u2019elle pr\u00e9sente \u00e0 la chr\u00e9tient\u00e9.\u00a0 De la main droite, elle tient une pomme, tandis que de la gauche elle pr\u00e9sente l\u2019enfant J\u00e9sus, assis sur son genou gauche, dans une m\u00eame attitude frontale.<\/p>\n<p style=\"text-align: justify;\">\u00a0La robe rouge de la Vierge, ourl\u00e9e sur les bords, ceintur\u00e9e d\u2019une cordelette\u00a0\u00e0 la taille et aux manches ajust\u00e9es ; s\u2019\u00e9vase en laissant d\u00e9couvrir ses petits pieds.<\/p>\n<p style=\"text-align: justify;\">Le manteau bleu r\u00e9hauss\u00e9 d\u2019\u00e9toiles dor\u00e9es recouvrant ses \u00e9paules revient en un pan sur le devant. Les plis des v\u00eatements encore longilignes, placent cette sculpture t\u00f4t dans son \u00e9poque.<\/p>\n<p style=\"text-align: justify;\">\u00a0L\u2019enfant \u00e9galement couronn\u00e9 porte une tunique longue qui rappelle la robe de sa m\u00e8re.\u00a0 Il \u00e9l\u00e8ve sa main droite en signe de b\u00e9n\u00e9diction et porte le monde de l\u2019autre. Quant au visage, la ressemblance avec la Vierge est des plus marquantes.<\/p>\n<p style=\"text-align: justify;\">\u00a0Le groupe est sculpt\u00e9 sur le mod\u00e8le du double tr\u00f4ne : Marie assise sur le tr\u00f4ne de Dieu, est elle-m\u00eame le tr\u00f4ne vivant du Christ. L\u00e9g\u00e8re, cette sculpture de Vierge en Majest\u00e9 est destin\u00e9e \u00e0 \u00eatre d\u00e9plac\u00e9e dans et hors de l\u2019\u00e9glise lors de processions ; et \u00e0 \u00eatre visible sous tous les angles, d\u2019o\u00f9 une tridimensionnalit\u00e9 parqu\u00e9e.<\/p>\n<p style=\"text-align: justify;\">\u00a0Depuis le XII\u00e8me si\u00e8cle, l\u2019Espagne et le centre de la France sont sp\u00e9cialis\u00e9s dans ces figures en majest\u00e9, leur donnant souvent un aspect impressionnant. Ce mod\u00e8le plus tendre appartient incontestablement \u00e0 ce type de sculpture religieuse qui r\u00e9sume l\u2019essence de l\u2019Art m\u00e9di\u00e9val.<\/p>\n<p style=\"text-align: justify;\">R\u00e9f\u00e9rence :<\/p>\n<p style=\"text-align: justify;\">Boccador Jacqueline,\u00a0<em>Statuaire m\u00e9di\u00e9vale de collection<\/em>, Tome 1, Les Clefs du temps, 1972.<\/p>\n<p>[\/vc_column_text][vc_empty_space][\/vc_column][vc_column width=\u00a0\u00bb1\/2&Prime;][vc_empty_space][\/vc_column][\/vc_row]<\/p>\n<\/div>","protected":false},"excerpt":{"rendered":"<h4>VIERGE EN MAJEST\u00c9 \u00ab\u00a0SEDES SAPIENTAE\u00a0\u00bb<\/h4>\n<p>&nbsp;<\/p>\n<p><strong>ORIGINE\u00a0:<\/strong> CATALOGNE, ESPAGNE<\/p>\n<p><strong>EPOQUE\u00a0<\/strong>: XIII \u00e8me SI\u00c8CLE<\/p>\n<p>&nbsp;<\/p>\n<p>&nbsp;<\/p>\n<p>Hauteur\u00a0: 44 cm<\/p>\n<p>Largeur\u00a0:19 cm<\/p>\n<p>Profondeur\u00a0: 20 cm<\/p>\n<p>&nbsp;<\/p>\n<p>Bois de pin polychrom\u00e9<\/p>\n<p>&nbsp;<\/p>\n<p>&nbsp;<\/p>\n[dt_button size=\"small\" style=\"default\" animation=\"none\" color_mode=\"default\" icon=\"\" icon_align=\"left\" color=\"\" link=\"mailto:gabrielle-laroche@wanadoo.fr?subject=338_VIERGE_EN_MAJEST\u00c9_SEDES_SAPIENTAE\" target_blank=\"true\"]DEMANDE D&rsquo;INFORMATIONS[\/dt_button]\n<p>&nbsp;<\/p>\n<p><a href=\"\/fr\/antiquites\/sculpture\/\">Retour aux sculptures<\/a><\/p>\n<p>&nbsp;<\/p>\n<p>&nbsp;<\/p>\n","protected":false},"featured_media":10406,"template":"","meta":[],"product_brand":[],"product_cat":[17],"product_tag":[],"class_list":{"0":"post-10405","1":"product","2":"type-product","3":"status-publish","4":"has-post-thumbnail","6":"product_cat-uncategorized","7":"description-off","9":"first","10":"instock","11":"shipping-taxable","12":"product-type-simple"},"aioseo_notices":[],"_links":{"self":[{"href":"https:\/\/www.gabrielle-laroche.com\/fr\/wp-json\/wp\/v2\/product\/10405","targetHints":{"allow":["GET"]}}],"collection":[{"href":"https:\/\/www.gabrielle-laroche.com\/fr\/wp-json\/wp\/v2\/product"}],"about":[{"href":"https:\/\/www.gabrielle-laroche.com\/fr\/wp-json\/wp\/v2\/types\/product"}],"wp:featuredmedia":[{"embeddable":true,"href":"https:\/\/www.gabrielle-laroche.com\/fr\/wp-json\/wp\/v2\/media\/10406"}],"wp:attachment":[{"href":"https:\/\/www.gabrielle-laroche.com\/fr\/wp-json\/wp\/v2\/media?parent=10405"}],"wp:term":[{"taxonomy":"product_brand","embeddable":true,"href":"https:\/\/www.gabrielle-laroche.com\/fr\/wp-json\/wp\/v2\/product_brand?post=10405"},{"taxonomy":"product_cat","embeddable":true,"href":"https:\/\/www.gabrielle-laroche.com\/fr\/wp-json\/wp\/v2\/product_cat?post=10405"},{"taxonomy":"product_tag","embeddable":true,"href":"https:\/\/www.gabrielle-laroche.com\/fr\/wp-json\/wp\/v2\/product_tag?post=10405"}],"curies":[{"name":"wp","href":"https:\/\/api.w.org\/{rel}","templated":true}]}}