

{"id":10484,"date":"2024-05-24T17:39:36","date_gmt":"2024-05-24T15:39:36","guid":{"rendered":"https:\/\/www.gabrielle-laroche.com\/?post_type=product&#038;p=10484"},"modified":"2024-05-24T18:09:58","modified_gmt":"2024-05-24T16:09:58","slug":"rosa-eliou-femme-au-collier","status":"publish","type":"product","link":"https:\/\/www.gabrielle-laroche.com\/fr\/product\/rosa-eliou-femme-au-collier\/","title":{"rendered":"ROSA ELIOU\u00a0\u00a0&#8211; Femme au collier"},"content":{"rendered":"<div class=\"wpb-content-wrapper\"><p>[vc_row][vc_column width=\u00a0\u00bb1\/2&Prime;][vc_column_text]<\/p>\n<p style=\"text-align: justify;\">Rosa Eliou est n\u00e9e \u00e0 Ath\u00e8nes. Entre 1950 et 1954, elle \u00e9tudie \u00e0 l&rsquo;\u00c9cole des Beaux-Arts d&rsquo;Ath\u00e8nes avec le professeur Michalis Tombros. Apr\u00e8s ses \u00e9tudes, elle travaille \u00e0 Kamakura au Japon dans les c\u00e9l\u00e8bres ateliers R.Yamaguchi et T.Hirano o\u00f9 elle se sp\u00e9cialise dans la c\u00e9ramique, la m\u00e9lanographie, le Sumi-E et l&rsquo;art du papier Origami. Sa premi\u00e8re exposition personnelle a eu lieu \u00e0 Ath\u00e8nes en 1964 et depuis, des dizaines d&rsquo;autres ont suivi, ainsi que des participations \u00e0 des expositions collectives en Gr\u00e8ce, \u00e0 Chypre, en Am\u00e9rique, en France.<\/p>\n<p>&nbsp;<\/p>\n<p>Expositions personnelles\u00a0:<\/p>\n<p>Galerie des Nouvelles Formes, Ath\u00e8nes, 1964<\/p>\n<p>Centre culturel Ora, Ath\u00e8nes, 1969<\/p>\n<p>Galerie d&rsquo;art Diogenis, Ath\u00e8nes, 1976<\/p>\n<p>Centre d&rsquo;art Maliotes, Boston, MA, 1976<\/p>\n<p>Galerie Zygos, Ath\u00e8nes, 1985, 1981<\/p>\n<p>&nbsp;<\/p>\n<p>Expositions collectives\u00a0:<\/p>\n<p>Elle a particip\u00e9 \u00e0 cinq expositions panhell\u00e9niques, aux expositions en plein air organis\u00e9es par l&rsquo;Association des sculpteurs de la municipalit\u00e9 de Paleo Falero et au Conservatoire d&rsquo;Ath\u00e8nes, \u00e0 la Biennale de sculpture du parc Filothei et \u00e0 diverses autres expositions collectives en Gr\u00e8ce et dans d&rsquo;autres pays.<\/p>\n<p>&nbsp;<\/p>\n<p>Collections publiques\u00a0:<\/p>\n<p>Mus\u00e9e Vorres, Ath\u00e8nes<\/p>\n<p>Collection Hudson, Washington, DC<\/p>\n<p>Mus\u00e9e international de la c\u00e9ramique, Faenza, Italie<\/p>\n<p>Collection Yokosuka, Japon<\/p>\n<p>Le minist\u00e8re grec de l&rsquo;\u00c9ducation et d&rsquo;autres[\/vc_column_text][\/vc_column][vc_column width=\u00a0\u00bb1\/2&Prime;][\/vc_column][\/vc_row]<\/p>\n<\/div>","protected":false},"excerpt":{"rendered":"<p><strong>ELIOU Rosa<\/strong><\/p>\n<p>( 1930 &#8211; 2018 )<\/p>\n<p>&nbsp;<\/p>\n<p><strong>Femme au collier<\/strong><\/p>\n<p>&nbsp;<\/p>\n<p>Bas-relief en bronze \u00e0 patine dor\u00e9e<\/p>\n<p>Signature de l\u2019artiste<\/p>\n<p>&nbsp;<\/p>\n<p>Hauteur : 46 cm<\/p>\n<p>Largeur : \u00a034 cm<\/p>\n<p>Profondeur : 5,5 cm<\/p>\n<p>&nbsp;<\/p>\n<p>&nbsp;<\/p>\n[dt_button size=\"small\" style=\"default\" animation=\"none\" color_mode=\"default\" icon=\"\" icon_align=\"left\" color=\"\" link=\"mailto:gabrielle-laroche@wanadoo.fr?subject=305_Rosa_Eliou_Femme_au_collier\" target_blank=\"true\"]DEMANDE D&rsquo;INFORMATIONS[\/dt_button]\n<p>&nbsp;<\/p>\n<p><a href=\"\/fr\/contemporains\/\">Retour aux contemporains<\/a><\/p>\n","protected":false},"featured_media":10485,"template":"","meta":[],"product_brand":[],"product_cat":[39],"product_tag":[],"class_list":{"0":"post-10484","1":"product","2":"type-product","3":"status-publish","4":"has-post-thumbnail","6":"product_cat-contemporain","7":"description-off","9":"first","10":"instock","11":"shipping-taxable","12":"product-type-simple"},"aioseo_notices":[],"_links":{"self":[{"href":"https:\/\/www.gabrielle-laroche.com\/fr\/wp-json\/wp\/v2\/product\/10484","targetHints":{"allow":["GET"]}}],"collection":[{"href":"https:\/\/www.gabrielle-laroche.com\/fr\/wp-json\/wp\/v2\/product"}],"about":[{"href":"https:\/\/www.gabrielle-laroche.com\/fr\/wp-json\/wp\/v2\/types\/product"}],"wp:featuredmedia":[{"embeddable":true,"href":"https:\/\/www.gabrielle-laroche.com\/fr\/wp-json\/wp\/v2\/media\/10485"}],"wp:attachment":[{"href":"https:\/\/www.gabrielle-laroche.com\/fr\/wp-json\/wp\/v2\/media?parent=10484"}],"wp:term":[{"taxonomy":"product_brand","embeddable":true,"href":"https:\/\/www.gabrielle-laroche.com\/fr\/wp-json\/wp\/v2\/product_brand?post=10484"},{"taxonomy":"product_cat","embeddable":true,"href":"https:\/\/www.gabrielle-laroche.com\/fr\/wp-json\/wp\/v2\/product_cat?post=10484"},{"taxonomy":"product_tag","embeddable":true,"href":"https:\/\/www.gabrielle-laroche.com\/fr\/wp-json\/wp\/v2\/product_tag?post=10484"}],"curies":[{"name":"wp","href":"https:\/\/api.w.org\/{rel}","templated":true}]}}