

{"id":10528,"date":"2024-07-17T15:34:16","date_gmt":"2024-07-17T13:34:16","guid":{"rendered":"https:\/\/www.gabrielle-laroche.com\/?post_type=product&#038;p=10528"},"modified":"2025-02-15T16:53:29","modified_gmt":"2025-02-15T15:53:29","slug":"coffre-dapparat-au-medaillon-de-la-premiere-renaissance","status":"publish","type":"product","link":"https:\/\/www.gabrielle-laroche.com\/fr\/product\/coffre-dapparat-au-medaillon-de-la-premiere-renaissance\/","title":{"rendered":"COFFRE D\u2019APPARAT AU M\u00c9DAILLON DE LA PREMI\u00c8RE RENAISSANCE"},"content":{"rendered":"<div class=\"wpb-content-wrapper\"><p>[vc_row][vc_column width=\u00a0\u00bb1\/2&Prime;][vc_column_text]<\/p>\n<p style=\"text-align: justify;\">Ce petit coffre aux belles proportions en bois de ch\u00eane clair, est typique de la Premi\u00e8re Renaissance Fran\u00e7aise.<\/p>\n<p style=\"text-align: justify;\">Cet Art typiquement venu d\u2019Italie, se d\u00e9veloppe sous l\u2019impulsion du Cardinal Georges d\u2019Amboise, ministre de Louis XII (1498-1515). Les huchiers et ymagiers reproduisent avec dext\u00e9rit\u00e9 la grande l\u00e9g\u00e8ret\u00e9 des motifs ornementaux, sculpt\u00e9s en bas-reliefs, et inspir\u00e9s de l\u2019antiquit\u00e9 gr\u00e9co-romaine, comme les arabesques par exemple.<\/p>\n<p style=\"text-align: justify;\">Tout en conservant les formes et des d\u00e9tails d\u2019architecture encore gothique, ils introduisent tout d\u2019abord sur les pilastres puis sur les panneaux les motifs \u00e0 arabesques et \u00e0 grotesques, ainsi que les compositions florales symboliques telles que les cornes d\u2019abondance, les vases \u00e0 fleurs, et les personnages profil\u00e9s dans des m\u00e9daillons faits d\u2019une simple moulure au pourtour.<\/p>\n<p style=\"text-align: justify;\">On entend par arabesque, une composition dont le motif central, souvent une tige tr\u00e8s fine, un n\u0153ud enrubann\u00e9, une vasque ou un f\u00fbt de cand\u00e9labre, sert d\u2019axe \u00e0 une floraison sym\u00e9trique de feuillages l\u00e9gers. La grotesque, \u00e0 l\u2019inverse de l\u2019arabesque est trait\u00e9 sans aucune sym\u00e9trie, mais toujours avec la m\u00eame l\u00e9g\u00e8ret\u00e9. Cette appellation de grottesco provient de la d\u00e9couverte des figures peintes dans les grottes de Cellins qui abritaient la Maison d\u2019Or de N\u00e9ron.<\/p>\n<p style=\"text-align: justify;\">Ici le d\u00e9cor est sculpt\u00e9 dans la masse d\u2019un seul panneau de fa\u00e7ade encadr\u00e9 par des pilastres surmont\u00e9s de chapiteaux feuillag\u00e9s aux angles.\u00a0 Travaill\u00e9 en bas et tr\u00e8s haut relief, le d\u00e9cor rel\u00e8ve d\u2019un ciseau extr\u00eamement habile.<\/p>\n<p style=\"text-align: justify;\">Au sein d\u2019un m\u00e9daillon central se d\u00e9tache le profil d\u2019une jeune femme. Les traits du visage et son expression au regard baiss\u00e9 laisse \u00e0 penser qu\u2019il s\u2019agit d\u2019un personnage fait au portrait.<\/p>\n<p style=\"text-align: justify;\">La finesse de la r\u00e9alisation des d\u00e9tails de la coiffe et des bijoux, ajoute \u00e0 l\u2019\u00e9tonnante v\u00e9rit\u00e9 de la composition, permettant ainsi de dater ce coffre de la Premi\u00e8re Renaissance fran\u00e7aise. De part et d\u2019autre, le m\u00e9daillon est soutenu par deux anges ail\u00e9s. Au-dessous un calice.<\/p>\n<p style=\"text-align: justify;\">Au-dessus, d\u2019un mascaron masquant l\u2019entr\u00e9e de serrure, se r\u00e9pandent des lierres feuillag\u00e9s et rinceaux fleuronn\u00e9s. Dans les angles sup\u00e9rieurs, des grues prennent leur envol. Tout un vocabulaire renaissant s\u2019offre au regard, y compris sur les pilastres orn\u00e9s de grotesques \u00e0 droite et agr\u00e9ment\u00e9 d\u2019un bouclier et d\u2019une torche \u00e0 gauche.<\/p>\n<p style=\"text-align: justify;\">Une moulure de grains tress\u00e9s, altern\u00e9s avec des grains feuillag\u00e9s ornent l\u2019entablement supportant le plateau. \u00a0Les c\u00f4t\u00e9s du coffre sont compos\u00e9s de deux panneaux, centr\u00e9s chacun d\u2019un losange et s\u00e9par\u00e9s par un dormant pr\u00e9sentant un miroir.<\/p>\n<p style=\"text-align: justify;\">De belle proportion et d\u2019une grande qualit\u00e9 de ciseau ce coffre est digne du ciseau d\u2019un grand ma\u00eetre de la Premi\u00e8re Renaissance Fran\u00e7aise.<\/p>\n<p>[\/vc_column_text][\/vc_column][vc_column width=\u00a0\u00bb1\/2&Prime;][\/vc_column][\/vc_row][vc_row][vc_column][\/vc_column][\/vc_row]<\/p>\n<\/div>","protected":false},"excerpt":{"rendered":"<h4>COFFRE D\u2019APPARAT AU M\u00c9DAILLON DE LA PREMI\u00c8RE RENAISSANCE<\/h4>\n<p>&nbsp;<\/p>\n<p><strong>ORIGINE\u00a0:<\/strong> FRANCE, VAL DE LOIRE<\/p>\n<p><strong>EPOQUE\u00a0:<\/strong> VERS 1490-1530<\/p>\n<p>&nbsp;<\/p>\n<p>Hauteur\u00a0: 62 cm<\/p>\n<p>Longueur : 110,5 cm<\/p>\n<p>Profondeur\u00a0: 51 cm<\/p>\n<p>&nbsp;<\/p>\n<p>Bon \u00e9tat de conservation<\/p>\n<p>Bois de ch\u00eane clair<\/p>\n<p>&nbsp;<\/p>\n<p>&nbsp;<\/p>\n[dt_button size=\"small\" style=\"default\" animation=\"none\" color_mode=\"default\" icon=\"\" icon_align=\"left\" color=\"\" link=\"mailto:gabrielle-laroche@wanadoo.fr?subject=20-COFFRE-AU-MEDAILLON\" target_blank=\"true\"]DEMANDE D&rsquo;INFORMATIONS[\/dt_button]\n<p>&nbsp;<\/p>\n<p><a href=\"\/fr\/antiquites\/mobilier\/coffres\/\">Retour aux coffres<\/a><\/p>\n","protected":false},"featured_media":10531,"template":"","meta":[],"product_brand":[],"product_cat":[17],"product_tag":[],"class_list":{"0":"post-10528","1":"product","2":"type-product","3":"status-publish","4":"has-post-thumbnail","6":"product_cat-uncategorized","7":"description-off","9":"first","10":"instock","11":"shipping-taxable","12":"product-type-simple"},"aioseo_notices":[],"_links":{"self":[{"href":"https:\/\/www.gabrielle-laroche.com\/fr\/wp-json\/wp\/v2\/product\/10528","targetHints":{"allow":["GET"]}}],"collection":[{"href":"https:\/\/www.gabrielle-laroche.com\/fr\/wp-json\/wp\/v2\/product"}],"about":[{"href":"https:\/\/www.gabrielle-laroche.com\/fr\/wp-json\/wp\/v2\/types\/product"}],"wp:featuredmedia":[{"embeddable":true,"href":"https:\/\/www.gabrielle-laroche.com\/fr\/wp-json\/wp\/v2\/media\/10531"}],"wp:attachment":[{"href":"https:\/\/www.gabrielle-laroche.com\/fr\/wp-json\/wp\/v2\/media?parent=10528"}],"wp:term":[{"taxonomy":"product_brand","embeddable":true,"href":"https:\/\/www.gabrielle-laroche.com\/fr\/wp-json\/wp\/v2\/product_brand?post=10528"},{"taxonomy":"product_cat","embeddable":true,"href":"https:\/\/www.gabrielle-laroche.com\/fr\/wp-json\/wp\/v2\/product_cat?post=10528"},{"taxonomy":"product_tag","embeddable":true,"href":"https:\/\/www.gabrielle-laroche.com\/fr\/wp-json\/wp\/v2\/product_tag?post=10528"}],"curies":[{"name":"wp","href":"https:\/\/api.w.org\/{rel}","templated":true}]}}