

{"id":10797,"date":"2024-11-18T17:34:01","date_gmt":"2024-11-18T16:34:01","guid":{"rendered":"https:\/\/www.gabrielle-laroche.com\/?post_type=product&#038;p=10797"},"modified":"2024-11-18T18:17:26","modified_gmt":"2024-11-18T17:17:26","slug":"buffet-ribbank-en-bois-de-chene-sculpte-et-moulure","status":"publish","type":"product","link":"https:\/\/www.gabrielle-laroche.com\/fr\/product\/buffet-ribbank-en-bois-de-chene-sculpte-et-moulure\/","title":{"rendered":"BUFFET RIBBANK EN BOIS DE CH\u00caNE SCULPT\u00c9 ET MOULUR\u00c9"},"content":{"rendered":"<div class=\"wpb-content-wrapper\"><p>[vc_row][vc_column][\/vc_column][\/vc_row][vc_row][vc_column width=\u00a0\u00bb1\/2&Prime;][vc_column_text]<\/p>\n<p style=\"text-align: justify;\">Une tradition commune unit les meubles flamands, du nord de la France, \u00e0 la Hollande\u00a0: l\u2019usage de bois de ch\u00eane, l\u2019importance des buffets dont les formules d\u00e9rivent du coffre, et le go\u00fbt pour un riche d\u00e9cor sculpt\u00e9. Ce Cabinet Ribbank, de tr\u00e8s belle facture en est un parfait exemple.<\/p>\n<p>&nbsp;<\/p>\n<p style=\"text-align: justify;\">Constitu\u00e9 de deux corps superpos\u00e9s sans retrait, il pr\u00e9sente une belle ornementation \u00e9labor\u00e9e \u00e0 partir de termes, putti et masques l\u00e9onins ainsi que de panneaux g\u00e9om\u00e9triques. L\u2019ensemble est organis\u00e9 selon une structure pleine de rigueur en liaison avec l\u2019architecture antique.<\/p>\n<p style=\"text-align: justify;\">Tr\u00e8s appr\u00e9ci\u00e9 depuis la red\u00e9couverte du trait\u00e9 d\u2019Architecture classique du romain <em>Vitruve<\/em> et la traduction en 1539 de celui de l\u2019architecte italien <em>Serlio<\/em> \u00ab\u00a0<em>Quatre livres d\u2019architecture\u00a0<\/em>\u00bb, l\u2019Architecture inspire la construction des meubles et notamment celle de celui-ci nomm\u00e9 Ribbank.<\/p>\n<p style=\"text-align: justify;\">Ces travaux de recherche \u00e9taient indispensables pour les huchiers et les sculpteurs de la Renaissance et ils inspir\u00e8rent la pr\u00e9paration d\u2019une autre publication, concernant aussi<em> les Cinq ordres,<\/em> par un dessinateur flamand celui-l\u00e0, <em>Hans Vredeman de Vries,<\/em> suivi vers 1580 par des dessins de motifs ornementaux pour le mobilier.<\/p>\n<p style=\"text-align: justify;\">C\u2019est selon un rythme ternaire pour le corps inf\u00e9rieur et quaternaire pour le corps sup\u00e9rieur, que le meuble se d\u00e9veloppe. Il d\u00e9ploie sur la totalit\u00e9 de sa fa\u00e7ade un d\u00e9cor foisonnant, profond\u00e9ment sculpt\u00e9.<\/p>\n<p>&nbsp;<\/p>\n<p style=\"text-align: justify;\">Le corps sup\u00e9rieur<\/p>\n<p style=\"text-align: justify;\">Richement orn\u00e9 il pr\u00e9sente trois vantaux s\u00e9par\u00e9s par des cariatides masculines aux angles et f\u00e9minines au centre, qui habillent les montants.<\/p>\n<p style=\"text-align: justify;\">A gauche, une figure d\u2019\u00e2ge m\u00fbr, \u00e0 la barbe finement sculpt\u00e9 et gain\u00e9 en coquille et enroulements, se termine en une queue de poisson bifide aux \u00e9cailles bien d\u00e9taill\u00e9es.<\/p>\n<p style=\"text-align: justify;\">La femme suivante, \u00e0 la poitrine apparente est, elle gain\u00e9e de motifs renaissants laissant imaginer de loin, un masque figur\u00e9.<\/p>\n<p style=\"text-align: justify;\">Il en est de m\u00eame pour la troisi\u00e8me cariatide.<\/p>\n<p style=\"text-align: justify;\">La derni\u00e8re se pr\u00e9sente sous la forme d\u2019un jeune homme regardant vers les cieux, gain\u00e9 d\u2019une coquille aux vagues ondul\u00e9es et d\u2019une queue de poisson bifide rappelant le premier.<\/p>\n<p style=\"text-align: justify;\">Les trois vantaux, orn\u00e9s d\u2019une frise d\u2019ove sur le pourtour sont constitu\u00e9s d\u2019une figure d\u2019angelot en haut relief centr\u00e9 au c\u0153ur d\u2019une \u00e9toile qui \u00e9volue en un r\u00e9seau g\u00e9om\u00e9trique trait\u00e9s en relief de caissons moulur\u00e9s, imitant une marqueterie en perspective.<\/p>\n<p style=\"text-align: justify;\">Le motif v\u00e9g\u00e9tal s\u2019ordonne sur les consoles et sur le double entablement, scind\u00e9 de masques l\u00e9onins tenant un anneau de fer dans la gueule, et putti ail\u00e9s \u00e9voluant au sein d\u2019arabesques feuillag\u00e9es.<\/p>\n<p style=\"text-align: justify;\">La ceinture rythm\u00e9e de mufles pro\u00e9minants est, elle aussi arbor\u00e9e de toute une fresque florale, agr\u00e9ment\u00e9e de fruits, d\u2019aigles et d\u2019un m\u00e9daillon.<\/p>\n<p>&nbsp;<\/p>\n<p style=\"text-align: justify;\">Le corps inf\u00e9rieur<\/p>\n<p style=\"text-align: justify;\">Compos\u00e9 de deux vantaux et quatre panneaux \u00e0 caissons g\u00e9om\u00e9triques centr\u00e9 chacun d\u2019un masque l\u00e9onin, semblant sortir du meuble. Les montants lat\u00e9raux portent \u00e9galement des figures de lions tenant dans leur gueule des chutes de fruits des plus luxuriants. En base, une frise arborescente r\u00e9pond \u00e0 la corniche sup\u00e9rieure<\/p>\n<p style=\"text-align: justify;\">Cette g\u00e9om\u00e9trie tout \u00e0 fait typique que l\u2019on retrouve sur les deux corps, rappelle les motifs de l\u2019architecture d\u2019int\u00e9rieure, et d\u00e9rive des parquets et des plafonds des appartements de la riche bourgeoisie flamande.<\/p>\n<p style=\"text-align: justify;\">Ce Cabinet Ribbank, sculpt\u00e9 avec beaucoup de verve, pr\u00e9sente ainsi les deux th\u00e8mes r\u00e9currents dans le mobilier flamand \u00e0 savoir les putti chevauchant des volutes et le r\u00e9seau g\u00e9om\u00e9trique aussi compliqu\u00e9 que puissant des panneaux \u00e0 caisson.<\/p>\n<p>&nbsp;<\/p>\n<p style=\"text-align: justify;\">Ce rare Ribbank, aux proportions \u00e9quilibr\u00e9es, au d\u00e9cor sculpt\u00e9 puissant et anim\u00e9, fournit un pr\u00e9cieux t\u00e9moignage sur les int\u00e9rieurs d\u2019une des bourgeoisies les plus opulentes et les plus actives d\u2019Europe.<\/p>\n<p>[\/vc_column_text][vc_empty_space][\/vc_column][vc_column width=\u00a0\u00bb1\/2&Prime;][vc_empty_space][\/vc_column][\/vc_row]<\/p>\n<\/div>","protected":false},"excerpt":{"rendered":"<h4>BUFFET RIBBANK EN BOIS DE CH\u00caNE SCULPT\u00c9 ET MOULUR\u00c9<\/h4>\n<p>&nbsp;<\/p>\n<p>ORIGINE\u00a0: FLANDRES<\/p>\n<p>EPOQUE\u00a0: XVII\u00e8me SI\u00c8CLE<\/p>\n<p>&nbsp;<\/p>\n<p>Hauteur\u00a0: 199 cm<\/p>\n<p>Longueur : 187 cm<\/p>\n<p>Profondeur\u00a0: 71,5 cm<\/p>\n<p>&nbsp;<\/p>\n<p>Bois de ch\u00eane blond<\/p>\n<p>Bon \u00e9tat de conservation<\/p>\n<p>&nbsp;<\/p>\n<p>&nbsp;<\/p>\n[dt_button size=\"small\" style=\"default\" animation=\"none\" color_mode=\"default\" icon=\"\" icon_align=\"left\" color=\"\" link=\"mailto:gabrielle-laroche@wanadoo.fr?subject=345_BUFFET_RIBBANK\" target_blank=\"true\"]DEMANDE D&rsquo;INFORMATIONS[\/dt_button]\n<p>&nbsp;<\/p>\n<p>&nbsp;<\/p>\n<p><a href=\"\/fr\/antiquites\/mobilier\/meubles\/\">Retour aux meubles<\/a><\/p>\n","protected":false},"featured_media":10798,"template":"","meta":[],"product_brand":[],"product_cat":[18],"product_tag":[],"class_list":{"0":"post-10797","1":"product","2":"type-product","3":"status-publish","4":"has-post-thumbnail","6":"product_cat-meubles","7":"description-off","9":"first","10":"instock","11":"shipping-taxable","12":"product-type-simple"},"aioseo_notices":[],"_links":{"self":[{"href":"https:\/\/www.gabrielle-laroche.com\/fr\/wp-json\/wp\/v2\/product\/10797","targetHints":{"allow":["GET"]}}],"collection":[{"href":"https:\/\/www.gabrielle-laroche.com\/fr\/wp-json\/wp\/v2\/product"}],"about":[{"href":"https:\/\/www.gabrielle-laroche.com\/fr\/wp-json\/wp\/v2\/types\/product"}],"wp:featuredmedia":[{"embeddable":true,"href":"https:\/\/www.gabrielle-laroche.com\/fr\/wp-json\/wp\/v2\/media\/10798"}],"wp:attachment":[{"href":"https:\/\/www.gabrielle-laroche.com\/fr\/wp-json\/wp\/v2\/media?parent=10797"}],"wp:term":[{"taxonomy":"product_brand","embeddable":true,"href":"https:\/\/www.gabrielle-laroche.com\/fr\/wp-json\/wp\/v2\/product_brand?post=10797"},{"taxonomy":"product_cat","embeddable":true,"href":"https:\/\/www.gabrielle-laroche.com\/fr\/wp-json\/wp\/v2\/product_cat?post=10797"},{"taxonomy":"product_tag","embeddable":true,"href":"https:\/\/www.gabrielle-laroche.com\/fr\/wp-json\/wp\/v2\/product_tag?post=10797"}],"curies":[{"name":"wp","href":"https:\/\/api.w.org\/{rel}","templated":true}]}}