

{"id":10963,"date":"2022-03-23T15:15:40","date_gmt":"2022-03-23T14:15:40","guid":{"rendered":"https:\/\/www.gabrielle-laroche.com\/?post_type=product&#038;p=10963"},"modified":"2025-11-10T17:05:19","modified_gmt":"2025-11-10T16:05:19","slug":"cassone-venitienne-de-la-renaissance","status":"publish","type":"product","link":"https:\/\/www.gabrielle-laroche.com\/fr\/product\/cassone-venitienne-de-la-renaissance\/","title":{"rendered":"CASSONE V\u00c9NITIENNE DE LA RENAISSANCE"},"content":{"rendered":"<div class=\"wpb-content-wrapper\"><p>[vc_row][vc_column width=\u00a0\u00bb1\/2&Prime;][vc_column_text]<\/p>\n<p style=\"text-align: justify;\">Cette belle cassone en bois de noyer, \u00e9l\u00e9gamment sculpt\u00e9e et moulur\u00e9e, repose sur deux pieds \u00e0 enroulements typiquement v\u00e9nitiens.<\/p>\n<p style=\"text-align: justify;\">De forme rectangulaire, cette cassone ouvre par un abattant moulur\u00e9 de coquilles fleuronn\u00e9es. Dessous une ceinture pr\u00e9sente une frise de palmettes.<\/p>\n<p style=\"text-align: justify;\">La fa\u00e7ade de la cassone offre un d\u00e9cor de deux grotesques sur les montants pro\u00e9minent encadrant un long panneau central plus en retrait bord\u00e9 d\u2019une moulure de coquilles rappelant celle du dessus du coffre.<\/p>\n<p style=\"text-align: justify;\">La corniche basse est couronn\u00e9e d\u2019une large frise d\u2019oves avec des feuilles d\u2019acanthe aux angles.<\/p>\n<p style=\"text-align: justify;\">Les c\u00f4t\u00e9s sont sobrement centr\u00e9s de poign\u00e9es en fer forg\u00e9 permettant de transporter la cassone contenant les effets du propri\u00e9taire lors de ses d\u00e9placements dans ses diff\u00e9rentes demeures.<\/p>\n<p>[\/vc_column_text][\/vc_column][vc_column width=\u00a0\u00bb1\/2&Prime;][\/vc_column][\/vc_row][vc_row][vc_column][\/vc_column][\/vc_row]<\/p>\n<\/div>","protected":false},"excerpt":{"rendered":"<h4>CASSONE V\u00c9NITIENNE DE LA RENAISSANCE<\/h4>\n<p>&nbsp;<\/p>\n<p>&nbsp;<\/p>\n<p>ORIGINE\u00a0: ITALIE, VENISE<\/p>\n<p>EPOQUE\u00a0: SECONDE MOITI\u00c9 DU XVI\u00e8me SI\u00c8CLE<\/p>\n<p>&nbsp;<\/p>\n<p>Hauteur\u00a0: 52 cm<\/p>\n<p>Longueur : 170 cm<\/p>\n<p>Profondeur\u00a0: 53 cm<\/p>\n<p>&nbsp;<\/p>\n<p>Bois de noyer blond<\/p>\n<p>Bon \u00e9tat de conservation<\/p>\n<p>&nbsp;<\/p>\n<p>&nbsp;<\/p>\n<p>&nbsp;<\/p>\n[dt_button size=\"small\" style=\"default\" animation=\"none\" color_mode=\"default\" icon=\"\" icon_align=\"left\" color=\"\" link=\"mailto:gabrielle-laroche@wanadoo.fr?subject=65_CASSONE_VENITIENNE_DE_LA_RENAISSANCE\" target_blank=\"true\"]DEMANDE D&rsquo;INFORMATIONS[\/dt_button]\n<p>&nbsp;<\/p>\n<p><a href=\"\/fr\/antiquites\/mobilier\/coffres\/\">Retour aux coffres<\/a><\/p>\n","protected":false},"featured_media":10964,"template":"","meta":[],"product_brand":[],"product_cat":[17],"product_tag":[],"class_list":{"0":"post-10963","1":"product","2":"type-product","3":"status-publish","4":"has-post-thumbnail","6":"product_cat-uncategorized","7":"description-off","9":"first","10":"instock","11":"shipping-taxable","12":"product-type-simple"},"aioseo_notices":[],"_links":{"self":[{"href":"https:\/\/www.gabrielle-laroche.com\/fr\/wp-json\/wp\/v2\/product\/10963","targetHints":{"allow":["GET"]}}],"collection":[{"href":"https:\/\/www.gabrielle-laroche.com\/fr\/wp-json\/wp\/v2\/product"}],"about":[{"href":"https:\/\/www.gabrielle-laroche.com\/fr\/wp-json\/wp\/v2\/types\/product"}],"wp:featuredmedia":[{"embeddable":true,"href":"https:\/\/www.gabrielle-laroche.com\/fr\/wp-json\/wp\/v2\/media\/10964"}],"wp:attachment":[{"href":"https:\/\/www.gabrielle-laroche.com\/fr\/wp-json\/wp\/v2\/media?parent=10963"}],"wp:term":[{"taxonomy":"product_brand","embeddable":true,"href":"https:\/\/www.gabrielle-laroche.com\/fr\/wp-json\/wp\/v2\/product_brand?post=10963"},{"taxonomy":"product_cat","embeddable":true,"href":"https:\/\/www.gabrielle-laroche.com\/fr\/wp-json\/wp\/v2\/product_cat?post=10963"},{"taxonomy":"product_tag","embeddable":true,"href":"https:\/\/www.gabrielle-laroche.com\/fr\/wp-json\/wp\/v2\/product_tag?post=10963"}],"curies":[{"name":"wp","href":"https:\/\/api.w.org\/{rel}","templated":true}]}}