

{"id":10980,"date":"2026-02-16T13:00:26","date_gmt":"2026-02-16T12:00:26","guid":{"rendered":"https:\/\/www.gabrielle-laroche.com\/?post_type=product&#038;p=10980"},"modified":"2026-02-16T13:31:21","modified_gmt":"2026-02-16T12:31:21","slug":"constantin-andreou-la-sauterelle","status":"publish","type":"product","link":"https:\/\/www.gabrielle-laroche.com\/fr\/product\/constantin-andreou-la-sauterelle\/","title":{"rendered":"ETIENNE MARTIN &#8211; La Sauterelle"},"content":{"rendered":"<div class=\"wpb-content-wrapper\"><p>[vc_row][vc_column width=\u00a0\u00bb1\/2&Prime;][vc_column_text]<\/p>\n<p style=\"text-align: justify;\">Commentaire\u00a0:<span class=\"Apple-converted-space\">\u00a0<\/span><\/p>\n<p style=\"text-align: justify;\">\u00c9preuve r\u00e9alis\u00e9e d&rsquo;apr\u00e8s le pl\u00e2tre original de 1933, donn\u00e9 par Madame Fran\u00e7oise Dupuy Michaud aux Mus\u00e9e des Beaux-Arts de Lyon en 1996<\/p>\n<p style=\"text-align: justify;\">La sculpture intitul\u00e9e La Sauterelle, d&rsquo;apr\u00e8s le surnom donn\u00e9 \u00e0 un mod\u00e8le d&rsquo;atelier, constitue la premi\u00e8re \u0153uvre embl\u00e9matique d&rsquo;\u00c9tienne Martin. Cr\u00e9\u00e9e durant sa formation \u00e0 l&rsquo;\u00c9cole des Beaux- Arts de Lyon, cette imposante figure de nu f\u00e9minin illustre son int\u00e9r\u00eat pour l&rsquo;art de la sculpture \u00e9gyptienne.<\/p>\n<p style=\"text-align: justify;\">Un contrat tripartite sign\u00e9 le 25 f\u00e9vrier 1992 entre Fran\u00e7oise Dupuy-Michaud, \u00c9tienne Martin, et Guy Landon, pour une dur\u00e9e de dix ans, stipulait la r\u00e9alisation d&rsquo;un tirage en bronze de La Sauterelle, conform\u00e9ment aux sp\u00e9cifications de l&rsquo;\u00e9dition originale de la sculpture. Seul cet exemplaire aurait \u00e9t\u00e9 produit.<\/p>\n<p style=\"text-align: justify;\">Provenance : Collection Fran\u00e7oise Dupuy-Michaud<\/p>\n<p style=\"text-align: justify;\">Bibliographie\u00a0(mod\u00e8le en pl\u00e2tre) :<span class=\"Apple-converted-space\">\u00a0<\/span><\/p>\n<p style=\"text-align: justify;\">&#8211; Michel Ragon, Etienne-Martin, Bruxelles, La Connaissance, 1970, d\u00e9crit sous Le num\u00e9ro 1 du catalogue et reproduite p. 13 et 99<\/p>\n<p style=\"text-align: justify;\">&#8211; Collectif, Le Poids du Monde, Marcel Michaud (1898-1958), Catalogue de l&rsquo;exposition du Mus\u00e9e des Beaux-Arts de Lyon, Lyon, Fage, 2011, reproduite pp. 19, 120, 217 et d\u00e9crite p.120<span class=\"Apple-converted-space\">\u00a0<\/span><\/p>\n<p style=\"text-align: justify;\">&#8211; Collectif sous la direction de Sylvie Ramond et de Pierre Wat, L&rsquo;Atelier d&rsquo;Etienne-Martin, Catalogue de l&rsquo;exposition du Mus\u00e9e des Beaux-Arts de Lyon du 22 octobre 2011 au 23 janvier 2012, Lyon Hazan, Mus\u00e9e des Beaux-Arts de Lyon, 2011 reproduite pp. 44, 57, 199 et 239.<\/p>\n<p style=\"text-align: justify;\">Biographie\u00a0:<span class=\"Apple-converted-space\">\u00a0<\/span><\/p>\n<p style=\"text-align: justify;\">Etienne-Martin est n\u00e9 \u00e0 Loriol dans la Dr\u00f4me en 1913. Il \u00e9tudie les Beaux-Arts \u00e0 Lyon de 1929 \u00e0 1933 puis poursuit sa formation \u00e0 l\u2019Acad\u00e9mie Ranson \u00e0 Paris suite \u00e0 l\u2019obtention du Prix de Paris. Etienne-Martin re\u00e7oit le Grand Prix de Sculpture en 1966 lors de la 33e Biennale de Venise et expose au Centre Georges Pompidou en 1984. Le Mus\u00e9e des Beaux-Arts de Lyon lui a rendu hommage en 2012 \u00e0 l\u2019occasion d\u2019une exposition r\u00e9trospective.<\/p>\n<p style=\"text-align: justify;\">Expositions\u00a0:<\/p>\n<p style=\"text-align: justify;\">En 1972, une exposition \u00c9tienne-Martin est pr\u00e9sent\u00e9e au Mus\u00e9e Rodin. En 1984, une exposition de l&rsquo;ensemble de ses Demeures est pr\u00e9sent\u00e9e au Centre Pompidou \u00e0 Paris. Une exposition lui est consacr\u00e9e en 1996 \u00e0 la Fondation de Coubertin (Saint-R\u00e9my-l\u00e8s-Chevreuse, Yvelines). Une autre lui rend hommage en 1997 au Mus\u00e9e des Beaux-Arts de Clermont-Ferrand (actuel Mus\u00e9e d&rsquo;art Roger-Quilliot). En 2010 (juin \u00e0 septembre), une exposition est pr\u00e9sent\u00e9e au Centre Pompidou, hommage rendu \u00e0 l&rsquo;artiste \u00e0 travers la pr\u00e9sentation d&rsquo;un ensemble de quinze sculptures, des dessins, des carnets personnels et des photographies de son atelier. Elle est ensuite montr\u00e9e \u00e0 Vannes au mus\u00e9e de la Cohue (juin 2011 &#8211; septembre 2011) dans le cadre du programme \u00ab\u00a0Centre Georges Pompidou hors-les-murs\u00a0\u00bb. D&rsquo;octobre 2011 \u00e0 janvier 2012, la premi\u00e8re r\u00e9trospective de l&rsquo;artiste est pr\u00e9sent\u00e9e lors d&rsquo;une exposition au mus\u00e9e des Beaux-Arts de Lyon<\/p>\n<p style=\"text-align: justify;\">Collections publiques\u00a0:<span class=\"Apple-converted-space\">\u00a0<\/span><\/p>\n<p style=\"text-align: justify;\">En Belgique<\/p>\n<p style=\"text-align: justify;\">Anvers, Mus\u00e9e de Sculpture en plein air de Middelheim\u00a0: Demeure<\/p>\n<p style=\"text-align: justify;\">Mus\u00e9es royaux des beaux-arts de Belgique<\/p>\n<p style=\"text-align: justify;\">Au Canada<\/p>\n<p style=\"text-align: justify;\">Mus\u00e9e national des beaux-arts du Qu\u00e9bec\u00a0: Demeure III, 1960<\/p>\n<p style=\"text-align: justify;\">Aux \u00c9tats-Unis<\/p>\n<p style=\"text-align: justify;\">Art Institute of Chicago<\/p>\n<p style=\"text-align: justify;\">New York, mus\u00e9e Solomon R. Guggenheim<\/p>\n<p style=\"text-align: justify;\">En France<\/p>\n<p style=\"text-align: justify;\">Amiens, pr\u00e8s de l&rsquo;\u00e9glise Saint-Leu\u00a0: Demeure 4, 1961<\/p>\n<p style=\"text-align: justify;\">Cassis<\/p>\n<p style=\"text-align: justify;\">La Durance \u00e0 Sisteron, huile sur toile, 56\u00a0\u00d7\u00a080\u00a0cm<\/p>\n<p style=\"text-align: justify;\">Clermont-Ferrand, place du 1er Mai\u00a0: Demeure XX &#8211; Terrasses de la Terre et de l&rsquo;Air, 1989, d\u00e9p\u00f4t du Centre national des arts plastiques<\/p>\n<p style=\"text-align: justify;\">Mus\u00e9e des beaux-arts de Dijon\u00a0: T\u00eate aux mains, 1950-1951, bronze<\/p>\n<p style=\"text-align: justify;\">Mus\u00e9e de Grenoble\u00a0:<\/p>\n<p style=\"text-align: justify;\">La Nuit ouvrante, 1948, bronze<\/p>\n<p style=\"text-align: justify;\">Le Collier de la nuit<\/p>\n<p style=\"text-align: justify;\">Les Eaux souterraines du d\u00e9sir, 1985, mat\u00e9riaux divers<\/p>\n<p style=\"text-align: justify;\">Mus\u00e9e des Beaux-Arts de Lyon\u00a0:<\/p>\n<p style=\"text-align: justify;\">Le Cerb\u00e8re, 1977, ch\u00e2taignier, achat du mus\u00e9e en 1985.<\/p>\n<p style=\"text-align: justify;\">Femme debout, bronze, achat du mus\u00e9e et Femme debout, pl\u00e2tre, dont au mus\u00e9e en 1994.<\/p>\n<p style=\"text-align: justify;\">Piet\u00e0, 1945, tilleul, acquis en 2008.<\/p>\n<p style=\"text-align: justify;\">Le Secr\u00e9taire (donation 2018) et Nuit II, La Nuit Nina et Les G\u00e9meaux (acquisition 2018).<\/p>\n<p style=\"text-align: justify;\">Acad\u00e9mie de Marseille<\/p>\n<p style=\"text-align: justify;\">Panorama des Ports marchands entre le phare Sainte-Marie et la tour Saint-Jean, avant 1905, huile sur toile, 50\u00a0\u00d7\u00a061\u00a0cm<\/p>\n<p style=\"text-align: justify;\">Noyal-sur-Vilaine, L&rsquo;Athanor, mus\u00e9e et parc d&rsquo;\u00c9tienne-Martin, domaine du Bois Orcan\u00a0:<\/p>\n<p style=\"text-align: justify;\">Demeure XVI, 1980<\/p>\n<p style=\"text-align: justify;\">La Corne, 1989<\/p>\n<p style=\"text-align: justify;\">Les Fant\u00f4mes, 1984<\/p>\n<p style=\"text-align: justify;\">L&rsquo;Echelle, 1991<\/p>\n<p style=\"text-align: justify;\">Demeure IV, 1961<\/p>\n<p style=\"text-align: justify;\">Demeure III, 1960<\/p>\n<p style=\"text-align: justify;\">La Nuit Nina, 1951<\/p>\n<p style=\"text-align: justify;\">La Nuit Ouvrante, 1948<\/p>\n<p style=\"text-align: justify;\">La T\u00eate aux mains, 1951-1989<\/p>\n<p style=\"text-align: justify;\">Demeure I, 1954-1958<\/p>\n<p style=\"text-align: justify;\">Demeure II, 1958-1959<\/p>\n<p style=\"text-align: justify;\">Demeure Miroir, 1977<\/p>\n<p style=\"text-align: justify;\">La Ribambelle, 1969<\/p>\n<p style=\"text-align: justify;\">L&rsquo;Un, l&rsquo;Autre, 1985<\/p>\n<p style=\"text-align: justify;\">Les Fant\u00f4mes, 1984<\/p>\n<p style=\"text-align: justify;\">Le Reliquaire, 1978<\/p>\n<p style=\"text-align: justify;\">La Faille, 1990<\/p>\n<p style=\"text-align: justify;\">Chorus, 1986<\/p>\n<p style=\"text-align: justify;\">La Ruine, 1983<\/p>\n<p style=\"text-align: justify;\">Le Fil du Temps, 1978<\/p>\n<p style=\"text-align: justify;\">Fleur de Terre, 1981<\/p>\n<p style=\"text-align: justify;\">La Tour, 1975<\/p>\n<p style=\"text-align: justify;\">La Demeure IX &#8211; Op\u00e9ra, 1964-1966<\/p>\n<p style=\"text-align: justify;\">Fleur Machine, 1983<\/p>\n<p style=\"text-align: justify;\">La XXI Lame de Tarot, 1969<\/p>\n<p style=\"text-align: justify;\">Rencontre, 1984<\/p>\n<p style=\"text-align: justify;\">L&rsquo;Univers Maternel, 1981-83<\/p>\n<p style=\"text-align: justify;\">Le Couple, 1983<\/p>\n<p style=\"text-align: justify;\">La Tour des Noces, 1985<\/p>\n<p style=\"text-align: justify;\">La Mari\u00e9e, 1985<\/p>\n<p style=\"text-align: justify;\">Paris, 22\u00a0\u0153uvres au Mus\u00e9e d&rsquo;Art moderne de la ville de Paris, salle 11, Donation \u00c9tienne-Martin:, dont\u00a0:<\/p>\n<p style=\"text-align: justify;\">Le N\u0153ud (1938)<\/p>\n<p style=\"text-align: justify;\">La Nuit Nina (1951)<\/p>\n<p style=\"text-align: justify;\">T\u00eate d\u2019Alma (1954)<\/p>\n<p style=\"text-align: justify;\">Les Demeures, reconstitution mentale de sa maison d\u2019enfance, dont on suit l\u2019\u00e9laboration avec\u00a0:<\/p>\n<p style=\"text-align: justify;\">Demeure II (1958-1959)<\/p>\n<p style=\"text-align: justify;\">Petite Demeure X (1965)<\/p>\n<p style=\"text-align: justify;\">Le Fil du temps (1978)<\/p>\n<p style=\"text-align: justify;\">Celle qui veille (1980)<\/p>\n<p style=\"text-align: justify;\">Jeux et Racines, o\u00f9 l\u2019arbre dicte la forme\u00a0:<\/p>\n<p style=\"text-align: justify;\">Le Petit canard (1951-1953)<\/p>\n<p style=\"text-align: justify;\">Le Bec (1964)<\/p>\n<p style=\"text-align: justify;\">Le Rhinoc\u00e9ros et L\u2019Amandier (1969)<\/p>\n<p style=\"text-align: justify;\">Mat\u00e9riaux de r\u00e9cup\u00e9ration et polychromie\u00a0:<\/p>\n<p style=\"text-align: justify;\">Le Clin d\u2019\u0153il (1970)<\/p>\n<p style=\"text-align: justify;\">Main rouge (1986)<\/p>\n<p style=\"text-align: justify;\">Grands bois de la fin de sa vie\u00a0:<\/p>\n<p style=\"text-align: justify;\">La Corne (1989)<\/p>\n<p style=\"text-align: justify;\">L\u2019\u00e9chelle (1991)<\/p>\n<p style=\"text-align: justify;\">44\u00a0\u0153uvres au Mus\u00e9e National d&rsquo;Art Moderne de Paris dont\u00a0:<\/p>\n<p style=\"text-align: justify;\">Nuit ouvrante, bois, 1945-1955<\/p>\n<p style=\"text-align: justify;\">Grand couple, bois, 1946<\/p>\n<p style=\"text-align: justify;\">L&rsquo;idole des ramoneurs, m\u00e9taux oxyd\u00e9s et bois, 1946<\/p>\n<p style=\"text-align: justify;\">La Julie, bois peint, 1951<\/p>\n<p style=\"text-align: justify;\">Le Manteau, tissus, cordes, passementeries, cuir, toile de b\u00e2che et m\u00e9tal, 1962<\/p>\n<p style=\"text-align: justify;\">Ab\u00e9c\u00e9daire, bois et fer, 1967 (d\u00e9pos\u00e9 au mus\u00e9e des Beaux-Arts de Nancy depuis 1998)<\/p>\n<p style=\"text-align: justify;\">Mur miroir, bois peint et caoutchouc, 1979<\/p>\n<p style=\"text-align: justify;\">Double tr\u00e8fle, bois, 1985<\/p>\n<p style=\"text-align: justify;\">Ecce homo, bois et cha\u00eenes d&rsquo;acier, 1993<\/p>\n<p style=\"text-align: justify;\">Paris, jardin des Tuileries\u00a0: Personnage III, 1967<\/p>\n<p style=\"text-align: justify;\">Paris, parc de Bercy\u00a0: Demeure X, 1968<\/p>\n<p style=\"text-align: justify;\">Paris, quai Saint-Bernard, mus\u00e9e de la Sculpture en plein air\u00a0: Demeure I (1954-58)<\/p>\n<p style=\"text-align: justify;\">Saint-R\u00e9my-l\u00e8s-Chevreuse, Fondation de Coubertin\u00a0: Trois Personnages, 1967<\/p>\n<p style=\"text-align: justify;\">Rennes, Frac Bretagne\u00a0: Ab\u00e9c\u00e9daire et autres lieux, 1967\u00a0[archive]<\/p>\n<p style=\"text-align: justify;\">Aux Pays-Bas<\/p>\n<p style=\"text-align: justify;\">Amsterdam, Stedelijk Museum<\/p>\n<p style=\"text-align: justify;\">En Suisse<\/p>\n<p style=\"text-align: justify;\">Martigny, Fondation Pierre Gianadda, parc de sculptures\u00a0: Grand Couple, 1947, bronze<\/p>\n<p>[\/vc_column_text][\/vc_column][vc_column width=\u00a0\u00bb1\/2&Prime;][\/vc_column][\/vc_row]<\/p>\n<\/div>","protected":false},"excerpt":{"rendered":"<h4>ETIENNE MARTIN<\/h4>\n<p>(1913 &#8211; 1995)<\/p>\n<p>&nbsp;<\/p>\n<h4 class=\"p1\"><em><span class=\"s1\">La Sauterelle<\/span><\/em><\/h4>\n<p>&nbsp;<\/p>\n<p>\u00c9preuve en bronze patin\u00e9 verte<\/p>\n<p>Sign\u00e9 sur la terrasse<\/p>\n<p>N\u00b02\/8<\/p>\n<p>Fondeur\u00a0: Clementi<\/p>\n<p><span class=\"Apple-converted-space\">\u00a0<\/span><\/p>\n<p>Hauteur: 160 cm<\/p>\n<p>Largeur: \u00a026 cm<\/p>\n<p>Profondeur: 54 cm<\/p>\n<p>&nbsp;<\/p>\n<p>Provenance : Collection Fran\u00e7oise Dupuy-Michaud<\/p>\n<p>&nbsp;<\/p>\n[dt_button size=\"small\" style=\"default\" animation=\"none\" color_mode=\"default\" icon=\"\" icon_align=\"left\" color=\"\" link=\"mailto:gabrielle-laroche@wanadoo.fr?subject=315_ETIENNE_MARTIN_LA_SAUTEELLE\"target_blank=\"true\"]DEMANDE D&rsquo;INFORMATIONS[\/dt_button]\n<p>&nbsp;<\/p>\n<p><a href=\"\/fr\/contemporains\/\">Retour aux contemporains<\/a><\/p>\n","protected":false},"featured_media":10981,"template":"","meta":[],"product_brand":[],"product_cat":[39],"product_tag":[],"class_list":{"0":"post-10980","1":"product","2":"type-product","3":"status-publish","4":"has-post-thumbnail","6":"product_cat-contemporain","7":"description-off","9":"first","10":"instock","11":"shipping-taxable","12":"product-type-simple"},"aioseo_notices":[],"_links":{"self":[{"href":"https:\/\/www.gabrielle-laroche.com\/fr\/wp-json\/wp\/v2\/product\/10980","targetHints":{"allow":["GET"]}}],"collection":[{"href":"https:\/\/www.gabrielle-laroche.com\/fr\/wp-json\/wp\/v2\/product"}],"about":[{"href":"https:\/\/www.gabrielle-laroche.com\/fr\/wp-json\/wp\/v2\/types\/product"}],"wp:featuredmedia":[{"embeddable":true,"href":"https:\/\/www.gabrielle-laroche.com\/fr\/wp-json\/wp\/v2\/media\/10981"}],"wp:attachment":[{"href":"https:\/\/www.gabrielle-laroche.com\/fr\/wp-json\/wp\/v2\/media?parent=10980"}],"wp:term":[{"taxonomy":"product_brand","embeddable":true,"href":"https:\/\/www.gabrielle-laroche.com\/fr\/wp-json\/wp\/v2\/product_brand?post=10980"},{"taxonomy":"product_cat","embeddable":true,"href":"https:\/\/www.gabrielle-laroche.com\/fr\/wp-json\/wp\/v2\/product_cat?post=10980"},{"taxonomy":"product_tag","embeddable":true,"href":"https:\/\/www.gabrielle-laroche.com\/fr\/wp-json\/wp\/v2\/product_tag?post=10980"}],"curies":[{"name":"wp","href":"https:\/\/api.w.org\/{rel}","templated":true}]}}