

{"id":11726,"date":"2025-09-03T13:52:29","date_gmt":"2025-09-03T11:52:29","guid":{"rendered":"https:\/\/www.gabrielle-laroche.com\/?post_type=product&#038;p=11726"},"modified":"2025-09-19T18:56:53","modified_gmt":"2025-09-19T16:56:53","slug":"cabinet-depoque-renaissance-aux-trophees","status":"publish","type":"product","link":"https:\/\/www.gabrielle-laroche.com\/fr\/product\/cabinet-depoque-renaissance-aux-trophees\/","title":{"rendered":"CABINET D\u2019\u00c9POQUE RENAISSANCE AUX TROPH\u00c9ES"},"content":{"rendered":"<div class=\"wpb-content-wrapper\"><p>[vc_row][vc_column width=\u00a0\u00bb1\/2&Prime;][vc_column_text css=\u00a0\u00bb\u00a0\u00bb]<\/p>\n<p style=\"text-align: justify;\">Le roi Fran\u00e7ois Ier apr\u00e8s avoir guerroy\u00e9 en Italie, s\u2019attacha tr\u00e8s vite \u00e0 faire ex\u00e9cuter en France, par des artistes italiens, les plus belles r\u00e9alisations ornementales.<\/p>\n<p style=\"text-align: justify;\">L\u2019Ecole de Fontainebleau avec Rosso Fiorentino dit Le Rosso, \u00e9l\u00e8ve de Rapha\u00ebl et Le Primatice r\u00e9alisant la Galerie Fran\u00e7ois Ier, jeta les bases des arts d\u00e9coratifs venus d\u2019outre-monts. La fabuleuse composition sculpturale en stuc entourant les fresques centrales servit bient\u00f4t de mod\u00e8le.<\/p>\n<p style=\"text-align: justify;\">Trois th\u00e9oriciens,<span class=\"Apple-converted-space\">\u00a0<\/span><\/p>\n<p style=\"text-align: justify;\">Jacques Androuet du Cerceau (1510 \u2013 1585) architecte et graveur,<\/p>\n<p style=\"text-align: justify;\">Philibert de l\u2019Orme ou Delorme (1510 \u2013 1570) architecte,<\/p>\n<p style=\"text-align: justify;\">Jean Bullant (1520 \u2013 1578) architecte,<\/p>\n<p style=\"text-align: justify;\">Compl\u00e9t\u00e8rent par leurs \u00e9crits, leurs \u0153uvres et de tr\u00e8s nombreux dessins l\u2019apport \u00e0 cette toute nouvelle inspiration qui devait d\u00e9terminer la structure et l\u2019ornementation des meubles fran\u00e7ais de la seconde moiti\u00e9 du XVIe si\u00e8cle. C\u2019est sous le r\u00e8gne du roi Henri II (1547 \u2013 1559) et sous la r\u00e9gence de Catherine de M\u00e9dicis pour ses trois fils Fran\u00e7ois II, Charles IX et Henri III (1559 \u2013 1589) que se d\u00e9veloppa l\u2019iconographie g\u00e9n\u00e9rale de ce mobilier.<\/p>\n<p>&nbsp;<\/p>\n<p style=\"text-align: justify;\">Ce beau cabinet tr\u00e8s architectur\u00e9 t\u00e9moigne de l\u2019influence du lyonnais Philibert Delorme (ou de l\u2019Orme), architecte du Ch\u00e2teau d\u2019Anet, tr\u00e8s respectueux des normes appliqu\u00e9es \u00e0 partir de l\u2019art antique. Ses compositions jouent davantage de la puret\u00e9 architecturale que de l\u2019ornementation qui reste le plus souvent cantonn\u00e9e \u00e0 des d\u00e9cors de pilastres et de consoles.<\/p>\n<p style=\"text-align: justify;\">L\u2019inspiration de l\u2019art bellifontain est aussi pr\u00e9sente par les deux divinit\u00e9s repr\u00e9sent\u00e9es sur les vantaux.<\/p>\n<p style=\"text-align: justify;\">C\u2019est un cabinet \u00e0 deux corps \u00e0 retrait, ouvrant dans sa partie sup\u00e9rieure \u00e0 deux vantaux sculpt\u00e9s de divinit\u00e9s mythologiques et deux tiroirs en ceinture, et dans sa partie inf\u00e9rieure \u00e0 deux vantaux \u00e0 d\u00e9cors de troph\u00e9es.<\/p>\n<p>&nbsp;<\/p>\n<p style=\"text-align: justify;\">LE CORPS INFERIEUR<\/p>\n<p style=\"text-align: justify;\">Sur la base sculpt\u00e9e de feuilles d\u2019eau et reposant sur quatre pieds dont deux en griffes de lion s\u2019\u00e9l\u00e8ve le corps inf\u00e9rieur scand\u00e9 de trois pilastres sculpt\u00e9s encadrant les deux vantaux.<\/p>\n<p style=\"text-align: justify;\">Ces derniers sont orn\u00e9s de deux troph\u00e9es richement sculpt\u00e9s, int\u00e9gr\u00e9s dans un panneau rectangulaire en bas-relief, cern\u00e9 de plusieurs cadres d\u00e9cor\u00e9s de motifs diff\u00e9rents. Ces troph\u00e9es d\u2019armes proviennent des mod\u00e8les grav\u00e9s italiens, qui inspirent Les Grands Troph\u00e9es de Jacques Androuet Du Cerceau. Orient\u00e9s selon les deux diagonales, ils r\u00e9alisent, sur les vantaux du corps inf\u00e9rieur des motifs\u00a0 guerriers rigoureusement sym\u00e9triques, o\u00f9 l\u2019on distingue\u00a0une armure pos\u00e9e sur la hampe d\u2019un oriflamme, une ligne m\u00e9diane o\u00f9 se croisent tambour, fl\u00eaches, lances, sabre, bouclier ovale, drapeaux et rubans.<\/p>\n<p style=\"text-align: justify;\">Au dessus des pilastres \u00e0 chapiteau, plac\u00e9s entre deux moulures d\u00e9bordantes, sont dispos\u00e9s les deux tiroirs \u00e0 prise pendante richement sculpt\u00e9s de mufle de lions entre deux motifs de pennes d\u2019oiseau. Nous retrouvons des doubles consoles sculpt\u00e9es et grav\u00e9es rappelant le rythme ternaire du cabinet.<\/p>\n<p>&nbsp;<\/p>\n<p style=\"text-align: justify;\">LE CORPS SUPERIEUR<span class=\"Apple-converted-space\">\u00a0<\/span><\/p>\n<p style=\"text-align: justify;\">Reposant sur une double moulure, le corps sup\u00e9rieur plus \u00e9troit et gagnant en hauteur, est lui aussi scand\u00e9 de trois pilastres \u00e0 chapiteau ionique orn\u00e9 d\u2019oves fleuronn\u00e9s sculpt\u00e9s, entre lesquels viennent s\u2019intercaler les deux vantaux, de forme r\u00e9tr\u00e9cie par rapport \u00e0 ceux du corps inf\u00e9rieur.<\/p>\n<p style=\"text-align: justify;\">Sur ces deux vantaux, sont repr\u00e9sent\u00e9es deux divinit\u00e9s f\u00e9minines.<span class=\"Apple-converted-space\">\u00a0<\/span><\/p>\n<p style=\"text-align: justify;\">A gauche, Eurydice, \u00e9pouse d\u2019Orph\u00e9e qui mourut en posant malencontreusement son pied nu sur un serpent venimeux alors qu\u2019elle dansait parmi les Nymphes.<\/p>\n<p style=\"text-align: justify;\">A droite, il s\u2019agit de C\u00e9r\u00e8s, d\u00e9esse de l&rsquo;agriculture, des moissons et de la f\u00e9condit\u00e9 et donc de la vie. Ces deux divinit\u00e9s sont int\u00e9gr\u00e9es dans un cartouche au sommet arrondi, surmont\u00e9 chacun d\u2019un aigle tenant dans ses serres un serpent, et reposant sur un ch\u00e9rubin ail\u00e9 pr\u00e9sent\u00e9 de face.<\/p>\n<p style=\"text-align: justify;\">Ce meuble de grande qualit\u00e9 est un bel exemple des r\u00e9alisations des huchiers fran\u00e7ais dans la seconde moiti\u00e9 du XVIe si\u00e8cle.<\/p>\n<p style=\"text-align: justify;\">En excellent \u00e9tat de conservation, ce cabinet poss\u00e8de encore son gainage int\u00e9rieur de soierie verte d\u2019origine, maintenu par une ganse \u00e0 croisillons avec son cloutage.<\/p>\n<p>&nbsp;<\/p>\n<p style=\"text-align: justify;\">BIBLIOGRAPHIE<\/p>\n<p style=\"text-align: justify;\">BOCCADOR Jacqueline, Le mobilier fran\u00e7ais du Moyen Age \u00e0 la Renaissance, \u00e9ditions d\u2019art Monelle Hayot, 1988, p. 201-252.<\/p>\n<p>[\/vc_column_text][\/vc_column][vc_column width=\u00a0\u00bb1\/2&Prime;][\/vc_column][\/vc_row]<\/p>\n<\/div>","protected":false},"excerpt":{"rendered":"<h4>CABINET D\u2019\u00c9POQUE RENAISSANCE AUX TROPH\u00c9ES<\/h4>\n<p>&nbsp;<\/p>\n<p>ORIGINE\u00a0: FRANCE, ATELIER BURGONDO LYONNAIS<\/p>\n<p>PERIODE\u00a0: SECONDE RENAISSANCE, VERS 1560 \u2013 1570<\/p>\n<p>&nbsp;<\/p>\n<p>Corps du haut\u00a0:\u00a0\u00a0\u00a0\u00a0\u00a0\u00a0\u00a0\u00a0\u00a0\u00a0\u00a0\u00a0\u00a0\u00a0\u00a0 Corps du bas\u00a0:<\/p>\n<p>Hauteur\u00a0: 96.5 cm\u00a0\u00a0\u00a0\u00a0\u00a0\u00a0\u00a0\u00a0\u00a0\u00a0\u00a0\u00a0 \u00a0Hauteur\u00a0: 97.5 cm<\/p>\n<p>Largeur\u00a0: 118 cm\u00a0\u00a0\u00a0\u00a0\u00a0\u00a0\u00a0\u00a0\u00a0\u00a0\u00a0\u00a0 \u00a0\u00a0Largeur\u00a0: 142.5 cm<\/p>\n<p>Profondeur\u00a0: 45 cm \u00a0\u00a0\u00a0\u00a0\u00a0\u00a0\u00a0\u00a0\u00a0\u00a0\u00a0Profondeur\u00a0: 59 cm<\/p>\n<p>Hauteur totale : 194 cm<\/p>\n<p>&nbsp;<\/p>\n<p>Bois de noyer couleur miel<\/p>\n<p>Serrure et clef d\u2019origine<\/p>\n<p>Parfait \u00e9tat de conservation<\/p>\n<p>&nbsp;<\/p>\n<p>&nbsp;<\/p>\n[dt_button size=\"small\" style=\"default\" animation=\"none\" color_mode=\"default\" icon=\"\" icon_align=\"left\" color=\"\" link=\"mailto:gabrielle-laroche@wanadoo.fr?subject=72_CABINET_AUX_TROPHEES\" target_blank=\"true\"]DEMANDE D&rsquo;INFORMATIONS[\/dt_button]\n<p>&nbsp;<\/p>\n<p>&nbsp;<\/p>\n<p><a href=\"\/fr\/antiquites\/mobilier\/meubles\/\">Retour aux meubles<\/a><\/p>\n","protected":false},"featured_media":11729,"template":"","meta":[],"product_brand":[],"product_cat":[18],"product_tag":[],"class_list":{"0":"post-11726","1":"product","2":"type-product","3":"status-publish","4":"has-post-thumbnail","6":"product_cat-meubles","7":"description-off","9":"first","10":"instock","11":"shipping-taxable","12":"product-type-simple"},"aioseo_notices":[],"_links":{"self":[{"href":"https:\/\/www.gabrielle-laroche.com\/fr\/wp-json\/wp\/v2\/product\/11726","targetHints":{"allow":["GET"]}}],"collection":[{"href":"https:\/\/www.gabrielle-laroche.com\/fr\/wp-json\/wp\/v2\/product"}],"about":[{"href":"https:\/\/www.gabrielle-laroche.com\/fr\/wp-json\/wp\/v2\/types\/product"}],"wp:featuredmedia":[{"embeddable":true,"href":"https:\/\/www.gabrielle-laroche.com\/fr\/wp-json\/wp\/v2\/media\/11729"}],"wp:attachment":[{"href":"https:\/\/www.gabrielle-laroche.com\/fr\/wp-json\/wp\/v2\/media?parent=11726"}],"wp:term":[{"taxonomy":"product_brand","embeddable":true,"href":"https:\/\/www.gabrielle-laroche.com\/fr\/wp-json\/wp\/v2\/product_brand?post=11726"},{"taxonomy":"product_cat","embeddable":true,"href":"https:\/\/www.gabrielle-laroche.com\/fr\/wp-json\/wp\/v2\/product_cat?post=11726"},{"taxonomy":"product_tag","embeddable":true,"href":"https:\/\/www.gabrielle-laroche.com\/fr\/wp-json\/wp\/v2\/product_tag?post=11726"}],"curies":[{"name":"wp","href":"https:\/\/api.w.org\/{rel}","templated":true}]}}