

{"id":11782,"date":"2021-05-03T11:00:16","date_gmt":"2021-05-03T09:00:16","guid":{"rendered":"https:\/\/www.gabrielle-laroche.com\/?post_type=product&#038;p=11782"},"modified":"2025-09-05T18:37:02","modified_gmt":"2025-09-05T16:37:02","slug":"cabinet-renaissance-aux-tetes-de-beliers-de-lecole-de-fontainebleau","status":"publish","type":"product","link":"https:\/\/www.gabrielle-laroche.com\/fr\/product\/cabinet-renaissance-aux-tetes-de-beliers-de-lecole-de-fontainebleau\/","title":{"rendered":"CABINET RENAISSANCE AUX T\u00caTES DE B\u00c9LIERS DE L\u2019ECOLE DE FONTAINEBLEAU"},"content":{"rendered":"<div class=\"wpb-content-wrapper\"><p>[vc_row][vc_column width=\u00a0\u00bb1\/2&Prime;][vc_column_text css=\u00a0\u00bb\u00a0\u00bb]<\/p>\n<p style=\"text-align: justify;\">Le roi Fran\u00e7ois Ier apr\u00e8s avoir guerroy\u00e9 en Italie, s\u2019attacha tr\u00e8s vite \u00e0 faire ex\u00e9cuter en France, par des architectes italiens, les plus belles r\u00e9alisations ornementales.<span class=\"Apple-converted-space\">\u00a0<\/span><\/p>\n<p style=\"text-align: justify;\">L\u2019\u00c9cole de Fontainebleau avec Rosso Fiorentino dit Le Rosso, \u00e9l\u00e8ve de Rapha\u00ebl et le Primatice r\u00e9alisant la Grande Galerie Fran\u00e7ois Ier &#8211; jeta les bases des arts d\u00e9coratifs venus d\u2019outre-mots. Les fabuleuses compositions sculpturales en stuc entourant les fresques centrales servirent alors de mod\u00e8le.\u00a0<span class=\"Apple-converted-space\">\u00a0<\/span><\/p>\n<p style=\"text-align: justify;\">En cette p\u00e9riode, la structure du meuble se transforme, prenant mod\u00e8le sur l\u2019architecture grecque et romaine qui renait alors. Le mobilier se pare en outre d\u2019un d\u00e9cor nouveau, le mani\u00e9risme bellifontain, marqu\u00e9 par l\u2019\u00e9tude de l\u2019antique. Le vocabulaire ornemental \u00e9volue, suivant le go\u00fbt de l\u2019antique\u00a0: palmettes, pilastres et colonnettes, angelots et t\u00eates de b\u00e9liers\u2026<\/p>\n<p style=\"text-align: justify;\">Ce Cabinet \u00e0 deux corps en l\u00e9ger retrait est r\u00e9alis\u00e9 dans un beau bois de noyer. Il pr\u00e9sente sur ses quatre vantaux des figues mythologiques qui ensemble \u00e9voquent un th\u00e8me bien connu de la mythologie\u00a0: La Jalousie d\u2019H\u00e9ra envers L\u00e9to, qui dut prendre la mer et jeter l\u2019ancre sur une \u00eele pour faire na\u00eetre Apollon et Art\u00e9mis.<span class=\"Apple-converted-space\">\u00a0<\/span><\/p>\n<p style=\"text-align: justify;\">Le Corps sup\u00e9rieur ouvre \u00e0 deux vantaux moulur\u00e9s, embrev\u00e9s dans le b\u00e2ti, scind\u00e9 par trois colonnes \u00e0 f\u00fbt cannel\u00e9 sur une base \u00e0 moraillon.<\/p>\n<p style=\"text-align: justify;\">Le vantail de gauche pr\u00e9sente H\u00e9ra, femme de Zeus et m\u00e8re de tous les Dieux. H\u00e9ra est dans les r\u00e9cits olympiens l&rsquo;\u00e9pouse de Zeus, dont elle est \u00e9galement la s\u0153ur. \u00c0 ce titre, elle prot\u00e8ge le mariage et la famille. Mais c&rsquo;est aussi une femme puissante et rancuni\u00e8re, qui poursuit de son ch\u00e2timent les conqu\u00eates amoureuses de Zeus, dont L\u00e9to fait partie. En \u00e9pouse enchanteresse, elle est parfois repr\u00e9sent\u00e9e avec un miroir comme c\u2019est le cas ici. L\u2019orbe qu\u2019elle tient dans la main symbolise \u00e0 lui seul le monde.<span class=\"Apple-converted-space\">\u00a0<\/span><\/p>\n<p style=\"text-align: justify;\">Lui faisant face sur le vantail de droite, L\u00e9to la premi\u00e8re femme de Zeus selon la tradition (ou bien une conqu\u00eate selon d\u2019autres sources) , est repr\u00e9sent\u00e9e d\u00e9nud\u00e9e et sa draperie au vent, arborant fi\u00e8rement une rame de sa main droite en enjambant l\u2019ancre, son deuxi\u00e8me attribut. Lorsque Zeus s\u2019unit \u00e0 la d\u00e9esse L\u00e9to, cela piqua la jalousie d\u2019H\u00e9ra, qui f\u00fbt contrainte \u00e0 partir se cacher dans un lieu non attach\u00e9 \u00e0 la terre, pour donner naissance \u00e0 Arth\u00e9mis (la Lune) et Apollon (Le Soleil), sur l\u2019\u00eele de D\u00e9los.<\/p>\n<p style=\"text-align: justify;\">Trait\u00e9s en m\u00e9plat au sein d\u2019un d\u00e9cor arbor\u00e9 de citadelles, elles surmontent une plaque incrust\u00e9e de marbre vert qui habille un peu plus l\u2019ouvrage du bois.\u00a0\u00a0<span class=\"Apple-converted-space\">\u00a0<\/span><\/p>\n<p style=\"text-align: justify;\">Un entablement couronne le Cabinet avec au centre une belle figure f\u00e9minine ail\u00e9e \u00e0 l\u2019allure ang\u00e9lique, dont le front est orn\u00e9 d\u2019une fibule, au sein d\u2019une guirlande drap\u00e9e typiquement renaissante.<span class=\"Apple-converted-space\">\u00a0<\/span><\/p>\n<p style=\"text-align: justify;\">Les angles du Cabinet abritent Deux T\u00eates de putti ail\u00e9s aux joues rebondies et aux cheveux boucl\u00e9s avec une finesse de traitement et une d\u00e9licatesse assez \u00e9mouvante.<span class=\"Apple-converted-space\">\u00a0<\/span><\/p>\n<p style=\"text-align: justify;\">La ceinture n\u2019est pas d\u00e9nu\u00e9e d\u2019ornementation.<span class=\"Apple-converted-space\">\u00a0<\/span><\/p>\n<p style=\"text-align: justify;\">Deux tiroirs incrust\u00e9s de plaques de marbre vert de mer encadr\u00e9s de rinceaux feuillag\u00e9s sont s\u00e9par\u00e9s par un visage de femme, couronn\u00e9 d\u2019une tresse de perles. Deux belles t\u00eates de b\u00e9liers aux cornes enroul\u00e9es sculpt\u00e9es en forte saillie et typiquement bellifontaine, habillent les angles.\u00a0<span class=\"Apple-converted-space\">\u00a0<\/span><\/p>\n<p style=\"text-align: justify;\">Le Corps inf\u00e9rieur reprend la m\u00eame disposition que le corps sup\u00e9rieur. Deux vantaux sont encadr\u00e9s par trois colonnes cannel\u00e9es. Sont repr\u00e9sent\u00e9s ici Les enfants de Zeus et de Leto.<\/p>\n<p style=\"text-align: justify;\">Sur le vantail de gauche, Apollon, le Dieu des Arts, du chant et de la musique, de la po\u00e9sie et de la lumi\u00e8re, est pr\u00e9sent\u00e9 avec ses attributs.<br \/>\nD\u00e9hanch\u00e9 et portant des fl\u00e8ches dans son dos, il prend appui sur sa lyre de sa main droite. Apollon \u00e9volue dans un d\u00e9cor \u00e0 l\u2019antique fantasm\u00e9, avec une odalisque surmont\u00e9e d\u2019un croissant de Lune. De l\u2019index il indique le Soleil, personnifi\u00e9 au sein de voluptueux nuages. D\u2019une chaumi\u00e8re s\u2019\u00e9vade une fum\u00e9e toute en volutes joliment dessin\u00e9es.<\/p>\n<p style=\"text-align: justify;\">Sur le Vantail de droite, c\u2019est une Art\u00e9mis chasseresse qui est ici repr\u00e9sent\u00e9e. Fille de Zeus et L\u00e9to, elle est la s\u0153ur jumelle d\u2019Apollon.<span class=\"Apple-converted-space\">\u00a0<\/span><\/p>\n<p style=\"text-align: justify;\">Protectrice des animaux, elle tient un chien en laisse. Avec sa coiffe orn\u00e9e d\u2019un croissant de Lune, elle est l\u2019une des d\u00e9esses associ\u00e9es \u00e0 la Lune par opposition \u00e0 son fr\u00e8re qui est lui associ\u00e9 au Soleil.<\/p>\n<p style=\"text-align: justify;\">\u00a0En partie inf\u00e9rieure des vantaux, deux cartouches de marbre vert sont centr\u00e9s d\u2019un masque l\u00e9onin tenant dans la gueule, deux draperies nou\u00e9es, motifs typiquement renaissant.<span class=\"Apple-converted-space\">\u00a0<\/span><\/p>\n<p style=\"text-align: justify;\">En plus d\u2019\u00eatre un meuble d\u2019apparat r\u00e9v\u00e9l\u00e9 par l\u2019extr\u00eame richesse de son d\u00e9cor, il s\u2019agit \u00e9galement d\u2019un hymne \u00e0 l\u2019Amour et \u00e0 ses al\u00e9as. Avec un th\u00e8me iconographique original et la pr\u00e9sence de ces diff\u00e9rentes figures mythologiques, il rel\u00e8ve peut-\u00eatre d\u2019une commande \u00e0 l\u2019occasion d\u2019un mariage.<\/p>\n<p style=\"text-align: justify;\">Le travail de sculpture, la justesse de la composition et le respect des proportions font de ce meuble architectur\u00e9, un parfait exemple du mobilier de la Renaissance Bellifontaine.<span class=\"Apple-converted-space\">\u00a0<\/span><\/p>\n<p>[\/vc_column_text][\/vc_column][vc_column width=\u00a0\u00bb1\/2&Prime;][\/vc_column][\/vc_row]<\/p>\n<\/div>","protected":false},"excerpt":{"rendered":"<h4><b>CABINET RENAISSANCE AUX T\u00caTES DE B\u00c9LIERS DE L\u2019ECOLE DE FONTAINEBLEAU<\/b><\/h4>\n<p>&nbsp;<\/p>\n<p>&nbsp;<\/p>\n<p>ORIGINE\u00a0: FRANCE, ECOLE DE FONTAINEBLEAU<\/p>\n<p>EPOQUE\u00a0: SECONDE RENAISSANCE \u2013 SECONDE PARTIE DU XVI\u00c8ME SI\u00c8CLE<\/p>\n<p>&nbsp;<\/p>\n<p>Hauteur\u00a0: 205 cm<\/p>\n<p>Largeur : 136 cm<\/p>\n<p>Profondeur\u00a0: 63 cm<\/p>\n<p>&nbsp;<\/p>\n<p>Bois de noyer et incrustation de marbre vert<\/p>\n<p>Bon \u00e9tat de conservation<\/p>\n<p>&nbsp;<\/p>\n<p>&nbsp;<\/p>\n[dt_button size=\"small\" style=\"default\" animation=\"none\" color_mode=\"default\" icon=\"\" icon_align=\"left\" color=\"\" link=\"mailto:gabrielle-laroche@wanadoo.fr?subject=133_RARE_CABINET_TETES_DE_BELIER\" target_blank=\"true\"]DEMANDE D&rsquo;INFORMATIONS[\/dt_button]\n<p>&nbsp;<\/p>\n<p>&nbsp;<\/p>\n<p><a href=\"\/fr\/antiquites\/mobilier\/meubles\/\">Retour aux meubles<\/a><\/p>\n","protected":false},"featured_media":11783,"template":"","meta":[],"product_brand":[],"product_cat":[18],"product_tag":[],"class_list":{"0":"post-11782","1":"product","2":"type-product","3":"status-publish","4":"has-post-thumbnail","6":"product_cat-meubles","7":"description-off","9":"first","10":"instock","11":"shipping-taxable","12":"product-type-simple"},"aioseo_notices":[],"_links":{"self":[{"href":"https:\/\/www.gabrielle-laroche.com\/fr\/wp-json\/wp\/v2\/product\/11782","targetHints":{"allow":["GET"]}}],"collection":[{"href":"https:\/\/www.gabrielle-laroche.com\/fr\/wp-json\/wp\/v2\/product"}],"about":[{"href":"https:\/\/www.gabrielle-laroche.com\/fr\/wp-json\/wp\/v2\/types\/product"}],"wp:featuredmedia":[{"embeddable":true,"href":"https:\/\/www.gabrielle-laroche.com\/fr\/wp-json\/wp\/v2\/media\/11783"}],"wp:attachment":[{"href":"https:\/\/www.gabrielle-laroche.com\/fr\/wp-json\/wp\/v2\/media?parent=11782"}],"wp:term":[{"taxonomy":"product_brand","embeddable":true,"href":"https:\/\/www.gabrielle-laroche.com\/fr\/wp-json\/wp\/v2\/product_brand?post=11782"},{"taxonomy":"product_cat","embeddable":true,"href":"https:\/\/www.gabrielle-laroche.com\/fr\/wp-json\/wp\/v2\/product_cat?post=11782"},{"taxonomy":"product_tag","embeddable":true,"href":"https:\/\/www.gabrielle-laroche.com\/fr\/wp-json\/wp\/v2\/product_tag?post=11782"}],"curies":[{"name":"wp","href":"https:\/\/api.w.org\/{rel}","templated":true}]}}