

{"id":11915,"date":"2025-10-22T11:47:15","date_gmt":"2025-10-22T09:47:15","guid":{"rendered":"https:\/\/www.gabrielle-laroche.com\/?post_type=product&#038;p=11915"},"modified":"2025-10-22T11:52:56","modified_gmt":"2025-10-22T09:52:56","slug":"exceptionnel-cabinet-lyonnais-depoque-renaissance","status":"publish","type":"product","link":"https:\/\/www.gabrielle-laroche.com\/fr\/product\/exceptionnel-cabinet-lyonnais-depoque-renaissance\/","title":{"rendered":"\u00a0EXCEPTIONNEL CABINET LYONNAIS D\u2019\u00c9POQUE RENAISSANCE"},"content":{"rendered":"<div class=\"wpb-content-wrapper\"><p>[vc_row][vc_column width=\u00a0\u00bb1\/2&Prime;][vc_column_text css=\u00a0\u00bb\u00a0\u00bb]<\/p>\n<p style=\"text-align: justify;\">Contexte<span class=\"Apple-converted-space\">\u00a0<\/span><\/p>\n<p style=\"text-align: justify;\">Pendant la seconde renaissance l\u2019art du meuble tend de fa\u00e7ons diversement rigoureuses \u00e0 prendre mod\u00e8le sur le syst\u00e8me architectural h\u00e9rit\u00e9 de l\u2019antiquit\u00e9 par l\u2019interm\u00e9diaire de l\u2019Italie du Quattrocento.<\/p>\n<p style=\"text-align: justify;\">Ce syst\u00e8me est fond\u00e9 sur un principe de proportion math\u00e9matique et r\u00e8gle chaque partie de l\u2019\u00e9difice par r\u00e9f\u00e9rence \u00e0 une unit\u00e9 conventionnelle de base\u00a0: le module.<span class=\"Apple-converted-space\">\u00a0<\/span><\/p>\n<p style=\"text-align: justify;\">En m\u00eame temps, les hommes de la Renaissance ont fait la d\u00e9couverte du pouvoir de l\u2019homme sur un monde objectif \u00e0 sa mesure. Et c\u2019est pr\u00e9cis\u00e9ment cette mesure que l\u2019architecte est charg\u00e9 d\u2019introduire en faisant appara\u00eetre les correspondances entre l\u2019homme et le monde.<span class=\"Apple-converted-space\">\u00a0<\/span><\/p>\n<p style=\"text-align: justify;\">L\u2019originalit\u00e9 de Lyon se trouve dans le fait que l\u2019architecture classique ne s\u2019y trouve pas analys\u00e9e comme ailleurs, comme chez du Cerceau ou Jean Goujon. Les meubles lyonnais empruntent \u00e0 l\u2019architecture surtout des principes d\u2019organisation et de rigueur dans la r\u00e9partition des masses, n\u00e9gligeant fr\u00e9quemment les embl\u00e8mes architecturaux comme le fronton ou les colonnes.<\/p>\n<p style=\"text-align: justify;\">Sa d\u00e9coration sera plus inspir\u00e9e du travail des m\u00e9taux comme la damasquinure mais surtout de la gravure, comme ici o\u00f9 le d\u00e9cor de vermiculures des vantaux et des c\u00f4t\u00e9s est inspir\u00e9 des motifs des vignettes de la jeune imprimerie lyonnaise d\u2019estampes.<\/p>\n<p style=\"text-align: justify;\">Cet exceptionnel cabinet est typiquement caract\u00e9ristique des r\u00e9alisations effectu\u00e9es \u00e0 Lyon en cette Seconde Renaissance. Si les pilastres cannel\u00e9s sont pr\u00e9cis\u00e9ment int\u00e9gr\u00e9s aux montants, leurs panneaux voient na\u00eetre une vie fantastique dans laquelle se m\u00ealent des macarons, des masques dans un \u00e9crin vermicul\u00e9 intens\u00e9ment travaill\u00e9.<\/p>\n<p style=\"text-align: justify;\">Description<\/p>\n<p style=\"text-align: justify;\">Ce meuble \u00e0 deux corps superpos\u00e9s et corps sup\u00e9rieur en tr\u00e8s l\u00e9ger retrait pr\u00e9sente en fa\u00e7ade et sur les c\u00f4t\u00e9s une riche ornementation d\u2019une qualit\u00e9 d\u2019ex\u00e9cution remarquable dont certains \u00e9l\u00e9ments sont particuli\u00e8rement rares.<\/p>\n<p style=\"text-align: justify;\">Le Corps Sup\u00e9rieur<\/p>\n<p style=\"text-align: justify;\">Le Cabinet bien structur\u00e9 et au corps sup\u00e9rieur \u00e9lanc\u00e9, adopte un rythme ternaire avec ses pilastres cannel\u00e9s encadrant les vantaux finement travaill\u00e9s.<\/p>\n<p style=\"text-align: justify;\">La richesse ornementale de la corniche d\u00e9bordante donne le ton \u00e0 tout l\u2019ensemble du Cabinet. La recherche stylistique et la finesse d\u2019ex\u00e9cution excelle jusqu\u2019au sommet.<span class=\"Apple-converted-space\">\u00a0<\/span><\/p>\n<p style=\"text-align: justify;\">Nous trouvons une suite de frises juxtapos\u00e9es. Une frise altern\u00e9e de lotus et lunules surplombe une frise perl\u00e9e puis une orn\u00e9e d\u2019\u00e9cailles et de griffes. Au-dessous de la corniche, sous une frise denticul\u00e9e des toupies oscillent avec des consoles habill\u00e9es de palmettes, suivies de deux suites de glyphes.<span class=\"Apple-converted-space\">\u00a0<\/span><\/p>\n<p style=\"text-align: justify;\">Entre les pilastres cannel\u00e9s \u00e0 chapiteau ionique orn\u00e9 d\u2019un ove plac\u00e9 sur les montants, les deux vantaux \u00e0 panneau rondement moulur\u00e9 d\u2019une frise de rosettes offre un d\u00e9cor riche de vermiculures. Des fins rinceaux effeuill\u00e9s s\u2019\u00e9chappent fleurons, grappes de raisin et choux bourguignons. Aussi, les th\u00e8mes de l\u2019abondance et de la fertilit\u00e9 sont savamment illustr\u00e9s.<\/p>\n<p style=\"text-align: justify;\">Au centre du vantail gauche, comme sorti d\u2019un m\u00e9daillon se dessine en un beau bas-relief un portrait f\u00e9minin. Sur le vantail de droite, un portrait masculin. On doit y voir la repr\u00e9sentation des \u00e9poux qui re\u00e7oivent ce meuble en cadeau.<\/p>\n<p style=\"text-align: justify;\">La base du corps sup\u00e9rieur pr\u00e9sente elle une belle frise de disques et palmettes.<\/p>\n<p style=\"text-align: justify;\">Le Corps inf\u00e9rieur<\/p>\n<p style=\"text-align: justify;\">La ceinture accost\u00e9e de belles feuilles d\u2019acanthes, pr\u00e9sente deux tiroirs en orn\u00e9s de puissants godrons parfois \u00e0 palmettes<\/p>\n<p style=\"text-align: justify;\">Le corps inf\u00e9rieur plus ramass\u00e9 dans sa structure, reprend le m\u00eame th\u00e8me que celui sup\u00e9rieur. Au centre de chaque vantail habit\u00e9 de cuirs d\u00e9coup\u00e9s et rinceaux feuillag\u00e9s, un beau mascaron \u00e0 l\u2019expression bien marqu\u00e9e se d\u00e9marque en haut-relief.<span class=\"Apple-converted-space\">\u00a0<\/span><\/p>\n<p style=\"text-align: justify;\">Les C\u00f4t\u00e9s<\/p>\n<p style=\"text-align: justify;\">Le raffinement de ce meuble vient \u00e9galement de ses c\u00f4t\u00e9s sur lesquels se prolongent le d\u00e9cor de godrons ainsi que les d\u00e9cors de vermiculures trait\u00e9s en m\u00e9plat avec la m\u00eame densit\u00e9, verve et richesse de d\u00e9tails.<\/p>\n<p style=\"text-align: justify;\">Ce rare Cabinet de mariage en noyer \u00e0 la tr\u00e8s belle patine est un tr\u00e8s bel exemple de la production lyonnaise vers la moiti\u00e9 du XVI\u00e8me si\u00e8cle, qui allie l\u2019harmonie des proportions \u00e0 une belle sculpture en bas-relief couvrant en totalit\u00e9 la surface des panneaux.<\/p>\n<p>[\/vc_column_text][\/vc_column][vc_column width=\u00a0\u00bb1\/2&Prime;][\/vc_column][\/vc_row]<\/p>\n<\/div>","protected":false},"excerpt":{"rendered":"<h4>\u00a0EXCEPTIONNEL CABINET LYONNAIS D\u2019\u00c9POQUE RENAISSANCE<\/h4>\n<p>&nbsp;<\/p>\n<p>ORIGINE\u00a0: FRANCE, LYON<\/p>\n<p>EPOQUE\u00a0: XVI\u00e8me SI\u00c8CLE, Vers 1560 &#8211; 1580<\/p>\n<p>&nbsp;<\/p>\n<p>Hauteur\u00a0: 182 cm<\/p>\n<p><span class=\"Apple-converted-space\">\u00a0<\/span>Largeur : 118 cm<\/p>\n<p>Profondeur\u00a0: 51,5 cm<\/p>\n<p>&nbsp;<\/p>\n<p>Bois de noyer<\/p>\n<p>Bon \u00e9tat de conservation<\/p>\n<p>Restauration d\u2019usage et d\u2019entretien<\/p>\n<p>&nbsp;<\/p>\n<p>&nbsp;<\/p>\n[dt_button size=\"small\" style=\"default\" animation=\"none\" color_mode=\"default\" icon=\"\" icon_align=\"left\" color=\"\" link=\"mailto:gabrielle-laroche@wanadoo.fr?subject=395_<\/p>\n<p>EXCEPTIONNEL_CABINET_LYONNAIS_D\u2019\u00c9POQUE_RENAISSANCE\" target_blank=\"true\"]DEMANDE D&rsquo;INFORMATIONS[\/dt_button]\n<p>&nbsp;<\/p>\n<p>&nbsp;<\/p>\n<p><a href=\"\/fr\/antiquites\/mobilier\/meubles\/\">Retour aux meubles<\/a><\/p>\n","protected":false},"featured_media":11916,"template":"","meta":[],"product_brand":[],"product_cat":[18],"product_tag":[],"class_list":{"0":"post-11915","1":"product","2":"type-product","3":"status-publish","4":"has-post-thumbnail","6":"product_cat-meubles","7":"description-off","9":"first","10":"instock","11":"shipping-taxable","12":"product-type-simple"},"aioseo_notices":[],"_links":{"self":[{"href":"https:\/\/www.gabrielle-laroche.com\/fr\/wp-json\/wp\/v2\/product\/11915","targetHints":{"allow":["GET"]}}],"collection":[{"href":"https:\/\/www.gabrielle-laroche.com\/fr\/wp-json\/wp\/v2\/product"}],"about":[{"href":"https:\/\/www.gabrielle-laroche.com\/fr\/wp-json\/wp\/v2\/types\/product"}],"wp:featuredmedia":[{"embeddable":true,"href":"https:\/\/www.gabrielle-laroche.com\/fr\/wp-json\/wp\/v2\/media\/11916"}],"wp:attachment":[{"href":"https:\/\/www.gabrielle-laroche.com\/fr\/wp-json\/wp\/v2\/media?parent=11915"}],"wp:term":[{"taxonomy":"product_brand","embeddable":true,"href":"https:\/\/www.gabrielle-laroche.com\/fr\/wp-json\/wp\/v2\/product_brand?post=11915"},{"taxonomy":"product_cat","embeddable":true,"href":"https:\/\/www.gabrielle-laroche.com\/fr\/wp-json\/wp\/v2\/product_cat?post=11915"},{"taxonomy":"product_tag","embeddable":true,"href":"https:\/\/www.gabrielle-laroche.com\/fr\/wp-json\/wp\/v2\/product_tag?post=11915"}],"curies":[{"name":"wp","href":"https:\/\/api.w.org\/{rel}","templated":true}]}}