

{"id":1240,"date":"2021-05-10T12:00:36","date_gmt":"2021-05-10T10:00:36","guid":{"rendered":"http:\/\/mrplwpw.cluster030.hosting.ovh.net\/?post_type=product&#038;p=1240"},"modified":"2023-04-03T16:40:36","modified_gmt":"2023-04-03T14:40:36","slug":"cabinet-burgondo-lyonnais-depoque-renaissance-aux-evangelistes","status":"publish","type":"product","link":"https:\/\/www.gabrielle-laroche.com\/fr\/product\/cabinet-burgondo-lyonnais-depoque-renaissance-aux-evangelistes\/","title":{"rendered":"CABINET BURGONDO-LYONNAIS D\u2019\u00c9POQUE RENAISSANCE AUX \u00c9VANG\u00c9LISTES"},"content":{"rendered":"<div class=\"wpb-content-wrapper\"><p>[vc_row][vc_column width=\u00a0\u00bb1\/2&Prime;][vc_column_text]<\/p>\n<p style=\"text-align: justify;\">Ce buffet se compose de deux corps superpos\u00e9s. Le corps du haut en retrait est couvert d\u2019un entablement et d\u2019une corniche fortement d\u00e9bordants reposant, \u00e0 l\u2019arri\u00e8re et \u00e0 l\u2019avant sur quatre colonnes cannel\u00e9es.<\/p>\n<p style=\"text-align: justify;\">Le corps inf\u00e9rieur repose sur quatre pieds rectangulaires sur lesquels s\u2019\u00e9l\u00e8ve une base l\u00e9g\u00e8rement moulur\u00e9e. Il ouvre \u00e0 deux vantaux dont chaque panneau est orn\u00e9 en son centre d\u2019un cadre ovale dans lequel est repr\u00e9sent\u00e9 un \u00c9vang\u00e9liste, le corps drap\u00e9 dans un lourd manteau. Le reste du panneau est occup\u00e9 par des tiges, des feuilles et des fleurs, dans une composition sym\u00e9trique, sculpt\u00e9e avec beaucoup d\u2019habilet\u00e9. A droite, se trouve le plus jeune des \u00c9vang\u00e9listes, Saint Jean. Imberbe et la t\u00eate cern\u00e9e de l\u2019aur\u00e9ole, la plume \u00e0 la main, il r\u00e9dige son \u00c9vangile \u00e0 l\u2019abris d\u2019un arbre et sous le regard protecteur de l\u2019Aigle, tandis qu\u2019\u00e0 gauche, le saint nimb\u00e9, lui aussi pench\u00e9 sur le Livre et accompagn\u00e9 de son taureau n\u2019est autre que Saint Luc.<br \/>\nLes montants ainsi que le faux-dormant sont sculpt\u00e9s de chutes de fruits et d\u2019un mascaron pos\u00e9 sur une draperie.<\/p>\n<p style=\"text-align: justify;\">La ceinture est s\u00e9par\u00e9e des corps inf\u00e9rieur et sup\u00e9rieur par des moulures orn\u00e9es de rosaces.<br \/>\nDeux tiroirs ouvrent en ceinture, chacun orn\u00e9 au centre, d\u2019un mufle de lion d\u00e9licatement sculpt\u00e9 est accost\u00e9 par des fruits et des draperies. De part et d\u2019autre des tiroirs sont sculpt\u00e9s des mascarons, la t\u00eate couverte par des coiffes de plumes, tandis qu\u2019au centre, un blason est pos\u00e9 sur un cuir d\u00e9coup\u00e9.<\/p>\n<p style=\"text-align: justify;\">Le corps sup\u00e9rieur est scand\u00e9 par deux termes masculins en gaine et un terme f\u00e9minin en gaine au centre, dont un pan de draperie dissimule la serrure. Les vantaux du corps sup\u00e9rieur sont orn\u00e9s de la m\u00eame mani\u00e8re que les deux pr\u00e9c\u00e9dents, par deux \u00c9vang\u00e9listes. A droite Saint Marc et le lion font face \u00e0 Saint Mathieu et l\u2019Ange sculpt\u00e9s sur le panneau du vantail gauche.<\/p>\n<p style=\"text-align: justify;\">Les c\u00f4t\u00e9s re\u00e7oivent eux aussi une tr\u00e8s belle ornementation. Le panneau du corps sup\u00e9rieur est sculpt\u00e9 d\u2019une composition sym\u00e9trique de motifs v\u00e9g\u00e9taux, r\u00e9alis\u00e9s en m\u00e9plat, se d\u00e9ployant autour d\u2019un mascaron en haut relief. A droite et \u00e0 gauche du panneau sont repr\u00e9sent\u00e9s des pennes d\u2019oiseaux tandis que les deux autres c\u00f4t\u00e9s sont occup\u00e9s par des moulures d\u00e9cor\u00e9es de palmettes. Le panneau de la partie inf\u00e9rieure est d\u00e9cor\u00e9s d\u2019une fleur et de quatre feuilles. En ceinture, une petite rose est accompagn\u00e9e de deux pennes d\u2019oiseau.<br \/>\nLe meuble est couronn\u00e9e par une corniche support\u00e9e par des modillons orn\u00e9s de palmettes.<\/p>\n<p style=\"text-align: justify;\">Ce meuble illustre un int\u00e9r\u00eat particulier des commanditaires pour les th\u00e8mes religieux. L\u2019Ancien et le Nouveau Testament ont parfois \u00e9t\u00e9 une source d\u2019inspiration pour les huchiers qui les utilis\u00e8rent pour quelques meubles dont on ne peut dire aujourd\u2019hui s\u2019ils \u00e9taient destin\u00e9s \u00e0 un usage civil ou religieux. Ces meubles subsistent en assez grand nombre en Picardie, dans l\u2019Ouest et en Languedoc notamment.<br \/>\nSi l\u2019Ancien Testament est souvent celui qui retint l\u2019attention des artistes, le renouveau religieux entra\u00een\u00e9 par la Contre-R\u00e9forme d\u00e9veloppa un int\u00e9r\u00eat pour le Nouveau Testament. Ainsi, d\u00e8s la fin du XVIe si\u00e8cle, les figures du Christ, de la Vierge, des Quatre \u00c9vang\u00e9listes ou encore des Douze Ap\u00f4tres se firent plus pr\u00e9sentes.<\/p>\n<p style=\"text-align: justify;\">Ainsi, ce buffet n\u2019\u00e9tait pas forc\u00e9ment destin\u00e9 \u00e0 meubler la demeure d\u2019un eccl\u00e9siastique mais aurait tout aussi bien pu avoir \u00e9t\u00e9 r\u00e9alis\u00e9 suivant la volont\u00e9 de commanditaires priv\u00e9s, puissants et fortun\u00e9s, dont la pi\u00e9t\u00e9 et la d\u00e9votion suffisent \u00e0 expliquer le choix d\u2019exalter les auteurs des quatre \u00c9vangiles canoniques. Les quatre symboles qui servent \u00e0 les identifier \u2013 le T\u00e9tramorphe \u2013 ont pour origine la vision d\u2019Ez\u00e9chiel (Ez ; 1,1-28) et l\u2019Apocalypse (Ap ; 4,1-11).<\/p>\n<p style=\"text-align: justify;\">Le d\u00e9cor, la vari\u00e9t\u00e9 des motifs et la qualit\u00e9 de leur r\u00e9alisation font de ce meuble une pi\u00e8ce d\u2019exception. La d\u00e9licatesse et le raffinement du travail de sculpture laisse penser qu\u2019il fut l\u2019\u0153uvre d\u2019un artisan des plus habile.<br \/>\nEn outre l\u2019utilisation, pour les c\u00f4t\u00e9s, d\u2019une sculpture r\u00e9alis\u00e9e en m\u00e9plat, emprunt\u00e9 \u00e0 l\u2019art du graveur, est caract\u00e9ristique de l\u2019Ecole lyonnaise des ann\u00e9es 1540-1570.<\/p>\n<p>&nbsp;<\/p>\n<p style=\"text-align: justify;\"><strong>Bibliographie<\/strong><br \/>\nTHIRION Jaques, <em>Le mobilier du Moyen-Age et de la Renaissance en France<\/em>, Edition Faton, 1998<br \/>\nBOCCADOR Jacqueline, <em>Le Mobilier Fran\u00e7ais du Moyen-\u00c2ge \u00e0 la Renaissance<\/em>, 1996, \u00c9ditions d\u2019art Monelle Hayot, Saint-R\u00e9my-en-l\u2019Eau.<\/p>\n<p>[\/vc_column_text][\/vc_column][vc_column width=\u00a0\u00bb1\/2&Prime;][\/vc_column][\/vc_row]<\/p>\n<\/div>","protected":false},"excerpt":{"rendered":"<h4>CABINET BURGONDO-LYONNAIS D\u2019\u00c9POQUE RENAISSANCE AUX \u00c9VANG\u00c9LISTES<\/h4>\n<p>&nbsp;<\/p>\n<p><strong>ORIGINE : FRANCE, LYON<\/strong><br \/>\n<strong>\u00c9POQUE : XVIe SI\u00c8CLE<\/strong><\/p>\n<p>&nbsp;<\/p>\n<p>Hauteur : 169 cm<br \/>\nLargeur : 152 cm<br \/>\nProfondeur : 57 cm<\/p>\n<p>&nbsp;<\/p>\n<p>Bois de noyer<br \/>\nTr\u00e8s bon \u00e9tat de conservation<\/p>\n<p>&nbsp;<\/p>\n<p>&nbsp;<\/p>\n[dt_button size=\"small\" style=\"default\" animation=\"none\" color_mode=\"default\" icon=\"\" icon_align=\"left\" color=\"\" link=\"mailto:gabrielle-laroche@wanadoo.fr?subject=86_CABINET BURGONDO-LYONNAIS D\u2019\u00c9POQUE RENAISSANCE AUX \u00c9VANG\u00c9LISTES\" target_blank=\"true\"]DEMANDE D&rsquo;INFORMATIONS[\/dt_button]\n<p>&nbsp;<\/p>\n<p><a href=\"\/fr\/antiquites\/mobilier\/meubles\/\">Retour aux meubles<\/a><\/p>\n","protected":false},"featured_media":1244,"template":"","meta":[],"product_brand":[],"product_cat":[18],"product_tag":[],"class_list":{"0":"post-1240","1":"product","2":"type-product","3":"status-publish","4":"has-post-thumbnail","6":"product_cat-meubles","7":"description-off","9":"first","10":"instock","11":"shipping-taxable","12":"product-type-simple"},"aioseo_notices":[],"_links":{"self":[{"href":"https:\/\/www.gabrielle-laroche.com\/fr\/wp-json\/wp\/v2\/product\/1240","targetHints":{"allow":["GET"]}}],"collection":[{"href":"https:\/\/www.gabrielle-laroche.com\/fr\/wp-json\/wp\/v2\/product"}],"about":[{"href":"https:\/\/www.gabrielle-laroche.com\/fr\/wp-json\/wp\/v2\/types\/product"}],"wp:featuredmedia":[{"embeddable":true,"href":"https:\/\/www.gabrielle-laroche.com\/fr\/wp-json\/wp\/v2\/media\/1244"}],"wp:attachment":[{"href":"https:\/\/www.gabrielle-laroche.com\/fr\/wp-json\/wp\/v2\/media?parent=1240"}],"wp:term":[{"taxonomy":"product_brand","embeddable":true,"href":"https:\/\/www.gabrielle-laroche.com\/fr\/wp-json\/wp\/v2\/product_brand?post=1240"},{"taxonomy":"product_cat","embeddable":true,"href":"https:\/\/www.gabrielle-laroche.com\/fr\/wp-json\/wp\/v2\/product_cat?post=1240"},{"taxonomy":"product_tag","embeddable":true,"href":"https:\/\/www.gabrielle-laroche.com\/fr\/wp-json\/wp\/v2\/product_tag?post=1240"}],"curies":[{"name":"wp","href":"https:\/\/api.w.org\/{rel}","templated":true}]}}