

{"id":12489,"date":"2026-01-29T14:31:05","date_gmt":"2026-01-29T13:31:05","guid":{"rendered":"https:\/\/www.gabrielle-laroche.com\/?post_type=product&#038;p=12489"},"modified":"2026-02-16T16:44:16","modified_gmt":"2026-02-16T15:44:16","slug":"bonome-portrait-de-pablo-casals","status":"publish","type":"product","link":"https:\/\/www.gabrielle-laroche.com\/fr\/product\/bonome-portrait-de-pablo-casals\/","title":{"rendered":"BONOME &#8211; Portrait de Pablo Casals"},"content":{"rendered":"<div class=\"wpb-content-wrapper\"><p>[vc_row][vc_column width=\u00a0\u00bb1\/2&Prime;][vc_column_text css=\u00a0\u00bb\u00a0\u00bb]<\/p>\n<p style=\"text-align: justify;\">Commentaire\u00a0:<span class=\"Apple-converted-space\">\u00a0<\/span><\/p>\n<p style=\"text-align: justify;\">Santiago Rodr\u00edguez Bonome (20 avril 1901 \u00e0 Saint-Jacques-de-Compostelle &#8211; 29 octobre 1995 \u00e0 Dreux) est un sculpteur sur bois de r\u00e9putation internationale (\u00c9tats-Unis, France, Espagne, Cuba, Uruguay, Argentine, Japon&#8230;) et c\u00e9ramiste d&rsquo;art espagnol. De nombreuses \u0153uvres sont expos\u00e9es dans diff\u00e9rents mus\u00e9es\u00a0:<\/p>\n<p style=\"text-align: justify;\">&#8211;\u00a0\u00a0\u00a0\u00a0\u00a0\u00a0 Paris, Mus\u00e9e national d&rsquo;art moderne &#8211; Centre national d&rsquo;art et de culture Georges-Pompidou.<\/p>\n<p style=\"text-align: justify;\">&#8211;\u00a0\u00a0\u00a0\u00a0\u00a0\u00a0 La Rochelle<\/p>\n<p style=\"text-align: justify;\">&#8211;\u00a0\u00a0\u00a0\u00a0\u00a0\u00a0 Espagne, Fondation Valle-Inclan<\/p>\n<p style=\"text-align: justify;\">&#8211;\u00a0\u00a0\u00a0\u00a0\u00a0\u00a0 Espagne, Mus\u00e9e de Lugo<\/p>\n<p style=\"text-align: justify;\">&#8211;\u00a0\u00a0\u00a0\u00a0\u00a0\u00a0 Espagne, Collection Caixanova&#8230;<\/p>\n<p style=\"text-align: justify;\">&#8211;\u00a0\u00a0\u00a0\u00a0\u00a0\u00a0 Espagne, Mus\u00e9e du Prado \u00e0 Madrid<\/p>\n<p>&nbsp;<\/p>\n<p style=\"text-align: justify;\">Biographie\u00a0:<span class=\"Apple-converted-space\">\u00a0<\/span><\/p>\n<p style=\"text-align: justify;\">N\u00e9 \u00e0 Saint-Jacques-de-Compostelle (Espagne) en 1901, fils d&rsquo;Evaristo Rodriguez Br\u00e9a et d&rsquo;Antonia Bonome P\u00e9rez, il travaille tr\u00e8s jeune dans l&rsquo;humble atelier d&rsquo;\u00e9b\u00e9nisterie de son p\u00e8re. Peu attir\u00e9 par ce m\u00e9tier, lorsque son p\u00e8re lui demande ce qu&rsquo;il veut faire\u00a0: \u00ab\u00a0sculpteur\u00a0\u00bb lui r\u00e9pond-il.<\/p>\n<p style=\"text-align: justify;\">Il entre donc, \u00e0 l&rsquo;\u00e2ge de 13 ans dans l&rsquo;atelier d&rsquo;imagerie religieuse de Jos\u00e9 Rivas, au pied de cette cath\u00e9drale qu&rsquo;il admire tant, puis \u00e0 18 ans dans celui d&rsquo;Enrique Carballido.<\/p>\n<p style=\"text-align: justify;\"><em>\u00ab\u00a0Car il est tellement, tellement jeune, Bonome\u00a0! Ridiculement jeune a dit un critique, qui ne savait pas sans doute que ces ann\u00e9es d&rsquo;apprentissage, de v\u00e9ritable apprentissage en apprenti de v\u00e9ritable atelier (un saint par jour et vivement, pour toutes les processions, toutes les chapelles et toutes les d\u00e9votes de la province) valent chacune pour quatre ann\u00e9es -au moins- d&rsquo;\u00e9tude en une acad\u00e9mie&#8230;\u00a0\u00bb<span class=\"Apple-converted-space\">\u00a0<\/span><\/em><\/p>\n<p style=\"text-align: justify;\">Margarita Nelken (Madrid 1932)<\/p>\n<p style=\"text-align: justify;\">En 1924, il part pour Madrid o\u00f9 il expose au Centre Galicien, \u00e0 l&rsquo;Exposition Nationale puis \u00e0 La Corogne.<\/p>\n<p style=\"text-align: justify;\">En 1925, au Centre de Galice \u00e0 Buenos Aires il vend pratiquement 30 de ses \u0153uvres.<\/p>\n<p style=\"text-align: justify;\">De 1926 \u00e0 1927 il expose \u00e0 Barcelone, \u00e0 la Biennale de Venise puis \u00e0 Monza (Italie) o\u00f9 il rencontre Pirandello, puis \u00e0 La Havane.<\/p>\n<p style=\"text-align: justify;\">En 1929 il arrive \u00e0 Paris o\u00f9 l&rsquo;attendent Lucas Moreno et Mendez Casal.<\/p>\n<p style=\"text-align: justify;\">Il expose en 1931 chez Leblanc-Barbedienne qui deviendra son \u00e9diteur.<\/p>\n<p style=\"text-align: justify;\">En 1940 Il \u00e9pouse Simone Grottard dont il a deux filles, Jacqueline et H\u00e9l\u00e8ne.<\/p>\n<p style=\"text-align: justify;\">La Seconde Guerre mondiale am\u00e8nera un profond changement dans la vie de l&rsquo;artiste qui se tournera vers la fabrication d&rsquo;objets de d\u00e9coration en fonte, puis vers la c\u00e9ramique d&rsquo;art pour faire vivre sa famille.<\/p>\n<p style=\"text-align: justify;\">L&rsquo;on rencontre quelques-unes de ses \u0153uvres \u00e0 Tokyo, \u00e0 Philadelphie, en France, en Suisse en Allemagne, en Espagne bien s\u00fbr&#8230; dans des mus\u00e9es et dans des collections particuli\u00e8res\u00a0: Portraits de l&rsquo;ambassadeur d&rsquo;Espagne, Qui\u00f1ones de Le\u00f3n, du pr\u00e9sident du gouvernement de la seconde r\u00e9publique espagnole en exil \u00e0 Paris, Manuel Portela Valladares, du grand architecte Palacios, de Valle Incan, d&rsquo;Isabelle Mallet (cr\u00e9atrice de la semaine de la bont\u00e9 \u00e0 Paris) du peintre Nestor de La Torre, mausol\u00e9e du po\u00e8te Perez Lugin, \u00ab\u00a0La Femme de l&rsquo;Idole\u00a0\u00bb (Centre national d&rsquo;art et de culture Georges-Pompidou \u00e0 Paris) \u00ab\u00a0l&rsquo;Agriculture et le Travail\u00a0\u00bb (Minist\u00e8re du Travail de Madrid), \u00ab\u00a0Compostellana domu\u00a0\u00bb (Mus\u00e9e du Prado \u00e0 Madrid), \u00ab\u00a0La Douleur\u00a0\u00bb, Jeanne d&rsquo;Arc&#8230;et\u00a0 le c\u00e9l\u00e8bre violoncelliste catalan Pablo Casals.<\/p>\n<p>[\/vc_column_text][\/vc_column][vc_column width=\u00a0\u00bb1\/2&Prime;][\/vc_column][\/vc_row]<\/p>\n<\/div>","protected":false},"excerpt":{"rendered":"<p><strong>BONOME Santiago Rodriguez<\/strong><\/p>\n<p><strong>(1901 \u2013 1995)<span class=\"Apple-converted-space\">\u00a0<\/span><\/strong><\/p>\n<p style=\"font-weight: 400;\"><strong><em>\u00a0<\/em><\/strong><\/p>\n<p><strong><em>Portrait de Pablo Casals<\/em><\/strong><\/p>\n<p>&nbsp;<\/p>\n<p>Date de cr\u00e9ation : 1926<\/p>\n<p>Origine : Espagne<\/p>\n<p>&nbsp;<\/p>\n<p>Technique \u00a0: Sculpture taill\u00e9e dans une bille d\u2019acajou<\/p>\n<p>Sign\u00e9 et dat\u00e9 sur la terrasse<\/p>\n<p style=\"font-weight: 400;\"><strong>\u00a0<\/strong><\/p>\n<p>Hauteur : 57 cm<\/p>\n<p>Largeur : 33 cm<\/p>\n<p>Profondeur<span style=\"font-weight: 400;\"> : 2<\/span><strong><span style=\"font-weight: 400;\">6 cm<\/span><\/strong><\/p>\n<p>&nbsp;<\/p>\n<p>Expositions : Biennale &#8211; Exposition internationale d&rsquo;Art &#8211; de Venise en 1926<\/p>\n<p>\u00c9tiquette et timbre appos\u00e9s sous la base<span class=\"Apple-converted-space\">\u00a0<\/span><\/p>\n<p>&nbsp;<\/p>\n<p style=\"font-weight: 400;\"><strong>\u00a0<\/strong><\/p>\n[dt_button size=\"small\" style=\"default\" animation=\"none\" color_mode=\"default\" icon=\"\" icon_align=\"left\" color=\"\" link=\"mailto:gabrielle-laroche@wanadoo.fr?subject2_BONOME_PORTRAIT_CASALS_FR\" target_blank=\"true\"]DEMANDE D&rsquo;INFORMATIONS[\/dt_button]\n<p>&nbsp;<\/p>\n<p><a href=\"\/fr\/contemporains\/\">Retour aux contemporains<\/a><\/p>\n","protected":false},"featured_media":12627,"template":"","meta":[],"product_brand":[],"product_cat":[39],"product_tag":[],"class_list":{"0":"post-12489","1":"product","2":"type-product","3":"status-publish","4":"has-post-thumbnail","6":"product_cat-contemporain","7":"description-off","9":"first","10":"instock","11":"shipping-taxable","12":"product-type-simple"},"aioseo_notices":[],"_links":{"self":[{"href":"https:\/\/www.gabrielle-laroche.com\/fr\/wp-json\/wp\/v2\/product\/12489","targetHints":{"allow":["GET"]}}],"collection":[{"href":"https:\/\/www.gabrielle-laroche.com\/fr\/wp-json\/wp\/v2\/product"}],"about":[{"href":"https:\/\/www.gabrielle-laroche.com\/fr\/wp-json\/wp\/v2\/types\/product"}],"wp:featuredmedia":[{"embeddable":true,"href":"https:\/\/www.gabrielle-laroche.com\/fr\/wp-json\/wp\/v2\/media\/12627"}],"wp:attachment":[{"href":"https:\/\/www.gabrielle-laroche.com\/fr\/wp-json\/wp\/v2\/media?parent=12489"}],"wp:term":[{"taxonomy":"product_brand","embeddable":true,"href":"https:\/\/www.gabrielle-laroche.com\/fr\/wp-json\/wp\/v2\/product_brand?post=12489"},{"taxonomy":"product_cat","embeddable":true,"href":"https:\/\/www.gabrielle-laroche.com\/fr\/wp-json\/wp\/v2\/product_cat?post=12489"},{"taxonomy":"product_tag","embeddable":true,"href":"https:\/\/www.gabrielle-laroche.com\/fr\/wp-json\/wp\/v2\/product_tag?post=12489"}],"curies":[{"name":"wp","href":"https:\/\/api.w.org\/{rel}","templated":true}]}}