

{"id":1260,"date":"2021-04-28T12:00:38","date_gmt":"2021-04-28T10:00:38","guid":{"rendered":"http:\/\/mrplwpw.cluster030.hosting.ovh.net\/?post_type=product&#038;p=1260"},"modified":"2023-04-03T16:36:35","modified_gmt":"2023-04-03T14:36:35","slug":"cabinet-a-deux-corps-en-noyer-rouge-depoque-renaissance","status":"publish","type":"product","link":"https:\/\/www.gabrielle-laroche.com\/fr\/product\/cabinet-a-deux-corps-en-noyer-rouge-depoque-renaissance\/","title":{"rendered":"CABINET \u00c0 DEUX CORPS EN NOYER ROUGE D\u2019\u00c9POQUE RENAISSANCE"},"content":{"rendered":"<div class=\"wpb-content-wrapper\"><p>[vc_row][vc_column width=\u00a0\u00bb1\/2&Prime;][vc_column_text]<\/p>\n<p class=\"p1\" style=\"text-align: justify;\"><span class=\"s1\">Au d\u00e9but du r\u00e8gne de Henri II (1547-1559), l\u2019ornementation du mobilier \u00e9volue. Les quelques motifs m\u00e9di\u00e9vaux qui apparaissaient encore \u00e7a et l\u00e0 sont d\u00e9finitivement abandonn\u00e9s. Le mobilier, \u00e0 l\u2019architecture parfaite et aux panneaux moulur\u00e9s, se fait alors plus sobre. Les \u00e9l\u00e9ments de d\u00e9cors sollicit\u00e9s par les huchiers sont g\u00e9n\u00e9ralement de fines colonnes \u00e0 f\u00fbts galb\u00e9s, cannel\u00e9s ou lisses, des pennes d\u2019oiseaux, des rosaces ou encore de t\u00eates d\u2019angelots ail\u00e9s. Le haut relief est moins souvent employ\u00e9 et les compositions se font plus l\u00e9g\u00e8res.\u00a0 Pour ce faire, ils puisent leur inspiration dans le r\u00e9pertoire bellifontain, en l\u2019\u00e9purant et l\u2019adaptant au go\u00fbt fran\u00e7ais.<\/span><\/p>\n<p class=\"p1\" style=\"text-align: justify;\"><span class=\"s1\">Durant cette p\u00e9riode, les huchiers se font \u00ab\u00a0architecteur\u00a0\u00bb. En effet l\u2019harmonie architecturale du meuble est au centre de leurs pr\u00e9occupations. L\u2019\u00e9tude des modules antiques est alors une n\u00e9cessit\u00e9. De cette attention accord\u00e9e aux proportions, naissent des meubles raffin\u00e9s, aux lignes pures.<\/span><\/p>\n<p class=\"p1\" style=\"text-align: justify;\"><span class=\"s1\">Ce style est absolument caract\u00e9ristique du r\u00e8gne de Henri II est dispara\u00eetra peu \u00e0 peu sous la r\u00e9gence de Catherine de M\u00e9dicis (1560-1574), \u00e9poque \u00e0 laquelle une abondante ornementation en haut et bas relief reprendra ses droits.<\/span><\/p>\n<p class=\"p1\" style=\"text-align: justify;\"><span class=\"s1\">Ce meuble \u00e0 deux corps \u00e0 faible retrait ouvre par quatre vantaux en fa\u00e7ade et deux tiroirs en ceinture.<\/span><\/p>\n<p class=\"p1\" style=\"text-align: justify;\"><span class=\"s1\">Il s\u2019\u00e9l\u00e8ve sur une base l\u00e9g\u00e8rement moulur\u00e9e sur laquelle s\u2019\u00e9lancent les montants orn\u00e9s de pennes d\u2019oiseaux et de cartouches, encadrant deux vantaux dont les panneaux sont embrev\u00e9s dans des cadres moulur\u00e9s, assembl\u00e9 \u00e0 coupe d\u2019onglet.<\/span><\/p>\n<p class=\"p1\" style=\"text-align: justify;\"><span class=\"s1\">En ceinture, on retrouve sur les deux consoles et sur les tiroirs des motifs de pennes d\u2019oiseaux accompagn\u00e9s d\u2019un jeu de cadres g\u00e9om\u00e9triques.<\/span><\/p>\n<p class=\"p1\" style=\"text-align: justify;\"><span class=\"s1\">Le corps sup\u00e9rieur dissimule un plateau qui une fois d\u00e9voil\u00e9 sert d\u2019\u00e9critoire. Les deux vantaux sont encadr\u00e9s de part et d\u2019autre par des colonnes aux f\u00fbts d\u00e9licatement galb\u00e9s. Les montants lat\u00e9raux sont incrust\u00e9s de trois cartouches de bois noircis tandis qu\u2019au centre, le dormant est sculpt\u00e9 de pennes d\u2019oiseaux et de cartouches.<\/span><\/p>\n<p class=\"p1\" style=\"text-align: justify;\"><span class=\"s1\">Au dessus d\u2019une baguette moulur\u00e9e sont incrust\u00e9s un cartouche de bois noirci rectangulaire et deux autres ovales tandis que dans les angles sont sculpt\u00e9s deux t\u00eates d\u2019angelots ail\u00e9s.<\/span><\/p>\n<p class=\"p1\" style=\"text-align: justify;\"><span class=\"s1\">Le cabinet est surmont\u00e9 d\u2019une corniche.<\/span><\/p>\n<p class=\"p1\" style=\"text-align: justify;\"><span class=\"s1\">Ce meuble appara\u00eet comme un v\u00e9ritable exemple de la production du d\u00e9but de la seconde moiti\u00e9 du XVIe si\u00e8cle. Sa structure parfaitement architectur\u00e9e, la belle harmonie de ses proportions, la simplicit\u00e9 de ses lignes, la sobri\u00e9t\u00e9 de son d\u00e9cor en font un meuble d\u2019une grande beaut\u00e9.<\/span><\/p>\n<p class=\"p1\" style=\"text-align: justify;\"><span class=\"s1\">En outre, la qualit\u00e9 de son bois de noyer rouge \u00e0 grains tr\u00e8s fins et sa belle patine concourent \u00e0 son raffinement.<\/span><\/p>\n<p class=\"p1\" style=\"text-align: justify;\"><span class=\"s1\">\u00a0<\/span><\/p>\n<p class=\"p1\" style=\"text-align: justify;\"><span class=\"s1\"><b>Bibliographie<\/b><\/span><\/p>\n<p class=\"p1\" style=\"text-align: justify;\"><span class=\"s1\">BOCCADOR Jacqueline, <em>Le Mobilier Fran\u00e7ais du Moyen-\u00c2ge \u00e0 la Renaissance<\/em>, 1996, \u00c9ditions d\u2019art Monelle Hayot, Saint-R\u00e9my-en-l\u2019Eau.<\/span><\/p>\n<p>[\/vc_column_text][\/vc_column][vc_column width=\u00a0\u00bb1\/2&Prime;][\/vc_column][\/vc_row]<\/p>\n<\/div>","protected":false},"excerpt":{"rendered":"<h4>CABINET \u00c0 DEUX CORPS EN NOYER ROUGE D\u2019\u00c9POQUE RENAISSANCE<\/h4>\n<p>&nbsp;<\/p>\n<p>ORIGINE : FRANCE, TOULOUSE<br \/>\n\u00c9POQUE : XVIe SI\u00c8CLE<\/p>\n<p>&nbsp;<\/p>\n<p>Hauteur : 180 cm<br \/>\nLargeur : 119 cm<br \/>\nProfondeur : 58 cm<\/p>\n<p>&nbsp;<\/p>\n<p>Bois de noyer rouge<\/p>\n<p>&nbsp;<\/p>\n<p>&nbsp;<\/p>\n[dt_button size=\"small\" style=\"default\" animation=\"none\" color_mode=\"default\" icon=\"\" icon_align=\"left\" color=\"\" link=\"mailto:gabrielle-laroche@wanadoo.fr?subject=162_CABINET \u00c0 DEUX CORPS EN NOYER ROUGE D\u2019\u00c9POQUE RENAISSANCE\" target_blank=\"true\"]DEMANDE D&rsquo;INFORMATIONS[\/dt_button]\n<p>&nbsp;<\/p>\n<p><a href=\"\/fr\/antiquites\/mobilier\/meubles\/\">Retour aux meubles<\/a><\/p>\n","protected":false},"featured_media":1262,"template":"","meta":[],"product_brand":[],"product_cat":[18],"product_tag":[],"class_list":{"0":"post-1260","1":"product","2":"type-product","3":"status-publish","4":"has-post-thumbnail","6":"product_cat-meubles","7":"description-off","9":"first","10":"instock","11":"shipping-taxable","12":"product-type-simple"},"aioseo_notices":[],"_links":{"self":[{"href":"https:\/\/www.gabrielle-laroche.com\/fr\/wp-json\/wp\/v2\/product\/1260","targetHints":{"allow":["GET"]}}],"collection":[{"href":"https:\/\/www.gabrielle-laroche.com\/fr\/wp-json\/wp\/v2\/product"}],"about":[{"href":"https:\/\/www.gabrielle-laroche.com\/fr\/wp-json\/wp\/v2\/types\/product"}],"wp:featuredmedia":[{"embeddable":true,"href":"https:\/\/www.gabrielle-laroche.com\/fr\/wp-json\/wp\/v2\/media\/1262"}],"wp:attachment":[{"href":"https:\/\/www.gabrielle-laroche.com\/fr\/wp-json\/wp\/v2\/media?parent=1260"}],"wp:term":[{"taxonomy":"product_brand","embeddable":true,"href":"https:\/\/www.gabrielle-laroche.com\/fr\/wp-json\/wp\/v2\/product_brand?post=1260"},{"taxonomy":"product_cat","embeddable":true,"href":"https:\/\/www.gabrielle-laroche.com\/fr\/wp-json\/wp\/v2\/product_cat?post=1260"},{"taxonomy":"product_tag","embeddable":true,"href":"https:\/\/www.gabrielle-laroche.com\/fr\/wp-json\/wp\/v2\/product_tag?post=1260"}],"curies":[{"name":"wp","href":"https:\/\/api.w.org\/{rel}","templated":true}]}}