

{"id":12720,"date":"2026-03-03T16:47:32","date_gmt":"2026-03-03T15:47:32","guid":{"rendered":"https:\/\/www.gabrielle-laroche.com\/?post_type=product&#038;p=12720"},"modified":"2026-04-15T11:50:56","modified_gmt":"2026-04-15T09:50:56","slug":"vierge-en-majeste-depoque-romane-de-lecole-catalane","status":"publish","type":"product","link":"https:\/\/www.gabrielle-laroche.com\/fr\/product\/vierge-en-majeste-depoque-romane-de-lecole-catalane\/","title":{"rendered":"VIERGE EN MAJEST\u00c9 D\u2019\u00c9POQUE ROMANE DE L\u2019ECOLE CATALANE"},"content":{"rendered":"<div class=\"wpb-content-wrapper\"><p>[vc_row][vc_column width=\u00a0\u00bb1\/2&Prime;][vc_column_text css=\u00a0\u00bb\u00a0\u00bb]<\/p>\n<p style=\"text-align: justify;\">Tr\u00e8s primitive dans sa composition car t\u00f4t d\u2019\u00e9poque, comme n\u00e9e d\u2019une buche de bois, Cette Vierge en majest\u00e9, dite Sedes Sapientiae est typique de son lieu de cr\u00e9ation. D\u2019\u00e9poque Romane, elle est sculpt\u00e9e en fort relief en conservant une partie de sa polychromie et de sa dorure d\u2019origine.<\/p>\n<p style=\"text-align: justify;\">Droite de stature, bien verticale, elle pr\u00e9sente un visage juv\u00e9nile aux traits doux et affirm\u00e9s. Elle esquisse un l\u00e9ger sourire et porte l\u2019enfant b\u00e9nissant, sur son genou gauche. Reine du Ciel, une large couronne ceint sa t\u00eate.<span class=\"Apple-converted-space\">\u00a0<\/span><\/p>\n<p style=\"text-align: justify;\">\u00a0Tr\u00e8s agr\u00e9able et de petite taille, elle devait prendre place sur dans une chapelle \u00e0 des fins de d\u00e9votion priv\u00e9e.<span class=\"Apple-converted-space\">\u00a0<\/span><\/p>\n<p>[\/vc_column_text][vc_empty_space][\/vc_column][vc_column width=\u00a0\u00bb1\/2&Prime;][vc_empty_space][\/vc_column][\/vc_row]<\/p>\n<\/div>","protected":false},"excerpt":{"rendered":"<h4>VIERGE EN MAJEST\u00c9 D\u2019\u00c9POQUE ROMANE DE L\u2019ECOLE CATALANE<\/h4>\n<p>&nbsp;<\/p>\n<p>ORIGINE\u00a0: ESPAGNE, CATALOGNE<\/p>\n<p>EPOQUE\u00a0: \u00a0FIN DU XII\u00e8me &#8211; D\u00c9BUT DU XIII\u00e8me SI\u00c8CLE<\/p>\n<p>&nbsp;<\/p>\n<p>Hauteur\u00a0: 51 cm<\/p>\n<p>Largeur : 17 cm<\/p>\n<p>Profondeur\u00a0: 15 cm<\/p>\n<p>&nbsp;<\/p>\n<p>&nbsp;<\/p>\n[dt_button size=\"small\" style=\"default\" animation=\"none\" color_mode=\"default\" icon=\"\" icon_align=\"left\" color=\"\" link=\"mailto:gabrielle-laroche@wanadoo.fr?subject=374_VIERGE_EN_MAJESTE_D\u2019EPOQUE_ROMANE\" target_blank=\"true\"]DEMANDE D&rsquo;INFORMATIONS[\/dt_button]\n<p>&nbsp;<\/p>\n<p><a href=\"\/fr\/antiquites\/sculpture\/\">Retour aux sculptures<\/a><\/p>\n<p>&nbsp;<\/p>\n","protected":false},"featured_media":12721,"template":"","meta":[],"product_brand":[],"product_cat":[17],"product_tag":[],"class_list":{"0":"post-12720","1":"product","2":"type-product","3":"status-publish","4":"has-post-thumbnail","6":"product_cat-uncategorized","7":"description-off","9":"first","10":"instock","11":"shipping-taxable","12":"product-type-simple"},"aioseo_notices":[],"_links":{"self":[{"href":"https:\/\/www.gabrielle-laroche.com\/fr\/wp-json\/wp\/v2\/product\/12720","targetHints":{"allow":["GET"]}}],"collection":[{"href":"https:\/\/www.gabrielle-laroche.com\/fr\/wp-json\/wp\/v2\/product"}],"about":[{"href":"https:\/\/www.gabrielle-laroche.com\/fr\/wp-json\/wp\/v2\/types\/product"}],"wp:featuredmedia":[{"embeddable":true,"href":"https:\/\/www.gabrielle-laroche.com\/fr\/wp-json\/wp\/v2\/media\/12721"}],"wp:attachment":[{"href":"https:\/\/www.gabrielle-laroche.com\/fr\/wp-json\/wp\/v2\/media?parent=12720"}],"wp:term":[{"taxonomy":"product_brand","embeddable":true,"href":"https:\/\/www.gabrielle-laroche.com\/fr\/wp-json\/wp\/v2\/product_brand?post=12720"},{"taxonomy":"product_cat","embeddable":true,"href":"https:\/\/www.gabrielle-laroche.com\/fr\/wp-json\/wp\/v2\/product_cat?post=12720"},{"taxonomy":"product_tag","embeddable":true,"href":"https:\/\/www.gabrielle-laroche.com\/fr\/wp-json\/wp\/v2\/product_tag?post=12720"}],"curies":[{"name":"wp","href":"https:\/\/api.w.org\/{rel}","templated":true}]}}