

{"id":1276,"date":"2021-05-02T12:00:14","date_gmt":"2021-05-02T10:00:14","guid":{"rendered":"http:\/\/mrplwpw.cluster030.hosting.ovh.net\/?post_type=product&#038;p=1276"},"modified":"2023-04-03T16:37:59","modified_gmt":"2023-04-03T14:37:59","slug":"cabinet-depoque-renaissance","status":"publish","type":"product","link":"https:\/\/www.gabrielle-laroche.com\/fr\/product\/cabinet-depoque-renaissance\/","title":{"rendered":"CABINET D&rsquo;\u00c9POQUE RENAISSANCE"},"content":{"rendered":"<div class=\"wpb-content-wrapper\"><p>[vc_row][vc_column width=\u00a0\u00bb1\/2&Prime;][vc_column_text]<\/p>\n<p class=\"p1\" style=\"text-align: justify;\"><span class=\"s1\">Ce cabinet se compose de deux corps superpos\u00e9s \u00e0 retrait. Admirablement proportionn\u00e9, il est par\u00e9 d\u2019un d\u00e9cor sculpt\u00e9 de figures mythologiques accompagn\u00e9es de mascarons et d\u2019une incroyable flore.<\/span><\/p>\n<p class=\"p1\" style=\"text-align: justify;\"><span class=\"s1\"><b>Le corps inf\u00e9rieur<\/b> repose sur une base moulur\u00e9e, port\u00e9e par des pieds-boule aplatis. Il ouvre par deux vantaux dont les montants sont orn\u00e9s de deux termes masculins dont la gaine, qui s\u2019enroule \u00e0 son extr\u00e9mit\u00e9, est garnie d\u2019une t\u00eate d\u2019angelot ail\u00e9, de chutes de fruits et de fleurs. Les oreilles pointues et la moustache \u00e9paisse, ils portent sur leur t\u00eate un imposant panier d\u00e9bordant de fruit. Sur le dormant, on trouve un terme f\u00e9minin.<\/span><\/p>\n<p class=\"p1\" style=\"text-align: justify;\"><span class=\"s1\">Sur les deux vantaux au cadre moulur\u00e9, une niche abrite un personnage dont le corps se d\u00e9gage quasi int\u00e9gralement du panneau de bois. La niche, sous laquelle se trouve un masque grima\u00e7ant, est encadr\u00e9e de deux harpies \u00e0 t\u00eate d\u2019aigle. Elle est surmont\u00e9e d\u2019un fronton bris\u00e9 aux rampants couverts d\u2019un amoncellement de fruits.<\/span><\/p>\n<p class=\"p1\" style=\"text-align: justify;\"><span class=\"s1\"><b>Les deux personnages qui s\u2019\u00e9l\u00e8vent fi\u00e8rement \u00e0 l\u2019int\u00e9rieur des niches sont issus de la mythologie<\/b>.<\/span><\/p>\n<p class=\"p1\" style=\"text-align: justify;\"><span class=\"s1\">Ils sont tout deux repr\u00e9sent\u00e9s dans la nudit\u00e9 h\u00e9ro\u00efque, une draperie nou\u00e9e sur leur front se d\u00e9ploie en cascade dans leur dos. Si les attributs de la figure de gauche permettent d\u2019identifier sans peine le dieu des dieux, <b>Zeus <\/b>(Jupiter) &#8211; il tient de sa main gauche le Foudre -, la figure de droite, qui a perdu l\u2019attribut qui permettait de la d\u00e9sign\u00e9e semble plus \u00e9nigmatique. Il pourrait cependant s\u2019agir de <b>Pluton<\/b> (Had\u00e8s), le dieu des enfers. Il devait tenir entre ces mains une fourche. A ses pieds, une ombre que l\u2019on peut encore discerner aujourd\u2019hui laisse penser qu\u2019il \u00e9tait autrefois accompagn\u00e9 de cerb\u00e8re, le chien \u00e0 trois t\u00eates, gardiens de l\u2019entr\u00e9e du royaume des morts. <b>Une gravure de Giovanni Jacopo Caraglio d\u2019apr\u00e8s le Rosso repr\u00e9sente Pluton dans une attitude tr\u00e8s semblable \u00e0 cette sculpture.<\/b><\/span><\/p>\n<p class=\"p1\" style=\"text-align: justify;\"><span class=\"s1\">Les c\u00f4t\u00e9s du corps inf\u00e9rieur sont orn\u00e9s d&rsquo;une rosace centrale reli\u00e9e \u00e0 deux demi-rosaces par un ruban.<\/span><\/p>\n<p class=\"p1\" style=\"text-align: justify;\"><span class=\"s1\">Au-dessus, sur la ceinture scand\u00e9e de trois masques aux physionomies humaines, le cabinet ouvre \u00e0 deux tiroirs orn\u00e9s de rinceaux feuillag\u00e9s \u00e9margeant de bustes d\u2019angelots.<\/span><\/p>\n<p class=\"p1\" style=\"text-align: justify;\"><span class=\"s1\"><b>Le corps sup\u00e9rieur<\/b>, en fort retrait, est divis\u00e9 en plusieurs registres. Le registre inf\u00e9rieur est orn\u00e9 de deux panneaux rectangulaires sculpt\u00e9s en leur centre d\u2019un masque aux grandes oreilles pointues, par\u00e9es de boucle d\u2019oreille en forme de goutte. De ces t\u00eates grima\u00e7antes naissent des rinceaux feuillag\u00e9s qui s\u2019enroulent en de gracieuses volutes. Derri\u00e8re ces panneaux se cachent en r\u00e9alit\u00e9 deux tiroirs, ferm\u00e9s par un dispositif secret. Il est en effet possible dans condamner l\u2019acc\u00e8s en introduisant une cheville depuis l\u2019int\u00e9rieur du corps central. L\u2019absence de serrure ou de poign\u00e9e les d\u00e9robent \u00e0 la vue du non initi\u00e9.\u00a0<\/span><\/p>\n<p class=\"p1\" style=\"text-align: justify;\"><span class=\"s1\">Au-dessus, le corps central est divis\u00e9 par trois colonnes \u00e0 chapiteau corinthien et f\u00fbt lisse pr\u00e9sentant en partie basse un d\u00e9cor de rinceaux, finement sculpt\u00e9. Il ouvre par deux vantaux qui re\u00e7oivent un d\u00e9cor similaire \u00e0 celui d\u00e9j\u00e0 rencontr\u00e9 au corps inf\u00e9rieur.<\/span><\/p>\n<p class=\"p1\" style=\"text-align: justify;\"><span class=\"s1\">Deux nouvelles divinit\u00e9s garnissent les niches. Il s\u2019agit, \u00e0 gauche, de <b>V\u00e9nus<\/b> (Aphrodite) accompagn\u00e9e de <b>Cupidon<\/b> (\u00c9ros) et \u00e0 droite, de <b>Mercure<\/b> (Herm\u00e8s).<\/span><\/p>\n<p class=\"p1\" style=\"text-align: justify;\"><span class=\"s1\">V\u00e9nus, nue, porte dans sa main droite une torche br\u00fblant du feu de l\u2019Amour. A ses c\u00f4t\u00e9s, son fils est pourvu de petites ailes et de son carquois.<\/span><\/p>\n<p class=\"p1\" style=\"text-align: justify;\"><span class=\"s1\">Mercure, fils et messager de Jupiter, est quand \u00e0 lui identifiable \u00e0 ses sandales ail\u00e9es et au p\u00e9tase dont il est coiff\u00e9. De sa main gauche, il tient une trompette tandis que de l\u2019autre, il tenait autrefois le caduc\u00e9e.<\/span><\/p>\n<p class=\"p1\" style=\"text-align: justify;\"><span class=\"s1\">Le corps sup\u00e9rieur porte un entablement et un extraordinaire fronton. L\u2019entablement se compose d\u2019une architrave et d\u2019une fine corniche d\u00e9bordante. L\u2019architrave est divis\u00e9e en deux panneaux. L\u2019un et l\u2019autre sont orn\u00e9s d\u2019un \u00e9cu, pos\u00e9 sur un cuir enroul\u00e9, port\u00e9 par deux putti aux cheveux boucl\u00e9s et dont les corps sont constitu\u00e9s d\u2019un rinceau feuillag\u00e9 termin\u00e9 par une fleur.<\/span><\/p>\n<p class=\"p1\" style=\"text-align: justify;\"><span class=\"s1\">\u00a0<\/span><\/p>\n<p class=\"p1\" style=\"text-align: justify;\"><span class=\"s1\">Le large <b>fronton <\/b>circulaire bris\u00e9 qui couronne le cabinet porte en acrot\u00e8re deux figures, l\u2019une f\u00e9minine, l\u2019autre masculine. Dans la brisure, deux colonnes corinthiennes, cantonn\u00e9es de deux chim\u00e8res \u00e0 t\u00eate et buste f\u00e9minin, supportent un large entablement lisse. Une niche est perc\u00e9e entre les deux colonnes. Elle abrite une statue de <b>Minerve <\/b>(Ath\u00e9na). La d\u00e9esse de la Sagesse est couverte du p\u00e9plos, une tunique longue. Elle tient pos\u00e9e \u00e0 terre son bouclier orn\u00e9 du <b>Gorgon\u00e9ion<\/b> \u2013 la t\u00eate de M\u00e9duse.<\/span><\/p>\n<p class=\"p1\" style=\"text-align: justify;\"><span class=\"s1\">Au sommet de l&rsquo;\u00e9l\u00e9ment triomphal, se dresse <b>Mars<\/b>, dieu de la guerre, casqu\u00e9 et en armure.<\/span><\/p>\n<p class=\"p1\" style=\"text-align: justify;\"><span class=\"s1\">\u00a0<\/span><\/p>\n<p class=\"p1\" style=\"text-align: justify;\"><span class=\"s1\"><b>Contexte historique<\/b><\/span><\/p>\n<p class=\"p1\" style=\"text-align: justify;\"><span class=\"s1\"><b>La Seconde Renaissance fran\u00e7aise que l\u2019on fait d\u00e9buter vers 1545, fut \u00e0 l\u2019origine d\u2019un profond renouveau dans le domaine de l\u2019art du meuble.<\/b><\/span><\/p>\n<p class=\"p1\" style=\"text-align: justify;\"><span class=\"s1\">La structure du meuble, aux proportions harmonieuses, s\u2019inspire alors de l\u2019architecture. Les ordres antiques sont mis \u00e0 l\u2019honneur, gr\u00e2ce notamment \u00e0 la lecture des trait\u00e9s d\u2019architecture de Vitruve.<\/span><\/p>\n<p class=\"p1\" style=\"text-align: justify;\"><span class=\"s1\">On r\u00e9invente \u00e9galement le r\u00e9pertoire ornemental. L\u2019influence de l\u2019art italien p\u00e9tri d\u2019humanisme et la red\u00e9couverte de l\u2019Antiquit\u00e9 m\u00e8nent \u00e0 une \u00e9volution significative des motifs d\u00e9coratifs. La pr\u00e9sence sur les chantiers royaux, et particuli\u00e8rement Fontainebleau, de nombreux artistes italiens \u2013 Le Rosso, Le Primatice, Niccolo Dell\u2019Abbate \u2013 permit une revitalisation de l\u2019art fran\u00e7ais.<\/span><\/p>\n<p class=\"p1\" style=\"text-align: justify;\"><span class=\"s1\">Leur cr\u00e9ation connu une large diffusion gr\u00e2ce \u00e0 l\u2019\u00e9mission de nombreuses gravures et estampes qui ne manqu\u00e8rent pas de trouver, chez les artistes fran\u00e7ais, une oreille attentive. On vit alors fleurir les palmettes, les acanthes, les guirlandes de fleurs et les grappes de fruits. Cette flore abondante se vit accompagn\u00e9e d\u2019une faune fabuleuse de harpies et de chim\u00e8res. L\u2019ordre cariatide connu un v\u00e9ritable engouement avec ces figures pos\u00e9es sur des gaines richement garnies. La mythologie antique n\u2019est pas en reste et fournie aux artistes un pr\u00e9texte \u00e0 la sensualit\u00e9 gr\u00e2ce \u00e0 la repr\u00e9sentation des corps nus, sveltes et \u00e9lanc\u00e9 des dieux et d\u00e9esses.<\/span><\/p>\n<p class=\"p1\" style=\"text-align: justify;\"><span class=\"s1\">Les menuisiers, les imagiers de la seconde moiti\u00e9 du XVIe si\u00e8cle ne manqu\u00e8rent pas de puiser l\u2019inspiration dans ces nombreux recueils. Le cabinet pr\u00e9sent\u00e9 ici poss\u00e8de toutes les caract\u00e9ristiques du mobilier de cette Seconde Renaissance fran\u00e7aise. On ne peut qu\u2019admirer la belle unit\u00e9 de son d\u00e9cor h\u00e9rit\u00e9 de l\u2019art bellifontain. S\u2019inspirant de la mythologie antique, les dieux et d\u00e9esses qui ornent les niches pr\u00e9sentent un model\u00e9 fin et souple. Elles ne sont pas sans rappeler celles que grava Giovanni Jacopo Caraglio en 1526 d\u2019apr\u00e8s la s\u00e9rie des<em> Divinit\u00e9s de la Fable<\/em> du Rosso Fiorentino. Pr\u00e9sent\u00e9es dans des niches, ces divinit\u00e9s aux attitudes \u00e9l\u00e9gantes et pleines de dynamisme convenaient parfaitement pour orner les panneaux des cabinets.<\/span><\/p>\n<p class=\"p1\" style=\"text-align: justify;\"><span class=\"s1\">En outre, ce cabinet est exceptionnel \u00e0 plus d\u2019un titre. D\u2019une part, gr\u00e2ce \u00e0 la grande qualit\u00e9 du bois de noyer clair qui fut employ\u00e9, d\u2019autre part gr\u00e2ce \u00e0 l\u2019adresse du ciseau qui l\u2019a travaill\u00e9. L\u2019extr\u00eame finesse d\u2019ex\u00e9cution de la sculpture en bas-relief comme en ronde-bosse, la minutie d\u2019orf\u00e8vre avec laquelle ont \u00e9t\u00e9 r\u00e9alis\u00e9 certains d\u00e9tails laissent penser que l\u2019imagier qui fut charg\u00e9 de la r\u00e9alisation de ce chef-d\u2019\u0153uvre \u00e9tait l\u2019un des plus habile de son temps.<\/span><\/p>\n<p class=\"p1\" style=\"text-align: justify;\"><span class=\"s1\">\u00a0<\/span><\/p>\n<p class=\"p1\" style=\"text-align: justify;\"><span class=\"s1\"><b>Ce cabinet \u00e0 deux corps appara\u00eet alors comme un exemple particuli\u00e8rement pr\u00e9cieux, reflet de l\u2019art bellifontain typique de la seconde Renaissance, vers la fin du XVIe si\u00e8cle.<\/b><\/span><\/p>\n<p class=\"p1\" style=\"text-align: justify;\"><span class=\"s1\">\u00a0<\/span><\/p>\n<p class=\"p1\" style=\"text-align: justify;\"><span class=\"s1\"><b>Bibliographie<\/b>\u00a0<\/span><\/p>\n<p class=\"p1\" style=\"text-align: justify;\"><span class=\"s1\">Jacqueline Boccador, <em>Le mobilier fran\u00e7ais du Moyen-\u00e2ge \u00e0 la Renaissance<\/em>, Ed. Monelle Hayot\u00a0<\/span><\/p>\n<p class=\"p1\" style=\"text-align: justify;\"><span class=\"s1\">Jacques Thirion<em>, Le mobilier du Moyen-\u00e2ge et de la Renaissance et France\u00a0<\/em><\/span><\/p>\n<p class=\"p1\" style=\"text-align: justify;\"><span class=\"s1\">James Hall, <em>Dictionnaire des Mythes et des Symboles<\/em><\/span><\/p>\n<p class=\"p1\" style=\"text-align: justify;\"><span class=\"s1\">https:\/\/metmuseum.org\/art\/collection\/search\/368128<\/span><\/p>\n<p>[\/vc_column_text][\/vc_column][vc_column width=\u00a0\u00bb1\/2&Prime;][\/vc_column][\/vc_row]<\/p>\n<\/div>","protected":false},"excerpt":{"rendered":"<h4>CABINET D&rsquo;\u00c9POQUE RENAISSANCE<\/h4>\n<p>&nbsp;<\/p>\n<p>ORIGINE : FRANCE, VAL DE LOIRE<br \/>\n\u00c9POQUE : XVIe SI\u00c8CLE, VERS 1580<\/p>\n<p>&nbsp;<\/p>\n<p><strong>Corps sup\u00e9rieur<\/strong><br \/>\nHauteur : 73.5 cm<br \/>\nLargeur : 91 cm<br \/>\nProfondeur : 40 cm<\/p>\n<p><strong>Corps inf\u00e9rieur<\/strong><br \/>\nHauteur : 99 cm<br \/>\nLargeur : 112 cm<br \/>\nProfondeur : 47 cm<\/p>\n<p>Hauteur totale : 237 cm<\/p>\n<p>&nbsp;<\/p>\n<p>Bois de noyer clair, couleur miel<br \/>\nParfait \u00e9tat de conservation<\/p>\n<p>&nbsp;<\/p>\n<p>&nbsp;<\/p>\n[dt_button size=\"small\" style=\"default\" animation=\"none\" color_mode=\"default\" icon=\"\" icon_align=\"left\" color=\"\" link=\"mailto:gabrielle-laroche@wanadoo.fr?subject=70_CABINET D'\u00c9POQUE RENAISSANCE\" target_blank=\"true\"]DEMANDE D&rsquo;INFORMATIONS[\/dt_button]\n<p>&nbsp;<\/p>\n<p><a href=\"\/fr\/antiquites\/mobilier\/meubles\/\">Retour aux meubles<\/a><\/p>\n","protected":false},"featured_media":4486,"template":"","meta":[],"product_brand":[],"product_cat":[18],"product_tag":[],"class_list":{"0":"post-1276","1":"product","2":"type-product","3":"status-publish","4":"has-post-thumbnail","6":"product_cat-meubles","7":"description-off","9":"first","10":"instock","11":"shipping-taxable","12":"product-type-simple"},"aioseo_notices":[],"_links":{"self":[{"href":"https:\/\/www.gabrielle-laroche.com\/fr\/wp-json\/wp\/v2\/product\/1276","targetHints":{"allow":["GET"]}}],"collection":[{"href":"https:\/\/www.gabrielle-laroche.com\/fr\/wp-json\/wp\/v2\/product"}],"about":[{"href":"https:\/\/www.gabrielle-laroche.com\/fr\/wp-json\/wp\/v2\/types\/product"}],"wp:featuredmedia":[{"embeddable":true,"href":"https:\/\/www.gabrielle-laroche.com\/fr\/wp-json\/wp\/v2\/media\/4486"}],"wp:attachment":[{"href":"https:\/\/www.gabrielle-laroche.com\/fr\/wp-json\/wp\/v2\/media?parent=1276"}],"wp:term":[{"taxonomy":"product_brand","embeddable":true,"href":"https:\/\/www.gabrielle-laroche.com\/fr\/wp-json\/wp\/v2\/product_brand?post=1276"},{"taxonomy":"product_cat","embeddable":true,"href":"https:\/\/www.gabrielle-laroche.com\/fr\/wp-json\/wp\/v2\/product_cat?post=1276"},{"taxonomy":"product_tag","embeddable":true,"href":"https:\/\/www.gabrielle-laroche.com\/fr\/wp-json\/wp\/v2\/product_tag?post=1276"}],"curies":[{"name":"wp","href":"https:\/\/api.w.org\/{rel}","templated":true}]}}