

{"id":1293,"date":"2021-04-29T12:00:21","date_gmt":"2021-04-29T10:00:21","guid":{"rendered":"http:\/\/mrplwpw.cluster030.hosting.ovh.net\/?post_type=product&#038;p=1293"},"modified":"2023-08-30T13:31:41","modified_gmt":"2023-08-30T11:31:41","slug":"cabinet-depoque-renaissance-a-decor-de-perspectives-en-trompe-loeil","status":"publish","type":"product","link":"https:\/\/www.gabrielle-laroche.com\/fr\/product\/cabinet-depoque-renaissance-a-decor-de-perspectives-en-trompe-loeil\/","title":{"rendered":"CABINET D\u2019\u00c9POQUE RENAISSANCE \u00c0 DECOR DE PERSPECTIVES"},"content":{"rendered":"<div class=\"wpb-content-wrapper\"><p>[vc_row][vc_column width=\u00a0\u00bb1\/2&Prime;][vc_column_text]<\/p>\n<p class=\"p1\" style=\"text-align: justify;\"><span class=\"s1\">Ce Cabinet de la Renaissance lyonnaise dont l\u2019architecture s\u2019affirme aussi bien dans sa structure fid\u00e8le aux normes antiques que dans l\u2019ornementation de ses panneaux, r\u00e9v\u00e8le la grande ma\u00eetrise des ateliers lyonnais qui sont \u00e0 l\u2019origine de sa r\u00e9alisation. Sculpteurs et huchiers travaillent ici en symbiose pour exprimer et traduire les perspectives architecturales ultramontaines.<\/span><\/p>\n<p class=\"p1\" style=\"text-align: justify;\"><span class=\"s1\">Gr\u00e2ce \u00e0 l\u2019engouement des commanditaires pour les peintures de la Premi\u00e8re Renaissance italienne, red\u00e9couvrant les principes math\u00e9matiques et l\u2019architecture de l\u2019Antiquit\u00e9 \u2014 de nombreux artisans d\u2019art et graveurs italiens vinrent s\u2019\u00e9tablir \u00e0 la Cour de France. La ville de Lyon fut \u00e0 cette p\u00e9riode un v\u00e9ritable lieu de convergence culturel et marchand.<\/span><\/p>\n<p class=\"p1\" style=\"text-align: justify;\"><span class=\"s1\">Ce cabinet deux corps \u00e0 retrait d\u00e9voile quatre vantaux orn\u00e9s de perspectives en trompe-l\u2019\u0153il sculpt\u00e9s en bas-relief, scand\u00e9s par une ceinture richement sculpt\u00e9e dissimulant deux tiroirs. De rythme ternaire, ce cabinet pr\u00e9sente une corniche offrant au regard une suite de double consoles sculpt\u00e9es de pennes d\u2019oiseau.<\/span><\/p>\n<p class=\"p1\" style=\"text-align: justify;\"><span class=\"s1\">\u00a0<\/span><\/p>\n<p class=\"p1\" style=\"text-align: justify;\"><span class=\"s1\"><b>Le corps sup\u00e9rieur<\/b><\/span><\/p>\n<p class=\"p1\" style=\"text-align: justify;\"><span class=\"s1\">Le corps sup\u00e9rieur, allong\u00e9, donne une \u00e9l\u00e9gance \u00e0 l\u2019ensemble. Les vantaux du haut pr\u00e9sentent un d\u00e9cor architectural trait\u00e9 en miroir compos\u00e9 au premier plan de deux pilastres lat\u00e9raux \u00e0 pennes d\u2019oiseau, comportant des fen\u00eatres en partie haute et soutenant un large arc en plein cintre orn\u00e9 de fleurons sculpt\u00e9s. Des feuilles d\u2019acanthe se poursuivent<\/span><\/p>\n<p class=\"p1\" style=\"text-align: justify;\"><span class=\"s1\">jusqu\u2019aux \u00e9coin\u00e7ons. La perspective tire son effet de profondeur gr\u00e2ce \u00e0 une fa\u00e7ade montrant deux hauts portiques doriques, surmont\u00e9s de quatre fen\u00eatres superpos\u00e9es deux \u00e0 deux.\u00a0\u00a0<\/span><\/p>\n<p class=\"p1\" style=\"text-align: justify;\"><span class=\"s1\">La sobri\u00e9t\u00e9 de la composition du Cabinet laisse tout de m\u00eame une large part \u00e0 l\u2019ornementation. En effet, la ceinture est scand\u00e9e de deux tiroirs orn\u00e9s de larges feuilles d\u2019acanthe sculpt\u00e9es et retombant en leur hauteur en une large moulure godronn\u00e9e. De part et d\u2019autre, des consoles feuillag\u00e9es \u00e0 base denticul\u00e9e affirment une esth\u00e9tique typique de la Renaissance.<\/span><\/p>\n<p>&nbsp;<\/p>\n<p class=\"p1\" style=\"text-align: justify;\"><span class=\"s1\"><b>Le corps inf\u00e9rieur<\/b><\/span><\/p>\n<p class=\"p1\" style=\"text-align: justify;\"><span class=\"s1\">Concernant la vo\u00fbte, les vantaux aux perspectives frontales varient de celle du corps sup\u00e9rieur\u00a0: une double arche en plein cintre \u00e0 caissons retombe sur une fa\u00e7ade \u00e0 la disposition identique \u00e0 celle du corps du haut.\u00a0<\/span><\/p>\n<p class=\"p1\" style=\"text-align: justify;\"><span class=\"s1\">Les pennes d\u2019oiseau que l\u2019on retrouve sur les montants, les consoles ainsi que dans les vues en perspective sont des motifs typiques de l\u2019\u00c9cole Lyonnaise de la Renaissance<\/span><\/p>\n<p class=\"p1\" style=\"text-align: justify;\"><span class=\"s1\">Un cabinet pr\u00e9sentant des perspectives en trompe-l\u2019\u0153il, mais de structure plus sobre, est observable dans les \u00e9crits de Mme\u00a0Jacqueline Boccador.<\/span><\/p>\n<p class=\"p1\" style=\"text-align: justify;\"><span class=\"s1\"><b>La patine, la qualit\u00e9 d\u2019ex\u00e9cution et l\u2019originalit\u00e9 du d\u00e9cor font de ce Cabinet \u00e0 perspectives un beau document de la Renaissance Lyonnaise.<\/b><\/span><\/p>\n<p class=\"p1\" style=\"text-align: justify;\"><span class=\"s1\"><b>\u00a0<\/b><\/span><\/p>\n<p>&nbsp;<\/p>\n<p class=\"p1\" style=\"text-align: justify;\"><span class=\"s1\"><b>Bibliographie<\/b><\/span><\/p>\n<p class=\"p1\" style=\"text-align: justify;\"><span class=\"s1\">J.BOCCADOR, <em>Le Mobilier fran\u00e7ais \u00e0 la Renaissance<\/em>, \u00c9dition d\u2019Art Monelle Hayot, 1988, p.188-192.<\/span><\/p>\n<p>[\/vc_column_text][\/vc_column][vc_column width=\u00a0\u00bb1\/2&Prime;][\/vc_column][\/vc_row]<\/p>\n<\/div>","protected":false},"excerpt":{"rendered":"<h4>CABINET D\u2019\u00c9POQUE RENAISSANCE \u00c0 DECOR DE PERSPECTIVES EN <em>TROMPE L&rsquo;\u0152IL<\/em><\/h4>\n<p>&nbsp;<\/p>\n<p>ORIGINE : FRANCE, LYON<br \/>\n\u00c9POQUE : XVIe SI\u00c8CLE<\/p>\n<p>&nbsp;<\/p>\n<p>Hauteur : 195 cm<br \/>\nLargeur : 123 cm<br \/>\nProfondeur : 57 cm<\/p>\n<p>&nbsp;<\/p>\n<p>Bois de noyer<br \/>\nRestaurations d\u2019usage et d\u2019entretien<\/p>\n<p>&nbsp;<\/p>\n<p>&nbsp;<\/p>\n[dt_button size=\"small\" style=\"default\" animation=\"none\" color_mode=\"default\" icon=\"\" icon_align=\"left\" color=\"\" link=\"mailto:gabrielle-laroche@wanadoo.fr?subject=36_CABINET D\u2019\u00c9POQUE RENAISSANCE \u00c0 DECOR DE PERSPECTIVES\" target_blank=\"true\"]DEMANDE D&rsquo;INFORMATIONS[\/dt_button]\n<p>&nbsp;<\/p>\n<p><a href=\"\/fr\/antiquites\/mobilier\/meubles\/\">Retour aux meubles<\/a><\/p>\n","protected":false},"featured_media":1295,"template":"","meta":[],"product_brand":[],"product_cat":[18],"product_tag":[],"class_list":{"0":"post-1293","1":"product","2":"type-product","3":"status-publish","4":"has-post-thumbnail","6":"product_cat-meubles","7":"description-off","9":"first","10":"instock","11":"shipping-taxable","12":"product-type-simple"},"aioseo_notices":[],"_links":{"self":[{"href":"https:\/\/www.gabrielle-laroche.com\/fr\/wp-json\/wp\/v2\/product\/1293","targetHints":{"allow":["GET"]}}],"collection":[{"href":"https:\/\/www.gabrielle-laroche.com\/fr\/wp-json\/wp\/v2\/product"}],"about":[{"href":"https:\/\/www.gabrielle-laroche.com\/fr\/wp-json\/wp\/v2\/types\/product"}],"wp:featuredmedia":[{"embeddable":true,"href":"https:\/\/www.gabrielle-laroche.com\/fr\/wp-json\/wp\/v2\/media\/1295"}],"wp:attachment":[{"href":"https:\/\/www.gabrielle-laroche.com\/fr\/wp-json\/wp\/v2\/media?parent=1293"}],"wp:term":[{"taxonomy":"product_brand","embeddable":true,"href":"https:\/\/www.gabrielle-laroche.com\/fr\/wp-json\/wp\/v2\/product_brand?post=1293"},{"taxonomy":"product_cat","embeddable":true,"href":"https:\/\/www.gabrielle-laroche.com\/fr\/wp-json\/wp\/v2\/product_cat?post=1293"},{"taxonomy":"product_tag","embeddable":true,"href":"https:\/\/www.gabrielle-laroche.com\/fr\/wp-json\/wp\/v2\/product_tag?post=1293"}],"curies":[{"name":"wp","href":"https:\/\/api.w.org\/{rel}","templated":true}]}}