

{"id":1329,"date":"2021-05-05T12:00:24","date_gmt":"2021-05-05T10:00:24","guid":{"rendered":"http:\/\/mrplwpw.cluster030.hosting.ovh.net\/?post_type=product&#038;p=1329"},"modified":"2025-08-10T18:09:38","modified_gmt":"2025-08-10T16:09:38","slug":"rare-dressoir-italien-a-perspectives-depoque-renaissance-a-pietement-en-eventail","status":"publish","type":"product","link":"https:\/\/www.gabrielle-laroche.com\/fr\/product\/rare-dressoir-italien-a-perspectives-depoque-renaissance-a-pietement-en-eventail\/","title":{"rendered":"RARE DRESSOIR ITALIEN \u00c0 PERSPECTIVES D\u2019\u00c9POQUE RENAISSANCE"},"content":{"rendered":"<div class=\"wpb-content-wrapper\"><p>[vc_row][vc_column width=\u00a0\u00bb1\/2&Prime;][vc_column_text]<\/p>\n<p class=\"p1\" style=\"text-align: justify;\"><span class=\"s1\">Ce magnifique et rare dressoir de la Renaissance italienne de construction rigoureuse ouvre \u00e0 deux vantaux orn\u00e9s de perspectives sculpt\u00e9es en bas-relief et deux tiroirs. Il repose sur un pi\u00e9tement en \u00e9ventail.<\/span><\/p>\n<p class=\"p1\" style=\"text-align: justify;\"><span class=\"s1\"><b>\u00a0<\/b><\/span><\/p>\n<p class=\"p1\" style=\"text-align: justify;\"><span class=\"s1\"><b>Corps inf\u00e9rieur<\/b><\/span><\/p>\n<p class=\"p1\" style=\"text-align: justify;\"><span class=\"s1\">Un pilier central carr\u00e9 repose sur une base moulur\u00e9e rectangulaire de dimension semblable \u00e0 celle du corps sup\u00e9rieur. Cette base est port\u00e9e par quatre pieds tourn\u00e9s. Le pilier, renforc\u00e9 par quatre larges consoles composant une structure en croix, soutient le corps sup\u00e9rieur dans lequel il s\u2019encastre.<\/span><\/p>\n<p class=\"p1\" style=\"text-align: justify;\"><span class=\"s1\">La sculpture ornementale est concentr\u00e9e sur la fa\u00e7ade. Le pilier est orn\u00e9 de motifs d\u2019entrelacs emprunt\u00e9s au vocabulaire g\u00e9om\u00e9trique grec tandis que les consoles empruntent \u00e0 la nature de vigoureux motifs feuillag\u00e9s.<\/span><\/p>\n<p class=\"p1\" style=\"text-align: justify;\"><span class=\"s1\">Quatre toupies d\u2019angle, sur chaque plateau adoucissent la nettet\u00e9 des arr\u00eates.<\/span><\/p>\n<p class=\"p1\" style=\"text-align: justify;\"><span class=\"s1\">\u00a0<\/span><\/p>\n<p class=\"p1\" style=\"text-align: justify;\"><span class=\"s1\"><b>Corps sup\u00e9rieur<\/b><\/span><\/p>\n<p class=\"p1\" style=\"text-align: justify;\"><span class=\"s1\">Il ouvre \u00e0 deux vantaux et deux tiroirs, en fa\u00e7ade.<\/span><\/p>\n<p class=\"p1\" style=\"text-align: justify;\"><span class=\"s1\">Son architecture pr\u00e9sente une rythmique ternaire et emprunte le d\u00e9cor de ses panneaux sculpt\u00e9s aux motifs d\u2019architecture antique.<\/span><\/p>\n<p class=\"p1\" style=\"text-align: justify;\"><span class=\"s1\">Ce corps sup\u00e9rieur est \u00e0 l&rsquo;image des palais de la Renaissance italienne.<\/span><\/p>\n<p class=\"p1\" style=\"text-align: justify;\"><span class=\"s1\">Tout d\u2019abord dans sa construction \u00e9tag\u00e9e avec soubassement, fa\u00e7ade divis\u00e9e en trav\u00e9es, corniche.<\/span><\/p>\n<p class=\"p1\" style=\"text-align: justify;\"><span class=\"s1\">Puis dans son d\u00e9cor\u00a0: sur chaque panneau, dormant central et vantaux sur lesquels des arcs en plein cintre vues en perspective introduisent le th\u00e8me de la ville, cher aux hommes de la Renaissance. La vo\u00fbte centrale est vue de face, \u00e0 plafond lisse tandis que les deux autres sym\u00e9triques sont \u00e0 caissons \u00e0 l\u2019antique ouvrant \u00e0 l\u2019aide d\u2019une clef. Chaque arc s\u2019orne d\u2019un motif \u00e0 caissons en trompe-l\u2019\u0153il. Orient\u00e9 par les lignes de fuite qui se recoupent au centre de l\u2019arche centrale. L\u2019effet de perspective r\u00e9sulte de la virtuosit\u00e9 et de la maitrise du sculpteur qui creuse la profondeur en accentuant progressivement le d\u00e9caissement du panneau de l\u2019ext\u00e9rieur vers le centre du meuble.<\/span><\/p>\n<p class=\"p1\" style=\"text-align: justify;\"><span class=\"s1\">Sur la ceinture, le d\u00e9cor des deux tiroirs emprunt\u00e9 au vocabulaire de la Renaissance est form\u00e9 de plusieurs cuirs d\u00e9coup\u00e9s superpos\u00e9s au centre desquels est fix\u00e9e une prise ovale de fer forg\u00e9. Ils op\u00e8rent une transition entre le pi\u00e9tement \u00e0 l\u2019ornementation v\u00e9g\u00e9tale et le d\u00e9cor architectural des vantaux.<\/span><\/p>\n<p class=\"p1\" style=\"text-align: justify;\"><span class=\"s1\">Quatre toupies pendantes le long des montants terminent le corps sup\u00e9rieur en \u00e9cho aux quatre toupies pos\u00e9es sur la base.<\/span><\/p>\n<p class=\"p1\" style=\"text-align: justify;\"><span class=\"s1\">Une corniche d\u00e9bordante couronne le meuble.<\/span><\/p>\n<p class=\"p1\" style=\"text-align: justify;\"><span class=\"s1\">Le sens des proportions et des volumes est oeuvre d\u2019architecte. L\u2019unit\u00e9 et la pr\u00e9cision du d\u00e9cor, sont oeuvre de sculpteur. L\u2019audace et l\u2019originalit\u00e9 du dressoir r\u00e9pondent \u00e0 la commande d\u2019un m\u00e9c\u00e8ne amateur de perfection et d\u2019id\u00e9es nouvelles.<\/span><\/p>\n<p class=\"p1\" style=\"text-align: justify;\"><span class=\"s1\">Au XVe si\u00e8cle, l&rsquo;int\u00e9r\u00eat majeur pour l&rsquo;architecture antique et pour les \u00e9tudes sur la perspective misent au point en 1457 par le grand architecte Alberti, d\u00e9veloppe le go\u00fbt des commanditaires pour ces disciplines. Ceci appara\u00eet dans la peinture dans laquelle, quelque soit le sujet, de nombreux b\u00e2timents sont ins\u00e9r\u00e9s, mais aussi dans la conception des meubles qui deviennent des r\u00e9pliques de r\u00e9alisations architecturales.<\/span><\/p>\n<p class=\"p1\" style=\"text-align: justify;\"><span class=\"s1\"><b>Ce meuble de construction inhabituelle, rare et unique, prenait place certainement dans un des plus beaux palais du nord de l\u2019Italie.<\/b><\/span><\/p>\n<p class=\"p1\" style=\"text-align: justify;\"><span class=\"s1\"><b>L\u2019usage du dressoir \u00e9tait r\u00e9serv\u00e9 \u00e0 la pr\u00e9sentation de l\u2019orf\u00e8vrerie.<\/b><\/span><\/p>\n<p>[\/vc_column_text][\/vc_column][vc_column width=\u00a0\u00bb1\/2&Prime;][\/vc_column][\/vc_row]<\/p>\n<\/div>","protected":false},"excerpt":{"rendered":"<h4>RARE DRESSOIR ITALIEN \u00c0 PERSPECTIVES D\u2019\u00c9POQUE RENAISSANCE \u00c0 PI\u00c9TEMENT EN \u00c9VENTAIL<\/h4>\n<p>&nbsp;<\/p>\n<p>ORIGINE : TOSCANE, FLORENCE<br \/>\n\u00c9POQUE : XVIe SI\u00c8CLE<\/p>\n<p>&nbsp;<\/p>\n<p>Hauteur : 143.5 cm<br \/>\nLongueur : 133 cm<br \/>\nLargeur : 54 cm<\/p>\n<p>&nbsp;<\/p>\n<p>Bois de noyer blond<\/p>\n<p>&nbsp;<\/p>\n<p>&nbsp;<\/p>\n[dt_button size=\"small\" style=\"default\" animation=\"none\" color_mode=\"default\" icon=\"\" icon_align=\"left\" color=\"\" link=\"mailto:gabrielle-laroche@wanadoo.fr?subject=39_RARE DRESSOIR ITALIEN \u00c0 PERSPECTIVES D\u2019\u00c9POQUE RENAISSANCE\" target_blank=\"true\"]DEMANDE D&rsquo;INFORMATIONS[\/dt_button]\n<p>&nbsp;<\/p>\n<p><a href=\"\/fr\/antiquites\/mobilier\/meubles\/\">Retour aux meubles<\/a><\/p>\n","protected":false},"featured_media":4544,"template":"","meta":[],"product_brand":[],"product_cat":[17],"product_tag":[],"class_list":{"0":"post-1329","1":"product","2":"type-product","3":"status-publish","4":"has-post-thumbnail","6":"product_cat-uncategorized","7":"description-off","9":"first","10":"instock","11":"shipping-taxable","12":"product-type-simple"},"aioseo_notices":[],"_links":{"self":[{"href":"https:\/\/www.gabrielle-laroche.com\/fr\/wp-json\/wp\/v2\/product\/1329","targetHints":{"allow":["GET"]}}],"collection":[{"href":"https:\/\/www.gabrielle-laroche.com\/fr\/wp-json\/wp\/v2\/product"}],"about":[{"href":"https:\/\/www.gabrielle-laroche.com\/fr\/wp-json\/wp\/v2\/types\/product"}],"wp:featuredmedia":[{"embeddable":true,"href":"https:\/\/www.gabrielle-laroche.com\/fr\/wp-json\/wp\/v2\/media\/4544"}],"wp:attachment":[{"href":"https:\/\/www.gabrielle-laroche.com\/fr\/wp-json\/wp\/v2\/media?parent=1329"}],"wp:term":[{"taxonomy":"product_brand","embeddable":true,"href":"https:\/\/www.gabrielle-laroche.com\/fr\/wp-json\/wp\/v2\/product_brand?post=1329"},{"taxonomy":"product_cat","embeddable":true,"href":"https:\/\/www.gabrielle-laroche.com\/fr\/wp-json\/wp\/v2\/product_cat?post=1329"},{"taxonomy":"product_tag","embeddable":true,"href":"https:\/\/www.gabrielle-laroche.com\/fr\/wp-json\/wp\/v2\/product_tag?post=1329"}],"curies":[{"name":"wp","href":"https:\/\/api.w.org\/{rel}","templated":true}]}}