

{"id":1333,"date":"2021-05-06T12:00:28","date_gmt":"2021-05-06T10:00:28","guid":{"rendered":"http:\/\/mrplwpw.cluster030.hosting.ovh.net\/?post_type=product&#038;p=1333"},"modified":"2025-12-01T17:44:37","modified_gmt":"2025-12-01T16:44:37","slug":"meuble-toscan-a-deux-corps-a-retrait-depoque-renaissance","status":"publish","type":"product","link":"https:\/\/www.gabrielle-laroche.com\/fr\/product\/meuble-toscan-a-deux-corps-a-retrait-depoque-renaissance\/","title":{"rendered":"BIBLIOTH\u00c8QUE FLORENTINE DE LA RENAISSANCE ITALIENNE"},"content":{"rendered":"<div class=\"wpb-content-wrapper\"><p>[vc_row][vc_column width=\u00a0\u00bb1\/2&Prime;][vc_column_text]<\/p>\n<p class=\"p1\" style=\"text-align: justify;\"><span class=\"s1\"><b>Le Corps inf\u00e9rieur<\/b><\/span><\/p>\n<p class=\"p1\" style=\"text-align: justify;\"><span class=\"s1\">Il repose sur une base moulur\u00e9e en doucine et quatre pieds l\u00e9onins dont les deux ant\u00e9rieurs sont plus massifs et d\u00e9taill\u00e9s.<\/span><\/p>\n<p class=\"p1\" style=\"text-align: justify;\"><span class=\"s1\">Il ouvre \u00e0 deux vantaux et trois tiroirs en ceinture.<\/span><\/p>\n<p class=\"p1\" style=\"text-align: justify;\"><span class=\"s1\">Les montants verticaux externes sont orn\u00e9s de termes f\u00e9minins dont la gaine est orn\u00e9e d\u2019une feuille d\u2019acanthe renvers\u00e9e puis d\u2019un chapiteau sous lequel est suspendue une draperie aux deux pans relev\u00e9s et dessous un pilastre orn\u00e9 d\u2019une chute de piastres.<\/span><\/p>\n<p class=\"p1\" style=\"text-align: justify;\"><span class=\"s1\">Le montant central est lui orn\u00e9 de moulures excav\u00e9es. Un d\u00e9cor que l\u2019on retrouve \u00e0 la ceinture sur les trois tiroirs &#8211; deux larges encadrant un tr\u00e8s \u00e9troit situ\u00e9 au-dessus du montant central &#8211; et aux deux extr\u00e9mit\u00e9s en d\u00e9cor. Les tiroirs ouvrent gr\u00e2ce \u00e0 une prise bouton portant plusieurs moulures.<\/span><\/p>\n<p class=\"p1\" style=\"text-align: justify;\"><span class=\"s1\">Le plateau supportant le corps sup\u00e9rieur est en avanc\u00e9e au-dessus d\u2019un petit entablement orn\u00e9 de motifs creus\u00e9s \u00e0 la gouge.<\/span><\/p>\n<p class=\"p1\" style=\"text-align: justify;\"><span class=\"s1\">\u00a0<\/span><\/p>\n<p class=\"p1\" style=\"text-align: justify;\"><span class=\"s1\"><b>Le Corps Sup\u00e9rieur<\/b><\/span><\/p>\n<p class=\"p1\" style=\"text-align: justify;\"><span class=\"s1\">Le corps sup\u00e9rieur en retrait est constitu\u00e9 d\u2019une partie inf\u00e9rieure peu \u00e9lev\u00e9e ouvrant \u00e0 deux double vantaux munis d\u2019une prise en bouton moulur\u00e9e.<\/span><\/p>\n<p class=\"p1\" style=\"text-align: justify;\"><span class=\"s1\">Au-dessus le meuble ouvre \u00e0 nouveau \u00e0 deux double vantaux, munis de grilles form\u00e9es d\u2019anneaux en fer forg\u00e9 d&rsquo;origine.<\/span><\/p>\n<p class=\"p1\" style=\"text-align: justify;\"><span class=\"s1\">Le meuble se termine par une architrave lisse et une corniche fortement moulur\u00e9e d\u00e9bordante.<\/span><\/p>\n<p>[\/vc_column_text][\/vc_column][vc_column width=\u00a0\u00bb1\/2&Prime;][\/vc_column][\/vc_row]<\/p>\n<\/div>","protected":false},"excerpt":{"rendered":"<h4>BIBLIOTH\u00c8QUE FLORENTINE DE LA RENAISSANCE ITALIENNE<\/h4>\n<p>&nbsp;<\/p>\n<p>ORIGINE : ITALIE, TOSCANE, FLORENCE<br \/>\n\u00c9POQUE : XVIe SI\u00c8CLE<\/p>\n<p>&nbsp;<\/p>\n<p><strong>Corps sup\u00e9rieur<\/strong><br \/>\nHauteur : 84 cm<br \/>\nLargeur : 151.5 cm<br \/>\nProfondeur : 40 cm<\/p>\n<p><strong>Corps inf\u00e9rieur<\/strong><br \/>\nHauteur : 107 cm<br \/>\nLargeur : 153 cm<br \/>\nProfondeur : 63 cm<\/p>\n<p>Hauteur totale : 189 cm<\/p>\n<p>&nbsp;<\/p>\n<p>Bois de noyer<\/p>\n<p>&nbsp;<\/p>\n<p>&nbsp;<\/p>\n[dt_button size=\"small\" style=\"default\" animation=\"none\" color_mode=\"default\" icon=\"\" icon_align=\"left\" color=\"\" link=\"mailto:gabrielle-laroche@wanadoo.fr?subject=63_BIBLIOTHEQUE_FLORENTINE_DE_LA _RENAISSANCE_ITALIENNE\" target_blank=\"true\"]DEMANDE D&rsquo;INFORMATIONS[\/dt_button]\n<p>&nbsp;<\/p>\n<p><a href=\"\/fr\/antiquites\/mobilier\/meubles\/\">Retour aux meubles<\/a><\/p>\n","protected":false},"featured_media":4540,"template":"","meta":[],"product_brand":[],"product_cat":[17],"product_tag":[],"class_list":{"0":"post-1333","1":"product","2":"type-product","3":"status-publish","4":"has-post-thumbnail","6":"product_cat-uncategorized","7":"description-off","9":"first","10":"instock","11":"shipping-taxable","12":"product-type-simple"},"aioseo_notices":[],"_links":{"self":[{"href":"https:\/\/www.gabrielle-laroche.com\/fr\/wp-json\/wp\/v2\/product\/1333","targetHints":{"allow":["GET"]}}],"collection":[{"href":"https:\/\/www.gabrielle-laroche.com\/fr\/wp-json\/wp\/v2\/product"}],"about":[{"href":"https:\/\/www.gabrielle-laroche.com\/fr\/wp-json\/wp\/v2\/types\/product"}],"wp:featuredmedia":[{"embeddable":true,"href":"https:\/\/www.gabrielle-laroche.com\/fr\/wp-json\/wp\/v2\/media\/4540"}],"wp:attachment":[{"href":"https:\/\/www.gabrielle-laroche.com\/fr\/wp-json\/wp\/v2\/media?parent=1333"}],"wp:term":[{"taxonomy":"product_brand","embeddable":true,"href":"https:\/\/www.gabrielle-laroche.com\/fr\/wp-json\/wp\/v2\/product_brand?post=1333"},{"taxonomy":"product_cat","embeddable":true,"href":"https:\/\/www.gabrielle-laroche.com\/fr\/wp-json\/wp\/v2\/product_cat?post=1333"},{"taxonomy":"product_tag","embeddable":true,"href":"https:\/\/www.gabrielle-laroche.com\/fr\/wp-json\/wp\/v2\/product_tag?post=1333"}],"curies":[{"name":"wp","href":"https:\/\/api.w.org\/{rel}","templated":true}]}}