

{"id":1578,"date":"2021-04-22T17:00:09","date_gmt":"2021-04-22T15:00:09","guid":{"rendered":"http:\/\/mrplwpw.cluster030.hosting.ovh.net\/?post_type=product&#038;p=1578"},"modified":"2023-02-16T14:13:58","modified_gmt":"2023-02-16T13:13:58","slug":"jean-robert-ipousteguy-samaritaine","status":"publish","type":"product","link":"https:\/\/www.gabrielle-laroche.com\/fr\/product\/jean-robert-ipousteguy-samaritaine\/","title":{"rendered":"JEAN ROBERT IPOUST\u00c9GUY &#8211; Samaritaine"},"content":{"rendered":"<div class=\"wpb-content-wrapper\"><p>[vc_row][vc_column width=\u00a0\u00bb1\/2&Prime;][vc_column_text]<\/p>\n<p style=\"text-align: justify;\">Jean Robert, dit Ipoust\u00e9guy est un des sculpteurs majeurs de la seconde moiti\u00e9 du XXe si\u00e8cle. N\u00e9 en 1920 \u00e0 Dun-sur-Meuse (Lorraine), il s&rsquo;\u00e9teint dans sa ville natale en 2006.<span class=\"Apple-converted-space\">\u00a0<\/span><\/p>\n<p style=\"text-align: justify;\">Solitaire, il n&rsquo;a suivi, ni initi\u00e9, aucun courant, aucune \u00e9cole. Le Robert des noms propres le pr\u00e9sente comme d&rsquo;un \u00abr\u00e9alisme baroque et hallucinatoire\u00bb.<span class=\"Apple-converted-space\">\u00a0<\/span><\/p>\n<p style=\"text-align: justify;\">Insatiable travailleur, il r\u00e9alisera 600 sculptures, des centaines d&rsquo;aquarelles, de dessins, de peintures. Pour beaucoup, ses \u0153uvres monumentales sont visibles \u00e0 travers le monde dans les plus grandes collections publiques.<span class=\"Apple-converted-space\">\u00a0<\/span><\/p>\n<p style=\"text-align: justify;\">Farouchement ind\u00e9pendant, il en paye le prix toute sa vie\u2026 et au-del\u00e0 : trop absent des ouvrages de r\u00e9f\u00e9rences, il n&rsquo;a toujours pas re\u00e7u l&rsquo;hommage public qu&rsquo;il m\u00e9rite. Admir\u00e9, controvers\u00e9 ; bouleversant ou d\u00e9rangeant. Ipoust\u00e9guy ne laisse personne indiff\u00e9rent : le public en g\u00e9n\u00e9ral, qu&rsquo;il sait toucher par ses th\u00e8mes universels. Les intellectuels ou les artistes, par sa puissance expressive.<span class=\"Apple-converted-space\">\u00a0<\/span><\/p>\n<p style=\"text-align: justify;\">Le c\u00e9l\u00e8bre romancier am\u00e9ricain John Updike dira d&rsquo;Ipoust\u00e9guy en 1989, dans son ouvrage Un simple regard qu&rsquo;Ipoust\u00e9guy \u00e9tait \u00ab le plus grand sculpteur fran\u00e7ais vivant \u00bb.<\/p>\n<p style=\"text-align: justify;\">1953<\/p>\n<p style=\"text-align: justify;\">Install\u00e9 dans son atelier de Choisy-le-Roi depuis 1949, Ipoust\u00e9guy abandonne la peinture pour se consacrer enti\u00e8rement \u00e0 la sculpture. Il continuera cependant le dessin, l&rsquo;aquarelle et l&rsquo;\u00e9criture. Et ce, malgr\u00e9 la mise en garde du marchand Kahnweiler qui avait appr\u00e9ci\u00e9 son travail pictural : \u00ab N&rsquo;oubliez pas que vous deviendrez sculpteur \u00e0 vos risques et p\u00e9rils \u00bb.<\/p>\n<p style=\"text-align: justify;\">1962<\/p>\n<p style=\"text-align: justify;\">Voyage d\u00e9cisif en Gr\u00e8ce. Le corps humain devient le grand sujet de sa sculpture. Il est depuis 2 ans \u00e0 la Galerie Claude Bernard et y restera jusqu&rsquo;en 1982.<\/p>\n<p style=\"text-align: justify;\">1964<\/p>\n<p style=\"text-align: justify;\">Il remporte le prix Bright \u00e0 la 32e Biennale de Venise.<\/p>\n<p style=\"text-align: justify;\">1971<\/p>\n<p style=\"text-align: justify;\">Premi\u00e8re commande publique, L&rsquo;Homme for\u00e7ant l&rsquo;unit\u00e9.<span class=\"Apple-converted-space\">\u00a0<\/span><\/p>\n<p style=\"text-align: justify;\"><span class=\"Apple-converted-space\">\u00a0<\/span>Cette sculpture monumentale est install\u00e9e devant l&rsquo;Institut Paul-Langevin (CNE) \u00e0 Grenoble.<\/p>\n<p style=\"text-align: justify;\">1978<\/p>\n<p style=\"text-align: justify;\">R\u00e9trospective Ipoust\u00e9guy \u00e0 la Fondation nationale des Arts graphiques et plastiques \u00e0 Paris. L&rsquo;\u00e9v\u00e9nement est largement salu\u00e9 par la presse.<\/p>\n<p style=\"text-align: justify;\">1979<\/p>\n<p style=\"text-align: justify;\">Ipoust\u00e9guy installe L&rsquo;Homme construit sa ville<span class=\"Apple-converted-space\">\u00a0 <\/span>devant le Palais des Congr\u00e8s de Berlin. On la consid\u00e8re comme la plus grande sculpture jamais r\u00e9alis\u00e9e par un homme seul. La m\u00eame ann\u00e9e, une grande r\u00e9trospective est organis\u00e9e \u00e0 la Kunsthalle de Berlin.<\/p>\n<p style=\"text-align: justify;\">1980<\/p>\n<p style=\"text-align: justify;\">Ipoust\u00e9guy con\u00e7oit quatre ensembles monumentaux pour la Place Louis Pradel \u00e0 Lyon. Au centre, la figure de Louise Lab\u00e9. \u00c0 partir de ce moment l\u00e0, Ipoust\u00e9guy m\u00eale intimement dans son \u0153uvre l&rsquo;ombre du sujet au sujet sculpt\u00e9.<\/p>\n<p style=\"text-align: justify;\">1984<\/p>\n<p style=\"text-align: justify;\">Ipoust\u00e9guy r\u00e9alise une commande du Pr\u00e9sident de la R\u00e9publique, Rimbaud. Ce sera L&rsquo;Homme aux semelles devant.<span class=\"Apple-converted-space\">\u00a0<\/span><\/p>\n<p style=\"text-align: justify;\"><span class=\"Apple-converted-space\">\u00a0<\/span>Install\u00e9 en 1988, son parti pris esth\u00e9tique sera vivement critiqu\u00e9. La m\u00eame ann\u00e9e, il re\u00e7oit les insignes de Chevalier de la L\u00e9gion d&rsquo;honneur.<\/p>\n<p style=\"text-align: justify;\">1991<\/p>\n<p style=\"text-align: justify;\">Nouvelle r\u00e9trospective \u00e0 la Kunsthalle de Berlin.<\/p>\n<p style=\"text-align: justify;\">1999<\/p>\n<p style=\"text-align: justify;\">R\u00e9trospective \u00e0 Chelsea Harbour, Londres.<\/p>\n<p style=\"text-align: justify;\">2001<\/p>\n<p style=\"text-align: justify;\">Parution du Catalogue raisonn\u00e9 de l&rsquo;artiste aux \u00c9ditions la Diff\u00e9rence. Inauguration du Centre culturel Ipoust\u00e9guy \u00e0 Dun-sur-Meuse. L&rsquo;artiste y place en d\u00e9p\u00f4t plusieurs dizaines d&rsquo;\u0153uvres.<\/p>\n<p style=\"text-align: justify;\">2003<\/p>\n<p style=\"text-align: justify;\">Ipoust\u00e9guy retourne sur sa terre natale, en s&rsquo;installant \u00e0 quelques centaines de m\u00e8tres de la maison qui l&rsquo;a vu na\u00eetre et du centre qui porte son nom. Il re\u00e7oit le prix Del Ducas \u00e0 l&rsquo;Acad\u00e9mie des Beaux-Arts (Institut de France).<\/p>\n<p style=\"text-align: justify;\">2006<\/p>\n<p style=\"text-align: justify;\">Mort de l&rsquo;artiste. Il est inhum\u00e9 au Cimeti\u00e8re Montparnasse, \u00e0 Paris.<\/p>\n<p style=\"text-align: justify;\">2008<\/p>\n<p style=\"text-align: justify;\">Grande exposition au Palazzo Perego de Legnano et \u00e0 Milan.<\/p>\n<p>[\/vc_column_text][\/vc_column][vc_column width=\u00a0\u00bb1\/2&Prime;][\/vc_column][\/vc_row]<\/p>\n<\/div>","protected":false},"excerpt":{"rendered":"<h4><span class=\"s1\">JEAN ROBERT IPOUST<\/span><span class=\"s1\">\u00c9<\/span><span class=\"s1\">GUY (<\/span><span class=\"s1\">1920<\/span><span class=\"s1\"> &#8211; 2006)<\/span><\/h4>\n<h4><em><span class=\"s1\">Samaritaine<\/span><\/em><\/h4>\n<p>&nbsp;<\/p>\n<p>1997<\/p>\n<p><span class=\"s1\">Sculpture en bronze sign\u00e9e et dat\u00e9e, num\u00e9rot\u00e9e 1\/8<\/span><\/p>\n<p><span class=\"s1\">Cachet de la Fonderie du Goust 2000<\/span><\/p>\n<p>&nbsp;<\/p>\n<p><span class=\"s1\">Hauteur\u00a0: 57 cm<\/span><\/p>\n<p><span class=\"s1\">Largeur\u00a0: 34 cm<\/span><\/p>\n<p><span class=\"s1\">Profondeur\u00a0: 30 cm<\/span><\/p>\n<p>&nbsp;<\/p>\n<p><span class=\"s1\">Bibliographie\u00a0 \u00a0 \u00a0 \u00a0 \u00a0<\/span><\/p>\n<p class=\"p1\"><span class=\"s1\"><em>Ipoust\u00e9guy, l\u2019\u0153uvre sculpt\u00e9, catalogue raisonn\u00e9 1938-2000<\/em>, \u00e9tabli et pr\u00e9sent\u00e9 par Dominique Croiset-Veyre, \u00e9ditions de la diff\u00e9rence, p. 377, n\u00b0597<\/span><\/p>\n<p>&nbsp;<\/p>\n<p>&nbsp;<\/p>\n[dt_button size=\"small\" style=\"default\" animation=\"none\" color_mode=\"default\" icon=\"\" icon_align=\"left\" color=\"\" link=\"mailto:gabrielle-laroche@wanadoo.fr?subject=1_JEAN ROBERT IPOUST\u00c9GUY - Samaritaine\" target_blank=\"true\"]DEMANDE D&rsquo;INFORMATIONS[\/dt_button]\n<p>&nbsp;<\/p>\n<p><a href=\"\/fr\/contemporains\/\">Retour aux contemporains<\/a><\/p>\n","protected":false},"featured_media":3897,"template":"","meta":[],"product_brand":[],"product_cat":[39],"product_tag":[],"class_list":{"0":"post-1578","1":"product","2":"type-product","3":"status-publish","4":"has-post-thumbnail","6":"product_cat-contemporain","7":"description-off","9":"first","10":"instock","11":"shipping-taxable","12":"product-type-simple"},"aioseo_notices":[],"_links":{"self":[{"href":"https:\/\/www.gabrielle-laroche.com\/fr\/wp-json\/wp\/v2\/product\/1578","targetHints":{"allow":["GET"]}}],"collection":[{"href":"https:\/\/www.gabrielle-laroche.com\/fr\/wp-json\/wp\/v2\/product"}],"about":[{"href":"https:\/\/www.gabrielle-laroche.com\/fr\/wp-json\/wp\/v2\/types\/product"}],"wp:featuredmedia":[{"embeddable":true,"href":"https:\/\/www.gabrielle-laroche.com\/fr\/wp-json\/wp\/v2\/media\/3897"}],"wp:attachment":[{"href":"https:\/\/www.gabrielle-laroche.com\/fr\/wp-json\/wp\/v2\/media?parent=1578"}],"wp:term":[{"taxonomy":"product_brand","embeddable":true,"href":"https:\/\/www.gabrielle-laroche.com\/fr\/wp-json\/wp\/v2\/product_brand?post=1578"},{"taxonomy":"product_cat","embeddable":true,"href":"https:\/\/www.gabrielle-laroche.com\/fr\/wp-json\/wp\/v2\/product_cat?post=1578"},{"taxonomy":"product_tag","embeddable":true,"href":"https:\/\/www.gabrielle-laroche.com\/fr\/wp-json\/wp\/v2\/product_tag?post=1578"}],"curies":[{"name":"wp","href":"https:\/\/api.w.org\/{rel}","templated":true}]}}