

{"id":1732,"date":"2021-04-02T07:30:40","date_gmt":"2021-04-02T05:30:40","guid":{"rendered":"http:\/\/mrplwpw.cluster030.hosting.ovh.net\/?post_type=product&#038;p=1732"},"modified":"2025-11-27T17:52:09","modified_gmt":"2025-11-27T16:52:09","slug":"chaise-a-bras-depoque-louis-xiii","status":"publish","type":"product","link":"https:\/\/www.gabrielle-laroche.com\/fr\/product\/chaise-a-bras-depoque-louis-xiii\/","title":{"rendered":"CHAISE \u00c0 BRAS D\u2019\u00c9POQUE LOUIS XIII"},"content":{"rendered":"<div class=\"wpb-content-wrapper\"><p>[vc_row][vc_column width=\u00a0\u00bb1\/2&Prime;][vc_column_text]<\/p>\n<p style=\"text-align: justify;\">D\u00e8s la premi\u00e8re moiti\u00e9 du XVIIe si\u00e8cle, la conception de la chaise \u00e9volue pour donner le mod\u00e8le de la chaise dite Louis XIII, annon\u00e7ant la naissance du fauteuil. La chaise s\u2019\u00e9largit et s\u2019abaisse, les lignes horizontales pr\u00e9dominent. En outre, les carreaux disparaissent au profit de garnitures fixes, rembourr\u00e9es de crin.<\/p>\n<p style=\"text-align: justify;\">Cette chaise s\u2019\u00e9l\u00e8ve sur un pi\u00e9tement compos\u00e9 de quatre pieds reli\u00e9s par une entretoise en H, accompagn\u00e9e d\u2019une travers en fa\u00e7ade. Pi\u00e9tement, traverse, entretoise et accotoirs sont tourn\u00e9s en beaux grains de chapelet s\u00e9par\u00e9 par des d\u00e9s tant\u00f4t rectangulaires tant\u00f4t \u00e0 facettes.<\/p>\n<p style=\"text-align: justify;\">Le dossier reste droit.<\/p>\n<p style=\"text-align: justify;\">Cette ravissante chaise conserve sa garniture aux petits points d\u2019origine.<\/p>\n<p style=\"text-align: justify;\">L\u2019unit\u00e9 et la qualit\u00e9 du tournage, le talent dont les huchiers firent preuve pour r\u00e9aliser les grains de chapelets font de cette chaise \u00e0 bras une pi\u00e8ce d\u2019un grand int\u00e9r\u00eat. Elle caract\u00e9rise la production fran\u00e7aise de la premi\u00e8re moiti\u00e9 du XVIIe si\u00e8cle.<\/p>\n<p>&nbsp;<\/p>\n<p>&nbsp;<\/p>\n<p style=\"text-align: justify;\"><strong>Bibliographie<\/strong><br \/>\nGuillaume Jeanneau,<em> Les Si\u00e8ges,<\/em> \u00c9ditions Vincent Fr\u00e9al et Cie, Paris, 1967<\/p>\n<p>[\/vc_column_text][\/vc_column][vc_column width=\u00a0\u00bb1\/2&Prime;][\/vc_column][\/vc_row]<\/p>\n<\/div>","protected":false},"excerpt":{"rendered":"<h4>CHAISE \u00c0 BRAS D\u2019\u00c9POQUE LOUIS XIII<\/h4>\n<p>&nbsp;<\/p>\n<p>ORIGINE : FRANCE<br \/>\n\u00c9POQUE : PREMI\u00c8RE MOITI\u00c9 DU XVIIe SI\u00c8CLE<\/p>\n<p>&nbsp;<\/p>\n<p>Hauteur : 95 cm<br \/>\nLargeur : 53.5 cm<br \/>\nProfondeur : 48 cm<br \/>\nHauteur d\u2019assise : 50 cm<\/p>\n<p>&nbsp;<\/p>\n<p>Bois de noyer<br \/>\nGarniture aux petits points d\u2019origine<br \/>\nParfaite \u00e9tat de conservation<\/p>\n<p>&nbsp;<\/p>\n<p>&nbsp;<\/p>\n[dt_button size=\"small\" style=\"default\" animation=\"none\" color_mode=\"default\" icon=\"\" icon_align=\"left\" color=\"\" link=\"mailto:gabrielle-laroche@wanadoo.fr?subject=206_CHAISE \u00c0 BRAS D\u2019\u00c9POQUE LOUIS XIII\" target_blank=\"true\"]DEMANDE D&rsquo;INFORMATIONS[\/dt_button]\n<p>&nbsp;<\/p>\n<p><a href=\"\/fr\/antiquites\/mobilier\/sieges\/\">Retour aux si\u00e8ges<\/a><\/p>\n","protected":false},"featured_media":1734,"template":"","meta":[],"product_brand":[],"product_cat":[17],"product_tag":[],"class_list":{"0":"post-1732","1":"product","2":"type-product","3":"status-publish","4":"has-post-thumbnail","6":"product_cat-uncategorized","7":"description-off","9":"first","10":"instock","11":"shipping-taxable","12":"product-type-simple"},"aioseo_notices":[],"_links":{"self":[{"href":"https:\/\/www.gabrielle-laroche.com\/fr\/wp-json\/wp\/v2\/product\/1732","targetHints":{"allow":["GET"]}}],"collection":[{"href":"https:\/\/www.gabrielle-laroche.com\/fr\/wp-json\/wp\/v2\/product"}],"about":[{"href":"https:\/\/www.gabrielle-laroche.com\/fr\/wp-json\/wp\/v2\/types\/product"}],"wp:featuredmedia":[{"embeddable":true,"href":"https:\/\/www.gabrielle-laroche.com\/fr\/wp-json\/wp\/v2\/media\/1734"}],"wp:attachment":[{"href":"https:\/\/www.gabrielle-laroche.com\/fr\/wp-json\/wp\/v2\/media?parent=1732"}],"wp:term":[{"taxonomy":"product_brand","embeddable":true,"href":"https:\/\/www.gabrielle-laroche.com\/fr\/wp-json\/wp\/v2\/product_brand?post=1732"},{"taxonomy":"product_cat","embeddable":true,"href":"https:\/\/www.gabrielle-laroche.com\/fr\/wp-json\/wp\/v2\/product_cat?post=1732"},{"taxonomy":"product_tag","embeddable":true,"href":"https:\/\/www.gabrielle-laroche.com\/fr\/wp-json\/wp\/v2\/product_tag?post=1732"}],"curies":[{"name":"wp","href":"https:\/\/api.w.org\/{rel}","templated":true}]}}