

{"id":1748,"date":"2021-04-01T14:30:46","date_gmt":"2021-04-01T12:30:46","guid":{"rendered":"http:\/\/mrplwpw.cluster030.hosting.ovh.net\/?post_type=product&#038;p=1748"},"modified":"2024-04-22T18:10:57","modified_gmt":"2024-04-22T16:10:57","slug":"table-a-litalienne-depoque-renaissance","status":"publish","type":"product","link":"https:\/\/www.gabrielle-laroche.com\/fr\/product\/table-a-litalienne-depoque-renaissance\/","title":{"rendered":"TABLE \u00c0 L\u2019ITALIENNE D\u2019\u00c9POQUE RENAISSANCE"},"content":{"rendered":"<div class=\"wpb-content-wrapper\"><p>[vc_row][vc_column width=\u00a0\u00bb1\/2&Prime;][vc_column_text]<\/p>\n<p class=\"p1\" style=\"text-align: justify;\"><span class=\"s1\">La table dite \u00ab\u00a0\u00e0 l\u2019italienne\u00a0\u00bb se distingue de celle reposant tout simplement sur quatre pieds. Un plateau mobile forme le dessus lorsqu\u2019elle est ferm\u00e9e et deux rallonges sont plac\u00e9es dessous, qui fonctionnent au moyen de coulisses glissant dans les entailles pratiqu\u00e9es dans les petites traverses de sa ceinture. Ce syst\u00e8me ing\u00e9nieux permet non seulement de gagner de la place mais aussi de pouvoir admirer le travail de sculpture du pi\u00e8tement.<\/span><\/p>\n<p class=\"p1\" style=\"text-align: justify;\"><span class=\"s1\">Si l\u2019invention de ce mod\u00e8le de table est attribu\u00e9 sans certitude \u00e0 Jacques Androuet du Cerceau, il est certain qu\u2019elle ne copie aucun mod\u00e8le italien. La rigueur de leur composition, l\u2019\u00e9quilibre de leur masse et l\u2019utilisation scrupuleuse de l\u2019art antique attestent que ces tables sont une cr\u00e9ation fran\u00e7aise de la seconde moiti\u00e9 du XVIe si\u00e8cle. On en fait d\u2019ailleurs mention d\u00e8s 1560 dans les comptes et les inventaires.<\/span><\/p>\n<p class=\"p1\" style=\"text-align: justify;\"><span class=\"s1\">Cette table \u00e0 la d\u00e9coration sobre et \u00e9l\u00e9gante est un bon exemple de la ligne g\u00e9n\u00e9rale et des nouvelles d\u00e9couvertes, mises en place \u00e0 la Renaissance, particuli\u00e8rement en France o\u00f9 la d\u00e9coration restera plus ma\u00eetris\u00e9e qu\u2019en Italie. Ind\u00e9pendamment de son dessin, la structure et le montage de cette belle table sont caract\u00e9ristiques de cette \u00e9poque\u00a0: de deux \u00e9pais patins, r\u00e9unis par une large entretoise moulur\u00e9e, montent les trois balustres solidement tourn\u00e9s, sur lesquels repose la large ceinture moulur\u00e9e qui porte le plateau \u00e0 double \u00e9paisseur.\u00a0<\/span><\/p>\n<p class=\"p1\" style=\"text-align: justify;\"><span class=\"s1\">Ces deux patins sculpt\u00e9s \u00e0 motifs de palmettes et volutes, servent de base \u00e0 deux balustres plus importants que ceux de l\u2019entretoise mais pr\u00e9sentant le m\u00eame motif tourn\u00e9.<\/span><\/p>\n<p class=\"p1\" style=\"text-align: justify;\"><span class=\"s1\">A chaque angle, une toupie aplatie agr\u00e9mente harmonieusement la table.<\/span><\/p>\n<p>[\/vc_column_text][\/vc_column][vc_column width=\u00a0\u00bb1\/2&Prime;][\/vc_column][\/vc_row]<\/p>\n<\/div>","protected":false},"excerpt":{"rendered":"<h4>TABLE \u00c0 L\u2019ITALIENNE D\u2019\u00c9POQUE RENAISSANCE<\/h4>\n<p>&nbsp;<\/p>\n<p>ORIGINE : SUD-OUEST DE LA FRANCE<br \/>\n\u00c9POQUE : XVIe SI\u00c8CLE<\/p>\n<p>&nbsp;<\/p>\n<p>Hauteur : 77 cm<\/p>\n<p>Longueur : 135.5 cm<\/p>\n<p>Longueur ouverte : 252 cm<\/p>\n<p>Profondeur : 75 cm<\/p>\n<p>&nbsp;<\/p>\n<p>Bois de noyer<\/p>\n<p>Restaurations d\u2019usage et d\u2019entretien<\/p>\n<p>&nbsp;<\/p>\n<p>&nbsp;<\/p>\n[dt_button size=\"small\" style=\"default\" animation=\"none\" color_mode=\"default\" icon=\"\" icon_align=\"left\" color=\"\" link=\"mailto:gabrielle-laroche@wanadoo.fr?subject=20_TABLE \u00c0 L\u2019ITALIENNE D\u2019\u00c9POQUE RENAISSANCE\" target_blank=\"true\"]DEMANDE D&rsquo;INFORMATIONS[\/dt_button]\n<p>&nbsp;<\/p>\n<p><a href=\"\/fr\/antiquites\/mobilier\/tables\/\">Retour aux tables<\/a><\/p>\n","protected":false},"featured_media":8696,"template":"","meta":[],"product_brand":[],"product_cat":[17],"product_tag":[],"class_list":{"0":"post-1748","1":"product","2":"type-product","3":"status-publish","4":"has-post-thumbnail","6":"product_cat-uncategorized","7":"description-off","9":"first","10":"instock","11":"shipping-taxable","12":"product-type-simple"},"aioseo_notices":[],"_links":{"self":[{"href":"https:\/\/www.gabrielle-laroche.com\/fr\/wp-json\/wp\/v2\/product\/1748","targetHints":{"allow":["GET"]}}],"collection":[{"href":"https:\/\/www.gabrielle-laroche.com\/fr\/wp-json\/wp\/v2\/product"}],"about":[{"href":"https:\/\/www.gabrielle-laroche.com\/fr\/wp-json\/wp\/v2\/types\/product"}],"wp:featuredmedia":[{"embeddable":true,"href":"https:\/\/www.gabrielle-laroche.com\/fr\/wp-json\/wp\/v2\/media\/8696"}],"wp:attachment":[{"href":"https:\/\/www.gabrielle-laroche.com\/fr\/wp-json\/wp\/v2\/media?parent=1748"}],"wp:term":[{"taxonomy":"product_brand","embeddable":true,"href":"https:\/\/www.gabrielle-laroche.com\/fr\/wp-json\/wp\/v2\/product_brand?post=1748"},{"taxonomy":"product_cat","embeddable":true,"href":"https:\/\/www.gabrielle-laroche.com\/fr\/wp-json\/wp\/v2\/product_cat?post=1748"},{"taxonomy":"product_tag","embeddable":true,"href":"https:\/\/www.gabrielle-laroche.com\/fr\/wp-json\/wp\/v2\/product_tag?post=1748"}],"curies":[{"name":"wp","href":"https:\/\/api.w.org\/{rel}","templated":true}]}}