

{"id":189,"date":"2021-05-12T12:00:34","date_gmt":"2021-05-12T10:00:34","guid":{"rendered":"http:\/\/mrplwpw.cluster030.hosting.ovh.net\/?post_type=product&#038;p=189"},"modified":"2023-04-03T16:41:07","modified_gmt":"2023-04-03T14:41:07","slug":"armoire-de-palais-depoque-renaissance-a-motifs-de-perspectives","status":"publish","type":"product","link":"https:\/\/www.gabrielle-laroche.com\/fr\/product\/armoire-de-palais-depoque-renaissance-a-motifs-de-perspectives\/","title":{"rendered":"ARMOIRE DE PALAIS D\u2019\u00c9POQUE RENAISSANCE \u00c0 MOTIFS DE PERSPECTIVES"},"content":{"rendered":"<div class=\"wpb-content-wrapper\"><p>[vc_row][vc_column width=\u00a0\u00bb1\/2&Prime;][vc_column_text]<\/p>\n<p class=\"p1\" style=\"text-align: justify;\"><span class=\"s1\">Rare armoire de Palais en noyer sculpt\u00e9 ouvrant \u00e0 quatre vantaux en fa\u00e7ade et deux grands tiroirs en partie basse. Elle pr\u00e9sente un important d\u00e9cor d\u2019architecture en bas-relief et des montants \u00e0 cannelures et chapiteaux ioniques.<\/span><\/p>\n<p class=\"p1\" style=\"text-align: justify;\"><span class=\"s1\">\u00a0<\/span><\/p>\n<p class=\"p1\" style=\"text-align: justify;\"><span class=\"s1\"><b>Le corps sup\u00e9rieur<\/b><\/span><\/p>\n<p class=\"p1\" style=\"text-align: justify;\"><span class=\"s1\">Deux vantaux sculpt\u00e9s d\u2019architectures en perspectives ouvrent le meuble encadr\u00e9s par trois pilastres cannel\u00e9s aux chapiteaux ioniques.\u00a0<\/span><\/p>\n<p class=\"p1\" style=\"text-align: justify;\"><span class=\"s1\">Chaque vantail repr\u00e9sente deux arcades plein-cintre dont la corniche et la base trahissent un point de fuite central. De m\u00eame, les lignes du pavement sont pour l\u2019artisan l\u2019occasion d\u2019accentuer\u00a0 cet effet de profondeur.\u00a0 Les vo\u00fbtes de ces arcades laissent toutefois penser que le point de fuite se trouve au niveau de la poign\u00e9e, entre ces deux reliefs alors compl\u00e9mentaires.<\/span><\/p>\n<p class=\"p1\" style=\"text-align: justify;\"><span class=\"s1\">La ceinture est travaill\u00e9e \u00e9l\u00e9gamment par des moulures, dont la centrale est \u00e0 doucine. Pas de tiroirs comme il est habituel, en revanche, depuis l\u2019int\u00e9rieur du corps sup\u00e9rieur est accessible un compartiment secret s\u2019ouvrant au moyen de deux charni\u00e8res. Il occupe l\u2019ensemble de la ceinture.<\/span><\/p>\n<p class=\"p1\" style=\"text-align: justify;\"><span class=\"s1\">\u00a0<\/span><\/p>\n<p class=\"p1\" style=\"text-align: justify;\"><span class=\"s1\"><b>Le corps inf\u00e9rieur<\/b><\/span><\/p>\n<p class=\"p1\" style=\"text-align: justify;\"><span class=\"s1\">Deux vantaux identiques \u00e0 ceux du corps sup\u00e9rieur sont encadr\u00e9s par trois pilastres doriques cannel\u00e9s. La base du meuble ouvre par deux grands tiroirs.<\/span><\/p>\n<p class=\"p1\" style=\"text-align: justify;\"><span class=\"s1\"><b>Les c\u00f4t\u00e9s<\/b> pr\u00e9sentent eux aussi des panneaux travaill\u00e9s en bas-reliefs figurant la m\u00eame vue d\u2019architecture en perspective. Notons que les pilastres faisant angles sont r\u00e9unis aux pilastres de fa\u00e7ade par leurs chapiteaux. Ainsi sur les c\u00f4t\u00e9s de cette armoire peut-on observer la partie lat\u00e9rale des volutes caract\u00e9ristiques de l\u2019ordre ionique.\u00a0<\/span><\/p>\n<p class=\"p1\" style=\"text-align: justify;\"><span class=\"s1\">Cette armoire de Palais est surmont\u00e9e par une corniche d\u00e9bordante reposant sur trois consoles en fa\u00e7ade et deux sur chaque c\u00f4t\u00e9. Plac\u00e9es dans la continuit\u00e9 des pilastres, les consoles sont orn\u00e9es en surface par un motif de feuille \u00e9panouie.\u00a0<\/span><\/p>\n<p class=\"p2\" style=\"text-align: justify;\"><span class=\"s1\">Au XVe si\u00e8cle l\u2019int\u00e9r\u00eat majeur pour l\u2019architecture d\u2019une part et pour les \u00e9tudes sur la perspective d\u2019autre part influe sur le go\u00fbt des commanditaires. Les publications au milieu du XVe si\u00e8cle des recherches men\u00e9es par les grands th\u00e9oriciens Leon Battista Alberti ou Filippo Brunelleschi ont une influence majeure sur les arts.<\/span><\/p>\n<p class=\"p2\" style=\"text-align: justify;\"><span class=\"s1\">Ceci apparait dans le domaine de la peinture o\u00f9 de nombreux b\u00e2timents sont souvent ins\u00e9r\u00e9s quelque soit le sujet et parfois devenant eux-m\u00eames le sujet principal. Cela apparait aussi dans le mobilier avec la r\u00e9alisation de cr\u00e9dences, cabinets ou armoires nourri par un vocabulaire architectonique jusqu\u2019\u00e0 \u00e9voquer de v\u00e9ritables facades palatiales.<b>\u00a0<\/b><\/span><\/p>\n<p class=\"p2\" style=\"text-align: justify;\"><span class=\"s1\">Cette puissante armoire aux panneaux \u00e0 la fois sobres et sophistiqu\u00e9s repr\u00e9sentant des arcades, rappelle imm\u00e9diatement cette fascination propre \u00e0 la Renaissance. Dans les arts d\u00e9coratifs ces sujets de trompe-l\u2019\u0153il \u00e9taient majoritairement r\u00e9alis\u00e9s en marqueterie. La conception d\u2019une vue d\u2019architecture en perspective, sculpt\u00e9e dans une seule planche de bois massif, \u00e9tait bien plus difficile \u00e0 accomplir et n\u00e9cessitait une tr\u00e8s grande ma\u00eetrise de la technique et du mat\u00e9riau. Ainsi notre cabinet est \u00e0 la fois tr\u00e8s inhabituel et un rare t\u00e9moignage de son \u00e9poque.<\/span><\/p>\n<p class=\"p2\" style=\"text-align: justify;\"><span class=\"s1\">Tandis que les coffres \u00e9taient destin\u00e9s \u00e0 abriter le linge de ses propri\u00e9taires, il \u00e9tait en revanche plus courant que les armoires renferment armes, objets de collection et de curiosit\u00e9.<\/span><\/p>\n<p class=\"p1\" style=\"text-align: justify;\"><span class=\"s1\"><b>Le sens des proportions et des volumes de cette armoire est oeuvre d\u2019un v\u00e9ritable artiste-architecte. L\u2019unit\u00e9 du d\u00e9cor, son \u00e9l\u00e9gance et son raffinement r\u00e9pondent \u00e0 la commande d\u2019un m\u00e9c\u00e8ne amateur de g\u00e9om\u00e9trie et d\u2019architecture.<\/b><\/span><\/p>\n<p>[\/vc_column_text][\/vc_column][vc_column width=\u00a0\u00bb1\/2&Prime;][\/vc_column][\/vc_row]<\/p>\n<\/div>","protected":false},"excerpt":{"rendered":"<h4>ARMOIRE DE PALAIS D\u2019\u00c9POQUE RENAISSANCE \u00c0 MOTIFS DE PERSPECTIVES<\/h4>\n<p>&nbsp;<\/p>\n<p>ORIGINE: ITALIE, FLORENCE<br \/>\n\u00c9POQUE: XVIe SI\u00c8CLE<\/p>\n<p>&nbsp;<\/p>\n<p>Hauteur : 219 cm<br \/>\nLargeur : 181 cm<br \/>\nProfondeur : 70 cm<\/p>\n<p>&nbsp;<\/p>\n<p>Bois de noyer<br \/>\nBon \u00e9tat de conservation<\/p>\n<p>&nbsp;<\/p>\n<p>&nbsp;<\/p>\n[dt_button size=\"small\" style=\"default\" animation=\"none\" color_mode=\"default\" icon=\"\" icon_align=\"left\" color=\"\" link=\"mailto:gabrielle-laroche@wanadoo.fr?subject=46_ARMOIRE DE PALAIS D\u2019\u00c9POQUE RENAISSANCE \u00c0 MOTIFS DE PERSPECTIVES\" target_blank=\"true\"]DEMANDE D&rsquo;INFORMATIONS[\/dt_button]\n<p>&nbsp;<\/p>\n<p><a href=\"\/fr\/antiquites\/mobilier\/meubles\/\">Retour aux meubles<\/a><\/p>\n","protected":false},"featured_media":190,"template":"","meta":[],"product_brand":[],"product_cat":[18],"product_tag":[],"class_list":{"0":"post-189","1":"product","2":"type-product","3":"status-publish","4":"has-post-thumbnail","6":"product_cat-meubles","7":"description-off","9":"first","10":"instock","11":"shipping-taxable","12":"product-type-simple"},"aioseo_notices":[],"_links":{"self":[{"href":"https:\/\/www.gabrielle-laroche.com\/fr\/wp-json\/wp\/v2\/product\/189","targetHints":{"allow":["GET"]}}],"collection":[{"href":"https:\/\/www.gabrielle-laroche.com\/fr\/wp-json\/wp\/v2\/product"}],"about":[{"href":"https:\/\/www.gabrielle-laroche.com\/fr\/wp-json\/wp\/v2\/types\/product"}],"wp:featuredmedia":[{"embeddable":true,"href":"https:\/\/www.gabrielle-laroche.com\/fr\/wp-json\/wp\/v2\/media\/190"}],"wp:attachment":[{"href":"https:\/\/www.gabrielle-laroche.com\/fr\/wp-json\/wp\/v2\/media?parent=189"}],"wp:term":[{"taxonomy":"product_brand","embeddable":true,"href":"https:\/\/www.gabrielle-laroche.com\/fr\/wp-json\/wp\/v2\/product_brand?post=189"},{"taxonomy":"product_cat","embeddable":true,"href":"https:\/\/www.gabrielle-laroche.com\/fr\/wp-json\/wp\/v2\/product_cat?post=189"},{"taxonomy":"product_tag","embeddable":true,"href":"https:\/\/www.gabrielle-laroche.com\/fr\/wp-json\/wp\/v2\/product_tag?post=189"}],"curies":[{"name":"wp","href":"https:\/\/api.w.org\/{rel}","templated":true}]}}