

{"id":1918,"date":"2021-04-23T13:00:23","date_gmt":"2021-04-23T11:00:23","guid":{"rendered":"http:\/\/mrplwpw.cluster030.hosting.ovh.net\/?post_type=product&#038;p=1918"},"modified":"2024-08-07T10:41:11","modified_gmt":"2024-08-07T08:41:11","slug":"patrick-drouin-catherine","status":"publish","type":"product","link":"https:\/\/www.gabrielle-laroche.com\/fr\/product\/patrick-drouin-catherine\/","title":{"rendered":"PATRICK DROUIN &#8211; Catherine"},"content":{"rendered":"<div class=\"wpb-content-wrapper\"><p>[vc_row][vc_column width=\u00a0\u00bb1\/2&Prime;][vc_column_text]<\/p>\n<p style=\"text-align: justify;\"><span class=\"s1\">Patrick Drouin, n\u00e9 le 23 mars 1948 \u00e0 Paris, est un sculpteur fran\u00e7ais qui exerce dans son atelier parisien.<\/span><\/p>\n<p style=\"text-align: justify;\"><span class=\"s1\">Il s\u2019initie \u00e0 la sculpture pendant cinq ans dans l\u2019atelier d\u2019Edmond Moirignot dans le 14e arrondissement et profite \u00e9galement des conseils de Paul Belmondo, Jean Carton et Raymond Martin.<\/span><\/p>\n<p style=\"text-align: justify;\"><span class=\"s1\">On lui doit principalement des bronzes de femmes ou d\u2019hommes et des dessins.<\/span><\/p>\n<p style=\"text-align: justify;\"><span class=\"s1\">Son travail est essentiellement figuratif.<\/span><\/p>\n<p>&nbsp;<\/p>\n<p style=\"text-align: justify;\"><strong><span class=\"s1\">Il expose depuis 1981 et a particip\u00e9 \u00e0 de nombreuses expositions :<\/span><\/strong><\/p>\n<p style=\"text-align: justify;\"><span class=\"s1\">Biennale Internationale Formes humaines, 1980 (dans les salons du mus\u00e9e Rodin)<\/span><\/p>\n<p style=\"text-align: justify;\"><span class=\"s1\">Biennale Salon, du dessin et de la peinture \u00e0 l\u2019eau, 1980 et 1982<\/span><\/p>\n<p style=\"text-align: justify;\"><span class=\"s1\">Invit\u00e9 par le sculpteur Raymond Martin de l\u2019Institut \u00e0 exposer pour un hommage \u00e0 Fran\u00e7ois Rude \u00e0 l\u2019h\u00f4tel de ville de Cachan, 1982<\/span><\/p>\n<p style=\"text-align: justify;\"><span class=\"s1\">Invit\u00e9 par le pr\u00e9sident du conseil g\u00e9n\u00e9ral des Yvelines \u00e0 exposer \u00e0 l\u2019Orangerie du ch\u00e2teau de Versailles Art en Yvelines, septembre \u2013 octobre 1982<\/span><\/p>\n<p style=\"text-align: justify;\"><span class=\"s1\">Salon Comparaison, 1980<\/span><\/p>\n<p style=\"text-align: justify;\"><span class=\"s1\">Galerie Leymarie \u00e0 Paris<\/span><\/p>\n<p style=\"text-align: justify;\"><span class=\"s1\">Fondation Taylor \u00e0 Paris, 1983 et 1986<\/span><\/p>\n<p style=\"text-align: justify;\"><span class=\"s1\">Grand Palais \u00e0 Paris, 1983<\/span><\/p>\n<p style=\"text-align: justify;\"><span class=\"s1\">Salon d&rsquo;automne, 1983<\/span><\/p>\n<p style=\"text-align: justify;\"><span class=\"s1\">Grands Ma\u00eetres de la sculpture<\/span><\/p>\n<p style=\"text-align: justify;\"><span class=\"s1\">Salons de la Malmaison \u00e0 Cannes<\/span><\/p>\n<p style=\"text-align: justify;\"><span class=\"s1\">Les ma\u00eetres du Bronze \u00e0 Bagatelle \u00e0 Paris, 1987<\/span><\/p>\n<p style=\"text-align: justify;\"><span class=\"s1\">Exposition \u00e0 la Galerie Leymarie \u00e0 Paris, 1988<\/span><\/p>\n<p style=\"text-align: justify;\"><span class=\"s1\">Soci\u00e9taire des Artistes fran\u00e7ais<\/span><\/p>\n<p style=\"text-align: justify;\"><span class=\"s1\">Soci\u00e9taire du Salon d&rsquo;automne<\/span><\/p>\n<p style=\"text-align: justify;\"><span class=\"s1\">S\u00e9lectionn\u00e9 pour le concours de l\u2019Acad\u00e9mie des beaux-arts de Paris<\/span><\/p>\n<p style=\"text-align: justify;\"><span class=\"s1\">Invit\u00e9 \u00e0 exposer \u00e0 la maison des artistes de Nogent<\/span><\/p>\n<p style=\"text-align: justify;\"><span class=\"s1\">60e salon des Beaux-Arts, Enghien-les-Bains, 1995<\/span><\/p>\n<p style=\"text-align: justify;\"><span class=\"s1\">39e Salon des Arts-formes-couleurs, 1996<\/span><\/p>\n<p>&nbsp;<\/p>\n<p style=\"text-align: justify;\"><span class=\"s1\">Figure sur le dictionnaire (B\u00e9n\u00e9zit) des peintres sculpteurs graveurs<\/span><\/p>\n<p>&nbsp;<\/p>\n<p style=\"text-align: justify;\"><strong><span class=\"s1\">Il est laur\u00e9at de plusieurs prix :<\/span><\/strong><\/p>\n<p style=\"text-align: justify;\"><span class=\"s1\">Grand Prix des jeunes sculpteurs \u00e0 l\u2019exposition de la Soci\u00e9t\u00e9 nationale des beaux-arts de Paris Grand Palais, juin 1983<\/span><\/p>\n<p style=\"text-align: justify;\"><span class=\"s1\">Prix Florence Gould au 17e prix international Art Contemporain de Monte-Carlo<\/span><\/p>\n<p style=\"text-align: justify;\"><span class=\"s1\">Prix Sandoz, Fondation Taylor Paris, 1983<\/span><\/p>\n<p style=\"text-align: justify;\"><span class=\"s1\">Prix d\u2019Aumale, Institut de France, Acad\u00e9mie des beaux-arts Paris, 1983<\/span><\/p>\n<p style=\"text-align: justify;\"><span class=\"s1\">Prix Paul Louis Weiller, Institut de France, Acad\u00e9mie des beaux-arts, 1985<\/span><\/p>\n<p style=\"text-align: justify;\"><span class=\"s1\">Prix de la sculpture au salon d&rsquo;automne au Grand Palais, 1990<\/span><\/p>\n<p style=\"text-align: justify;\"><span class=\"s1\">Prix Desprez acad\u00e9mie des beaux-arts de Paris, 1981 (M\u00e9daille argent)<\/span><\/p>\n<p style=\"text-align: justify;\"><span class=\"s1\">Prix Sandoz Fondation Taylor 1983 et 1988, Grand Palais \u2013 Paris<\/span><\/p>\n<p style=\"text-align: justify;\"><span class=\"s1\">M\u00e9daille d\u2019or au salon de Montmorency, 1979<\/span><\/p>\n<p style=\"text-align: justify;\"><span class=\"s1\">Prix Claude Rapha\u00ebl-Leygues, 1981<\/span><\/p>\n<p style=\"text-align: justify;\"><span class=\"s1\">Grand prix des jeunes sculpteurs de la soci\u00e9t\u00e9 des beaux-arts, 1988<\/span><\/p>\n<p style=\"text-align: justify;\"><span class=\"s1\">Prix Charles Oulmont, Fondation de France, 1990<\/span><\/p>\n<p style=\"text-align: justify;\"><span class=\"s1\">Prix de la sculpture, salon d&rsquo;automne Paris-Champs-\u00c9lys\u00e9es<\/span><\/p>\n<p style=\"text-align: justify;\"><span class=\"s1\">M\u00e9daille d\u2019honneur au salon des artistes fran\u00e7ais, 1994<\/span><\/p>\n<p style=\"text-align: justify;\"><span class=\"s1\">M\u00e9daille de vermeil de la ville de Paris<\/span><\/p>\n<p style=\"text-align: justify;\"><span class=\"s1\">Grand prix Charles Malfray, Fondation Taylor Paris, 2000<\/span><\/p>\n<p>&nbsp;<\/p>\n<p style=\"text-align: justify;\"><strong><span class=\"s1\">R\u00e9alisations :<\/span><\/strong><\/p>\n<p style=\"text-align: justify;\"><span class=\"s1\">R\u00e9alisation d\u2019un bronze par le Fonds national d&rsquo;art contemporain, 1981<\/span><\/p>\n<p style=\"text-align: justify;\"><span class=\"s1\">R\u00e9alisation d\u2019un monument pour le centre d\u2019affaire \u00e0 Marne-la-Vall\u00e9e<\/span><\/p>\n<p style=\"text-align: justify;\"><span class=\"s1\">R\u00e9alisation d\u2019une sculpture monumentale pour Groupama Assurances<\/span><\/p>\n<p style=\"text-align: justify;\"><span class=\"s1\">Sculpture monumentale pour un grand groupe d\u2019assurance en 1990<\/span><\/p>\n<p style=\"text-align: justify;\"><span class=\"s1\">Acquisition par le minist\u00e8re de la culture et de la communication d\u2019un bronze pour le Fonds national d&rsquo;art contemporain<\/span><\/p>\n<p>[\/vc_column_text][\/vc_column][vc_column width=\u00a0\u00bb1\/2&Prime;][\/vc_column][\/vc_row]<\/p>\n<\/div>","protected":false},"excerpt":{"rendered":"<h4><span class=\"s1\">PATRICK DROUIN<\/span><\/h4>\n<h4><em><span class=\"s1\">Catherine<\/span><\/em><\/h4>\n<p>&nbsp;<\/p>\n<p class=\"p1\"><span class=\"s1\">Sculpture en bronze \u00e0 patine brune transparente<\/span><\/p>\n<p class=\"p1\"><span class=\"s1\">Sign\u00e9e, cachet fondeur\u00a0: Susse Fr\u00e8res Fondeur<\/span><\/p>\n<p class=\"p1\"><span class=\"s1\">Num\u00e9rot\u00e9 4\/8<\/span><\/p>\n<p class=\"p1\"><span class=\"s1\">\u00a0<\/span><\/p>\n<p class=\"p1\"><span class=\"s1\">Hauteur avec la base\u00a0: 85 cm<\/span><\/p>\n<p>&nbsp;<\/p>\n<p class=\"p1\"><span class=\"s1\">\u00a0<\/span><\/p>\n[dt_button size=\"small\" style=\"default\" animation=\"none\" color_mode=\"default\" icon=\"\" icon_align=\"left\" color=\"\" link=\"mailto:gabrielle-laroche@wanadoo.fr?subject=44_PATRICK DROUIN - Catherine\" target_blank=\"true\"]DEMANDE D&rsquo;INFORMATIONS[\/dt_button]\n<p>&nbsp;<\/p>\n<p><a href=\"\/fr\/contemporains\/\">Retour aux contemporains<\/a><\/p>\n","protected":false},"featured_media":3962,"template":"","meta":[],"product_brand":[],"product_cat":[39],"product_tag":[],"class_list":{"0":"post-1918","1":"product","2":"type-product","3":"status-publish","4":"has-post-thumbnail","6":"product_cat-contemporain","7":"description-off","9":"first","10":"instock","11":"shipping-taxable","12":"product-type-simple"},"aioseo_notices":[],"_links":{"self":[{"href":"https:\/\/www.gabrielle-laroche.com\/fr\/wp-json\/wp\/v2\/product\/1918","targetHints":{"allow":["GET"]}}],"collection":[{"href":"https:\/\/www.gabrielle-laroche.com\/fr\/wp-json\/wp\/v2\/product"}],"about":[{"href":"https:\/\/www.gabrielle-laroche.com\/fr\/wp-json\/wp\/v2\/types\/product"}],"wp:featuredmedia":[{"embeddable":true,"href":"https:\/\/www.gabrielle-laroche.com\/fr\/wp-json\/wp\/v2\/media\/3962"}],"wp:attachment":[{"href":"https:\/\/www.gabrielle-laroche.com\/fr\/wp-json\/wp\/v2\/media?parent=1918"}],"wp:term":[{"taxonomy":"product_brand","embeddable":true,"href":"https:\/\/www.gabrielle-laroche.com\/fr\/wp-json\/wp\/v2\/product_brand?post=1918"},{"taxonomy":"product_cat","embeddable":true,"href":"https:\/\/www.gabrielle-laroche.com\/fr\/wp-json\/wp\/v2\/product_cat?post=1918"},{"taxonomy":"product_tag","embeddable":true,"href":"https:\/\/www.gabrielle-laroche.com\/fr\/wp-json\/wp\/v2\/product_tag?post=1918"}],"curies":[{"name":"wp","href":"https:\/\/api.w.org\/{rel}","templated":true}]}}