

{"id":192,"date":"2024-01-04T10:45:07","date_gmt":"2024-01-04T09:45:07","guid":{"rendered":"http:\/\/mrplwpw.cluster030.hosting.ovh.net\/?post_type=product&#038;p=192"},"modified":"2024-01-05T17:45:06","modified_gmt":"2024-01-05T16:45:06","slug":"important-cabinet-du-val-de-loire-depoque-renaissance","status":"publish","type":"product","link":"https:\/\/www.gabrielle-laroche.com\/fr\/product\/important-cabinet-du-val-de-loire-depoque-renaissance\/","title":{"rendered":"IMPORTANT CABINET DU VAL DE LOIRE D\u2019\u00c9POQUE RENAISSANCE"},"content":{"rendered":"<div class=\"wpb-content-wrapper\"><p>[vc_row][vc_column width=\u00a0\u00bb1\/2&Prime;][vc_column_text css=\u00a0\u00bb.vc_custom_1618485383589{border-radius: 35px !important;}\u00a0\u00bb]<\/p>\n<p class=\"p1\" style=\"text-align: justify;\"><span class=\"s1\">Cabinet \u00e0 deux corps superpos\u00e9s en retrait, ouvrant \u00e0 quatre vantaux et quatre tiroirs. Il est couronn\u00e9 d\u2019un fronton chantourn\u00e9 qui s\u2019ach\u00e8ve en tige v\u00e9g\u00e9tale.<\/span><\/p>\n<p class=\"p1\" style=\"text-align: justify;\"><span class=\"s1\">Ce cabinet est d\u00e9cor\u00e9 d\u2019incrustations de nacre et d\u2019ivoire \u00e0 motifs d\u2019arabesques, d\u2019animaux et d\u2019all\u00e9gories.<\/span><\/p>\n<p class=\"p1\" style=\"text-align: justify;\"><span class=\"s1\">Les boutons des tiroirs sont orn\u00e9s de nacre. Les entr\u00e9es de serrures sont en ivoire.<\/span><\/p>\n<p class=\"p1\" style=\"text-align: justify;\"><span class=\"s1\">\u00a0<\/span><\/p>\n<p class=\"p1\" style=\"text-align: justify;\"><span class=\"s1\"><b>Le corps inf\u00e9rieur<\/b> repose sur une plinthe moulur\u00e9e en large saillie et sur\u00e9lev\u00e9e par des pieds \u00e0 section carr\u00e9e. Il ouvre \u00e0 deux vantaux dont le d\u00e9cor en incrustation de nacre \u00e0 motif d\u2019arabesques se d\u00e9veloppent en sym\u00e9trie sans toutefois \u00eatre identique. Des tiges souples et feuillues se d\u00e9ploient sur toute la surface et sont garnies de fruits, de chouettes et d\u2019oiseaux divers. Elles jaillissent d\u2019un mascaron sur lequel se tient une figure f\u00e9minine.<\/span><\/p>\n<p class=\"p1\" style=\"text-align: justify;\"><span class=\"s1\">Sur le vantail de gauche <b>L\u00e9da est accompagn\u00e9e de Zeus qui a adopt\u00e9 la forme d\u2019un cygne<\/b>.<\/span><\/p>\n<p class=\"p1\" style=\"text-align: justify;\"><span class=\"s1\">Sur le vantail de droite, <b>un serpent \u00e9treint Cl\u00e9op\u00e2tre et lui mord le sein<\/b>.<\/span><\/p>\n<p class=\"p1\" style=\"text-align: justify;\"><span class=\"s1\">Les fa\u00e7ades des deux tiroirs ainsi que les montants portent aussi un d\u00e9cor d\u2019arabesques en nacre incrust\u00e9, d\u00e9velopp\u00e9 en frises plus \u00e9troites. Nous y retrouvons non seulement les chouettes et les oiseaux mais aussi des chiens.<\/span><\/p>\n<p class=\"p1\" style=\"text-align: justify;\"><span class=\"s1\">Entre les deux tiroirs un putti ail\u00e9 joue avec un animal.<\/span><\/p>\n<p>&nbsp;<\/p>\n<p class=\"p1\" style=\"text-align: justify;\"><span class=\"s1\"><b>Le corps sup\u00e9rieur<\/b>, en retrait, repose sur deux tiroirs \u00e0 d\u00e9cor d\u2019arabesques et de chiens, encadr\u00e9s d\u2019oiseaux.\u00a0<\/span><\/p>\n<p class=\"p1\" style=\"text-align: justify;\"><span class=\"s1\">Les deux vantaux sont flanqu\u00e9s de montants richement d\u00e9cor\u00e9s o\u00f9 les figures humaines se font beaucoup plus pr\u00e9sentes dont notamment une femme tenant un enfant dans ses bras, il s\u2019agit de <b>l\u2019all\u00e9gorie de la Charit\u00e9<\/b>.<\/span><\/p>\n<p class=\"p1\" style=\"text-align: justify;\"><span class=\"s1\">Sur le faux-dormant, <b>V\u00e9nus tient dans ses mains l\u2019arc de son fils Cupidon<\/b>.<\/span><\/p>\n<p class=\"p1\" style=\"text-align: justify;\"><span class=\"s1\">Chaque vantail pr\u00e9sente une composition d\u2019arabesques en trois m\u00e9daillons superpos\u00e9s. Le m\u00e9daillon central est occup\u00e9 par <b>l\u2019all\u00e9gorie de la Prosp\u00e9rit\u00e9 tenant une corne d\u2019abondance<\/b>.<\/span><\/p>\n<p class=\"p1\" style=\"text-align: justify;\"><span class=\"s1\">Sur le m\u00e9daillon inf\u00e9rieur du vantail gauche, est d\u00e9licatement incis\u00e9 dans la nacre, un portrait de femme \u00e0 la coiffure soign\u00e9e et sur le vantail droit un portrait d\u2019homme aux cheveux courts et \u00e0 la barbe fournie. Leurs armoiries respectives apparaissent sur le m\u00e9daillon sup\u00e9rieur.\u00a0<\/span><\/p>\n<p class=\"p1\" style=\"text-align: justify;\"><span class=\"s1\">La surface \u00e9tir\u00e9e de l\u2019entablement est pr\u00e9texte \u00e0 une sc\u00e8ne anim\u00e9e de courses entre chiens, chats et oiseaux, rythm\u00e9e par trois repr\u00e9sentations de nymphes sous la forme de figures f\u00e9minines allong\u00e9es.<\/span><\/p>\n<p class=\"p1\" style=\"text-align: justify;\"><span class=\"s1\">Le fronton chantourn\u00e9 d\u00e9cor\u00e9 d\u2019arabesques v\u00e9g\u00e9tales et d\u2019animaux reprend la composition en trois m\u00e9daillons d\u00e9velopp\u00e9s horizontalement cette fois. Sont incis\u00e9s, des profils de guerriers casqu\u00e9s sur les plus petits m\u00e9daillons tandis qu\u2019au centre se tient <b>le dieu Mars<\/b>, une main sur la hanche l\u2019autre sur sa hampe. Une tige fleurie, d\u00e9coup\u00e9e et incrust\u00e9e de nacre, couronne le fronton.<\/span><\/p>\n<p>&nbsp;<\/p>\n<p class=\"p1\" style=\"text-align: justify;\"><span class=\"s1\">Des arabesques en incrustations de nacre d\u00e9corent \u00e9galement <b>les c\u00f4t\u00e9s<\/b>. Plus a\u00e9r\u00e9s et rigoureux dans leur aspect g\u00e9om\u00e9trique, ces motifs ornent aussi la tablette du corps inf\u00e9rieur. Un disque de nacre incis\u00e9 de cercles concentriques fait \u00e9cho aux boutons des tiroirs.<\/span><\/p>\n<p class=\"p1\" style=\"text-align: justify;\"><span class=\"s1\">\u00a0<\/span><\/p>\n<p class=\"p1\" style=\"text-align: justify;\"><span class=\"s1\">Le syst\u00e8me d\u00e9coratif de ce cabinet r\u00e9v\u00e8le un ornementiste de grand talent qui a su m\u00ealer naturellement arabesques, r\u00e9pertoire animalier et r\u00e9f\u00e9rences mythologiques.<\/span><\/p>\n<p class=\"p1\" style=\"text-align: justify;\"><span class=\"s1\">C\u2019est par l\u2019interm\u00e9diaire des artistes italiens appel\u00e9s \u00e0 la Cour de Fontainebleau par le Roi Fran\u00e7ois I<\/span><span class=\"s2\"><sup>er<\/sup><\/span><span class=\"s1\"> (1494-1547) que le motif d\u2019arabesque s\u2019affirme en France.<\/span><\/p>\n<p class=\"p1\" style=\"text-align: justify;\"><span class=\"s1\">Son r\u00e9pertoire d\u00e9coratif est particuli\u00e8rement adapt\u00e9 \u00e0 la vogue ornementale d\u00e9velopp\u00e9e par l\u2019Ecole de Fontainebleau. Il subit toutefois des mutations locales en abandonnant quelque peu son abstraction botanique \u2013 notons la pr\u00e9sence de glands sur les arabesques de notre cabinet \u2013 et en s\u2019associant avec des animaux et des figures humaines.<\/span><\/p>\n<p class=\"p1\" style=\"text-align: justify;\"><span class=\"s1\"><b>Les courbes et les volutes du d\u00e9cor d\u2019arabesques et la silhouette chantourn\u00e9e du fronton sont particuli\u00e8rement efficaces et adoucissent avec gr\u00e2ce la rigueur architecturale de ce meuble typique de la seconde moiti\u00e9 du XVI<\/b><\/span><span class=\"s2\"><b><sup>e<\/sup><\/b><\/span><span class=\"s1\"><b> si\u00e8cle.<\/b><\/span><\/p>\n<p class=\"p1\" style=\"text-align: justify;\"><span class=\"s1\">La blondeur du noyer, la somptuosit\u00e9 du d\u00e9cor et le luxe des mat\u00e9riaux associent la r\u00e9alisation de ce cabinet \u00e0 la Vall\u00e9e de la Loire et t\u00e9moignent d\u2019une commande de haut-rang. En effet ce type de meuble \u00e9tait destin\u00e9 \u00e0 des commanditaires de prestige.\u00a0<\/span><\/p>\n<p class=\"p1\" style=\"text-align: justify;\"><span class=\"s1\">Gr\u00e2ce aux armoiries de nacre figur\u00e9es sur le vantail droit (au lion a la fasce charg\u00e9e de trois c\u0153ur) nous pouvons d\u00e9signer le commanditaire comme appartenant aux <b>Herissem,<\/b> <b>une famille noble des anciens Pays-Bas<\/b>, aujourd\u2019hui en Belgique.<\/span><\/p>\n<p class=\"p1\" style=\"text-align: justify;\"><span class=\"s1\"><b>Ce meuble \u00e9tait probablement un cabinet command\u00e9 \u00e0 l\u2019occasion d\u2019un mariage<\/b> <b>comme tend \u00e0 le prouver la pr\u00e9sence des portraits et des armoiries de deux familles mais aussi la th\u00e9matique du d\u00e9cor.<\/b><\/span><\/p>\n<p class=\"p1\" style=\"text-align: justify;\"><span class=\"s1\">La repr\u00e9sentation de L\u00e9da et le cygne, la sc\u00e8ne du suicide de Cl\u00e9op\u00e2tre insistent sur une certaine dimension sensuelle tandis que la repr\u00e9sentation de V\u00e9nus qui a subtilis\u00e9 les armes de son fils exprime davantage un amour chaste. L\u2019all\u00e9gorie de la Prosp\u00e9rit\u00e9 et de la Charit\u00e9 indiquent bien s\u00fbr les vertus \u00e0 cultiver de m\u00eame que les chiens, symbole de fid\u00e9lit\u00e9<b>. Les nombreuses chouettes, attribut de la d\u00e9esse Minerve, incarnent la sagesse. La pr\u00e9sence r\u00e9p\u00e9t\u00e9e de figures militaires \u2013 Mars, guerriers \u2013 s\u2019oppose aux figures de l\u2019amour illustrant ainsi l\u2019\u00e9quilibre \u00e0 cultiver dans le couple.<\/b>\u00a0<\/span><\/p>\n<p>&nbsp;<\/p>\n<p class=\"p1\" style=\"text-align: justify;\"><span class=\"s1\"><b>L\u2019\u00e9loignement g\u00e9ographique entre le centre de production et le commanditaire met en lumi\u00e8re le prestige dont pouvait jouir le mobilier du Val de Loire de m\u00eame que la puissance financi\u00e8re et le go\u00fbt affirm\u00e9 du couple Herissem<\/b>. Le programme iconographique fait montre d\u2019une culture classique certaine et \u00e9claire les \u00e9changes artistiques singuliers qui caract\u00e9risent la Renaissance. Ce cabinet est aussi un exceptionnel t\u00e9moignage du savoir-faire des \u00e9b\u00e9nistes et des ornementistes de la fin du XVI<\/span><span class=\"s2\"><sup>e<\/sup><\/span><span class=\"s1\"> si\u00e8cle.<\/span><\/p>\n<p>[\/vc_column_text][\/vc_column][vc_column width=\u00a0\u00bb1\/2&Prime;][vc_empty_space][\/vc_column][\/vc_row]<\/p>\n<\/div>","protected":false},"excerpt":{"rendered":"<h4>IMPORTANT CABINET DU VAL DE LOIRE D\u2019\u00c9POQUE RENAISSANCE<\/h4>\n<p>&nbsp;<\/p>\n<p>ORIGINE : FRANCE, VALL\u00c9E DE LA LOIRE<br \/>\nP\u00c9RIODE : XVIe SI\u00c8CLE, 1570-1580<\/p>\n<p>&nbsp;<\/p>\n<p>Hauteur : 228 cm<br \/>\nLargeur : 128 cm<br \/>\nProfondeur : 55 cm<\/p>\n<p>&nbsp;<\/p>\n<p>Bois de noyer<br \/>\nTr\u00e8s bon \u00e9tat de conservation<\/p>\n<p>&nbsp;<\/p>\n<p>Ancienne collection Gabrielle Chanel<\/p>\n<p>&nbsp;<\/p>\n<p>&nbsp;<\/p>\n[dt_button size=\"small\" style=\"default\" animation=\"none\" color_mode=\"default\" icon=\"\" icon_align=\"left\" color=\"\" link=\"mailto:gabrielle-laroche@wanadoo.fr?subject=91_IMPORTANT CABINET DU VAL DE LOIRE D\u2019\u00c9POQUE RENAISSANCE\" target_blank=\"true\"]DEMANDE D&rsquo;INFORMATIONS[\/dt_button]\n<p>&nbsp;<\/p>\n<p><a href=\"\/fr\/antiquites\/mobilier\/meubles\/\">Retour aux meubles<\/a><\/p>\n","protected":false},"featured_media":2052,"template":"","meta":[],"product_brand":[],"product_cat":[18],"product_tag":[],"class_list":{"0":"post-192","1":"product","2":"type-product","3":"status-publish","4":"has-post-thumbnail","6":"product_cat-meubles","7":"description-off","9":"first","10":"instock","11":"shipping-taxable","12":"product-type-simple"},"aioseo_notices":[],"_links":{"self":[{"href":"https:\/\/www.gabrielle-laroche.com\/fr\/wp-json\/wp\/v2\/product\/192","targetHints":{"allow":["GET"]}}],"collection":[{"href":"https:\/\/www.gabrielle-laroche.com\/fr\/wp-json\/wp\/v2\/product"}],"about":[{"href":"https:\/\/www.gabrielle-laroche.com\/fr\/wp-json\/wp\/v2\/types\/product"}],"wp:featuredmedia":[{"embeddable":true,"href":"https:\/\/www.gabrielle-laroche.com\/fr\/wp-json\/wp\/v2\/media\/2052"}],"wp:attachment":[{"href":"https:\/\/www.gabrielle-laroche.com\/fr\/wp-json\/wp\/v2\/media?parent=192"}],"wp:term":[{"taxonomy":"product_brand","embeddable":true,"href":"https:\/\/www.gabrielle-laroche.com\/fr\/wp-json\/wp\/v2\/product_brand?post=192"},{"taxonomy":"product_cat","embeddable":true,"href":"https:\/\/www.gabrielle-laroche.com\/fr\/wp-json\/wp\/v2\/product_cat?post=192"},{"taxonomy":"product_tag","embeddable":true,"href":"https:\/\/www.gabrielle-laroche.com\/fr\/wp-json\/wp\/v2\/product_tag?post=192"}],"curies":[{"name":"wp","href":"https:\/\/api.w.org\/{rel}","templated":true}]}}