

{"id":195,"date":"2021-04-07T12:30:21","date_gmt":"2021-04-07T10:30:21","guid":{"rendered":"http:\/\/mrplwpw.cluster030.hosting.ovh.net\/?post_type=product&#038;p=195"},"modified":"2024-09-12T18:10:55","modified_gmt":"2024-09-12T16:10:55","slug":"dressoir-depoque-premiere-renaissance","status":"publish","type":"product","link":"https:\/\/www.gabrielle-laroche.com\/fr\/product\/dressoir-depoque-premiere-renaissance\/","title":{"rendered":"DRESSOIR D\u2019\u00c9POQUE PREMI\u00c8RE RENAISSANCE"},"content":{"rendered":"<div class=\"wpb-content-wrapper\"><p>[vc_row][vc_column width=\u00a0\u00bb1\/2&Prime;][vc_column_text]<\/p>\n<p class=\"p1\" style=\"text-align: justify;\"><span class=\"s1\">Sous la Renaissance d\u2019Henri II, la rigueur de la composition imposait une limite \u00e0 l\u2019exub\u00e9rance du d\u00e9cor. Cette pr\u00e9dilection pour la nettet\u00e9 et la rigueur est sp\u00e9cifique \u00e0 ce courant stylistique. La composition est d\u2019inspiration \u00ab classique \u00bb toujours harmonieuse et sobre par r\u00e9action au style ultramontain.<\/span><\/p>\n<p class=\"p1\" style=\"text-align: justify;\"><span class=\"s1\">Durant cette p\u00e9riode, les huchiers se font \u00ab architecteur \u00bb. En effet l\u2019harmonie architecturale du meuble est au centre de leurs pr\u00e9occupations. L\u2019\u00e9tude des modules antiques est alors une n\u00e9cessit\u00e9. De cette attention accord\u00e9e aux proportions, naissent des meubles raffin\u00e9s, aux lignes pures.<\/span><\/p>\n<p class=\"p1\" style=\"text-align: justify;\"><span class=\"s1\">Ce meuble appara\u00eet comme un v\u00e9ritable exemple de cet \u00e9poque.<\/span><\/p>\n<p class=\"p1\" style=\"text-align: justify;\"><span class=\"s1\">Son originalit\u00e9 r\u00e9side dans la disposition sur deux registres, des trois vantaux finement sculpt\u00e9s de mufle de lion sur cuir d\u00e9coup\u00e9\u00a0: une unique porte centrale au niveau inf\u00e9rieur et deux au niveau sup\u00e9rieur, le tout surmont\u00e9 d\u2019une corniche moulur\u00e9e.<\/span><\/p>\n<p class=\"p1\" style=\"text-align: justify;\"><span class=\"s1\">Cela impose alors une composition ternaire au premier registre avec la porte centrale reprenant le m\u00eame motif que les deux autres vantaux, encadr\u00e9e par deux panneaux sculpt\u00e9s en bas relief de motifs v\u00e9g\u00e9taux. Ces trois \u00e9l\u00e9ments sont s\u00e9par\u00e9s par deux balustres pos\u00e9es en applique. Ce premier registre se termine par\u00a0 un pilastre cannel\u00e9 \u00e0 chaque extr\u00e9mit\u00e9.<\/span><\/p>\n<p class=\"p1\" style=\"text-align: justify;\"><span class=\"s1\">Au second registre, les dormants et faux-dormant sont sculpt\u00e9s de pilastre cannel\u00e9 \u00e0 chapiteau corinthien prolongeant visuellement le premier registre, garantissant l\u2019harmonie et l\u2019\u00e9quilibre de la composition.<\/span><\/p>\n<p class=\"p1\" style=\"text-align: justify;\"><span class=\"s1\">En partie inf\u00e9rieure, le fond est orn\u00e9 de trois panneaux sobrement moulur\u00e9s. A l\u2019avant, de part et d\u2019autre de la base moulur\u00e9e et rehauss\u00e9e, deux fines colonnes cannel\u00e9es \u00e0 chapiteau ionique soutiennent la partie sup\u00e9rieure.<\/span><\/p>\n<p class=\"p1\" style=\"text-align: justify;\"><span class=\"s1\">Dans un \u00e9tat de conservation remarquable et de tr\u00e8s belle facture, ce meuble est un exemple accompli des r\u00e9alisations fran\u00e7aises de la premi\u00e8re moiti\u00e9 du XVIe si\u00e8cle. Sa structure parfaitement architectur\u00e9e, la belle harmonie de ses proportions, la sobri\u00e9t\u00e9 de son d\u00e9cor en font un meuble d\u2019une grande \u00e9l\u00e9gance.<\/span><\/p>\n<p>[\/vc_column_text][\/vc_column][vc_column width=\u00a0\u00bb1\/2&Prime;][\/vc_column][\/vc_row]<\/p>\n<\/div>","protected":false},"excerpt":{"rendered":"<h4>DRESSOIR D\u2019\u00c9POQUE PREMI\u00c8RE RENAISSANCE<\/h4>\n<p>&nbsp;<\/p>\n<p>ORIGINE : NORD DE LA FRANCE<br \/>\n\u00c9POQUE : PREMI\u00c8RE MOITI\u00c9 DU XVIe SI\u00c8CLE, EPOQUE HENRI II<\/p>\n<p>&nbsp;<\/p>\n<p>Hauteur : 152 cm<br \/>\nLongueur : 93 cm<br \/>\nProfondeur : 44 cm<\/p>\n<p>&nbsp;<\/p>\n<p>Bois de ch\u00eane couleur miel<br \/>\nTr\u00e8s bon \u00e9tat de conservation<\/p>\n<p>&nbsp;<\/p>\n<p>Provenance : ancienne collection Chabri\u00e8res Arl\u00e8s, par descendance<\/p>\n<p>&nbsp;<\/p>\n<p>&nbsp;<\/p>\n[dt_button size=\"small\" style=\"default\" animation=\"none\" color_mode=\"default\" icon=\"\" icon_align=\"left\" color=\"\" link=\"mailto:gabrielle-laroche@wanadoo.fr?subject=12_DRESSOIR D\u2019\u00c9POQUE PREMI\u00c8RE RENAISSANCE\" target_blank=\"true\"]DEMANDE D&rsquo;INFORMATIONS[\/dt_button]\n<p>&nbsp;<\/p>\n<p><a href=\"\/fr\/antiquites\/mobilier\/meubles\/\">Retour aux meubles<\/a><\/p>\n","protected":false},"featured_media":196,"template":"","meta":[],"product_brand":[],"product_cat":[17],"product_tag":[],"class_list":{"0":"post-195","1":"product","2":"type-product","3":"status-publish","4":"has-post-thumbnail","6":"product_cat-uncategorized","7":"description-off","9":"first","10":"instock","11":"shipping-taxable","12":"product-type-simple"},"aioseo_notices":[],"_links":{"self":[{"href":"https:\/\/www.gabrielle-laroche.com\/fr\/wp-json\/wp\/v2\/product\/195","targetHints":{"allow":["GET"]}}],"collection":[{"href":"https:\/\/www.gabrielle-laroche.com\/fr\/wp-json\/wp\/v2\/product"}],"about":[{"href":"https:\/\/www.gabrielle-laroche.com\/fr\/wp-json\/wp\/v2\/types\/product"}],"wp:featuredmedia":[{"embeddable":true,"href":"https:\/\/www.gabrielle-laroche.com\/fr\/wp-json\/wp\/v2\/media\/196"}],"wp:attachment":[{"href":"https:\/\/www.gabrielle-laroche.com\/fr\/wp-json\/wp\/v2\/media?parent=195"}],"wp:term":[{"taxonomy":"product_brand","embeddable":true,"href":"https:\/\/www.gabrielle-laroche.com\/fr\/wp-json\/wp\/v2\/product_brand?post=195"},{"taxonomy":"product_cat","embeddable":true,"href":"https:\/\/www.gabrielle-laroche.com\/fr\/wp-json\/wp\/v2\/product_cat?post=195"},{"taxonomy":"product_tag","embeddable":true,"href":"https:\/\/www.gabrielle-laroche.com\/fr\/wp-json\/wp\/v2\/product_tag?post=195"}],"curies":[{"name":"wp","href":"https:\/\/api.w.org\/{rel}","templated":true}]}}