

{"id":1964,"date":"2021-12-09T15:00:42","date_gmt":"2021-12-09T14:00:42","guid":{"rendered":"http:\/\/mrplwpw.cluster030.hosting.ovh.net\/?post_type=product&#038;p=1964"},"modified":"2026-02-12T15:29:07","modified_gmt":"2026-02-12T14:29:07","slug":"daniel-arnoul-cabinet","status":"publish","type":"product","link":"https:\/\/www.gabrielle-laroche.com\/fr\/product\/daniel-arnoul-cabinet\/","title":{"rendered":"DANIEL ARNOUL &#8211; Cabinet"},"content":{"rendered":"<div class=\"wpb-content-wrapper\"><p>[vc_row][vc_column width=\u00a0\u00bb1\/2&Prime;][vc_column_text]<\/p>\n<p class=\"p1\" style=\"text-align: justify;\"><span class=\"s1\">Sculpteur ou orf\u00e8vre\u00a0?<\/span><\/p>\n<p class=\"p1\" style=\"text-align: justify;\"><span class=\"s1\">Profane ou sacr\u00e9\u00a0?<\/span><\/p>\n<p class=\"p1\" style=\"text-align: justify;\"><span class=\"s1\">D\u2019aujourd\u2019hui ou d\u2019hier\u00a0?<\/span><\/p>\n<p class=\"p1\" style=\"text-align: justify;\"><span class=\"s1\">Daniel Arnoul ne s\u2019inscrit pas dans les courants traditionnels.<\/span><\/p>\n<p class=\"p1\" style=\"text-align: justify;\"><span class=\"s1\">Etre sculpteur n\u2019\u00e9tait pas vraiment sa formation. Apr\u00e8s avoir commenc\u00e9 des \u00e9tudes \u00e0 l\u2019\u00e9cole du Louvre en orf\u00e8vrerie, et mis ses talents au service de la maison Puiforcat, il prit conscience de sa double nature d\u2019artisan et d\u2019artiste-cr\u00e9ateur et compl\u00e9ta sa formation.<\/span><\/p>\n<p class=\"p1\" style=\"text-align: justify;\"><span class=\"s1\">Chez le sculpteur Agam, il trouva la dimension, l\u2019ampleur recherch\u00e9 pour laisser libre cours \u00e0 une imagination fertile et cr\u00e9atrice.<\/span><\/p>\n<p class=\"p1\" style=\"text-align: justify;\"><span class=\"s1\">Depuis son installation \u00e0 Nice en 1980 son travail fut jalonn\u00e9 d\u2019\u0153uvres oniriques et symboliques, m\u00e9di\u00e9vales par leur inspiration et les mati\u00e8res employ\u00e9es\u00a0: m\u00e9taux rares, pierres dures semi-pr\u00e9cieuses, monnaies antiques, perles.<\/span><\/p>\n<p class=\"p1\" style=\"text-align: justify;\"><span class=\"s1\">Ainsi naquirent portraits, boites reliquaires, animaux fantastiques, mains royales, bijoux et cabinets tels que celui pr\u00e9sent\u00e9 ici, objet produit depuis la Renaissance, mais trait\u00e9 dans une ornementation proche de celle des objets sacr\u00e9s m\u00e9di\u00e9vaux.<\/span><\/p>\n<p class=\"p1\" style=\"text-align: justify;\"><span class=\"s1\">Pour cela Daniel Arnoul parcourt le monde, \u00e0 la recherche de mat\u00e9riaux rares (argent, vermeil, cuivre, ivoire) de pierres (agathe, corail, cristal, lapis lazuli, grenat, am\u00e9thystes, jaspes et cornaline), perles, \u00e9b\u00e8ne et bois exotique.<\/span><\/p>\n<p class=\"p1\" style=\"text-align: justify;\"><span class=\"s1\">Le cabinet que nous pr\u00e9sentons ici r\u00e9pond \u00e0 ces crit\u00e8res.<\/span><\/p>\n<p class=\"p1\" style=\"text-align: justify;\"><span class=\"s1\">Sur\u00e9lev\u00e9 au-dessus d\u2019une succession de quatre plate-forme de taille d\u00e9croissante, le cabinet ouvrant de deux c\u00f4t\u00e9s ressemble \u00e0 un tabernacle.<\/span><\/p>\n<p class=\"p1\" style=\"text-align: justify;\"><span class=\"s1\">Le tout est orn\u00e9 de plaques d\u2019argent et de vermeil travaill\u00e9es au repouss\u00e9 maintenues par d\u2019autres en acier et laissant appara\u00eetre des pierres dures polies et serties.<\/span><\/p>\n<p class=\"p1\" style=\"text-align: justify;\"><span class=\"s1\">Quatre tiges somm\u00e9es par une boule de cristal de roche soutiennent ce cabinet pr\u00e9cieux et traversant les quatres plaques reposent au sol, constituant l\u2019armature ma\u00eetresse de cet ensemble.<\/span><\/p>\n<p class=\"p1\" style=\"text-align: justify;\"><span class=\"s1\">Le cabinet proprement dit ouvrant sur ses deux c\u00f4t\u00e9s, par une double ouverture<\/span><\/p>\n<p class=\"p1\" style=\"text-align: justify;\"><span class=\"s1\">La premi\u00e8re, une sorte de hublot d\u00e9couvre l\u2019int\u00e9rieur au travers d\u2019une fen\u00eatre circulaire.<\/span><\/p>\n<p class=\"p1\" style=\"text-align: justify;\"><span class=\"s1\">La deuxi\u00e8me s\u2019abattant et entra\u00eenant le hublot, laisse appara\u00eetre trois tiroirs simulant un d\u00e9cor architectural. Les deux inf\u00e9rieurs coulissent dans un ensemble amovible, actionn\u00e9 lorsque l\u2019on tire le tiroir sup\u00e9rieur, le tout trait\u00e9 en marqueterie de bois exotiques de couleurs vari\u00e9es.<\/span><\/p>\n<p class=\"p1\" style=\"text-align: justify;\"><span class=\"s1\">Chacune des plaques pr\u00e9sente au centre une ouverture circulaire, et m\u00eame les deux tiroirs reposant sur la seconde et la troisi\u00e8me vitre \u00e9galement circulaire. Leur d\u00e9cor m\u00eale le bois clair et les plaques de vermeil repouss\u00e9 parcourues d\u2019un d\u00e9cor de petit galets.<\/span><\/p>\n<p class=\"p1\" style=\"text-align: justify;\"><span class=\"s1\">Une impression de secret et de sacr\u00e9 se d\u00e9gage de cette \u0153uvre ajoutant \u00e0 la beaut\u00e9 du travail et des mat\u00e9riaux, une dimension suppl\u00e9mentaire ind\u00e9finissable.<\/span><\/p>\n<p>[\/vc_column_text][\/vc_column][vc_column width=\u00a0\u00bb1\/2&Prime;][\/vc_column][\/vc_row]<\/p>\n<\/div>","protected":false},"excerpt":{"rendered":"<h4 class=\"p1\"><span class=\"s1\">EXCEPTIONNEL CABINET DE BOIS, M\u00c9TAL ET PIERRES DURES<\/span><\/h4>\n<h4 class=\"p1\"><span class=\"s1\">CR\u00c9ATION CONTEMPORAINE DE L\u2019ORF\u00c8VRE DANIEL ARNOUL<\/span><\/h4>\n<p>&nbsp;<\/p>\n<p class=\"p1\"><span class=\"s1\">ORIGINE\u00a0: FRANCE<\/span><\/p>\n<p class=\"p1\"><span class=\"s1\">PERIODE\u00a0: XXe SI\u00c8CLE, 1995<\/span><\/p>\n<p>&nbsp;<\/p>\n<p class=\"p1\"><span class=\"s1\">Hauteur\u00a0: 75 cm<\/span><\/p>\n<p class=\"p1\"><span class=\"s1\">Largeur\u00a0: 68 cm<\/span><\/p>\n<p class=\"p1\"><span class=\"s1\">Profondeur\u00a0: 63.5 cm<\/span><\/p>\n<p>&nbsp;<\/p>\n<p class=\"p1\"><span class=\"s1\">Pi\u00e8ce unique, sign\u00e9 et dat\u00e9<\/span><\/p>\n<p class=\"p1\"><span class=\"s1\">M\u00e9tal, pierres dures (agathe, cornaline, cristal de roche), bois de placage<\/span><\/p>\n<p>&nbsp;<\/p>\n<p class=\"p1\"><span class=\"s1\">\u00a0<\/span><\/p>\n[dt_button size=\"small\" style=\"default\" animation=\"none\" color_mode=\"default\" icon=\"\" icon_align=\"left\" color=\"\" link=\"mailto:gabrielle-laroche@wanadoo.fr?subject=48_DANIEL ARNOUL - Cabinet\" target_blank=\"true\"]DEMANDE D&rsquo;INFORMATIONS[\/dt_button]\n<p>&nbsp;<\/p>\n<p><a href=\"\/fr\/contemporains\/\">Retour aux contemporains<\/a><\/p>\n","protected":false},"featured_media":3864,"template":"","meta":[],"product_brand":[],"product_cat":[17],"product_tag":[],"class_list":{"0":"post-1964","1":"product","2":"type-product","3":"status-publish","4":"has-post-thumbnail","6":"product_cat-uncategorized","7":"description-off","9":"first","10":"instock","11":"shipping-taxable","12":"product-type-simple"},"aioseo_notices":[],"_links":{"self":[{"href":"https:\/\/www.gabrielle-laroche.com\/fr\/wp-json\/wp\/v2\/product\/1964","targetHints":{"allow":["GET"]}}],"collection":[{"href":"https:\/\/www.gabrielle-laroche.com\/fr\/wp-json\/wp\/v2\/product"}],"about":[{"href":"https:\/\/www.gabrielle-laroche.com\/fr\/wp-json\/wp\/v2\/types\/product"}],"wp:featuredmedia":[{"embeddable":true,"href":"https:\/\/www.gabrielle-laroche.com\/fr\/wp-json\/wp\/v2\/media\/3864"}],"wp:attachment":[{"href":"https:\/\/www.gabrielle-laroche.com\/fr\/wp-json\/wp\/v2\/media?parent=1964"}],"wp:term":[{"taxonomy":"product_brand","embeddable":true,"href":"https:\/\/www.gabrielle-laroche.com\/fr\/wp-json\/wp\/v2\/product_brand?post=1964"},{"taxonomy":"product_cat","embeddable":true,"href":"https:\/\/www.gabrielle-laroche.com\/fr\/wp-json\/wp\/v2\/product_cat?post=1964"},{"taxonomy":"product_tag","embeddable":true,"href":"https:\/\/www.gabrielle-laroche.com\/fr\/wp-json\/wp\/v2\/product_tag?post=1964"}],"curies":[{"name":"wp","href":"https:\/\/api.w.org\/{rel}","templated":true}]}}