

{"id":2173,"date":"2021-04-23T06:00:38","date_gmt":"2021-04-23T04:00:38","guid":{"rendered":"http:\/\/mrplwpw.cluster030.hosting.ovh.net\/?post_type=product&#038;p=2173"},"modified":"2023-02-09T15:06:01","modified_gmt":"2023-02-09T14:06:01","slug":"emile-morlaix-marianne-ou-la-republique","status":"publish","type":"product","link":"https:\/\/www.gabrielle-laroche.com\/fr\/product\/emile-morlaix-marianne-ou-la-republique\/","title":{"rendered":"\u00c9MILE MORLAIX &#8211; Marianne ou la R\u00e9publique"},"content":{"rendered":"<div class=\"wpb-content-wrapper\"><p>[vc_row][vc_column width=\u00a0\u00bb1\/2&Prime;][vc_column_text]<\/p>\n<p style=\"text-align: justify;\">Biographie :<\/p>\n<p style=\"text-align: justify;\">\u00c9mile Morlaix est un sculpteur fran\u00e7ais, n\u00e9 le 19 mars 1909. Il<span class=\"Apple-converted-space\">\u00a0<\/span>est l&rsquo;\u00e9l\u00e8ve d&rsquo;Aim\u00e9-Gustave Blaise \u00e0 l&rsquo;\u00e9cole des beaux-arts de Lille en compagnie de Ren\u00e9 Leleu, G\u00e9rard Choain, Lucien Fenaux et Gaston Watkin. Entr\u00e9 \u00e0 l&rsquo;\u00c9cole des beaux-arts de Paris, il int\u00e8gre les ateliers de Paul Landowski et de Marcel Gaumont. Laur\u00e9at du second grand prix de Rome de 1937 avec Apollon et les Muses, il devient professeur de sculpture \u00e0 l&rsquo;\u00e9cole des beaux-arts de Lille.<\/p>\n<p style=\"text-align: justify;\">Il travaille aussi bien la taille directe que le modelage, ex\u00e9cute des bronzes mais aussi de nombreuses \u0153uvres en c\u00e9ramique ou en gr\u00e8s \u00e9maill\u00e9.<\/p>\n<p style=\"text-align: justify;\">\u00c9mile Morlaix re\u00e7oit des commandes dans le d\u00e9partement du Nord (Lille et Douai) mais ses \u0153uvres sont aussi pr\u00e9sentes dans le reste de la France\u00a0: Monument \u00e0 la R\u00e9sistance \u00e0 Menton, groupe des Trois Gr\u00e2ces \u00e0 Amiens. Le M\u00e9morial aux d\u00e9port\u00e9s de Ravensbr\u00fcck, inaugur\u00e9 au cimeti\u00e8re du P\u00e8re-Lachaise \u00e0 Paris, repr\u00e9sente deux mains li\u00e9es sortant d&rsquo;un bloc de pierre.<\/p>\n<p style=\"text-align: justify;\">Une rue de la ville de Douai porte son nom. Il s\u2019\u00e9teint le 10 juin 1990 \u00e0 Paris<\/p>\n<p>&nbsp;<\/p>\n<p><strong>Oeuvres dans les Collections Publiques :<\/strong><\/p>\n<p>Albain-Saint-Nazaire, Notre-Dame-de-Lorette\u00a0: Table d&rsquo;orientation, 1976.<\/p>\n<p>Amiens\u00a0:<\/p>\n<p>Cimeti\u00e8re de La Madeleine\u00a0: Charles-Gabriel V\u00e9recque, m\u00e9daillon en bronze ornant sa tombe.<\/p>\n<p>Rue du faubourg de Hem\u00a0: Pos\u00e9idon enfant, fontaine, sculpture en pierre.<\/p>\n<p>Trois Gr\u00e2ces, fontaine, sculpture en pierre.<\/p>\n<p>Cit\u00e9 scolaire sud\u00a0: La Femme dans la cr\u00e9ation, 1953, bas-relief.<\/p>\n<p>Armenti\u00e8res, \u00e9glise paroissiale Saint-Roch\u00a0: Ren\u00e9 Doudermy, 1949, buste en bronze<\/p>\n<p>Anzin, mus\u00e9e Th\u00e9ophile-Jouglet\u00a0: Le Grisou, gr\u00e8s.<\/p>\n<p>Aunay-sur-Odon, Le cuisinier , h\u00f4tel de la place, 1949, sculpture en pierre.<\/p>\n<p>Bapaume\u00a0: Monument comm\u00e9moratif \u00e0 Abel Guidet, 1948, bronze.<\/p>\n<p>Bayeux, rue du G\u00e9n\u00e9ral de Dais\u00a0: Statue d&rsquo;Alain Chartier, 1947, sculpture en pierre.<\/p>\n<p>Boulogne-Billancourt.<\/p>\n<p>Boulogne-sur-Mer, place Fr\u00e9d\u00e9ric-Sauvage\u00a0: La Boulonnaise, haut-relief, 1954.<\/p>\n<p>Douai, mus\u00e9e de la Chartreuse\u00a0:<\/p>\n<p>Jeune Fille \u00e0 la toilette, bronze<\/p>\n<p>Vierge \u00e0 l&rsquo;enfant, fa\u00efence.<\/p>\n<p>Biiblioth\u00e8que Marceline Desbordes-Valmore\u00a0: Bas-relief des muses, 1955.<\/p>\n<p>Lyc\u00e9e de gar\u00e7ons\u00a0: d\u00e9corations, avec Robert Bouquillon, Albert Bouquillon, Georges Delplanque et Binet.<\/p>\n<p>Dunkerque (Mardyck)\u00a0: \u00e9glise Saint-Nicolas, Christ en croix et b\u00e9nitier.<\/p>\n<p>Fourmies.<\/p>\n<p>Fretin\u00a0: \u00e9glise Saint-Martin, bas-relief repr\u00e9sentant saint Martin<\/p>\n<p>Grande-Synthe, \u00e9glise Saint-Jacques\u00a0: fronton<\/p>\n<p>Lambersart, \u00e9glise de Notre-Dame de Fatima\u00a0: Vierge et Christ en croix.<\/p>\n<p>Lewarde, centre historique minier\u00a0: Mineur \u00e0 genou.<\/p>\n<p>Lille\u00a0:<\/p>\n<p>Monument \u00e0 Pierre Legrand, bronze.<\/p>\n<p>Jardin Vauban\u00a0: \u00c9douard Lalo, 1968, m\u00e9daillon.<\/p>\n<p>Palais des beaux-arts\u00a0:<\/p>\n<p>Apollon et les Muses, 1937, haut-relief, pl\u00e2tre original\u00a0;<\/p>\n<p>Le g\u00e9nie de la patrie<\/p>\n<p>Apollon, buste en bronze\u00a0;<\/p>\n<p>Buste de femme, pl\u00e2tre original\u00a0;<\/p>\n<p>Wissembourg, maquette du monument aux morts de Wissembourg, pl\u00e2tre original\u00a0;<\/p>\n<p>Trois Baigneuses, groupe en pierre.<\/p>\n<p>Menton, Monument aux morts, 1939-1945<\/p>\n<p>N\u0153ux-les-Mines, Monument aux morts, 1956<\/p>\n<p>Paris\u00a0:<\/p>\n<p>Mus\u00e9e d&rsquo;Art moderne de la ville de Paris.<\/p>\n<p>Cimeti\u00e8re du P\u00e8re-Lachaise\u00a0: M\u00e9morial aux d\u00e9port\u00e9s de Ravensbr\u00fcck.<\/p>\n<p>Petite-Synthe, \u00e9glise Saint-Nicolas\u00a0: Statue de Saint-Nicolas, 1960.<\/p>\n<p>Ronchin\u00a0: \u00e9glise du Christ-Ressuscit\u00e9, b\u00e9nitiers et chandeliers.<\/p>\n<p>Saverne\u00a0: Monument aux morts, 1956<\/p>\n<p>Valenciennes.<\/p>\n<p>Wattrelos, \u00e9cole L\u00e9o-Lagrange, bas-relief.<\/p>\n<p>Wissembourg\u00a0: Monument aux morts, bronze.[\/vc_column_text][\/vc_column][vc_column width=\u00a0\u00bb1\/2&Prime;][\/vc_column][\/vc_row]<\/p>\n<\/div>","protected":false},"excerpt":{"rendered":"<h4>\u00c9MILE MORLAIX (1909-1990)<\/h4>\n<h4><em>Marianne ou la R\u00e9publique<\/em><\/h4>\n<p>&nbsp;<\/p>\n<p class=\"p1\"><span class=\"s1\">Dat\u00e9 de 1977<\/span><\/p>\n<p class=\"p1\"><span class=\"s1\">Terre cuite<b> <\/b>patin\u00e9e<\/span><\/p>\n<p class=\"p1\"><span class=\"s1\">Sign\u00e9e et dat\u00e9e en creux \u00e0 l&rsquo;arri\u00e8re<\/span><\/p>\n<p class=\"p1\"><span class=\"s1\"><b>\u00a0<\/b><\/span><\/p>\n<p class=\"p1\"><span class=\"s1\">Dimensions\u00a0:\u00a035.5<b> <\/b>x 15.5 x 17 cm<\/span><\/p>\n<p class=\"p1\"><span class=\"s1\"><b>\u00a0<\/b><\/span><span class=\"s1\">\u00a0<\/span><\/p>\n<p>&nbsp;<\/p>\n[dt_button size=\"small\" style=\"default\" animation=\"none\" color_mode=\"default\" icon=\"\" icon_align=\"left\" color=\"\" link=\"mailto:gabrielle-laroche@wanadoo.fr?subject=72_\u00c9MILE MORLAIX - Marianne ou la R\u00e9publique\" target_blank=\"true\"]DEMANDE D&rsquo;INFORMATIONS[\/dt_button]\n<p>&nbsp;<\/p>\n<p><a href=\"\/fr\/contemporains\/\">Retour aux contemporains<\/a><\/p>\n","protected":false},"featured_media":2175,"template":"","meta":[],"product_brand":[],"product_cat":[39],"product_tag":[],"class_list":{"0":"post-2173","1":"product","2":"type-product","3":"status-publish","4":"has-post-thumbnail","6":"product_cat-contemporain","7":"description-off","9":"first","10":"instock","11":"shipping-taxable","12":"product-type-simple"},"aioseo_notices":[],"_links":{"self":[{"href":"https:\/\/www.gabrielle-laroche.com\/fr\/wp-json\/wp\/v2\/product\/2173","targetHints":{"allow":["GET"]}}],"collection":[{"href":"https:\/\/www.gabrielle-laroche.com\/fr\/wp-json\/wp\/v2\/product"}],"about":[{"href":"https:\/\/www.gabrielle-laroche.com\/fr\/wp-json\/wp\/v2\/types\/product"}],"wp:featuredmedia":[{"embeddable":true,"href":"https:\/\/www.gabrielle-laroche.com\/fr\/wp-json\/wp\/v2\/media\/2175"}],"wp:attachment":[{"href":"https:\/\/www.gabrielle-laroche.com\/fr\/wp-json\/wp\/v2\/media?parent=2173"}],"wp:term":[{"taxonomy":"product_brand","embeddable":true,"href":"https:\/\/www.gabrielle-laroche.com\/fr\/wp-json\/wp\/v2\/product_brand?post=2173"},{"taxonomy":"product_cat","embeddable":true,"href":"https:\/\/www.gabrielle-laroche.com\/fr\/wp-json\/wp\/v2\/product_cat?post=2173"},{"taxonomy":"product_tag","embeddable":true,"href":"https:\/\/www.gabrielle-laroche.com\/fr\/wp-json\/wp\/v2\/product_tag?post=2173"}],"curies":[{"name":"wp","href":"https:\/\/api.w.org\/{rel}","templated":true}]}}