

{"id":2219,"date":"2021-04-23T11:30:20","date_gmt":"2021-04-23T09:30:20","guid":{"rendered":"http:\/\/mrplwpw.cluster030.hosting.ovh.net\/?post_type=product&#038;p=2219"},"modified":"2024-08-07T10:40:54","modified_gmt":"2024-08-07T08:40:54","slug":"ruhle-rutjer-los-canteras","status":"publish","type":"product","link":"https:\/\/www.gabrielle-laroche.com\/fr\/product\/ruhle-rutjer-los-canteras\/","title":{"rendered":"R\u00dcHLE R\u00dcTJER &#8211; Los Canteras"},"content":{"rendered":"<div class=\"wpb-content-wrapper\"><p>[vc_row][vc_column width=\u00a0\u00bb1\/2&Prime;][vc_column_text]<\/p>\n<p class=\"p1\" style=\"text-align: justify;\"><strong>R\u00dcHLE R\u00dcTJER<\/strong><\/p>\n<p class=\"p1\" style=\"text-align: justify;\"><span class=\"s1\">Peintre expressionniste abstrait, tendance mani\u00e9riste.<\/span><\/p>\n<p class=\"p1\" style=\"text-align: justify;\"><span class=\"s1\">Son exp\u00e9rience andalouse lui a appris \u00e0 rompre avec les techniques et les mat\u00e9riaux traditionnels de la peinture. Il s&rsquo;est alors servi de ses doigts pour \u00e9taler la couleur ou utilise des matrices vari\u00e9es : portes, volets, fragments de bois, plus r\u00e9cemment des plaques de marbre et des troncs d&rsquo;arbres coup\u00e9s en largeur.<\/span><\/p>\n<p class=\"p1\" style=\"text-align: justify;\"><span class=\"s1\">La mati\u00e8re de ses \u0153uvres est griff\u00e9e, brass\u00e9e en tourbillon de couleur, rythm\u00e9s de mouvements contraires d&rsquo;o\u00f9 naissent dans de grands formats, des paysages ou du moins un sentiment de nature.<\/span><\/p>\n<p class=\"p1\" style=\"text-align: justify;\"><span class=\"s1\">Extrait du <em>B\u00e9n\u00e9zit<\/em>, dictionnaire des peintres, sculpteurs, dessinateurs et graveurs, Gr\u00fcnd, 1999<\/span><\/p>\n<p class=\"p1\" style=\"text-align: justify;\"><span class=\"s1\">Le mus\u00e9e d&rsquo;art moderne du Centre Georges Pompidou poss\u00e8de en d\u00e9p\u00f4t une \u0153uvre achet\u00e9e par les amis du mus\u00e9e en 1983 : peinture n\u00b066, 1983, 202 x 259 cm.<\/span><\/p>\n<p class=\"p1\" style=\"text-align: justify;\"><span class=\"s1\">\u00a0<\/span><\/p>\n<p class=\"p1\" style=\"text-align: justify;\"><strong><span class=\"s2\">Biographie<\/span><\/strong><\/p>\n<p class=\"p1\" style=\"text-align: justify;\"><span class=\"s1\">N\u00e9 en 1939 \u00e0 Dantzig en Pologne. Naturalis\u00e9 fran\u00e7ais depuis 1987.<\/span><\/p>\n<p class=\"p1\" style=\"text-align: justify;\"><span class=\"s1\">De 1995 \u00e0 1963, il est l&rsquo;\u00e9l\u00e8ve de Christian Klaiber, lui-m\u00eame \u00e9l\u00e8ve de Matisse et de L\u00e9ger \u00e0 Paris. Il \u00e9tudie parall\u00e8lement l&rsquo;histoire, la philosophie, l&rsquo;histoire de l&rsquo;art \u00e0 l&rsquo;Universit\u00e9 d&rsquo;Erlangen \u2013 Nuremberg.<\/span><\/p>\n<p class=\"p1\" style=\"text-align: justify;\"><span class=\"s1\">Entre 1959 et 196 il fait des copies au mus\u00e9e de Nuremberg des \u0153uvres de Konrad Witz, Rembrandt et D\u00fcrer.<\/span><\/p>\n<p class=\"p1\" style=\"text-align: justify;\"><span class=\"s1\">Voyages en Italie, Scandinavie, Gr\u00e8ce, Angleterre, Autriche, Suisse, Espagne, Hollande et France.<\/span><\/p>\n<p class=\"p1\" style=\"text-align: justify;\"><span class=\"s1\">De 1963 \u00e0 1966, il \u00e9tudie \u00e0 l&rsquo;Acad\u00e9mie des Beaux-Arts de Berlin-Ouest.<\/span><\/p>\n<p class=\"p1\" style=\"text-align: justify;\"><span class=\"s1\">De 1966 \u00e0 1969, il habite dans la baie de Alpujarra en Andalousie.<\/span><\/p>\n<p class=\"p1\" style=\"text-align: justify;\"><span class=\"s1\">Il peint des paysages dont l&rsquo;inspiration lui vient de l&rsquo;\u00e9rosion, des volcans, des d\u00e9serts\u2026<\/span><\/p>\n<p class=\"p1\" style=\"text-align: justify;\"><span class=\"s1\">Dans ses travaux, il joue avec des mat\u00e9riaux divers : terre, sable, paille\u2026<\/span><\/p>\n<p class=\"p1\" style=\"text-align: justify;\"><span class=\"s1\">Depuis 1975, il habite, travaille et peint \u00e0 Paris.<\/span><\/p>\n<p class=\"p1\" style=\"text-align: justify;\"><span class=\"s1\">En 1978, il voyage en Argentine.<\/span><\/p>\n<p class=\"p1\" style=\"text-align: justify;\"><span class=\"s1\">En 1975, il acqui\u00e8re un second atelier \u00e0 Alpujarra en Andalousie.<\/span><\/p>\n<p class=\"p1\" style=\"text-align: justify;\"><span class=\"s1\">En 1984, il se mari avec Amina Nabil, originaire du Maroc de Meknes.<\/span><\/p>\n<p class=\"p1\" style=\"text-align: justify;\"><span class=\"s1\">Il fait de fr\u00e9quent s\u00e9jours dans ce pays.<\/span><\/p>\n<p class=\"p1\" style=\"text-align: justify;\"><span class=\"s1\">En 1992, naissance de son fils Najm-Nathan.<\/span><\/p>\n<p class=\"p1\" style=\"text-align: justify;\"><span class=\"s1\">Depuis 1997, il travaille sur des livres peints en relation avec la po\u00e9sie de Paul Celan et recherche les r\u00e9sonances entre la po\u00e9sie et la peinture.<\/span><\/p>\n<p>&nbsp;<\/p>\n<p><strong>Expositions personnelles :<\/strong><\/p>\n<p>\u2022 Kunstmuseum Liechtenstein, Vaduz<br \/>\n\u2022 Galerie Krings-Ernst, K\u00f6ln<br \/>\n\u2022 Galerie Kicken-Pausebach, K\u00f6ln<br \/>\n\u2022 Galerie AK, Frankfurt (Texte Friedmann Malsch, Kunstforum)<br \/>\n\u2022 Galerie Stadler, Paris, expositions r\u00e9guli\u00e8res (Texte Marcelin Pleynet, Texte France Huser, Nouvel Observateur) \u2022 Galerie de Cluny, Cluny<\/p>\n<p>\u2022 Galerie M\u00e9diane, Paris<br \/>\n\u2022 St\u00e4dische Galerie Erlangen Kulturverein<br \/>\n\u2022 Institut Franco-Americain, Rennes (Pr\u00e9face Jean-Louis Pradel)<br \/>\n\u2022 Centre Culturel Besan\u00e7on<br \/>\n\u2022 Institut Fran\u00e7ais &amp; Maison Heinrich Heine, D\u00fcsseldorf \u00abResonanz\u00bb (Paul Celan) \u2022 Ermita San Anton, Espagne<br \/>\n\u2022 INSEAD, Fontainebleau (Texte Henry Sylvestre)<br \/>\n\u2022 Galerie L, Saint-Etienne<\/p>\n<p>&nbsp;<\/p>\n<p><strong>Expositions collectives:<\/strong><\/p>\n<p>\u2022 \u00ab\u00a0Arte e Storia in Francia\u00a0\u00bb, Palazzo Reale, G\u00eanes<br \/>\n\u2022 \u00ab\u00a0Vingt ans de peinture en France\u00a0\u00bb, Mainz, T\u00fcbingen, Berlin, Luxemburg<br \/>\n\u2022 \u00ab\u00a0Peinture, l&rsquo;autre nouvelle g\u00e9neration\u00a0\u00bb, Grand Palais, Paris<br \/>\n\u2022 \u00ab\u00a0Franck Konst en Ny G\u00e9n\u00e9ration\u00a0\u00bb Stockholm<br \/>\n\u2022 \u00ab\u00a0Le style et le Chaos\u00a0\u00bb, Mus\u00e9e du Luxemburg, Paris<br \/>\n\u2022 \u00ab\u00a0Geschichte als Widerstand\u00a0\u00bb, Bremen, Karlsruhe, D\u00fcsseldorf<br \/>\n\u2022 \u00ab\u00a0FIAC\u00a0\u00bb, Stand Galerie Stadler, Paris<br \/>\n\u2022 \u00ab\u00a0Nouvelles acquisitions\u00a0\u00bb, Mus\u00e9e d&rsquo;Art Moderne Centre Georges Pompidou, Paris<br \/>\n\u2022 \u00ab\u00a0Am\u00e9rique, Allemagne, France\u00a0\u00bb, Galerie Krings-Ernst, K\u00f6ln<br \/>\n\u2022 \u00ab\u00a0L&rsquo;art dans l&rsquo;Usine\u00a0\u00bb, Collection Peter Stuyvesant, Institut N\u00e9erlandais, Paris<br \/>\n\u2022 \u00ab\u00a0Peinture Fran\u00e7aise\u00a0\u00bb, Collection Ludwig, Koblenz, B\u00fcren, Hannover, Budapest<br \/>\n\u2022 Institut Fran\u00e7ais, K\u00f6ln<br \/>\n\u2022 Foire de K\u00f6ln, Galerie AK<br \/>\n\u2022 Foire de B\u00e2le, Galerie Kicken-Pausebach<br \/>\n\u2022 \u00ab\u00a021 artistes allemands\u00a0\u00bb, Mus\u00e9e du Luxemburg, Paris<br \/>\n\u2022 \u00ab\u00a0Une collection pour la Grande Arche\u00a0\u00bb, Paris La D\u00e9fense<br \/>\n\u2022 \u00ab\u00a0Art Frankfurt, Galerie AK<br \/>\n\u2022 \u00ab\u00a0Die Farbe (rot) hat mich\u00a0\u00bb,Karl-Ernst-Osthaus-Museum, Hagen<br \/>\n\u2022 \u00abVeronika and Peter Monauni Collection\u00bb Kunstmuseum Liechtenstein<br \/>\n\u2022 \u00ab\u00a0Nice to See You! 160 Works from the Collection\u00a0\u00bb, Kunstmuseum Liechtenstein, Vaduz \u2022 Mezzanin-Stiftung, Kunstmuseum Liechtenstein, Vaduz<br \/>\n\u2022 Mezzanin\u00ae-Stiftung, Art Bodensee 2015<br \/>\n\u2022 \u00abWunde n\u00bb, Kunstmuseum Appenzell, 2016 &#8211; 2017<br \/>\n\u2022 Die Frick Collektion, Palais Liechtenstein, 2017[\/vc_column_text][\/vc_column][vc_column width=\u00a0\u00bb1\/2&Prime;][\/vc_column][\/vc_row]<\/p>\n<\/div>","protected":false},"excerpt":{"rendered":"<h4>R\u00dcHLE R\u00dcTJER<\/h4>\n<h4><em>Los Canteras<\/em><\/h4>\n<p>&nbsp;<\/p>\n<p class=\"p1\"><span class=\"s1\">1989-1990<\/span><\/p>\n<p class=\"p1\"><span class=\"s1\">Huile sur toile, sable et terre<\/span><\/p>\n<p class=\"p1\"><span class=\"s1\">Annot\u00e9e au dos \u00ab\u00a0Los Canteras\u00a0\u00bb 1989, Vincennes 1990 &#8211;\u00a0N\u00a0: 90\/7<\/span><\/p>\n<p class=\"p1\"><span class=\"s1\">\u00a0<\/span><\/p>\n<p class=\"p1\"><span class=\"s1\">Hauteur\u00a0: 200 cm\u00a0\u00a0\u00a0 \u00a0\u00a0\u00a0<\/span><\/p>\n<p class=\"p1\"><span class=\"s1\">Largeur\u00a0: 328 cm<\/span><\/p>\n<p>&nbsp;<\/p>\n<p class=\"p1\"><span class=\"s1\">Cette \u0153uvre porte le num\u00e9ro 7.<\/span><\/p>\n<p class=\"p1\"><span class=\"s1\">Commenc\u00e9e en Espagne en 1989, elle fut termin\u00e9e dans\u00a0l&rsquo;atelier \u00e0 Vincennes en 1990. Malgr\u00e9 son num\u00e9ro, elle\u00a0n\u2019appartient pas \u00e0 une s\u00e9rie.<\/span><\/p>\n<p class=\"p1\"><span class=\"s1\">Chaque peinture est unique. Celle-ci est li\u00e9e \u00e0 la\u00a0th\u00e9matique cosmique de l\u2019alternance du Jour et de la Nuit\u00a0(voir le catalogue <em>Tag und Nacht<\/em>, Erlangen 1991).<\/span><\/p>\n<p class=\"p1\"><span class=\"s1\">Ce tableau est empreint d\u2019apr\u00e8s R\u00fchle de la lumi\u00e8re du\u00a0sud.<\/span><\/p>\n<p class=\"p1\"><span class=\"s1\">\u00a0<\/span><\/p>\n<p>&nbsp;<\/p>\n[dt_button size=\"small\" style=\"default\" animation=\"none\" color_mode=\"default\" icon=\"\" icon_align=\"left\" color=\"\" link=\"mailto:gabrielle-laroche@wanadoo.fr?subject=79_R\u00dcHLE R\u00dcTJER - Los Canteras\" target_blank=\"true\"]DEMANDE D&rsquo;INFORMATIONS[\/dt_button]\n<p>&nbsp;<\/p>\n<p><a href=\"\/fr\/contemporains\/\">Retour aux contemporains<\/a><\/p>\n","protected":false},"featured_media":2221,"template":"","meta":[],"product_brand":[],"product_cat":[39],"product_tag":[],"class_list":{"0":"post-2219","1":"product","2":"type-product","3":"status-publish","4":"has-post-thumbnail","6":"product_cat-contemporain","7":"description-off","9":"first","10":"instock","11":"shipping-taxable","12":"product-type-simple"},"aioseo_notices":[],"_links":{"self":[{"href":"https:\/\/www.gabrielle-laroche.com\/fr\/wp-json\/wp\/v2\/product\/2219","targetHints":{"allow":["GET"]}}],"collection":[{"href":"https:\/\/www.gabrielle-laroche.com\/fr\/wp-json\/wp\/v2\/product"}],"about":[{"href":"https:\/\/www.gabrielle-laroche.com\/fr\/wp-json\/wp\/v2\/types\/product"}],"wp:featuredmedia":[{"embeddable":true,"href":"https:\/\/www.gabrielle-laroche.com\/fr\/wp-json\/wp\/v2\/media\/2221"}],"wp:attachment":[{"href":"https:\/\/www.gabrielle-laroche.com\/fr\/wp-json\/wp\/v2\/media?parent=2219"}],"wp:term":[{"taxonomy":"product_brand","embeddable":true,"href":"https:\/\/www.gabrielle-laroche.com\/fr\/wp-json\/wp\/v2\/product_brand?post=2219"},{"taxonomy":"product_cat","embeddable":true,"href":"https:\/\/www.gabrielle-laroche.com\/fr\/wp-json\/wp\/v2\/product_cat?post=2219"},{"taxonomy":"product_tag","embeddable":true,"href":"https:\/\/www.gabrielle-laroche.com\/fr\/wp-json\/wp\/v2\/product_tag?post=2219"}],"curies":[{"name":"wp","href":"https:\/\/api.w.org\/{rel}","templated":true}]}}