

{"id":2254,"date":"2021-03-22T20:30:29","date_gmt":"2021-03-22T19:30:29","guid":{"rendered":"http:\/\/mrplwpw.cluster030.hosting.ovh.net\/?post_type=product&#038;p=2254"},"modified":"2024-08-07T10:25:35","modified_gmt":"2024-08-07T08:25:35","slug":"gilbert-de-smet-portes-monumentales","status":"publish","type":"product","link":"https:\/\/www.gabrielle-laroche.com\/fr\/product\/gilbert-de-smet-portes-monumentales\/","title":{"rendered":"GILBERT DE SMET &#8211; Portes Monumentales"},"content":{"rendered":"<div class=\"wpb-content-wrapper\"><p>[vc_row][vc_column width=\u00a0\u00bb1\/2&Prime;][vc_column_text]<\/p>\n<p class=\"p1\" style=\"text-align: justify;\"><span class=\"s1\">Gilbert de Smet est n\u00e9 le 15 mars 1932 \u00e0 Erembodegem en Belgique.<\/span><\/p>\n<p class=\"p1\" style=\"text-align: justify;\"><span class=\"s1\">De 1945 \u00e0 1952, il fait ses \u00e9tudes \u00e0 l\u2019Acad\u00e9mie d\u2019Alost o\u00f9 il a comme professeur le sculpteur G. Van Den Meersche.<\/span><\/p>\n<p style=\"text-align: justify;\"><span class=\"s1\">1955, Prix de la ville de Wachau pour son travail.<\/span><\/p>\n<p>&nbsp;<\/p>\n<p class=\"p1\" style=\"text-align: justify;\"><span class=\"s1\">Il participe \u00e0 plusieurs expositions de groupe\u00a0:<\/span><\/p>\n<p class=\"p1\" style=\"text-align: justify;\"><span class=\"s1\">1966 Centre Culturel de Aalst<\/span><\/p>\n<p class=\"p1\" style=\"text-align: justify;\"><span class=\"s1\">1966 Erembodegem<\/span><\/p>\n<p class=\"p1\" style=\"text-align: justify;\"><span class=\"s1\">1966 Centre Culturel de Affligem<\/span><\/p>\n<p class=\"p1\" style=\"text-align: justify;\"><span class=\"s1\">\u00a0<\/span><\/p>\n<p class=\"p1\" style=\"text-align: justify;\"><span class=\"s1\"><b>Sa technique<\/b><\/span><\/p>\n<p class=\"p1\" style=\"text-align: justify;\"><span class=\"s1\">Il travaille de mani\u00e8re rapide la taille directe. Il r\u00e9alise quelques esquisses puis il attaque son \u0153uvre. Son travail n\u2019est pas acad\u00e9mique. Il s\u2019est \u00e9loign\u00e9 de son carcan. Ses \u0153uvres montrent sa force int\u00e9rieure et t\u00e9moignent d\u2019une grande spontan\u00e9it\u00e9 dans la r\u00e9alisation.<\/span><\/p>\n<p class=\"p1\" style=\"text-align: justify;\"><span class=\"s1\">Sur ses dessins, il d\u00e9finit les \u00e9l\u00e9ments essentiels que l\u2019on retrouvent toujours sur les sculptures.<br \/>\nLes dessins sont de grande qualit\u00e9 comme les sculptures. L\u2019artiste ne travaille pas ses \u0153uvres notamment pour les polir. Elles ont donc un aspect brut.<\/span><\/p>\n<p>&nbsp;<\/p>\n<p class=\"p1\" style=\"text-align: justify;\"><span class=\"s1\"><b>Son style et ses th\u00e8mes<\/b><\/span><\/p>\n<p class=\"p1\" style=\"text-align: justify;\"><span class=\"s1\">Il cherche une ligne expressive par des contours assez lourds.<\/span><\/p>\n<p class=\"p1\" style=\"text-align: justify;\"><span class=\"s1\">Son th\u00e8me\u00a0: l\u2019homme d\u2019une mani\u00e8re g\u00e9n\u00e9rale, l\u2019ouvrier et sa femme m\u00e8re de famille. Donc les gens simples. Dans sa jeunesse, il a travaill\u00e9 dans une usine de fabrication de meubles, c\u2019est pourquoi il se sent si proche du monde ouvrier.<br \/>\nSes personnages sculpt\u00e9s montrent souvent le labeur des ouvriers et donc la force physique. Ses corps sont des formes fortes et puissantes o\u00f9 il n\u2019y a pas de place pour l\u2019intellectualisme.<br \/>\nIl aime sculpter la femme avec des formes rondes et sensuelles. Nue, enceinte ou bien \u00e2g\u00e9e. Il a une grande ma\u00eetrise du m\u00e9tier de sculpteur. Lorsqu\u2019il r\u00e9alise la sculpture d\u2019un couple, il en montre l\u2019attirance \u00e9l\u00e9mentaire mais sans pornographie.<\/span><\/p>\n<p class=\"p1\" style=\"text-align: justify;\"><span class=\"s1\">Gilbert De Smet cherche sans doute \u00e0 nous r\u00e9v\u00e9ler un monde m\u00e9taphysique dont la maternit\u00e9, le couple et la repr\u00e9sentation de l\u2019homme sont les acteurs privil\u00e9gi\u00e9s et principaux.<\/span><\/p>\n<p class=\"p1\" style=\"text-align: justify;\"><em><span class=\"s1\">Extrait des articles de presse de l\u2019exposition au Casino de Blankenberge en 1969<\/span><\/em><\/p>\n<p>[\/vc_column_text][\/vc_column][vc_column width=\u00a0\u00bb1\/2&Prime;][\/vc_column][\/vc_row]<\/p>\n<\/div>","protected":false},"excerpt":{"rendered":"<h4>GILBERT DE SMET<\/h4>\n<h4><em>Portes Monumentales<\/em><\/h4>\n<p>&nbsp;<\/p>\n<p class=\"p1\"><span class=\"s1\">1969<\/span><\/p>\n<p class=\"p1\"><span class=\"s1\">Bois de ch\u00eane sculpt\u00e9 et pi\u00e8ces de m\u00e9tal<\/span><\/p>\n<p class=\"p1\"><span class=\"s1\">\u00a0<\/span><\/p>\n<p class=\"p1\"><span class=\"s1\">Hauteur\u00a0:\u00a0407 cm\u00a0\u00a0\u00a0<\/span><\/p>\n<p class=\"p1\"><span class=\"s1\">Largeur\u00a0: 148 cm<\/span><\/p>\n<p class=\"p1\"><span class=\"s1\">Epaisseur\u00a0: 7 cm<\/span><\/p>\n<p class=\"p1\"><span class=\"s1\"><b>\u00a0<\/b><\/span><\/p>\n<p class=\"p1\"><span class=\"s1\">Ces portes ont \u00e9t\u00e9 expos\u00e9es en 1969 au Casino de Blanckenberge, avec quinze autres sculptures et quarante dessins.<\/span><\/p>\n<p class=\"p1\"><span class=\"s1\">Ses \u0153uvres montrent sa force int\u00e9rieure et t\u00e9moignent d\u2019une grande spontan\u00e9it\u00e9 dans la r\u00e9alisation.<\/span><\/p>\n<p class=\"p1\"><span class=\"s1\">\u00a0<\/span><\/p>\n<p>&nbsp;<\/p>\n[dt_button size=\"small\" style=\"default\" animation=\"none\" color_mode=\"default\" icon=\"\" icon_align=\"left\" color=\"\" link=\"mailto:gabrielle-laroche@wanadoo.fr?subject=82_GILBERT DE SMET - Portes Monumentales\" target_blank=\"true\"]DEMANDE D&rsquo;INFORMATIONS[\/dt_button]\n<p>&nbsp;<\/p>\n<p><a href=\"\/fr\/contemporains\/\">Retour aux contemporains<\/a><\/p>\n","protected":false},"featured_media":2256,"template":"","meta":[],"product_brand":[],"product_cat":[39],"product_tag":[],"class_list":{"0":"post-2254","1":"product","2":"type-product","3":"status-publish","4":"has-post-thumbnail","6":"product_cat-contemporain","7":"description-off","9":"first","10":"instock","11":"shipping-taxable","12":"product-type-simple"},"aioseo_notices":[],"_links":{"self":[{"href":"https:\/\/www.gabrielle-laroche.com\/fr\/wp-json\/wp\/v2\/product\/2254","targetHints":{"allow":["GET"]}}],"collection":[{"href":"https:\/\/www.gabrielle-laroche.com\/fr\/wp-json\/wp\/v2\/product"}],"about":[{"href":"https:\/\/www.gabrielle-laroche.com\/fr\/wp-json\/wp\/v2\/types\/product"}],"wp:featuredmedia":[{"embeddable":true,"href":"https:\/\/www.gabrielle-laroche.com\/fr\/wp-json\/wp\/v2\/media\/2256"}],"wp:attachment":[{"href":"https:\/\/www.gabrielle-laroche.com\/fr\/wp-json\/wp\/v2\/media?parent=2254"}],"wp:term":[{"taxonomy":"product_brand","embeddable":true,"href":"https:\/\/www.gabrielle-laroche.com\/fr\/wp-json\/wp\/v2\/product_brand?post=2254"},{"taxonomy":"product_cat","embeddable":true,"href":"https:\/\/www.gabrielle-laroche.com\/fr\/wp-json\/wp\/v2\/product_cat?post=2254"},{"taxonomy":"product_tag","embeddable":true,"href":"https:\/\/www.gabrielle-laroche.com\/fr\/wp-json\/wp\/v2\/product_tag?post=2254"}],"curies":[{"name":"wp","href":"https:\/\/api.w.org\/{rel}","templated":true}]}}