

{"id":2762,"date":"2021-03-23T05:30:57","date_gmt":"2021-03-23T04:30:57","guid":{"rendered":"http:\/\/mrplwpw.cluster030.hosting.ovh.net\/?post_type=product&#038;p=2762"},"modified":"2024-08-07T10:27:38","modified_gmt":"2024-08-07T08:27:38","slug":"bernard-vie-les-danseurs","status":"publish","type":"product","link":"https:\/\/www.gabrielle-laroche.com\/fr\/product\/bernard-vie-les-danseurs\/","title":{"rendered":"BERNARD VI\u00c9 &#8211; Les Danseurs"},"content":{"rendered":"<div class=\"wpb-content-wrapper\"><p>[vc_row][vc_column width=\u00a0\u00bb1\/2&Prime;][vc_column_text]<\/p>\n<p class=\"p1\" style=\"text-align: justify;\"><span class=\"s1\"><b>Biographie<\/b><\/span><\/p>\n<p class=\"p1\" style=\"text-align: justify;\"><span class=\"s1\">Apr\u00e8s sa formation \u00e0 l\u2019Ecole Nationale des Beaux Arts, Bernard Vi\u00e9 se partage entre les Arts Plastiques et son activit\u00e9 lib\u00e9rale d\u2019architecte de 1973 \u00e0 1988.<\/span><\/p>\n<p class=\"p1\" style=\"text-align: justify;\"><span class=\"s1\">Depuis cette date, il se consacre int\u00e9gralement \u00e0 la sculpture. Son travail se r\u00e9partit entre d\u2019une part la cr\u00e9ation d\u2019\u0153uvres pr\u00e9sent\u00e9es en galeries, et d\u2019autre part les r\u00e9alisations de plus grandes dimensions int\u00e9gr\u00e9es \u00e0 l\u2019espace construit, au paysage.<\/span><\/p>\n<p>&nbsp;<\/p>\n<p class=\"p1\" style=\"text-align: justify;\"><span class=\"s1\"><b>Expositions<\/b><\/span><\/p>\n<p class=\"p1\" style=\"text-align: justify;\"><span class=\"s1\">Nombreuses commandes publiques et priv\u00e9es en ext\u00e9rieur.<\/span><\/p>\n<p class=\"p1\" style=\"text-align: justify;\"><span class=\"s1\">Nombreuses expositions personnelles de 1990 \u00e0 2005 \u00e0 Paris en province, et \u00e0 l\u2019\u00e9tranger.<\/span><\/p>\n<p class=\"p1\" style=\"text-align: justify;\"><span class=\"s1\">MAC 2000, 1990, 1991, 1994<\/span><\/p>\n<p class=\"p1\" style=\"text-align: justify;\"><span class=\"s1\">Galerie Contrast-Fernet Bruxelles 1993, 1995<\/span><\/p>\n<p class=\"p1\" style=\"text-align: justify;\"><span class=\"s1\">Galerie Pieter Bruegel, Amsterdam, 1994<\/span><\/p>\n<p class=\"p1\" style=\"text-align: justify;\"><span class=\"s1\">Schoeni Art Gallery Hong-Kong,2001, 2003<\/span><\/p>\n<p class=\"p1\" style=\"text-align: justify;\"><span class=\"s1\">Parktheater Iserlohn, Allemagne<\/span><\/p>\n<p class=\"p1\" style=\"text-align: justify;\"><span class=\"s1\"><b>\u00a0<\/b><\/span><\/p>\n<p class=\"p1\" style=\"text-align: justify;\"><span class=\"s1\"><b>Bibliographie<\/b><\/span><\/p>\n<p class=\"p1\" style=\"text-align: justify;\"><span class=\"s1\"><em>Le Vif et l\u2019Essentiel<\/em> par Andr\u00e9 Parinaud, 1992<\/span><\/p>\n<p class=\"p1\" style=\"text-align: justify;\"><span class=\"s1\"><em>50 artistes choisissent le bois<\/em> par D.Dalemont. Editions Somoguy, 1998<\/span><\/p>\n<p>[\/vc_column_text][\/vc_column][vc_column width=\u00a0\u00bb1\/2&Prime;][\/vc_column][\/vc_row]<\/p>\n<\/div>","protected":false},"excerpt":{"rendered":"<h4 class=\"p1\">BERNARD VI\u00c9<\/h4>\n<h4 class=\"p1\"><em>Les Danseurs<\/em><\/h4>\n<p>&nbsp;<\/p>\n<p class=\"p1\"><span class=\"s1\">1986<\/span><\/p>\n<p class=\"p1\"><span class=\"s1\">Bronze<\/span><\/p>\n<p class=\"p1\"><span class=\"s1\">Fonte Blanchet-Landowski, EA1<\/span><\/p>\n<p class=\"p1\"><span class=\"s1\"><b>\u00a0<\/b><\/span><\/p>\n<p class=\"p1\"><span class=\"s1\">Hauteur<b>\u00a0<\/b>: 32 cm<\/span><\/p>\n<p>&nbsp;<\/p>\n<p>&nbsp;<\/p>\n[dt_button size=\"small\" style=\"default\" animation=\"none\" color_mode=\"default\" icon=\"\" icon_align=\"left\" color=\"\" link=\"mailto:gabrielle-laroche@wanadoo.fr?subject=160_BERNARD VI\u00c9 - Les Danseurs\" target_blank=\"true\"]DEMANDE D&rsquo;INFORMATIONS[\/dt_button]\n<p>&nbsp;<\/p>\n<p><a href=\"\/fr\/contemporains\/\">Retour aux contemporains<\/a><\/p>\n","protected":false},"featured_media":8190,"template":"","meta":[],"product_brand":[],"product_cat":[39],"product_tag":[],"class_list":{"0":"post-2762","1":"product","2":"type-product","3":"status-publish","4":"has-post-thumbnail","6":"product_cat-contemporain","7":"description-off","9":"first","10":"instock","11":"shipping-taxable","12":"product-type-simple"},"aioseo_notices":[],"_links":{"self":[{"href":"https:\/\/www.gabrielle-laroche.com\/fr\/wp-json\/wp\/v2\/product\/2762","targetHints":{"allow":["GET"]}}],"collection":[{"href":"https:\/\/www.gabrielle-laroche.com\/fr\/wp-json\/wp\/v2\/product"}],"about":[{"href":"https:\/\/www.gabrielle-laroche.com\/fr\/wp-json\/wp\/v2\/types\/product"}],"wp:featuredmedia":[{"embeddable":true,"href":"https:\/\/www.gabrielle-laroche.com\/fr\/wp-json\/wp\/v2\/media\/8190"}],"wp:attachment":[{"href":"https:\/\/www.gabrielle-laroche.com\/fr\/wp-json\/wp\/v2\/media?parent=2762"}],"wp:term":[{"taxonomy":"product_brand","embeddable":true,"href":"https:\/\/www.gabrielle-laroche.com\/fr\/wp-json\/wp\/v2\/product_brand?post=2762"},{"taxonomy":"product_cat","embeddable":true,"href":"https:\/\/www.gabrielle-laroche.com\/fr\/wp-json\/wp\/v2\/product_cat?post=2762"},{"taxonomy":"product_tag","embeddable":true,"href":"https:\/\/www.gabrielle-laroche.com\/fr\/wp-json\/wp\/v2\/product_tag?post=2762"}],"curies":[{"name":"wp","href":"https:\/\/api.w.org\/{rel}","templated":true}]}}