

{"id":3302,"date":"2021-04-23T10:00:46","date_gmt":"2021-04-23T08:00:46","guid":{"rendered":"http:\/\/mrplwpw.cluster030.hosting.ovh.net\/?post_type=product&#038;p=3302"},"modified":"2025-04-01T18:23:28","modified_gmt":"2025-04-01T16:23:28","slug":"france-siptrott-piece-unique","status":"publish","type":"product","link":"https:\/\/www.gabrielle-laroche.com\/fr\/product\/france-siptrott-piece-unique\/","title":{"rendered":"FRANCE SIPTROTT &#8211; Nous ne vieillirons pas ensemble"},"content":{"rendered":"<div class=\"wpb-content-wrapper\"><p>[vc_row][vc_column width=\u00a0\u00bb1\/2&Prime;][vc_column_text]<\/p>\n<p class=\"p1\"><span class=\"s1\"><b>Expositions<\/b>\u00a0 \u00a0 \u00a0 \u00a0 \u00a0 \u00a0 \u00a0 \u00a0 \u00a0\u00a0<\/span><\/p>\n<p class=\"p1\"><span class=\"s1\">Art Basel<\/span><\/p>\n<p class=\"p1\"><span class=\"s1\">FIAC Paris<\/span><\/p>\n<p class=\"p1\"><span class=\"s1\">Lineart Gand<\/span><\/p>\n<p class=\"p1\"><span class=\"s1\">I.G.I. New York<\/span><\/p>\n<p class=\"p1\"><span class=\"s1\">\u0152uvres dans les espaces publics<\/span><\/p>\n<p class=\"p1\"><span class=\"s1\">\u00ab\u00a0Fontaine de Scylla\u00a0\u00bb, palais des Congr\u00e8s, Strasbourg<\/span><\/p>\n<p class=\"p1\"><span class=\"s1\">\u00ab\u00a0Les Hommes de la Cit\u00e9\u00a0\u00bb,\u00a0\u0153uvre \u00e0 l&rsquo;Esplanade de la D\u00e9fense, Paris<\/span><\/p>\n<p class=\"p1\"><span class=\"s1\">\u00ab\u00a0Saint Corbinien\u00a0\u00bb,\u00a0Saint tut\u00e9laire de la \u00a0cath\u00e9drale d&rsquo;Evry<\/span><\/p>\n<p class=\"p1\"><span class=\"s1\">\u00ab\u00a0Les trois gr\u00e2ces\u00a0\u00bb, Ambassade de France \u00e0 Konakry<\/span><\/p>\n<p class=\"p1\"><span class=\"s1\">\u00ab\u00a0Mignonne allons voir\u00a0\u00bb, Aire d&rsquo;autoroute A4<\/span><\/p>\n<p class=\"p1\"><span class=\"s1\">\u00ab\u00a0Les g\u00e9nies du m\u00e9tropolitain\u00a0\u00bb, Station R.A.T.P. Esplanade de la D\u00e9fense<\/span><\/p>\n<p>&nbsp;<\/p>\n<p class=\"p1\"><span class=\"s1\"><b>Bibliographie<\/b><\/span><\/p>\n<p class=\"p1\"><span class=\"s1\">France et Hugues Siptrott, <em>Sarajevo mon amour,<\/em> 1995-96, SIPTROTT&rsquo;S<\/span><\/p>\n<p class=\"p1\"><span class=\"s1\"><em>Peintures-sculptures-Installations<\/em>, Production de l&rsquo;association Vinci\u00a0\u00a0\u00a0\u00a0\u00a0\u00a0\u00a0<\/span><\/p>\n<p>[\/vc_column_text][\/vc_column][vc_column width=\u00a0\u00bb1\/2&Prime;][\/vc_column][\/vc_row]<\/p>\n<\/div>","protected":false},"excerpt":{"rendered":"<h4 class=\"p1\"><span class=\"s1\">FRANCE SIPTROTT<\/span><\/h4>\n<p class=\"p1\"><span class=\"s1\"> (N\u00e9e en 1950)<\/span><\/p>\n<p>&nbsp;<\/p>\n<h4 class=\"p1\"><em><span class=\"s1\">Pi\u00e8ce unique de la s\u00e9rie \u00ab\u00a0Nous ne vieillirons pas ensemble\u00a0\u00bb<\/span><\/em><\/h4>\n<p>&nbsp;<\/p>\n<p class=\"p1\"><span class=\"s1\">1981-1982<\/span><\/p>\n<p class=\"p1\"><span class=\"s1\">C\u00e9ramique\u00a0\u00a0<\/span><\/p>\n<p class=\"p1\"><span class=\"s1\">\u00a0 \u00a0 \u00a0 \u00a0 \u00a0 \u00a0 \u00a0 \u00a0\u00a0<\/span><\/p>\n<p class=\"p1\"><span class=\"s1\">Hauteur\u00a0: 77 cm<\/span><\/p>\n<p class=\"p1\"><span class=\"s1\">Largeur\u00a0: 49 cm<\/span><\/p>\n<p class=\"p1\"><span class=\"s1\">Profondeur\u00a0: 60 cm<\/span><\/p>\n<p>&nbsp;<\/p>\n<p>&nbsp;<\/p>\n[dt_button size=\"small\" style=\"default\" animation=\"none\" color_mode=\"default\" icon=\"\" icon_align=\"left\" color=\"\" link=\"mailto:gabrielle-laroche@wanadoo.fr?subject=232_FRANCE SIPTROTT\" target_blank=\"true\"]DEMANDE D&rsquo;INFORMATIONS[\/dt_button]\n<p>&nbsp;<\/p>\n<p><a href=\"\/fr\/contemporains\/\">Retour aux contemporains<\/a><\/p>\n","protected":false},"featured_media":3304,"template":"","meta":[],"product_brand":[],"product_cat":[39],"product_tag":[],"class_list":{"0":"post-3302","1":"product","2":"type-product","3":"status-publish","4":"has-post-thumbnail","6":"product_cat-contemporain","7":"description-off","9":"first","10":"instock","11":"shipping-taxable","12":"product-type-simple"},"aioseo_notices":[],"_links":{"self":[{"href":"https:\/\/www.gabrielle-laroche.com\/fr\/wp-json\/wp\/v2\/product\/3302","targetHints":{"allow":["GET"]}}],"collection":[{"href":"https:\/\/www.gabrielle-laroche.com\/fr\/wp-json\/wp\/v2\/product"}],"about":[{"href":"https:\/\/www.gabrielle-laroche.com\/fr\/wp-json\/wp\/v2\/types\/product"}],"wp:featuredmedia":[{"embeddable":true,"href":"https:\/\/www.gabrielle-laroche.com\/fr\/wp-json\/wp\/v2\/media\/3304"}],"wp:attachment":[{"href":"https:\/\/www.gabrielle-laroche.com\/fr\/wp-json\/wp\/v2\/media?parent=3302"}],"wp:term":[{"taxonomy":"product_brand","embeddable":true,"href":"https:\/\/www.gabrielle-laroche.com\/fr\/wp-json\/wp\/v2\/product_brand?post=3302"},{"taxonomy":"product_cat","embeddable":true,"href":"https:\/\/www.gabrielle-laroche.com\/fr\/wp-json\/wp\/v2\/product_cat?post=3302"},{"taxonomy":"product_tag","embeddable":true,"href":"https:\/\/www.gabrielle-laroche.com\/fr\/wp-json\/wp\/v2\/product_tag?post=3302"}],"curies":[{"name":"wp","href":"https:\/\/api.w.org\/{rel}","templated":true}]}}