

{"id":3341,"date":"2021-03-23T10:30:40","date_gmt":"2021-03-23T09:30:40","guid":{"rendered":"http:\/\/mrplwpw.cluster030.hosting.ovh.net\/?post_type=product&#038;p=3341"},"modified":"2025-12-12T16:34:53","modified_gmt":"2025-12-12T15:34:53","slug":"edouard-solorzano-pieta","status":"publish","type":"product","link":"https:\/\/www.gabrielle-laroche.com\/fr\/product\/edouard-solorzano-pieta\/","title":{"rendered":"EDOUARD SOLORZANO &#8211; Pi\u00e9ta"},"content":{"rendered":"<p style=\"font-weight: 400; text-align: justify;\">\u00ab JE PARS DE LA REALITE HUMAINE et n\u2019en retiens que quelques \u00e9l\u00e9ments. \u00bb<\/p>\n<p style=\"font-weight: 400; text-align: justify;\">Edouard SOLORZANO, homme discret et effac\u00e9, synth\u00e9tise en quelques mots la qu\u00eate et la d\u00e9marche qui guident sa vie d\u2019artiste depuis pr\u00e8s de 40 ans. En modelant la terre ou en dessinant, le sculpteur travaille et recherche l\u2019\u00e9motion esth\u00e9tique, essentiellement dans la repr\u00e9sentation de la figure humaine, v\u00e9ritable sujet de pr\u00e9dilection de son inspiration.<\/p>\n<p style=\"font-weight: 400; text-align: justify;\">Ses pi\u00e8ces coul\u00e9es en bronze, model\u00e9es en gr\u00e9s ou pli\u00e9es en m\u00e9tal, se mettent au service d\u2019un r\u00e9pertoire souvent acad\u00e9mique (le couple, la maternit\u00e9 ou le nu\u2026). Elles laissent pr\u00e9sager, comme le sugg\u00e9rait Pierre Espil \u00e0 son propos, \u00ab l\u2019harmonieuse douceur de Maillol proche de l\u2019abstrait\u00a0\u00bb. Pour se d\u00e9tacher du classicisme, Solorzano sait aussi puiser dans la sculpture archa\u00efque ou primitive les formes intemporelles et \u00e9pur\u00e9es qui donnent \u00e0 ses \u0153uvres une personnalit\u00e9 et une grande vitalit\u00e9, par l\u2019\u00e9quilibre et l\u2019harmonie des volumes. Jouant avec le model\u00e9 des reliefs, avec les pleins et les vides, le sculpteur r\u00e9interpr\u00e8te la figuration comme le firent avant lui Henry Moore ou Alexander Archipenko.<\/p>\n<p style=\"font-weight: 400; text-align: justify;\">Dans chaque cr\u00e9ation, forme et contenu co\u00efncident avec coh\u00e9rence, se d\u00e9couvrent sous diff\u00e9rents angles et traduisent ainsi tr\u00e8s justement l\u2019int\u00e9riorit\u00e9 de l\u2019ext\u00e9riorit\u00e9. Inquiet et soucieux, l\u2019artiste travaille et livre une figuration d\u00e9pouill\u00e9e, d\u2019une dense expressivit\u00e9 ou, selon ses propres mots, \u00ab\u00a0il transpose le r\u00e9el pour faire ressurgir la vie\u00a0\u00bb.<\/p>\n<p>&nbsp;<\/p>\n<p style=\"font-weight: 400;\"><strong>Biographie\u00a0: <\/strong><\/p>\n<p style=\"font-weight: 400; text-align: justify;\">\u00c9douard Solorzano\u00a0est un sculpteur basque fran\u00e7ais, n\u00e9 le 22 f\u00e9vrier 1937 \u00e0 Saint Jean de Luz. Il est l&rsquo;un des repr\u00e9sentants contemporains de \u00ab\u00a0l&rsquo;\u00e9cole basque\u00a0\u00bb. \u00c9douard Solorzano nait \u00e0 Saint-Jean-de-Luz dans une vieille famille de commer\u00e7ants luziens.<\/p>\n<p style=\"font-weight: 400; text-align: justify;\">\u00c0 17 ans il joue de la guitare au sein de la formation\u00a0Estudiantina, orchestre de plectres qui accompagne la danseuse de flamenco Elvira Vi\u00f1es Soto. Le fr\u00e8re d&rsquo;Elvira, Hernando Vi\u00f1es, ami de Pablo Picasso,qui vit \u00e0 Paris, lui fait rencontrer Ramiro Arrue avec qui il se lie d&rsquo;amiti\u00e9. Ce dernier le d\u00e9cide \u00e0 pers\u00e9v\u00e9rer dans la voie artistique, et \u00e0 se rendre \u00e0 Paris. D\u00e8s son installation \u00e0 Saint-P\u00e9e, il produit des c\u00e9ramiques pour lesquelles il effectue des recherches sur les \u00e9maux. Dans le m\u00eame temps, il r\u00e9alise des figurines model\u00e9es dans l&rsquo;argile, parfois \u00e0 partir d\u2019esquisses dessin\u00e9es, parfois en manipulant directement la mati\u00e8re suivant son inspiration. Les th\u00e8mes de la f\u00e9minit\u00e9 ou de la f\u00e9condit\u00e9 s&rsquo;y retrouvent. Montr\u00e9es au sculpteur castillan Baltazar Lobo, celui-ci l&rsquo;encourage vivement, l&rsquo;inscivant dans une filiation ancestrale. Pour sa statuaire, il met au point un \u00e9mail sobre sp\u00e9cifique, une patine bronze satin\u00e9e qui colore tr\u00e8s peu et met en valeur les nuances formelles. Certaines \u0153uvres en terre sont agrandies puis confi\u00e9es \u00e0 un fondeur pour \u00eatre coul\u00e9es en bronze.<\/p>\n<p style=\"font-weight: 400; text-align: justify;\">\u00ab\u00a0<em>Je pars de la r\u00e9alit\u00e9 humaine et n\u2019en retiens que quelques \u00e9l\u00e9ments que j\u2019organise en volumes. J\u2019alterne pleins, vides, rythmes et lignes qui s\u2019imbriquent pour donner une unit\u00e9, une harmonie. Ce que je recherche c\u2019est l\u2019\u00e9motion d\u2019ordre esth\u00e9tique, moins par l\u2019abondance que par le d\u00e9pouillement et l\u2019ellipse. Toute \u0153uvre doit d\u00e9clencher une \u00e9motion, pouvant m\u00eame aller jusqu\u2019au choc ou le refus<\/em>\u00a0\u00bb.<\/p>\n<p style=\"font-weight: 400; text-align: justify;\">Des recherches formelles plus r\u00e9centes le conduisent \u00e0 travailler de nouveaux mat\u00e9riaux\u00a0: la t\u00f4le de cuivre, d\u2019inox ou d\u2019aluminium donnent une troisi\u00e8me dimension a des formes abstraites ou figuratives. Il cr\u00e9e ainsi un buste de Maurice Ravel acquis par la ville de Saint-Jean-de-Luz en 2007, un couple de danseurs acquis par la ville de Saint-P\u00e9e-sur-Nivelle en 2012. La t\u00f4le constitue parfois un \u00e9l\u00e9ment associ\u00e9 a d&rsquo;autres, comme pour le Christ en Croix que l&rsquo;on peut voir en l&rsquo;\u00c9glise Saint Sernin de Brassempouy.<\/p>\n<p style=\"font-weight: 400; text-align: justify;\">Compl\u00e9mentairement a la sculpture, il grave sur linoleum des estampes, simples et depouill\u00e9es, trait\u00e9es a grands \u00e0-plats noirs sur fond blanc.<\/p>\n<p style=\"font-weight: 400; text-align: justify;\">Depuis l&rsquo;enfance, Edouard Solorzano a pratiqu\u00e9 spontan\u00e9ment le dessin, la guitare ou la po\u00e9sie. Lui-m\u00eame n&rsquo;y accorde pas grande importance mais ce n&rsquo;est pas qu&rsquo;anecdotique puisque des recueils de po\u00e8mes ont \u00e9t\u00e9 compil\u00e9s, \u00e0 ce jour non \u00e9dit\u00e9s.<\/p>\n<p style=\"font-weight: 400; text-align: justify;\">De son travail de peintre datant des ann\u00e9es 60-70, il reste peu de tableaux, beaucoup ayant \u00e9t\u00e9 d\u00e9truits par lui-m\u00eame. Certains ont \u00e9t\u00e9 expos\u00e9s \u00e0 la Villa\u00a0Ducontenia\u00a0\u00e0 Saint-Jean-de-Luz.<\/p>\n<p>&nbsp;<\/p>\n<p style=\"font-weight: 400;\"><strong>Expositions\u00a0:<\/strong><\/p>\n<p style=\"font-weight: 400;\">1991: Galerie Espace Lorient &#8211; LORIENT<\/p>\n<p style=\"font-weight: 400;\">Galerie des Quatre Coins &#8211; SAINT-PAUL-DE-VENCE<\/p>\n<p style=\"font-weight: 400;\">1992: Mus\u00e9e de Guethary &#8211; GUETHARY<\/p>\n<p style=\"font-weight: 400;\">Galerie Art Comparaison &#8211; NANTES<\/p>\n<p style=\"font-weight: 400;\">Galerie Vendome &#8211; PARIS Galerie M\u00e9ridienne &#8211; VANNES<\/p>\n<p style=\"font-weight: 400;\">1993: Galerie Velez-Guimont &#8211; SAINT-JEAN-DE-LUZ<\/p>\n<p style=\"font-weight: 400;\">H\u00f4tel Lutecia &#8211; PARIS<\/p>\n<p style=\"font-weight: 400;\">Galerie H\u00f4tel d&rsquo;Anjou &#8211; ANGERS<\/p>\n<p style=\"font-weight: 400;\">1994: Maison du Tourisme &#8211; PAUILLAC<\/p>\n<p style=\"font-weight: 400;\">Galerie H\u00f4tel d&rsquo;Anjou \u2013 ANGERS<\/p>\n<p style=\"font-weight: 400;\">Galerie Art Comparaison &#8211; NANTES<\/p>\n<p style=\"font-weight: 400;\">1996: Galerie Imagine &#8211; BORDEAUX<\/p>\n<p style=\"font-weight: 400;\">1998: Grand Th\u00e9\u00e2tre &#8211; ANGERS<\/p>\n<p style=\"font-weight: 400;\">2000: H\u00f4tel de Ville &#8211; SAINT-JEAN-DE-LUZ<\/p>\n<p style=\"font-weight: 400;\">inauguration d&rsquo;un Pilotari en bronze au Mus\u00e9e de la Pelote<\/p>\n<p style=\"font-weight: 400;\">Basque de Saint-P\u00e9e-sur-Nivelle<\/p>\n<p style=\"font-weight: 400;\">2003: Galerie Art Comparaison &#8211; PARIS<\/p>\n<p style=\"font-weight: 400;\">2010: Villa Ducontenia &#8211; SAINT-JEAN-DE-LUZ<\/p>\n<p style=\"font-weight: 400;\">Rotonde \u2013 SAINT-JEAN-DE-LUZ<\/p>\n<p style=\"font-weight: 400;\">Exposition personnelle \u00ab\u00a0\u00c2mes de m\u00e9tal\u00a0\u00bb<\/p>\n<p style=\"font-weight: 400;\">2011: Crypte Sainte Eug\u00e9nie &#8211; BIARRITZ<\/p>\n<p style=\"font-weight: 400;\">2012: Cloitre &#8211; SARE<\/p>\n<p style=\"font-weight: 400;\">Cloitre &#8211; URDAX Urdazubi<\/p>\n<p style=\"font-weight: 400;\">2013: \u00c9glise Saint Sernin &#8211; Brassempouy<\/p>\n<p style=\"font-weight: 400;\">Exposition personnelle et inauguration d&rsquo;un Christ en Croix dans l&rsquo;\u00e9glise.<\/p>\n<p style=\"font-weight: 400;\">Exposition permanente a Ch\u00e2teau de Saint-P\u00e9e-Sur-Nivelle<\/p>\n<p>&nbsp;<\/p>\n<p style=\"font-weight: 400;\"><strong>Oeuvres publiques\u00a0:<\/strong><\/p>\n<p style=\"font-weight: 400;\">Mus\u00e9e de la Pelote Basque de Saint-P\u00e9e -Sur-Nivelle: Pilotari (bronze)<\/p>\n<p style=\"font-weight: 400;\">Mairie de Saint-P\u00e9e-Sur-Nivelle: Couple de Danseurs Basques (tole peinte)<\/p>\n<p style=\"font-weight: 400;\">Square Laminak de Saint-P\u00e9e-Sur-Nivelle: La Famille (bronze)<\/p>\n<p style=\"font-weight: 400;\">Place de l&rsquo;\u00e9glise de Saint-P\u00e9e-Sur-Nivelle: Homage \u00e0 Gratien Adema (bronze)<\/p>\n<p style=\"font-weight: 400;\">Promenade du front de mer de Saint-Jean-De-Luz: Ama Luz (Bronze)<\/p>\n<p style=\"font-weight: 400;\">Mairie de Saint Jean de Luz: Hommage \u00e0 Maurice Ravel (tole)<\/p>\n<p style=\"font-weight: 400;\">Parc Ducontenia Saint Jean de Luz: Couple (Bronze)<\/p>\n<p style=\"font-weight: 400;\">Couple by Solorzano<\/p>\n<p style=\"font-weight: 400;\">Jardins de la Mairie de Saint Jean de Luz: Pilotari (Bronze)<\/p>\n<p style=\"font-weight: 400;\">\u00c9glise Saint-Sernin de Brassempouy: Christ en Coix (technique mixte)<\/p>\n<p style=\"font-weight: 400;\">Christ en croix by solorzano<\/p>\n<p style=\"font-weight: 400;\">Banque Inchauspe, si\u00e8ge social: Maternit\u00e9 (bronze)<\/p>\n<p>&nbsp;<\/p>\n<p style=\"font-weight: 400;\"><strong>Bibliographie\u00a0:<\/strong><\/p>\n<p style=\"font-weight: 400;\">Jean Francois Larralde,\u00a0<em>Solorzano. \u00c2mes de m\u00e9tal<\/em>, \u00c9dition Gaztelua, 2013<\/p>\n<p style=\"font-weight: 400;\">Michel de Jaureguiberry, Patxi Lascarray, Gaizka Iroz, Marc Etcheverry,\u00a0<em>Euskal Zizelkariak. Sculpteurs basques<\/em>, \u00c9ditions Arteaz, 2011<\/p>\n<p style=\"font-weight: 400;\">Gilbert Desport,\u00a0<em>R\u00e9pertoire des peintres et sculpteurs du Pays basque<\/em>, \u00c9ditions Atlantica, 2005<\/p>\n","protected":false},"excerpt":{"rendered":"<h4 class=\"p1\">EDOUARD SOLORZANO<\/h4>\n<h4 class=\"p1\"><em>Pi\u00e9ta<\/em><\/h4>\n<p>&nbsp;<\/p>\n<p class=\"p1\"><span class=\"s1\">Bronze patine brune<\/span><\/p>\n<p class=\"p1\"><span class=\"s1\">Fonte 6\/8<\/span><\/p>\n<p class=\"p1\"><span class=\"s1\">\u00a0<\/span><\/p>\n<p class=\"p1\"><span class=\"s1\">Hauteur\u00a0: 27 cm<\/span><\/p>\n<p class=\"p1\"><span class=\"s1\">Longueur\u00a0: 28 cm<\/span><\/p>\n<p class=\"p1\"><span class=\"s1\">Profondeur\u00a0: 13.8 cm<\/span><\/p>\n<p>&nbsp;<\/p>\n<p class=\"p1\"><span class=\"s1\">Bibliographie\u00a0:\u00a0Mod\u00e8le reproduit page 43 du catalogue Solorzano\u00a0:\u00a0<em>\u00c2mes de M\u00e9tal<\/em>, \u00e9ditions Gazteluna, 2011<\/span><\/p>\n<p>&nbsp;<\/p>\n<p>&nbsp;<\/p>\n[dt_button size=\"small\" style=\"default\" animation=\"none\" color_mode=\"default\" icon=\"\" icon_align=\"left\" color=\"\" link=\"mailto:gabrielle-laroche@wanadoo.fr?subject=235_EDOUARD SOLORZANO - Pi\u00e9ta\" target_blank=\"true\"]DEMANDE D&rsquo;INFORMATIONS[\/dt_button]\n<p>&nbsp;<\/p>\n<p><a href=\"\/fr\/contemporains\/\">Retour aux contemporains<\/a><\/p>\n","protected":false},"featured_media":8266,"template":"","meta":[],"product_brand":[],"product_cat":[17],"product_tag":[],"class_list":{"0":"post-3341","1":"product","2":"type-product","3":"status-publish","4":"has-post-thumbnail","6":"product_cat-uncategorized","7":"description-off","9":"first","10":"instock","11":"shipping-taxable","12":"product-type-simple"},"aioseo_notices":[],"_links":{"self":[{"href":"https:\/\/www.gabrielle-laroche.com\/fr\/wp-json\/wp\/v2\/product\/3341","targetHints":{"allow":["GET"]}}],"collection":[{"href":"https:\/\/www.gabrielle-laroche.com\/fr\/wp-json\/wp\/v2\/product"}],"about":[{"href":"https:\/\/www.gabrielle-laroche.com\/fr\/wp-json\/wp\/v2\/types\/product"}],"wp:featuredmedia":[{"embeddable":true,"href":"https:\/\/www.gabrielle-laroche.com\/fr\/wp-json\/wp\/v2\/media\/8266"}],"wp:attachment":[{"href":"https:\/\/www.gabrielle-laroche.com\/fr\/wp-json\/wp\/v2\/media?parent=3341"}],"wp:term":[{"taxonomy":"product_brand","embeddable":true,"href":"https:\/\/www.gabrielle-laroche.com\/fr\/wp-json\/wp\/v2\/product_brand?post=3341"},{"taxonomy":"product_cat","embeddable":true,"href":"https:\/\/www.gabrielle-laroche.com\/fr\/wp-json\/wp\/v2\/product_cat?post=3341"},{"taxonomy":"product_tag","embeddable":true,"href":"https:\/\/www.gabrielle-laroche.com\/fr\/wp-json\/wp\/v2\/product_tag?post=3341"}],"curies":[{"name":"wp","href":"https:\/\/api.w.org\/{rel}","templated":true}]}}