

{"id":564,"date":"2021-03-31T16:00:16","date_gmt":"2021-03-31T14:00:16","guid":{"rendered":"http:\/\/mrplwpw.cluster030.hosting.ovh.net\/?post_type=product&#038;p=564"},"modified":"2025-03-21T13:02:36","modified_gmt":"2025-03-21T12:02:36","slug":"rare-lionne-assise-support-de-colonne-de-porche-ou-de-baptistere-depoque-romane","status":"publish","type":"product","link":"https:\/\/www.gabrielle-laroche.com\/fr\/product\/rare-lionne-assise-support-de-colonne-de-porche-ou-de-baptistere-depoque-romane\/","title":{"rendered":"RARE LIONNE ASSISE D&rsquo;\u00c9POQUE ROMANE"},"content":{"rendered":"<div class=\"wpb-content-wrapper\"><p>[vc_row][vc_column width=\u00a0\u00bb1\/2&Prime;][vc_column_text]<\/p>\n<p class=\"p1\" style=\"text-align: justify;\"><span class=\"s1\">Gardien de la maison de Dieu, symbole de la force et de la justice, les lions stylophores furent \u00e9labor\u00e9s en Italie du Nord au d\u00e9but du XII\u00e8me si\u00e8cle. Ce motif propre \u00e0 l&rsquo;architecture religieuse connut une extraordinaire diffusion aussi bien dans l&rsquo;espace que dans le temps.<\/span><\/p>\n<p class=\"p1\" style=\"text-align: justify;\"><span class=\"s1\">Le terme de stylophore tir\u00e9 du grec et signifiant porte-pilier vient de l&rsquo;\u00e9trange union de l&rsquo;animal et de la colonne sur laquelle retombent les vo\u00fbtes des porches.<\/span><\/p>\n<p class=\"p1\" style=\"text-align: justify;\"><span class=\"s1\">On sait que les peuples du Moyen Orient, Sum\u00e9riens, Hittites, Assyriens et aussi Egyptiens et Grecs leurs avaient confi\u00e9 la garde de leurs sanctuaires.<\/span><\/p>\n<p class=\"p1\" style=\"text-align: justify;\"><span class=\"s1\">Si le lion a ensuite envahi les \u00e9glises, ornant non seulement les fa\u00e7ades mais soutenant \u00e0 l&rsquo;int\u00e9rieur du monument, la cuve baptismale, la table d&rsquo;autel, le si\u00e8ge \u00e9piscopal ou l&rsquo;ambon, c&rsquo;est qu&rsquo;il fut consid\u00e9r\u00e9 comme un symbole de force, mais aussi de justice. Des textes anciens nous apprennent que l&rsquo;\u00e9v\u00eaque venait rendre la justice \u00a0\u00bb inter leones \u00a0\u00bb c&rsquo;est \u00e0 dire, si\u00e9geant entre les lions du porche.<\/span><\/p>\n<p class=\"p1\" style=\"text-align: justify;\"><span class=\"s1\">On conna\u00eet l\u2019importance du portail dans l\u2019art roman. Les d\u00e9fenseurs du portail sont sp\u00e9cifiques \u00e0 l\u2019art roman soit sous l\u2019aspect de lions lombards porteurs de colonnes soit sous de multiples aspects sur le tympan.<\/span><\/p>\n<p class=\"p1\" style=\"text-align: justify;\"><span class=\"s1\">C\u2019est l\u2019id\u00e9e de d\u00e9fense qui para\u00eet ici dominer, d\u00e9fense pris dans un sens de protection plut\u00f4t que comme interdiction.<\/span><\/p>\n<p class=\"p1\" style=\"text-align: justify;\"><span class=\"s1\">Dans l\u2019art roman les lions \u201cd\u00e9fenseurs\u201d peuvent se justifier par la provenance tr\u00e8s m\u00e9lang\u00e9e et parfois peu recommandable des p\u00e8lerins auxquels se m\u00ealent des brigands.<\/span><\/p>\n<p class=\"p1\" style=\"text-align: justify;\"><span class=\"s1\">Si les atlantes porteurs de l\u2019Eglise symbolisent la Sagesse et le Savoir, les lions en sont l\u2019\u00e9l\u00e9ment d\u00e9fenseur et protecteur. H\u00e9ritiers d\u2019une longue tradition m\u00e9sopotamienne et \u00e9gyptienne, ces deux symboles n\u2019ont plus la m\u00eame signification, il invitent \u00e0 entrer dans l\u2019\u00e9glise avec respect.<\/span><\/p>\n<p>&nbsp;<\/p>\n<p class=\"p1\" style=\"text-align: justify;\"><span class=\"s1\">DESCRIPTION<\/span><\/p>\n<p class=\"p1\" style=\"text-align: justify;\"><span class=\"s1\">La lionne stylophore en marbre rouge dit \u201cmarbre de Verone\u201d ici repr\u00e9sent\u00e9e, est assise sur ses pattes arri\u00e8res, et allaite deux lionceaux.\u00a0<\/span><\/p>\n<p class=\"p1\" style=\"text-align: justify;\"><span class=\"s1\">Sa crini\u00e8re se d\u00e9ploie, bien ordonn\u00e9e, tout autour de la t\u00eate, \u00e0 la mani\u00e8re des rayons solaires. La gueule est entrouverte laissant appara\u00eetre deux crocs.\u00a0<\/span><\/p>\n<p class=\"p1\" style=\"text-align: justify;\"><span class=\"s1\">Les deux petits sont repr\u00e9sent\u00e9s la t\u00eate dissimul\u00e9e sous la m\u00e8re, visible de c\u00f4t\u00e9. L\u2019un est assis sur sa queue qui revient sur son dos, sur l\u2019autre la queue s\u2019\u00e9tale au niveau de la nuque.<\/span><\/p>\n<p class=\"p1\" style=\"text-align: justify;\"><span class=\"s1\">La queue de la m\u00e8re maintenue sous la patte arri\u00e8re droite, d\u00e9crit une belle arabesque \u00e0 l\u2019arri\u00e8re.<\/span><\/p>\n<p class=\"p1\" style=\"text-align: justify;\"><span class=\"s1\">La lionne porte sur son dos le soubassement de colonne, sculpt\u00e9 dans la m\u00eame pi\u00e8ce de marbre,\u00a0 perc\u00e9e en son centre de trois cavit\u00e9s,\u00a0 assurant ainsi \u00e0 la colonne une bonne stabilit\u00e9.<\/span><\/p>\n<p class=\"p1\" style=\"text-align: justify;\"><span class=\"s1\">\u00a0<\/span><\/p>\n<p class=\"p1\" style=\"text-align: justify;\"><span class=\"s1\">ETUDE COMPARATIVE<\/span><\/p>\n<p class=\"p1\" style=\"text-align: justify;\"><span class=\"s1\"><b>Premi\u00e8rement<\/b><\/span><\/p>\n<p class=\"p1\" style=\"text-align: justify;\"><span class=\"s1\">Cette lionne peut \u00eatre rapproch\u00e9e d\u2019une lionne stylophore allaitant ses petits, tr\u00e8s semblable, sculpt\u00e9e dans le m\u00eame mat\u00e9riau et de taille tr\u00e8s proche (H. 35 \u00be \u201c), supportant aujourd\u2019hui un b\u00e9nitier dans <b>la Cath\u00e9drale baroque San Pietro de Bologne.<\/b><\/span><\/p>\n<p class=\"p1\" style=\"text-align: justify;\"><span class=\"s1\">Elle est consid\u00e9r\u00e9e avec deux autres lions couch\u00e9s de la m\u00eame cath\u00e9drale, comme provenant du Portail lat\u00e9ral ou portail sud, datant de 1220, de la premi\u00e8re cath\u00e9drale romane et attribu\u00e9 \u00e0 un architecte-sculpteur\u00a0 appel\u00e9 Ma\u00eetre Ventura. (A. Manaresi, La \u201cPorta dei Leoni\u201d nell\u2019antica Cattedrale di Bologna, Bologne, 1911, pp. 9-10, fig; 3)<\/span><\/p>\n<p class=\"p1\" style=\"text-align: justify;\"><span class=\"s1\">Ce portail\u00a0 d\u00e9truit en 1599 pour laisser place \u00e0 la Cath\u00e9drale actuelle, est d\u00e9crit par deux contemporains, Fra Leandro Alberti et Giorgio Vasari, mais ces descriptions n\u2019\u00e9tablissent pas une place exacte \u00e0 toutes les sculptures d\u2019origine de ce portail.<\/span><\/p>\n<p class=\"p1\" style=\"text-align: justify;\"><span class=\"s1\"><b>Deuxi\u00e8mement<\/b><\/span><\/p>\n<p class=\"p1\" style=\"text-align: justify;\"><span class=\"s1\">Une autre lionne assise, allaitant ses petits, en marbre de Verone, <b>de taille<\/b> <b>identique<\/b> (H.32 \u00bd \u201c ou 82 cm) \u00e0 la lionne pr\u00e9sent\u00e9e ici, est conserv\u00e9e aujourd\u2019hui au <b>Herbert F. Johnson Museum of Art\u00a0\u00a0 de l\u2019Universit\u00e9 Cornell \u00e0 Ithaca (U.S.A).<\/b><\/span><\/p>\n<p class=\"p1\" style=\"text-align: justify;\"><span class=\"s1\"><b>(W.D. Wixom in Medieval Art in Upstate New York, Syracuse, 1974, n\u00b0. 23<\/b>, pp.39-42, repr.) Voir notre traduction de l\u2019article.<\/span><\/p>\n<p class=\"p1\" style=\"text-align: justify;\"><span class=\"s1\">Cette lionne provient elle aussi certainement de Bologne.\u00a0<\/span><\/p>\n<p class=\"p1\" style=\"text-align: justify;\"><span class=\"s1\">Elle figure sur une photographie du jardin Ferguson, incorpor\u00e9e en m\u00eame temps qu\u2019un autre lion, dans une fontaine de ce jardin, dont parle le m\u00eame article, \u00e0 Huntington (U.S.A). On ne sait quel a \u00e9t\u00e9 le sort de l\u2019autre lion.<\/span><\/p>\n<p class=\"p1\" style=\"text-align: justify;\"><span class=\"s1\">La lionne en marbre que nous pr\u00e9sentons ici, a aussi appartenu \u00e0 un riche collectionneur et m\u00e9c\u00e8ne am\u00e9ricain, Edward Tuck.<\/span><\/p>\n<p class=\"p1\" style=\"text-align: justify;\"><span class=\"s1\">Enfin, on trouve des lions similaires, debout au Mausol\u00e9e de Rolandino de Romanzi,\u00a0 reconstitu\u00e9 aujourd\u2019hui au Certosa de Bologne.<\/span><\/p>\n<p class=\"p1\" style=\"text-align: justify;\"><span class=\"s1\">Ces exemplaires tr\u00e8s proches les uns des autres, sont probablement issus d\u2019un m\u00eame atelier bolonais, utilisant le m\u00eame mat\u00e9riau et les m\u00eames caract\u00e8res stylistiques.<\/span><\/p>\n<p>&nbsp;<\/p>\n<p class=\"p1\" style=\"text-align: justify;\"><span class=\"s1\">EDWARD TUCK<\/span><\/p>\n<p class=\"p1\" style=\"text-align: justify;\"><span class=\"s1\">Collectionneur et m\u00e9c\u00e8ne am\u00e9ricain, n\u00e9 \u00e0 Exeter, New Hampshire en 1842, mort \u00e0 Monte Carlo en 1938.<\/span><\/p>\n<p class=\"p1\" style=\"text-align: justify;\"><span class=\"s1\">En 1890, avec sa femme Julia STELL (morte en 1928), ils se fixent en France et, la font b\u00e9n\u00e9ficier de diverses manifestations de g\u00e9n\u00e9rosit\u00e9.<\/span><\/p>\n<p class=\"p1\" style=\"text-align: justify;\"><span class=\"s1\">Bienfaiteurs de Rueil, ils entretiennent un h\u00f4pital militaire pendant la premi\u00e8re guerre mondiale et plusieurs fondations charitables, ce qui leur val\u00fbt en 1916, l\u2019octroi du \u00ab\u00a0Prix de vertu\u00a0\u00bb de l\u2019Acad\u00e9mie Fran\u00e7aise.<\/span><\/p>\n<p class=\"p1\" style=\"text-align: justify;\"><span class=\"s1\">En 1926, les \u00e9poux TUCK font don \u00e0 l\u2019\u00e9tat de leur domaine de Boispr\u00e9au, afin qu\u2019il soit r\u00e9uni au parc de Malmaison.\u00a0<\/span><\/p>\n<p class=\"p1\" style=\"text-align: justify;\"><span class=\"s1\">En 1930, ils donnent leurs collections de tapisseries du XVIIIe si\u00e8cle, de tableaux (Cranach, Cima da Conegliano, Greuze), de porcelaines, \u00e0 la ville de Paris. Ces collections sont conserv\u00e9es au Petit Palais.<\/span><\/p>\n<p>[\/vc_column_text][\/vc_column][vc_column width=\u00a0\u00bb1\/2&Prime;][\/vc_column][\/vc_row][vc_row][vc_column][vc_column_text]<\/p>\n<p style=\"text-align: center;\"><div class=\"_3d-flip-book  fb3d-fullscreen-mode full-size\" data-id=\"4147\" data-mode=\"fullscreen\" data-title=\"false\" data-template=\"short-white-book-view\" data-lightbox=\"dark-shadow\" data-urlparam=\"fb3d-page\" data-page-n=\"0\" data-pdf=\"\" data-tax=\"null\" data-thumbnail=\"\" data-cols=\"3\" data-book-template=\"default\" data-trigger=\"\"><\/div><script type=\"text\/javascript\">window.FB3D_CLIENT_DATA = window.FB3D_CLIENT_DATA || [];FB3D_CLIENT_DATA.push('eyJwb3N0cyI6eyI0MTQ3Ijp7IklEIjo0MTQ3LCJ0aXRsZSI6IjgxX1JBUkUgTElPTk5FIEFTU0lTRSBEJ1x1MDBjOVBPUVVFIFJPTUFORSIsInR5cGUiOiJwZGYiLCJyZWFkeV9mdW5jdGlvbiI6IiIsImJvb2tfc3R5bGUiOiJmbGF0IiwiYm9va190ZW1wbGF0ZSI6Im5vbmUiLCJvdXRsaW5lIjpbXSwiZGF0YSI6eyJwb3N0X0lEIjoiNDE0OCIsImd1aWQiOiJodHRwczpcL1wvd3d3LmdhYnJpZWxsZS1sYXJvY2hlLmNvbVwvd3AtY29udGVudFwvdXBsb2Fkc1wvMjAyMVwvMDNcLzgxLWRvY3VtZW50cy1yZWxhdGlmcy1saW9ubmUtcm9tYW5lLnBkZiIsInBkZl9wYWdlcyI6IjE1IiwicGFnZXNfY3VzdG9taXphdGlvbiI6Im5vbmUifSwidGh1bWJuYWlsIjp7ImRhdGEiOnsicG9zdF9JRCI6IjAifSwidHlwZSI6ImF1dG8ifSwicHJvcHMiOnsiY2FjaGVkUGFnZXMiOiJhdXRvIiwicmVuZGVySW5hY3RpdmVQYWdlcyI6ImF1dG8iLCJyZW5kZXJJbmFjdGl2ZVBhZ2VzT25Nb2JpbGUiOiJhdXRvIiwicmVuZGVyV2hpbGVGbGlwcGluZyI6ImF1dG8iLCJwcmVsb2FkUGFnZXMiOiJhdXRvIiwicnRsIjoiYXV0byIsInNoZWV0Ijp7InN0YXJ0VmVsb2NpdHkiOiJhdXRvIiwid2F2ZSI6ImF1dG8iLCJ3aWR0aFRleGVscyI6ImF1dG8iLCJjb2xvciI6ImF1dG8iLCJzaWRlIjoiYXV0byIsImNvcm5lckRldmlhdGlvbiI6ImF1dG8iLCJmbGV4aWJpbGl0eSI6ImF1dG8iLCJmbGV4aWJsZUNvcm5lciI6ImF1dG8iLCJiZW5kaW5nIjoiYXV0byIsImhlaWdodFRleGVscyI6ImF1dG8ifSwiY292ZXIiOnsid2F2ZSI6ImF1dG8iLCJjb2xvciI6ImF1dG8iLCJiaW5kZXJUZXh0dXJlIjoiYXV0byIsImRlcHRoIjoiYXV0byIsInBhZGRpbmciOiJhdXRvIiwic3RhcnRWZWxvY2l0eSI6ImF1dG8iLCJmbGV4aWJpbGl0eSI6ImF1dG8iLCJmbGV4aWJsZUNvcm5lciI6ImF1dG8iLCJiZW5kaW5nIjoiYXV0byIsIndpZHRoVGV4ZWxzIjoiYXV0byIsImhlaWdodFRleGVscyI6ImF1dG8iLCJtYXNzIjoiYXV0byIsInNpZGUiOiJhdXRvIn0sInBhZ2UiOnsid2F2ZSI6ImF1dG8iLCJjb2xvciI6ImF1dG8iLCJkZXB0aCI6ImF1dG8iLCJzdGFydFZlbG9jaXR5IjoiYXV0byIsImZsZXhpYmlsaXR5IjoiYXV0byIsImZsZXhpYmxlQ29ybmVyIjoiYXV0byIsImJlbmRpbmciOiJhdXRvIiwid2lkdGhUZXhlbHMiOiJhdXRvIiwiaGVpZ2h0VGV4ZWxzIjoiYXV0byIsIm1hc3MiOiJhdXRvIiwic2lkZSI6ImF1dG8ifSwiaGVpZ2h0IjoiYXV0byIsIndpZHRoIjoiYXV0byIsImdyYXZpdHkiOiJhdXRvIiwicGFnZXNGb3JQcmVkaWN0aW5nIjoiYXV0byJ9LCJjb250cm9sUHJvcHMiOnsiYWN0aW9ucyI6eyJjbWRTYXZlIjp7ImVuYWJsZWQiOiJhdXRvIiwiZW5hYmxlZEluTmFycm93IjoiYXV0byJ9LCJjbWRQcmludCI6eyJlbmFibGVkIjoiYXV0byIsImVuYWJsZWRJbk5hcnJvdyI6ImF1dG8ifSwiY21kU2luZ2xlUGFnZSI6eyJlbmFibGVkIjoiYXV0byIsImVuYWJsZWRJbk5hcnJvdyI6ImF1dG8iLCJhY3RpdmUiOiJhdXRvIn19fSwiYXV0b1RodW1ibmFpbCI6bnVsbCwicG9zdF9uYW1lIjoiODFfcmFyZS1saW9ubmUtYXNzaXNlLWRlcG9xdWUtcm9tYW5lIiwicG9zdF90eXBlIjoiM2QtZmxpcC1ib29rIn19LCJwYWdlcyI6W10sImZpcnN0UGFnZXMiOltdfQ==');window.FB3D_CLIENT_LOCALE && FB3D_CLIENT_LOCALE.render && FB3D_CLIENT_LOCALE.render();<\/script><\/p>\n<p>[\/vc_column_text][\/vc_column][\/vc_row][vc_row][vc_column width=\u00a0\u00bb1\/2&Prime;][vc_empty_space][vc_column_text]<\/p>\n<p class=\"p1\" style=\"text-align: justify;\"><strong><span class=\"s1\">TRADUCTION &#8211; article Herbert F. Johnson Museum Cornell University<\/span><\/strong><\/p>\n<p style=\"text-align: justify;\">LIONNE<\/p>\n<p class=\"p1\" style=\"text-align: justify;\"><span class=\"s1\">ITALIE, EMILIE, (BOLOGNE), fin du XIIe si\u00e8cle<\/span><\/p>\n<p class=\"p1\" style=\"text-align: justify;\"><span class=\"s1\">Marbre rose expos\u00e9 \u00e0 l\u2019air H\u00a0:321\/2\u201d\u00a0\u00a0 W\u00a0:151\/2\u00a0\u201c D\u00a0: 26\u00a0\u201c<\/span><\/p>\n<p class=\"p1\" style=\"text-align: justify;\"><span class=\"s1\">Herbert F. Johnson Museum of Art, Cornell University, N\u00b073.11<\/span><\/p>\n<p class=\"p1\" style=\"text-align: justify;\"><span class=\"s1\">Cette lionne est assise sur ses pattes post\u00e9rieures. Entre ses pattes ant\u00e9rieures verticales se tiennent deux lionceaux t\u00e9tant. La m\u00e8re a une crini\u00e8re bien fournie, grav\u00e9e de boucles curvilignes qui s\u2019\u00e9talent \u00e0 l\u2019arri\u00e8re.<\/span><\/p>\n<p class=\"p1\" style=\"text-align: justify;\"><span class=\"s1\">Les larges yeux ovales ont un regard fixe, ascendant. Le haut du nez est rendu en une s\u00e9rie de sillons horizontaux\u00a0;<\/span><\/p>\n<p class=\"p1\" style=\"text-align: justify;\"><span class=\"s1\">De part et d\u2019autre du museau, trois moustaches fines travaill\u00e9es et stylis\u00e9es en bas relief s\u2019\u00e9talent sym\u00e9triquement.<\/span><\/p>\n<p class=\"p1\" style=\"text-align: justify;\"><span class=\"s1\">De profil, le torse, pr\u00e9sente cinq ou six sillons qui encadrent les c\u00f4t\u00e9s.<\/span><\/p>\n<p class=\"p1\" style=\"text-align: justify;\"><span class=\"s1\">Une queue courbe et montante avec une touffe fournie \u00e0 l\u2019extr\u00e9mit\u00e9 est grav\u00e9e en bas-relief sur le dos. Une base de colonne octogonale avec une moulure courbe est sculpt\u00e9e d\u2019une seule pi\u00e8ce avec la sculpture, bien qu\u2019elle semble \u00e0 premi\u00e8re vue avoir \u00e9t\u00e9 incorpor\u00e9 dans la crini\u00e8re et le dos.<\/span><\/p>\n<p class=\"p1\" style=\"text-align: justify;\"><span class=\"s1\">Les d\u00e9t\u00e9riorations les plus importantes sont celles de la m\u00e2choire et de la patte ant\u00e9rieure droite de la lionne et certaines parties des deux lionceaux\u00a0 et de la base en dessous. La pierre rose tachet\u00e9e est blanchie par l\u2019exposition \u00e0 l\u2019air libre.<\/span><\/p>\n<p class=\"p1\" style=\"text-align: justify;\"><span class=\"s1\">Les parties manquantes n\u2019avaient pas encore disparu quand la lionne faisait partie d\u2019une fontaine dans le jardin de Madame Juliana Armour Ferguson \u00e0 Huntington, Long Island. Certaines pi\u00e8ces similaires, faisant \u00e9galement partie de la r\u00e9sidence des Ferguson, ont surv\u00e9cu.<\/span><\/p>\n<p class=\"p1\" style=\"text-align: justify;\"><span class=\"s1\">Ce sont deux lions stylophores monumentaux en marbre rose et trois fragments de chapiteaux en marbre blanc qui purent \u00eatre des parties de support de chaire. Ces \u00e9l\u00e9ments appartiennent maintenant au Cleveland Museum of Art. Des \u00e9l\u00e9ments architecturaux suppl\u00e9mentaires, colonnes et simples chapiteaux au m\u00eame pass\u00e9 r\u00e9cent sont dans une collection priv\u00e9e du Kansas.<\/span><\/p>\n<p class=\"p1\" style=\"text-align: justify;\"><span class=\"s1\">L\u2019\u00e9tude comparative sugg\u00e8re que toutes les pi\u00e8ces de sculpture viennent du m\u00eame atelier Emilien. Des recherches r\u00e9centes pour affiner l\u2019attribution sugg\u00e8rent que tous les \u00e9l\u00e9ments furent sculpt\u00e9s \u00e0 Bologne \u00e0 la fin du XII\u00e8me si\u00e8cle. Des comparaisons int\u00e9ressantes peuvent \u00eatre faites avec des d\u00e9tails stylistiques similaires trouv\u00e9s sur\u00a0 des chapiteaux \u00e0 figures sur la loggia sup\u00e9rieure de l\u2019\u00e9glise San Stephano. Ces chapiteaux ont \u00e9t\u00e9 attribu\u00e9s\u00a0 \u00e0 un certain Ma\u00eetre Pietro di Alberigo, actif de 1164 au d\u00e9but du XIII\u00e8me si\u00e8cle.<\/span><\/p>\n<p class=\"p1\" style=\"text-align: justify;\"><span class=\"s1\">On trouvera des similarit\u00e9s encore plus frappantes sur deux lions allong\u00e9s de portail et une unique lionne assise allaitant dans la cath\u00e9drale San Pietro de Bologne.<\/span><\/p>\n<p class=\"p1\" style=\"text-align: justify;\"><span class=\"s1\">On pense que ces trois lions proviennent du portail lat\u00e9ral d\u00e9truit de la cath\u00e9drale romane qui existait avant. Le portail s\u2019appelait \u00ab\u00a0Portail des Lions\u00a0\u00bb. Deux descriptions du XVI\u00e8me si\u00e8cle\u00a0 de cette porte d\u2019entr\u00e9e sont d\u2019un vague d\u00e9sesp\u00e9rant.<\/span><\/p>\n<p class=\"p1\" style=\"text-align: justify;\"><span class=\"s1\">Elles sont de Leandro Alberti et Giorgio Vasari qui dit que le travail est d\u2019un certain <b>Ventura a Marchione<\/b> et donne la description suivante\u00a0:<\/span><\/p>\n<p class=\"p1\" style=\"text-align: justify;\"><span class=\"s1\">\u00ab\u00a0A peu pr\u00e8s \u00e0 la m\u00eame \u00e9poque Marchionne fit aussi la porte de c\u00f4t\u00e9 de San Pietro \u00e0 Bologne, qui fut vraiment pour cette \u00e9poque un travail du plus haut degr\u00e9 de ma\u00eetrise, du fait des nombreuses sculptures que l\u2019on peut d\u00e9couvrir \u00e0 l\u2019int\u00e9rieur, telles que des lions sur le pourtour qui soutient les colonnes, des stylobates (hommes porte colonne) et d\u2019autres animaux stylophores;<\/span><\/p>\n<p class=\"p1\" style=\"text-align: justify;\"><span class=\"s1\">et dans une arcature sup\u00e9rieure, il sculpta les douze mois en haut-relief avec des fantaisies vari\u00e9es, et pour chaque mois, son signe zodiacal\u00a0; travail qui dut \u00eatre consid\u00e9r\u00e9 comme merveilleux \u00e0 l\u2019\u00e9poque.<\/span><\/p>\n<p class=\"p1\" style=\"text-align: justify;\"><span class=\"s1\">La lionne allaitant pr\u00e9serv\u00e9e dans la cath\u00e9drale baroque, toujours existante, est une s\u0153ur tr\u00e8s proche de la lionne de \u00ab\u00a0Cornell\u00a0\u00bb. Malgr\u00e9 l\u2019indisponibilit\u00e9 des mesures n\u00e9cessaires, il est tentant d\u2019assigner la lionne de \u00ab\u00a0Cornell\u00a0\u00bb \u00e0 ce fameux portail.<\/span><\/p>\n<p class=\"p1\" style=\"text-align: justify;\"><span class=\"s1\">Il existe d\u2019autres sculptures qui doivent \u00eatre consid\u00e9r\u00e9es \u00e0 l\u2019int\u00e9rieur de ce contexte g\u00e9n\u00e9ral. Des recherches actuelles seront \u00e9ventuellement publi\u00e9es et incluront toutes les pi\u00e8ces connues de ce qui dut \u00eatre un atelier pr\u00e9dominant actif \u00e0 la fin du XII\u00e8me si\u00e8cle et les premi\u00e8res ann\u00e9es du XIII\u00e8me si\u00e8cle.<\/span><\/p>\n<p class=\"p1\" style=\"text-align: justify;\"><span class=\"s1\">\u00a0<\/span><\/p>\n<p class=\"p1\" style=\"text-align: justify;\"><span class=\"s1\">Ancienne collection Julianna Armour Ferguson, Huntington, Long Island.<\/span><\/p>\n<p class=\"p1\" style=\"text-align: justify;\"><span class=\"s1\">William D Wixom, Cleveland Museum of Art.<\/span><\/p>\n<p>[\/vc_column_text][\/vc_column][vc_column width=\u00a0\u00bb1\/2&Prime;][\/vc_column][\/vc_row]<\/p>\n<\/div>","protected":false},"excerpt":{"rendered":"<h4>RARE LIONNE ASSISE, SUPPORT DE COLONNE DE PORCHE OU DE BAPTIST\u00c8RE D&rsquo;\u00c9POQUE ROMANE<\/h4>\n<p>&nbsp;<\/p>\n<p>ORIGINE : ITALIE, BOLOGNE<br \/>\nEPOQUE : FIN DU XIIe SI\u00c8CLE<\/p>\n<p>&nbsp;<\/p>\n<p>Hauteur : 81 cm<br \/>\nLargeur : 37 cm<br \/>\nLongueur : 64 cm<\/p>\n<p>&nbsp;<\/p>\n<p>Marbre de V\u00e9rone<\/p>\n<p>&nbsp;<\/p>\n<p>Ancienne collection Edward Tuck<\/p>\n<p>&nbsp;<\/p>\n<p>&nbsp;<\/p>\n[dt_button size=\"small\" style=\"default\" animation=\"none\" color_mode=\"default\" icon=\"\" icon_align=\"left\" color=\"\" link=\"mailto:gabrielle-laroche@wanadoo.fr?subject=81_RARE LIONNE ASSISE D'\u00c9POQUE ROMANE\" target_blank=\"true\"]DEMANDE D&rsquo;INFORMATIONS[\/dt_button]\n<p>&nbsp;<\/p>\n<p><a href=\"\/fr\/antiquites\/sculpture\/\">Retour aux sculptures<\/a><\/p>\n","protected":false},"featured_media":565,"template":"","meta":[],"product_brand":[],"product_cat":[17],"product_tag":[],"class_list":{"0":"post-564","1":"product","2":"type-product","3":"status-publish","4":"has-post-thumbnail","6":"product_cat-uncategorized","7":"description-off","9":"first","10":"instock","11":"shipping-taxable","12":"product-type-simple"},"aioseo_notices":[],"_links":{"self":[{"href":"https:\/\/www.gabrielle-laroche.com\/fr\/wp-json\/wp\/v2\/product\/564","targetHints":{"allow":["GET"]}}],"collection":[{"href":"https:\/\/www.gabrielle-laroche.com\/fr\/wp-json\/wp\/v2\/product"}],"about":[{"href":"https:\/\/www.gabrielle-laroche.com\/fr\/wp-json\/wp\/v2\/types\/product"}],"wp:featuredmedia":[{"embeddable":true,"href":"https:\/\/www.gabrielle-laroche.com\/fr\/wp-json\/wp\/v2\/media\/565"}],"wp:attachment":[{"href":"https:\/\/www.gabrielle-laroche.com\/fr\/wp-json\/wp\/v2\/media?parent=564"}],"wp:term":[{"taxonomy":"product_brand","embeddable":true,"href":"https:\/\/www.gabrielle-laroche.com\/fr\/wp-json\/wp\/v2\/product_brand?post=564"},{"taxonomy":"product_cat","embeddable":true,"href":"https:\/\/www.gabrielle-laroche.com\/fr\/wp-json\/wp\/v2\/product_cat?post=564"},{"taxonomy":"product_tag","embeddable":true,"href":"https:\/\/www.gabrielle-laroche.com\/fr\/wp-json\/wp\/v2\/product_tag?post=564"}],"curies":[{"name":"wp","href":"https:\/\/api.w.org\/{rel}","templated":true}]}}