

{"id":5769,"date":"2021-04-23T06:30:53","date_gmt":"2021-04-23T04:30:53","guid":{"rendered":"https:\/\/www.gabrielle-laroche.com\/?post_type=product&#038;p=5769"},"modified":"2023-02-03T17:05:33","modified_gmt":"2023-02-03T16:05:33","slug":"albert-leclerc-portrait-de-femme","status":"publish","type":"product","link":"https:\/\/www.gabrielle-laroche.com\/fr\/product\/albert-leclerc-portrait-de-femme\/","title":{"rendered":"ALBERT LECLERC &#8211; Portrait de femme"},"content":{"rendered":"<div class=\"wpb-content-wrapper\"><p>[vc_row][vc_column width=\u00a0\u00bb1\/2&Prime;][vc_column_text]<\/p>\n<p style=\"text-align: justify;\">Albert Leclerc, ornemaniste, peintre et sculpteur est n\u00e9 \u00e0 Paris en 1906. Il d\u00e9bute sa carri\u00e8re comme ornemaniste de talent en travaillant le pl\u00e2tre, le stuc, le bois et le bronze. En 1936, il re\u00e7oit une commande et sculpte le buste d\u2019Auguste Marin, alors maire de la ville de Saint-Maur. Une grande partie de sa production est r\u00e9alis\u00e9e \u00e0 Madagascar et \u00e0 La R\u00e9union. Sa sculpture est \u00e0 la fois simple de ligne mais directe d\u2019impact. Ainsi, la sobri\u00e9t\u00e9 et la simplicit\u00e9 de son travail apportent une expressivit\u00e9 et une finesse \u00e0 ses oeuvres.<\/p>\n<p>[\/vc_column_text][\/vc_column][\/vc_row]<\/p>\n<\/div>","protected":false},"excerpt":{"rendered":"<h4 class=\"p1\"><span class=\"s1\">Albert LECLERC\u00a0(1906 \u2013 1975)<\/span><span class=\"s1\">\u00a0<\/span><\/h4>\n<h4 class=\"p2\"><em><span class=\"s1\">Portrait<b> <\/b>de femme<\/span><\/em><\/h4>\n<p>&nbsp;<\/p>\n<p class=\"p1\"><span class=\"s1\">Bronze \u00e0 patine brune<\/span><\/p>\n<p class=\"p1\"><span class=\"s1\">Sign\u00e9 sur le chignon: Albert Leclerc<\/span><\/p>\n<p class=\"p1\"><span class=\"s1\">Et sur le cou : Susse Fondeur Paris<\/span><\/p>\n<p class=\"p1\"><span class=\"s1\"><b>\u00a0<\/b><\/span><\/p>\n<p class=\"p1\"><span class=\"s1\">Hauteur : 42 cm<\/span><\/p>\n<p>&nbsp;<\/p>\n<p><span class=\"s1\"><b>Bibliographie<\/b><\/span><\/p>\n<p class=\"p1\"><span class=\"s1\">Le pl\u00e2tre original, propri\u00e9t\u00e9 du Mus\u00e9e de Saint-Maur, Villa M\u00e9dicis a figur\u00e9 dans une r\u00e9trospective en 1985.<\/span><\/p>\n<p class=\"p1\"><span class=\"s1\">Albert Leclerc &#8211; Fran\u00e7ois Black,\u00a0R\u00e9trospective,\u00a0Catalogue par Bernadette Boustany conservateur du Mus\u00e9e de Saint-Maur, Villa M\u00e9dicis<\/span><\/p>\n<p>&nbsp;<\/p>\n<p>&nbsp;<\/p>\n[dt_button size=\"small\" style=\"default\" animation=\"none\" color_mode=\"default\" icon=\"\" icon_align=\"left\" color=\"\" link=\"mailto:gabrielle-laroche@wanadoo.fr?subject=36_ALBERT LECLERC - Portrait de femme\" target_blank=\"true\"]DEMANDE D&rsquo;INFORMATIONS[\/dt_button]\n<p>&nbsp;<\/p>\n<p><a href=\"\/fr\/contemporains\/\">Retour aux contemporains<\/a><\/p>\n","protected":false},"featured_media":5771,"template":"","meta":[],"product_brand":[],"product_cat":[39],"product_tag":[],"class_list":{"0":"post-5769","1":"product","2":"type-product","3":"status-publish","4":"has-post-thumbnail","6":"product_cat-contemporain","7":"description-off","9":"first","10":"instock","11":"shipping-taxable","12":"product-type-simple"},"aioseo_notices":[],"_links":{"self":[{"href":"https:\/\/www.gabrielle-laroche.com\/fr\/wp-json\/wp\/v2\/product\/5769","targetHints":{"allow":["GET"]}}],"collection":[{"href":"https:\/\/www.gabrielle-laroche.com\/fr\/wp-json\/wp\/v2\/product"}],"about":[{"href":"https:\/\/www.gabrielle-laroche.com\/fr\/wp-json\/wp\/v2\/types\/product"}],"wp:featuredmedia":[{"embeddable":true,"href":"https:\/\/www.gabrielle-laroche.com\/fr\/wp-json\/wp\/v2\/media\/5771"}],"wp:attachment":[{"href":"https:\/\/www.gabrielle-laroche.com\/fr\/wp-json\/wp\/v2\/media?parent=5769"}],"wp:term":[{"taxonomy":"product_brand","embeddable":true,"href":"https:\/\/www.gabrielle-laroche.com\/fr\/wp-json\/wp\/v2\/product_brand?post=5769"},{"taxonomy":"product_cat","embeddable":true,"href":"https:\/\/www.gabrielle-laroche.com\/fr\/wp-json\/wp\/v2\/product_cat?post=5769"},{"taxonomy":"product_tag","embeddable":true,"href":"https:\/\/www.gabrielle-laroche.com\/fr\/wp-json\/wp\/v2\/product_tag?post=5769"}],"curies":[{"name":"wp","href":"https:\/\/api.w.org\/{rel}","templated":true}]}}