

{"id":5853,"date":"2021-04-23T04:30:57","date_gmt":"2021-04-23T02:30:57","guid":{"rendered":"https:\/\/www.gabrielle-laroche.com\/?post_type=product&#038;p=5853"},"modified":"2023-01-24T17:02:27","modified_gmt":"2023-01-24T16:02:27","slug":"osvaldo-rodriguez-jeune-femme","status":"publish","type":"product","link":"https:\/\/www.gabrielle-laroche.com\/fr\/product\/osvaldo-rodriguez-jeune-femme\/","title":{"rendered":"OSVALDO RODRIGUEZ &#8211; Jeune Femme"},"content":{"rendered":"<div class=\"wpb-content-wrapper\"><p>[vc_row][vc_column width=\u00a0\u00bb1\/2&Prime;][vc_column_text]<\/p>\n<p class=\"p1\" style=\"text-align: justify;\"><span class=\"s1\"><b>Osvaldo Rodr\u00edguez<\/b> est un peintre et sculpteur argentin. C\u00e9l\u00e8bre pour avoir cr\u00e9\u00e9 une fresque historique en quatre-vingt-six tableaux : le plus vaste tableau du monde (<em>Latinitas<\/em> : 520m de long sur 3.50m) expos\u00e9 \u00e0 Paris au Grand Palais en 1984<\/span><\/p>\n<p class=\"p1\" style=\"text-align: justify;\"><span class=\"s1\">Osvaldo Rodriguez est n\u00e9 \u00e0 Buenos Aires, en Argentine, le 11 f\u00e9vrier 1946. Sa carri\u00e8re artistique se dessine aupr\u00e8s de ma\u00eetres renomm\u00e9s, le sculpteur Antonio Pujia et le dessinateur Hugo Pratt \u00e0 l\u2019\u00c9cole des Beaux Arts de Buenos Aires dont il sort dipl\u00f4m\u00e9 en 1968.<\/span><\/p>\n<p class=\"p1\" style=\"text-align: justify;\"><span class=\"s1\">A 31 ans, l\u2019artiste fuit la dictature et se choisit une nouvelle patrie o\u00f9 il sera libre. Ce sera la France, avec comme r\u00e9f\u00e9rence : Rimbaud et le cin\u00e9ma qu\u2019il adore\u2026 . Il r\u00e9alise des d\u00e9cors de sc\u00e8ne et de films\u2026 des \u0153uvres gigantesques \u00e0 Villiers sur Marne, dans le Nord, en Arabie saoudite&#8230; Il est expos\u00e9 \u00e0 La Sorbonne, \u00e0 l\u2019Assembl\u00e9e Nationale, \u00e0 l\u2019Unesco\u2026 pr\u00e9sents dans les mus\u00e9es dont celui d\u2019art moderne de Stutgartt, et de Mexico City.<\/span><\/p>\n<p>[\/vc_column_text][\/vc_column][\/vc_row]<\/p>\n<\/div>","protected":false},"excerpt":{"rendered":"<h4 class=\"p1\"><span class=\"s1\">OSVALDO RODRIGUEZ, n\u00e9 en 1946<\/span><\/h4>\n<h4 class=\"p1\"><em><span class=\"s1\">Jeune Femme<\/span><\/em><\/h4>\n<h4><\/h4>\n<p class=\"p1\"><span class=\"s1\">\u0152uvre originale en terre cuite repr\u00e9sentant une jeune femme, sign\u00e9e en bas \u00e0 droite Osvaldo Rodriguez et dat\u00e9e 1982.<\/span><\/p>\n<p>&nbsp;<\/p>\n<p class=\"p1\"><span class=\"s1\">Hauteur : 15 cm<\/span><\/p>\n<p class=\"p1\"><span class=\"s1\">Largeur\u00a0: 19.5 cm<\/span><\/p>\n<p class=\"p1\"><span class=\"s1\">Profondeur : 2 cm<\/span><\/p>\n<p>&nbsp;<\/p>\n<p>&nbsp;<\/p>\n[dt_button size=\"small\" style=\"default\" animation=\"none\" color_mode=\"default\" icon=\"\" icon_align=\"left\" color=\"\" link=\"mailto:gabrielle-laroche@wanadoo.fr?subject=32_OSVALDO RODRIGUEZ - Jeune Femme\" target_blank=\"true\"]DEMANDE D&rsquo;INFORMATIONS[\/dt_button]\n<p>&nbsp;<\/p>\n<p><a href=\"\/fr\/contemporains\/\">Retour aux contemporains<\/a><\/p>\n","protected":false},"featured_media":8366,"template":"","meta":[],"product_brand":[],"product_cat":[39],"product_tag":[],"class_list":{"0":"post-5853","1":"product","2":"type-product","3":"status-publish","4":"has-post-thumbnail","6":"product_cat-contemporain","7":"description-off","9":"first","10":"instock","11":"shipping-taxable","12":"product-type-simple"},"aioseo_notices":[],"_links":{"self":[{"href":"https:\/\/www.gabrielle-laroche.com\/fr\/wp-json\/wp\/v2\/product\/5853","targetHints":{"allow":["GET"]}}],"collection":[{"href":"https:\/\/www.gabrielle-laroche.com\/fr\/wp-json\/wp\/v2\/product"}],"about":[{"href":"https:\/\/www.gabrielle-laroche.com\/fr\/wp-json\/wp\/v2\/types\/product"}],"wp:featuredmedia":[{"embeddable":true,"href":"https:\/\/www.gabrielle-laroche.com\/fr\/wp-json\/wp\/v2\/media\/8366"}],"wp:attachment":[{"href":"https:\/\/www.gabrielle-laroche.com\/fr\/wp-json\/wp\/v2\/media?parent=5853"}],"wp:term":[{"taxonomy":"product_brand","embeddable":true,"href":"https:\/\/www.gabrielle-laroche.com\/fr\/wp-json\/wp\/v2\/product_brand?post=5853"},{"taxonomy":"product_cat","embeddable":true,"href":"https:\/\/www.gabrielle-laroche.com\/fr\/wp-json\/wp\/v2\/product_cat?post=5853"},{"taxonomy":"product_tag","embeddable":true,"href":"https:\/\/www.gabrielle-laroche.com\/fr\/wp-json\/wp\/v2\/product_tag?post=5853"}],"curies":[{"name":"wp","href":"https:\/\/api.w.org\/{rel}","templated":true}]}}