

{"id":6905,"date":"2021-04-08T12:00:49","date_gmt":"2021-04-08T10:00:49","guid":{"rendered":"https:\/\/www.gabrielle-laroche.com\/?post_type=product&#038;p=6905"},"modified":"2023-04-03T16:28:03","modified_gmt":"2023-04-03T14:28:03","slug":"cabinet-lyonnais-de-la-renaissance","status":"publish","type":"product","link":"https:\/\/www.gabrielle-laroche.com\/fr\/product\/cabinet-lyonnais-de-la-renaissance\/","title":{"rendered":"CABINET LYONNAIS DE LA RENAISSANCE"},"content":{"rendered":"<div class=\"wpb-content-wrapper\"><p>[vc_row][vc_column width=\u00a0\u00bb1\/2&Prime;][vc_column_text]<\/p>\n<p class=\"p1\" style=\"text-align: justify;\"><b>Contexte historique<\/b><\/p>\n<p class=\"p1\" style=\"text-align: justify;\">Le XVIe si\u00e8cle appara\u00eet \u00e0 Lyon comme un exceptionnel moment de renouveau. Les foires qui se tiennent r\u00e9guli\u00e8rement lui assurent un dynamisme \u00e9conomique et lui conf\u00e8rent une position de carrefour europ\u00e9en, o\u00f9 se rencontrent les influences. La ville de Lyon est \u00e9galement l\u2019un des s\u00e9jours de la Cour et des artistes au fait des innovations les plus r\u00e9centes. Ainsi, se retrouvent dans cette ville les acteurs qui favorisent la cr\u00e9ation artistique. La florissante imprimerie lyonnaise permet quand \u00e0 elle une large diffusion des mod\u00e8les des artistes les plus influents et les plus innovants de cette \u00e9poque. Ces mod\u00e8les furent assimil\u00e9s, r\u00e9interpr\u00e9t\u00e9s, transform\u00e9s par les ateliers lyonnais.<span class=\"Apple-converted-space\">\u00a0<\/span><\/p>\n<p class=\"p1\" style=\"text-align: justify;\">C\u2019est \u00e9galement au XVIe si\u00e8cle que Lyon red\u00e9couvre le pass\u00e9 glorieux qui fut le sien durant l\u2019antiquit\u00e9. Cette antiquit\u00e9 lui donne un nouveau souffle, une nouvelle grammaire ornementale, o\u00f9 s\u2019allient entrelacs, lauriers, choux-bourguignons, palmettes, raie de c\u0153ur, putti ou bien encore grotesques.<span class=\"Apple-converted-space\">\u00a0<\/span><\/p>\n<p class=\"p1\" style=\"text-align: justify;\">Ce sont ces motifs que les huchiers et sculpteurs choisissent pour orner les plus beaux meubles lyonnais. Ils emploient des proc\u00e9d\u00e9s techniques et ornementaux originaux apparent\u00e9s \u00e0 ceux des graveurs d\u2019estampes, qui lui conf\u00e8rent une v\u00e9ritable identit\u00e9. <span class=\"Apple-converted-space\">\u00a0<\/span><\/p>\n<p class=\"p1\" style=\"text-align: justify;\">En outre, ils renouvellent la structure du mobilier, en r\u00e9interpr\u00e9tant le langage architectural antique, actualis\u00e9 par les artistes Italiens. Ce recours au vocable architectural a sans doute \u00e9t\u00e9 favoris\u00e9 par la pr\u00e9sence \u00e0 Lyon de Sebastiano Serlio<span class=\"Apple-converted-space\">\u00a0<\/span><\/p>\n<p class=\"p1\" style=\"text-align: justify;\">mais aussi de l\u2019architecte lyonnais Philibert de l\u2019Orme, qui ne manqua pas de voyager \u00e0 Rome afin de se familiariser avec l\u2019architecture antique. Si ce mouvement de retour \u00e0 l\u2019antique se retrouve \u00e0 travers toute l\u2019Europe, le travail lyonnais \u00e0 ceci de singulier qu\u2019il emprunte \u00e0 l\u2019architecture ses principes d\u2019organisation et de rigueur dans la r\u00e9partition des masses mais n\u00e9glige ou rejette fr\u00e9quemment les embl\u00e8mes architecturaux (colonne et fronton par exemple). L\u2019ensemble, bien que remarquablement \u00e9quilibr\u00e9, para\u00eet moins architectur\u00e9 que dans d\u2019autres r\u00e9gions du fait de l\u2019absence de ces \u00e9l\u00e9ments.<\/p>\n<p class=\"p1\" style=\"text-align: justify;\"><b>Description<\/b><\/p>\n<p class=\"p1\" style=\"text-align: justify;\">Ce cabinet est \u00e0 deux corps superpos\u00e9s, le corps sup\u00e9rieur, plus \u00e9troit, est plac\u00e9 en retrait. Il ouvre par quatre vantaux en fa\u00e7ade et deux tiroirs en ceinture et repose sur une base dont la moulure est orn\u00e9e d\u2019une frise de feuilles.<span class=\"Apple-converted-space\">\u00a0 <\/span>Parfaitement architectur\u00e9,\u00a0il pr\u00e9sente un bel \u00e9quilibre des proportions.<span class=\"Apple-converted-space\">\u00a0<\/span><\/p>\n<p class=\"p1\" style=\"text-align: justify;\">La structure du meuble est savamment d\u00e9compos\u00e9e. Horizontalement, les deux corps sont s\u00e9par\u00e9s par une ceinture ouvrant \u00e0 deux tiroirs. Verticalement, les montants lat\u00e9raux et le dormant central, orn\u00e9s de palmettes, de remarquables choux-bourguignons accompagn\u00e9 de chutes de fleurs et de cartouches de bois noirci, encadrent les quatre vantaux sur lesquels se d\u00e9ploie un exceptionnel d\u00e9cor v\u00e9g\u00e9tal.<\/p>\n<p class=\"p1\" style=\"text-align: justify;\">Les deux panneaux des vantaux du corps inf\u00e9rieur, enserr\u00e9s dans un cadre moulur\u00e9 assembl\u00e9 \u00e0 coupe d\u2019onglet sont orn\u00e9s d\u2019un ensemble sym\u00e9trique d\u2019entrelacs et d\u2019enroulements v\u00e9g\u00e9taux. De ces enroulements naissent deux t\u00eates d\u2019oiseaux stylis\u00e9s plac\u00e9es de part et d\u2019autre d\u2019un chou bourguignon.<span class=\"Apple-converted-space\">\u00a0<\/span><\/p>\n<p class=\"p1\" style=\"text-align: justify;\">Les deux tiroirs, s\u00e9par\u00e9s par des consoles, sont d\u00e9cor\u00e9s de guirlandes de fruits.<\/p>\n<p class=\"p1\" style=\"text-align: justify;\">Les panneaux du corps sup\u00e9rieur sont sculpt\u00e9s de beaux rinceaux de feuillages \u00e0 terminaison spiral\u00e9e dispos\u00e9s autour d\u2019un mascaron f\u00e9minin.<span class=\"Apple-converted-space\">\u00a0<\/span><\/p>\n<p class=\"p1\" style=\"text-align: justify;\">Les panneaux des c\u00f4t\u00e9s sont \u00e9galement orn\u00e9s de tiges rayonnant autour d\u2019une rose centrale pour le corps inf\u00e9rieur et de feuilles encadrant une table de bois noirci pour le corps sup\u00e9rieur. Les montants sont sculpt\u00e9s de frises de lauriers tandis que la ceinture re\u00e7oit un d\u00e9cor d\u2019entrelacs.<\/p>\n<p class=\"p1\" style=\"text-align: justify;\">L\u2019importance accord\u00e9e \u00e0 la d\u00e9coration des faces lat\u00e9rales de ce cabinet ajoute \u00e0 son raffinement.<span class=\"Apple-converted-space\">\u00a0<\/span><\/p>\n<p class=\"p1\" style=\"text-align: justify;\">Ce cabinet est couronn\u00e9 par une corniche \u00e0 ressauts orn\u00e9s de deux frises de palmettes et soulign\u00e9s par deux fusarolles. Cette corniche est soutenue par trois consoles. Les deux consoles lat\u00e9rales sont sculpt\u00e9es d\u2019une t\u00eate de putti pos\u00e9e sur des ailes<span class=\"Apple-converted-space\">\u00a0<\/span><\/p>\n<p class=\"p1\" style=\"text-align: justify;\">admirablement travaill\u00e9es tandis que la console centrale est agr\u00e9ment\u00e9e d\u2019un mascaron f\u00e9minin pos\u00e9 sur des draperies.<span class=\"Apple-converted-space\">\u00a0<\/span><\/p>\n<p class=\"p1\" style=\"text-align: justify;\">Le d\u00e9cor de ce cabinet s\u2019illustre tant pas son extr\u00eame richesse que par la qualit\u00e9 de sa r\u00e9alisation. Les motifs des frises comme des panneaux sont vari\u00e9s et les mascarons sont tous individualis\u00e9s. Aucune monotonie, donc, dans cette ornementation travaill\u00e9e avec un raffinement infini illustrant sans aucun doute qu\u2019elle fut l\u2019\u0153uvre d\u2019un artisan des plus habile. En outre, le d\u00e9cor de ce cabinet sculpt\u00e9 en tr\u00e8s l\u00e9ger relief anime la surface des panneaux gr\u00e2ce \u00e0 d\u2019int\u00e9ressants jeux de lumi\u00e8re, lui conf\u00e9rant une grande somptuosit\u00e9.<\/p>\n<p class=\"p1\" style=\"text-align: justify;\">Ainsi, sur ce cabinet aux proportions harmonieuses, s\u2019allie \u00e0 une structure bien architectur\u00e9e, un d\u00e9cor sym\u00e9trique de grande qualit\u00e9, r\u00e9alis\u00e9 en m\u00e9plat, emprunt\u00e9 \u00e0 l\u2019art du graveur.<span class=\"Apple-converted-space\">\u00a0 <\/span>Ces \u00e9l\u00e9ments sont particuli\u00e8rement caract\u00e9ristiques de l\u2019\u00c9cole lyonnaise des ann\u00e9es 1540-1570.<span class=\"Apple-converted-space\">\u00a0<\/span><\/p>\n<p class=\"p1\" style=\"text-align: justify;\"><b>Bibliographie<span class=\"Apple-converted-space\">\u00a0<\/span><\/b><\/p>\n<p class=\"p1\" style=\"text-align: justify;\">BOCCADOR Jacqueline, <i>Le Mobilier fran\u00e7ais du Moyen Age \u00e0 la Renaissance<\/i>, \u00c9ditions d\u2019art Monelle Hayot, 1988<\/p>\n<p class=\"p1\">THIRION Jacques, <i>Le Mobilier du Moyen Age et de la Renaissance en France<\/i>, Edition Faton, 1998<\/p>\n<p class=\"p4\">VIRASSAMYNA\u00cfKEN Ludmila (dir.), <i>Arts et Humanisme, Lyon Renaissance<\/i>, Somogy \u00e9ditions d\u2019arts, Paris, 2015<\/p>\n<p>[\/vc_column_text][\/vc_column][vc_column width=\u00a0\u00bb1\/2&Prime;][\/vc_column][\/vc_row]<\/p>\n<\/div>","protected":false},"excerpt":{"rendered":"<p class=\"p1\" style=\"text-align: justify;\"><b>CABINET LYONNAIS DE LA RENAISSANCE<\/b><\/p>\n<p class=\"p1\" style=\"text-align: justify;\">ORIGINE\u00a0: FRANCE, LYON<\/p>\n<p class=\"p2\" style=\"text-align: justify;\">\u00c9POQUE\u00a0: SECONDE MOITI\u00c9 DU XVIe SI\u00c8CLE<\/p>\n<p>&nbsp;<\/p>\n<p class=\"p1\" style=\"text-align: justify;\">Hauteur totale\u00a0: 210 cm<\/p>\n<p class=\"p1\" style=\"text-align: justify;\">Corps sup\u00e9rieur\u00a0 \u00a0 \u00a0 \u00a0 \u00a0Corps inf\u00e9rieur<\/p>\n<p class=\"p1\" style=\"text-align: justify;\">Hauteur : 103 cm\u00a0 \u00a0 \u00a0 \u00a0Hauteur : 107 cm<\/p>\n<p class=\"p1\" style=\"text-align: justify;\">Largeur : 123 cm\u00a0 \u00a0 \u00a0 \u00a0Largeur : 152 cm<\/p>\n<p class=\"p1\" style=\"text-align: justify;\">Profondeur : 40 cm\u00a0 \u00a0 Profondeur : 53 cm<\/p>\n<p>&nbsp;<\/p>\n<p class=\"p1\" style=\"text-align: justify;\">Bois de noyer fonc\u00e9<\/p>\n<p class=\"p4\" style=\"text-align: justify;\">Etat de conservation\u00a0: en partie de la Renaissance. Fonds refaits ainsi que l\u2019int\u00e9rieur des tiroirs.<\/p>\n<p>&nbsp;<\/p>\n<p>&nbsp;<\/p>\n[dt_button size=\"small\" style=\"default\" animation=\"none\" color_mode=\"default\" icon=\"\" icon_align=\"left\" color=\"\" link=\"mailto:gabrielle-laroche@wanadoo.fr?subject=16_CABINET LYONNAIS DE LA RENAISSANCE\" target_blank=\"true\"]DEMANDE D&rsquo;INFORMATIONS[\/dt_button]\n<p>&nbsp;<\/p>\n<p><a href=\"\/fr\/antiquites\/mobilier\/meubles\/\">Retour aux meubles<\/a><\/p>\n","protected":false},"featured_media":6925,"template":"","meta":[],"product_brand":[],"product_cat":[18],"product_tag":[],"class_list":{"0":"post-6905","1":"product","2":"type-product","3":"status-publish","4":"has-post-thumbnail","6":"product_cat-meubles","7":"description-off","9":"first","10":"instock","11":"shipping-taxable","12":"product-type-simple"},"aioseo_notices":[],"_links":{"self":[{"href":"https:\/\/www.gabrielle-laroche.com\/fr\/wp-json\/wp\/v2\/product\/6905","targetHints":{"allow":["GET"]}}],"collection":[{"href":"https:\/\/www.gabrielle-laroche.com\/fr\/wp-json\/wp\/v2\/product"}],"about":[{"href":"https:\/\/www.gabrielle-laroche.com\/fr\/wp-json\/wp\/v2\/types\/product"}],"wp:featuredmedia":[{"embeddable":true,"href":"https:\/\/www.gabrielle-laroche.com\/fr\/wp-json\/wp\/v2\/media\/6925"}],"wp:attachment":[{"href":"https:\/\/www.gabrielle-laroche.com\/fr\/wp-json\/wp\/v2\/media?parent=6905"}],"wp:term":[{"taxonomy":"product_brand","embeddable":true,"href":"https:\/\/www.gabrielle-laroche.com\/fr\/wp-json\/wp\/v2\/product_brand?post=6905"},{"taxonomy":"product_cat","embeddable":true,"href":"https:\/\/www.gabrielle-laroche.com\/fr\/wp-json\/wp\/v2\/product_cat?post=6905"},{"taxonomy":"product_tag","embeddable":true,"href":"https:\/\/www.gabrielle-laroche.com\/fr\/wp-json\/wp\/v2\/product_tag?post=6905"}],"curies":[{"name":"wp","href":"https:\/\/api.w.org\/{rel}","templated":true}]}}