

{"id":6948,"date":"2021-05-17T12:00:47","date_gmt":"2021-05-17T10:00:47","guid":{"rendered":"https:\/\/www.gabrielle-laroche.com\/?post_type=product&#038;p=6948"},"modified":"2024-09-12T17:11:58","modified_gmt":"2024-09-12T15:11:58","slug":"exceptionel-cabinet-lyonnais-depoque-renaissance","status":"publish","type":"product","link":"https:\/\/www.gabrielle-laroche.com\/fr\/product\/exceptionel-cabinet-lyonnais-depoque-renaissance\/","title":{"rendered":"EXCEPTIONEL CABINET LYONNAIS D\u2019\u00c9POQUE RENAISSANCE"},"content":{"rendered":"<div class=\"wpb-content-wrapper\"><p>[vc_row][vc_column width=\u00a0\u00bb1\/2&Prime;][vc_column_text]<\/p>\n<p class=\"p1\" style=\"text-align: justify;\">Ce meuble parfaitement construit rend compte de l\u2019influence de l\u2019architecture sur la composition des meubles de la seconde Renaissance fran\u00e7aise. Les deux corps de ce cabinet sont structur\u00e9s par la pr\u00e9sence de trois pilastres cannel\u00e9s sculpt\u00e9s sur les montants lat\u00e9raux ainsi que les dormants. Ces pilastres impriment alors un rythme ternaire \u00e0 chacun des corps du meuble.<span class=\"Apple-converted-space\">\u00a0<\/span><\/p>\n<p class=\"p1\" style=\"text-align: justify;\">Le meuble s\u2019\u00e9l\u00e8ve sur une base moulur\u00e9e d\u00e9cor\u00e9e de palmettes reposant sur des pieds de sections carr\u00e9s \u00e0 motifs de v\u00e9g\u00e9taux. Une corniche d\u00e9bordante \u00e0 modillons orn\u00e9s de fleurettes couronne en outre le meuble.<span class=\"Apple-converted-space\">\u00a0<\/span><\/p>\n<p class=\"p1\" style=\"text-align: justify;\">Ce cabinet ouvre \u00e0 quatre vantaux dont les panneaux, embrev\u00e9s dans un cadre moulur\u00e9 \u00e0 d\u00e9cor de fleurettes, sont sculpt\u00e9s de vermiculures tr\u00e8s habiles. Elles s\u2019\u00e9panouissent sym\u00e9triquement autour d\u2019une rosace et s\u2019entrelacent \u00e0 des rameaux feuillag\u00e9s<span class=\"Apple-converted-space\">\u00a0 <\/span>et \u00e0 de beaux choux bourguignons.<span class=\"Apple-converted-space\">\u00a0<\/span><\/p>\n<p class=\"p1\" style=\"text-align: justify;\">La ceinture est s\u00e9par\u00e9e des corps inf\u00e9rieur et sup\u00e9rieur par deux frises de palmettes. On y trouve deux tiroirs<span class=\"Apple-converted-space\">\u00a0 <\/span>richement d\u00e9cor\u00e9s de feuilles au relief tr\u00e8s accus\u00e9.<span class=\"Apple-converted-space\">\u00a0<\/span><\/p>\n<p class=\"p1\" style=\"text-align: justify;\">Les faces lat\u00e9rales du corps du bas sont d\u00e9cor\u00e9es de cadres moulur\u00e9s au centre desquels est sculpt\u00e9e une rose \u00e0 cinq p\u00e9tales. Pour le corps sup\u00e9rieur, une longue penne d\u2019oiseau occupe toute la longueur du cadre. L\u2019ornementation de la ceinture se prolonge sur les c\u00f4t\u00e9s.<\/p>\n<p class=\"p1\" style=\"text-align: justify;\">Ce tr\u00e8s beau cabinet \u00e0 deux corps en retrait est un exceptionnel exemple de la virtuosit\u00e9 des ateliers lyonnais vers 1540-1570.<span class=\"Apple-converted-space\">\u00a0 <\/span>Le d\u00e9cor graphique de vermiculure, issu des recherche des illustrateurs et des graveurs, alli\u00e9 \u00e0 une structure parfaitement architectur\u00e9e, gr\u00e2ce notamment \u00e0 l\u2019utilisation des pilastres cannel\u00e9s, sont caract\u00e9ristiques de cette r\u00e9gion. En effet, les menuisiers lyonnais b\u00e9n\u00e9fici\u00e8rent de l\u2019extraordinaire dynamisme de la capitale des Gaules o\u00f9 se rassemblaient marchands, artistes et grands commanditaires. Ils assimil\u00e8rent et r\u00e9interpr\u00e9t\u00e8rent les mod\u00e8les des artistes les plus innovants, diffus\u00e9s gr\u00e2ce \u00e0 la florissante imprimerie lyonnaise. Employant des proc\u00e9d\u00e9s techniques et ornementaux originaux, \u00e0 l\u2019image de la vermiculure, d\u00e9cor lyonnais le plus original et le plus typique, ils donn\u00e8rent \u00e0 leurs cr\u00e9ations une v\u00e9ritable identit\u00e9.<span class=\"Apple-converted-space\">\u00a0<\/span><\/p>\n<p>&nbsp;<\/p>\n<p class=\"p1\" style=\"text-align: justify;\"><b>Bibliographie<\/b><\/p>\n<p class=\"p1\" style=\"text-align: justify;\">Jacqueline Boccador, <i>Le mobilier fran\u00e7ais du Moyen-\u00e2ge \u00e0 la Renaissance<\/i>, Monelle Hayot, 2000<\/p>\n<p class=\"p3\" style=\"text-align: justify;\">Edith Mannoni, <i>Le mobilier lyonnais<\/i>, Charles Massin, 2017<\/p>\n<p>[\/vc_column_text][vc_empty_space][\/vc_column][vc_column width=\u00a0\u00bb1\/2&Prime;][\/vc_column][\/vc_row]<\/p>\n<\/div>","protected":false},"excerpt":{"rendered":"<h4>EXCEPTIONEL CABINET LYONNAIS D\u2019\u00c9POQUE RENAISSANCE<\/h4>\n<p>&nbsp;<\/p>\n<p class=\"p1\"><b>ORIGINE : LYON, FRANCE<\/b><\/p>\n<p class=\"p2\"><b>\u00c9POQUE\u00a0: 1540-1580, SECONDE RENAISSANCE FRAN\u00c7AISE<\/b><\/p>\n<p>&nbsp;<\/p>\n<p>Hauteur\u00a0: \u00a0188 cm<\/p>\n<p>Longueur\u00a0:\u00a0132 cm<\/p>\n<p>Profondeur\u00a0:\u00a051 cm<\/p>\n<p>&nbsp;<\/p>\n<p class=\"p1\">Noyer clair<\/p>\n<p class=\"p3\">Tr\u00e9s bon \u00e9tat de conservation<\/p>\n<p>&nbsp;<\/p>\n[dt_button size=\"small\" style=\"default\" animation=\"none\" color_mode=\"default\" icon=\"\" icon_align=\"left\" color=\"\" link=\"mailto:gabrielle-laroche@wanadoo.fr?subject=120_EXCEPTIONEL CABINET LYONNAIS D\u2019\u00c9POQUE RENAISSANCE\" target_blank=\"true\"]DEMANDE D&rsquo;INFORMATIONS[\/dt_button]\n<p>&nbsp;<\/p>\n<p><a href=\"\/fr\/antiquites\/mobilier\/meubles\/\">Retour aux meubles<\/a><\/p>\n","protected":false},"featured_media":6950,"template":"","meta":[],"product_brand":[],"product_cat":[17],"product_tag":[],"class_list":{"0":"post-6948","1":"product","2":"type-product","3":"status-publish","4":"has-post-thumbnail","6":"product_cat-uncategorized","7":"description-off","9":"first","10":"instock","11":"shipping-taxable","12":"product-type-simple"},"aioseo_notices":[],"_links":{"self":[{"href":"https:\/\/www.gabrielle-laroche.com\/fr\/wp-json\/wp\/v2\/product\/6948","targetHints":{"allow":["GET"]}}],"collection":[{"href":"https:\/\/www.gabrielle-laroche.com\/fr\/wp-json\/wp\/v2\/product"}],"about":[{"href":"https:\/\/www.gabrielle-laroche.com\/fr\/wp-json\/wp\/v2\/types\/product"}],"wp:featuredmedia":[{"embeddable":true,"href":"https:\/\/www.gabrielle-laroche.com\/fr\/wp-json\/wp\/v2\/media\/6950"}],"wp:attachment":[{"href":"https:\/\/www.gabrielle-laroche.com\/fr\/wp-json\/wp\/v2\/media?parent=6948"}],"wp:term":[{"taxonomy":"product_brand","embeddable":true,"href":"https:\/\/www.gabrielle-laroche.com\/fr\/wp-json\/wp\/v2\/product_brand?post=6948"},{"taxonomy":"product_cat","embeddable":true,"href":"https:\/\/www.gabrielle-laroche.com\/fr\/wp-json\/wp\/v2\/product_cat?post=6948"},{"taxonomy":"product_tag","embeddable":true,"href":"https:\/\/www.gabrielle-laroche.com\/fr\/wp-json\/wp\/v2\/product_tag?post=6948"}],"curies":[{"name":"wp","href":"https:\/\/api.w.org\/{rel}","templated":true}]}}