

{"id":7187,"date":"2005-04-01T13:15:13","date_gmt":"2005-04-01T11:15:13","guid":{"rendered":"https:\/\/www.gabrielle-laroche.com\/?post_type=product&#038;p=7187"},"modified":"2024-04-30T14:13:31","modified_gmt":"2024-04-30T12:13:31","slug":"coffre-gothique-en-noyer-a-decor-de-plis-de-serviette","status":"publish","type":"product","link":"https:\/\/www.gabrielle-laroche.com\/fr\/product\/coffre-gothique-en-noyer-a-decor-de-plis-de-serviette\/","title":{"rendered":"COFFRE GOTHIQUE EN NOYER \u00c0 D\u00c9COR DE PLIS DE SERVIETTE"},"content":{"rendered":"<div class=\"wpb-content-wrapper\"><p>[vc_row][vc_column width=\u00a0\u00bb1\/2&Prime;][vc_column_text]<\/p>\n<p class=\"p1\" style=\"text-align: justify;\">Ce coffre gothique en bois de noyer est un bon exemple de meuble destin\u00e9 \u00e0 \u00eatre transport\u00e9 au gr\u00e8s des d\u00e9placements fr\u00e9quents effectu\u00e9s par les gens de qualit\u00e9 \u00e0 l&rsquo;\u00e9poque m\u00e9di\u00e9vale.<\/p>\n<p class=\"p1\" style=\"text-align: justify;\">Simple et bien architectur\u00e9, ce coffre pr\u00e9sente en fa\u00e7ade une suite de six panneaux sculpt\u00e9s dans la masse. Ils sont d\u00e9cor\u00e9s de plis de serviette tr\u00e8s serr\u00e9s et en l\u00e9ger relief, d\u00e9cor privil\u00e9gi\u00e9 \u00e0 l\u2019extr\u00eame fin du Moyen-\u00e2ge. Le b\u00e2ti se compose de quatre planches \u00e9paisses assembl\u00e9es \u00e0 queues d\u2019aronde. Les c\u00f4t\u00e9s, munis de deux poign\u00e9es en fer forg\u00e9, ont \u00e9t\u00e9 laiss\u00e9s vierge d\u2019ornementation.<\/p>\n<p class=\"p1\" style=\"text-align: justify;\">L\u2019abattant est r\u00e9alis\u00e9 d\u2019un seul tenant. L\u2019entr\u00e9e de serrure est en forme d\u2019\u00e9cusson.\u00a0A l\u2019int\u00e9rieur du coffre se trouve un casier lat\u00e9ral.<\/p>\n<p class=\"p3\" style=\"text-align: justify;\">L\u2019utilisation d\u2019un bois de noyer laisse penser que ce beau coffre a \u00e9t\u00e9 r\u00e9alis\u00e9 dans le Sud-ouest de la France. En effet, son usage \u00e9tait encore assez rare dans le reste du pays \u00e0 cette \u00e9poque.<\/p>\n<p>[\/vc_column_text][vc_column_text][\/vc_column_text][\/vc_column][vc_column width=\u00a0\u00bb1\/2&Prime;][\/vc_column][vc_column][\/vc_column][\/vc_row]<\/p>\n<\/div>","protected":false},"excerpt":{"rendered":"<h4>COFFRE GOTHIQUE EN NOYER \u00c0 D\u00c9COR DE PLIS DE SERVIETTE<\/h4>\n<p>&nbsp;<\/p>\n<p>ORIGINE : SUD-OUEST DE LA FRANCE<br \/>\n\u00c9POQUE : FIN XVe &#8211; D\u00c9BUT XVIe SI\u00c8CLE<\/p>\n<p>&nbsp;<\/p>\n<p class=\"p1\">Hauteur : 66 cm<\/p>\n<p class=\"p1\">Longeur : 195 cm<\/p>\n<p class=\"p1\">Profondeur : 64 cm<\/p>\n<p>&nbsp;<\/p>\n<p class=\"p1\">Bois de noyer<span class=\"Apple-converted-space\">\u00a0<\/span><\/p>\n<p class=\"p1\">Bon \u00e9tat de conservation<\/p>\n<p class=\"p3\">Patins rapport\u00e9s<\/p>\n<p>&nbsp;<\/p>\n[dt_button size=\"small\" style=\"default\" animation=\"none\" color_mode=\"default\" icon=\"\" icon_align=\"left\" color=\"\" link=\"mailto:gabrielle-laroche@wanadoo.fr?subject=128_COFFRE GOTHIQUE EN NOYER \u00c0 D\u00c9COR DE PLIS DE SERVIETTE\" target_blank=\"true\"]DEMANDE D&rsquo;INFORMATIONS[\/dt_button]\n<p>&nbsp;<\/p>\n<p><a href=\"\/fr\/antiquites\/mobilier\/coffres\/\">Retour aux coffres<\/a><\/p>\n","protected":false},"featured_media":7189,"template":"","meta":[],"product_brand":[],"product_cat":[17],"product_tag":[],"class_list":{"0":"post-7187","1":"product","2":"type-product","3":"status-publish","4":"has-post-thumbnail","6":"product_cat-uncategorized","7":"description-off","9":"first","10":"instock","11":"shipping-taxable","12":"product-type-simple"},"aioseo_notices":[],"_links":{"self":[{"href":"https:\/\/www.gabrielle-laroche.com\/fr\/wp-json\/wp\/v2\/product\/7187","targetHints":{"allow":["GET"]}}],"collection":[{"href":"https:\/\/www.gabrielle-laroche.com\/fr\/wp-json\/wp\/v2\/product"}],"about":[{"href":"https:\/\/www.gabrielle-laroche.com\/fr\/wp-json\/wp\/v2\/types\/product"}],"wp:featuredmedia":[{"embeddable":true,"href":"https:\/\/www.gabrielle-laroche.com\/fr\/wp-json\/wp\/v2\/media\/7189"}],"wp:attachment":[{"href":"https:\/\/www.gabrielle-laroche.com\/fr\/wp-json\/wp\/v2\/media?parent=7187"}],"wp:term":[{"taxonomy":"product_brand","embeddable":true,"href":"https:\/\/www.gabrielle-laroche.com\/fr\/wp-json\/wp\/v2\/product_brand?post=7187"},{"taxonomy":"product_cat","embeddable":true,"href":"https:\/\/www.gabrielle-laroche.com\/fr\/wp-json\/wp\/v2\/product_cat?post=7187"},{"taxonomy":"product_tag","embeddable":true,"href":"https:\/\/www.gabrielle-laroche.com\/fr\/wp-json\/wp\/v2\/product_tag?post=7187"}],"curies":[{"name":"wp","href":"https:\/\/api.w.org\/{rel}","templated":true}]}}