

{"id":7275,"date":"2021-12-09T14:50:34","date_gmt":"2021-12-09T13:50:34","guid":{"rendered":"https:\/\/www.gabrielle-laroche.com\/?post_type=product&#038;p=7275"},"modified":"2025-04-11T13:19:08","modified_gmt":"2025-04-11T11:19:08","slug":"broderie-de-feuilles-daristoloches-de-la-renaissance","status":"publish","type":"product","link":"https:\/\/www.gabrielle-laroche.com\/fr\/product\/broderie-de-feuilles-daristoloches-de-la-renaissance\/","title":{"rendered":"BRODERIE DE FEUILLES D\u2019ARISTOLOCHES DE LA RENAISSANCE"},"content":{"rendered":"<div class=\"wpb-content-wrapper\"><p>[vc_row][vc_column width=\u00a0\u00bb1\/2&Prime;][vc_column_text]<\/p>\n<p class=\"p1\" style=\"text-align: justify;\">Sur une toile renouvel\u00e9e, est r\u00e9appliqu\u00e9 un ensemble de rinceaux de feuilles d\u2019aristoloches brod\u00e9es de laine. Sur cette broderie extr\u00eamement d\u00e9corative se fondent diff\u00e9rentes teintes de vert et de beige pour les feuilles, brod\u00e9es au point lanc\u00e9, ainsi que deux tons de rose pour les fleurs, brod\u00e9es au point de chainette ; pour le c\u0153ur beige des fleurs c\u2019est le point de bourdon qui a \u00e9t\u00e9 utilis\u00e9.<\/p>\n<p>[\/vc_column_text][\/vc_column][vc_column width=\u00a0\u00bb1\/2&Prime;][\/vc_column][\/vc_row]<\/p>\n<\/div>","protected":false},"excerpt":{"rendered":"<h4>BRODERIE DE FEUILLES D\u2019ARISTOLOCHES DE LA RENAISSANCE<\/h4>\n<p>&nbsp;<\/p>\n<p class=\"p1\">ORIGINE : ANGLETERRE<\/p>\n<p class=\"p2\">EPOQUE\u00a0: XVIe si\u00e8cle<\/p>\n<p>&nbsp;<\/p>\n<p class=\"p1\">Hauteur\u00a0: 193 cm<\/p>\n<p class=\"p1\">Largeur\u00a0: 189 cm<\/p>\n<p>&nbsp;<\/p>\n<p class=\"p3\">Laine<span class=\"Apple-converted-space\">\u00a0<\/span><\/p>\n<p>&nbsp;<\/p>\n<p>&nbsp;<\/p>\n[dt_button size=\"small\" style=\"default\" animation=\"none\" color_mode=\"default\" icon=\"\" icon_align=\"left\" color=\"\" link=\"mailto:gabrielle-laroche@wanadoo.fr?subject=251_BRODERIE DE FEUILLES D\u2019ARISTOLOCHES DE LA RENAISSANCE\" target_blank=\"true\"]DEMANDE D&rsquo;INFORMATIONS[\/dt_button]\n<p>&nbsp;<\/p>\n<p><a href=\"\/fr\/antiquites\/mobilier\/objet-dart-et-dameublement\/\">Retour aux objets d&rsquo;Art et d&rsquo;ameublement<\/a><\/p>\n","protected":false},"featured_media":7277,"template":"","meta":[],"product_brand":[],"product_cat":[17],"product_tag":[],"class_list":{"0":"post-7275","1":"product","2":"type-product","3":"status-publish","4":"has-post-thumbnail","6":"product_cat-uncategorized","7":"description-off","9":"first","10":"instock","11":"shipping-taxable","12":"product-type-simple"},"aioseo_notices":[],"_links":{"self":[{"href":"https:\/\/www.gabrielle-laroche.com\/fr\/wp-json\/wp\/v2\/product\/7275","targetHints":{"allow":["GET"]}}],"collection":[{"href":"https:\/\/www.gabrielle-laroche.com\/fr\/wp-json\/wp\/v2\/product"}],"about":[{"href":"https:\/\/www.gabrielle-laroche.com\/fr\/wp-json\/wp\/v2\/types\/product"}],"wp:featuredmedia":[{"embeddable":true,"href":"https:\/\/www.gabrielle-laroche.com\/fr\/wp-json\/wp\/v2\/media\/7277"}],"wp:attachment":[{"href":"https:\/\/www.gabrielle-laroche.com\/fr\/wp-json\/wp\/v2\/media?parent=7275"}],"wp:term":[{"taxonomy":"product_brand","embeddable":true,"href":"https:\/\/www.gabrielle-laroche.com\/fr\/wp-json\/wp\/v2\/product_brand?post=7275"},{"taxonomy":"product_cat","embeddable":true,"href":"https:\/\/www.gabrielle-laroche.com\/fr\/wp-json\/wp\/v2\/product_cat?post=7275"},{"taxonomy":"product_tag","embeddable":true,"href":"https:\/\/www.gabrielle-laroche.com\/fr\/wp-json\/wp\/v2\/product_tag?post=7275"}],"curies":[{"name":"wp","href":"https:\/\/api.w.org\/{rel}","templated":true}]}}