

{"id":7961,"date":"2021-04-17T12:00:11","date_gmt":"2021-04-17T10:00:11","guid":{"rendered":"https:\/\/www.gabrielle-laroche.com\/?post_type=product&#038;p=7961"},"modified":"2025-12-09T14:18:34","modified_gmt":"2025-12-09T13:18:34","slug":"petit-cabinet-de-la-renaissance-francaise-depoque-henri-ii","status":"publish","type":"product","link":"https:\/\/www.gabrielle-laroche.com\/fr\/product\/petit-cabinet-de-la-renaissance-francaise-depoque-henri-ii\/","title":{"rendered":"PETIT CABINET DE LA RENAISSANCE FRAN\u00c7AISE, D\u2019\u00c9POQUE HENRI II"},"content":{"rendered":"<div class=\"wpb-content-wrapper\"><p>[vc_row][vc_column width=\u00a0\u00bb1\/2&Prime;][vc_column_text]<\/p>\n<p style=\"text-align: justify;\">Sous le r\u00e8gne d\u2019Henri II, la sobri\u00e9t\u00e9 est de mise, limitant l\u2019exub\u00e9rance du d\u00e9cor. Cette pr\u00e9dilection pour la rigueur est sp\u00e9cifique \u00e0 ce courant stylistique qui na\u00eet alors en Ile-de-France. Les huchiers choisissent alors une structure aux proportions particuli\u00e8rement harmonieuses, inspir\u00e9e du syst\u00e8me architectural h\u00e9rit\u00e9 de l\u2019antiquit\u00e9 par l\u2019interm\u00e9diaire de l\u2019Italie du Quattrocento. Le mobilier emprunte \u00e0 l\u2019architecture ses principes d\u2019organisation et de rigueur dans la r\u00e9partition des masses. En outre, ils s\u2019\u00e9loignent, pour l\u2019ornementation, du r\u00e9pertoire ultramontain qui pr\u00e9domine alors dans les autres r\u00e9gions.<span class=\"Apple-converted-space\">\u00a0<\/span><\/p>\n<p style=\"text-align: justify;\">Ce petit cabinet ouvrant \u00e0 quatre vantaux, pr\u00e9sente une grande unit\u00e9 et une grande sobri\u00e9t\u00e9 dans son ornementation constitu\u00e9e essentiellement de panneaux moulur\u00e9s embrev\u00e9s dans le b\u00e2ti.<span class=\"Apple-converted-space\">\u00a0<\/span><\/p>\n<p style=\"text-align: justify;\">Des pilastres cannel\u00e9s, supportant des chapiteaux doriques pour le corps inf\u00e9rieur et ionique pour le corps sup\u00e9rieur, rythment la fa\u00e7ade.<\/p>\n<p style=\"text-align: justify;\">En ceinture, un unique tiroir se dissimule, encadr\u00e9 par deux consoles orn\u00e9es d\u2019une feuille d\u2019acanthe de belle qualit\u00e9.<span class=\"Apple-converted-space\">\u00a0<\/span><\/p>\n<p style=\"text-align: justify;\">Notre meuble peut ainsi \u00eatre consid\u00e9r\u00e9 comme sp\u00e9cifique des r\u00e9alisation de l\u2019\u00e9poque Henri II en Ile-de-France.<span class=\"Apple-converted-space\">\u00a0<\/span><\/p>\n<p>[\/vc_column_text][vc_empty_space][\/vc_column][vc_column width=\u00a0\u00bb1\/2&Prime;][vc_empty_space][\/vc_column][\/vc_row]<\/p>\n<\/div>","protected":false},"excerpt":{"rendered":"<h4 class=\"p1\">PETIT CABINET DE LA RENAISSANCE FRAN\u00c7AISE, D\u2019\u00c9POQUE HENRI II<\/h4>\n<p>&nbsp;<\/p>\n<p class=\"p1\"><b>ORIGINE : ILE-DE-FRANCE<\/b><\/p>\n<p class=\"p3\"><b>EPOQUE : XVIe SI\u00c8CLE, vers 1560-1580<\/b><\/p>\n<p>&nbsp;<\/p>\n<p class=\"p1\">Hauteur\u00a0: 183 cm<br \/>\nLargeur : 114 cm<br \/>\nProfondeur : 51 cm<\/p>\n<p class=\"p1\">\u00a0 \u00a0\u00a0<span class=\"Apple-converted-space\">\u00a0<\/span><\/p>\n<p class=\"p2\">Bois de noyer<\/p>\n<p class=\"p2\">Bon \u00e9tat de conservation<\/p>\n<p>&nbsp;<\/p>\n<p>&nbsp;<\/p>\n[dt_button size=\"small\" style=\"default\" animation=\"none\" color_mode=\"default\" icon=\"\" icon_align=\"left\" color=\"\" link=\"mailto:gabrielle-laroche@wanadoo.fr?subject=78_PETIT CABINET DE LA RENAISSANCE FRAN\u00c7AISE, D\u2019\u00c9POQUE HENRI II\" target_blank=\"true\"]DEMANDE D&rsquo;INFORMATIONS[\/dt_button]\n<p>&nbsp;<\/p>\n<p><a href=\"\/fr\/antiquites\/mobilier\/meubles\/\">Retour aux meubles<\/a><\/p>\n","protected":false},"featured_media":11861,"template":"","meta":[],"product_brand":[],"product_cat":[18],"product_tag":[],"class_list":{"0":"post-7961","1":"product","2":"type-product","3":"status-publish","4":"has-post-thumbnail","6":"product_cat-meubles","7":"description-off","9":"first","10":"instock","11":"shipping-taxable","12":"product-type-simple"},"aioseo_notices":[],"_links":{"self":[{"href":"https:\/\/www.gabrielle-laroche.com\/fr\/wp-json\/wp\/v2\/product\/7961","targetHints":{"allow":["GET"]}}],"collection":[{"href":"https:\/\/www.gabrielle-laroche.com\/fr\/wp-json\/wp\/v2\/product"}],"about":[{"href":"https:\/\/www.gabrielle-laroche.com\/fr\/wp-json\/wp\/v2\/types\/product"}],"wp:featuredmedia":[{"embeddable":true,"href":"https:\/\/www.gabrielle-laroche.com\/fr\/wp-json\/wp\/v2\/media\/11861"}],"wp:attachment":[{"href":"https:\/\/www.gabrielle-laroche.com\/fr\/wp-json\/wp\/v2\/media?parent=7961"}],"wp:term":[{"taxonomy":"product_brand","embeddable":true,"href":"https:\/\/www.gabrielle-laroche.com\/fr\/wp-json\/wp\/v2\/product_brand?post=7961"},{"taxonomy":"product_cat","embeddable":true,"href":"https:\/\/www.gabrielle-laroche.com\/fr\/wp-json\/wp\/v2\/product_cat?post=7961"},{"taxonomy":"product_tag","embeddable":true,"href":"https:\/\/www.gabrielle-laroche.com\/fr\/wp-json\/wp\/v2\/product_tag?post=7961"}],"curies":[{"name":"wp","href":"https:\/\/api.w.org\/{rel}","templated":true}]}}