

{"id":8114,"date":"2022-05-25T12:00:17","date_gmt":"2022-05-25T10:00:17","guid":{"rendered":"https:\/\/www.gabrielle-laroche.com\/?post_type=product&#038;p=8114"},"modified":"2023-01-18T17:57:34","modified_gmt":"2023-01-18T16:57:34","slug":"important-bois-sculpte-depoque-gothique-representant-saint-venceslas","status":"publish","type":"product","link":"https:\/\/www.gabrielle-laroche.com\/fr\/product\/important-bois-sculpte-depoque-gothique-representant-saint-venceslas\/","title":{"rendered":"IMPORTANT BOIS SCULPT\u00c9 D\u2019\u00c9POQUE GOTHIQUE REPR\u00c9SENTANT SAINT VENCESLAS"},"content":{"rendered":"<div class=\"wpb-content-wrapper\"><p>[vc_row][vc_column width=\u00a0\u00bb1\/2&Prime;][vc_column_text]<\/p>\n<p style=\"font-weight: 400; text-align: justify;\">Venceslas ou V\u00e1clav en tch\u00e8que f\u00fbt l\u2019un des premiers ducs de Boh\u00eame. Il appartenait \u00e0 la dynastie des P\u0159emyslides qui r\u00e9gn\u00e8rent sur la Boh\u00eame du d\u00e9but du Xe si\u00e8cle jusqu\u2019en 1306.<\/p>\n<p style=\"font-weight: 400; text-align: justify;\">Il serait mort en 929 ou 935 assassin\u00e9 sur ordre de son fr\u00e8re qui souhaitait devenir duc \u00e0 sa place.<\/p>\n<p style=\"font-weight: 400; text-align: justify;\"><strong>Il est associ\u00e9 \u00e0 la christianisation du pays ce qui lui a valu d\u2019\u00eatre canonis\u00e9. Il est l\u2019un des saints patrons de la Boh\u00eame et de la Moravie. <\/strong><\/p>\n<p style=\"font-weight: 400; text-align: justify;\">Le duc est ici repr\u00e9sent\u00e9 dans une attitude tr\u00e8s hanch\u00e9e sur un petit socle rocheux. Il se dresse, \u00e9l\u00e9gamment v\u00eatu d\u2019un haincelin (houppelande courte) \u00e0 plis gironn\u00e9s et \u00e0 collet montant, la ceinture tombant bas sur les hanches. Un manteau ample repose sur ses \u00e9paules, retenu par une agrafe. Les plis du drap\u00e9 tombent en cascade sur son c\u00f4t\u00e9 gauche. Il porte sur sa t\u00eate le bonnet ducal tandis qu\u2019une abondante chevelure aux m\u00e8ches ondul\u00e9s encadre son visage.<\/p>\n<p style=\"text-align: justify;\"><span style=\"font-weight: 400;\">Il a la m\u00e2choire carr\u00e9e, le nez fin, les l\u00e8vres pinc\u00e9es, les yeux l\u00e9g\u00e8rement tombant, aux coins marqu\u00e9s de quelques ridules qui lui conf\u00e8rent beaucoup de noblesse mais aussi une grande vivacit\u00e9.<\/span><\/p>\n<p>[\/vc_column_text][vc_empty_space][\/vc_column][vc_column width=\u00a0\u00bb1\/2&Prime;][vc_empty_space][\/vc_column][\/vc_row]<\/p>\n<\/div>","protected":false},"excerpt":{"rendered":"<h4 class=\"p1\">IMPORTANT BOIS SCULPT\u00c9 D\u2019\u00c9POQUE GOTHIQUE REPR\u00c9SENTANT SAINT VENCESLAS<\/h4>\n<p>&nbsp;<\/p>\n<p class=\"p1\"><b>ORIGINE : EUROPE CENTRALE<\/b><\/p>\n<p class=\"p3\"><b>EPOQUE : MILIEU DU XVe SI\u00c8CLE<\/b><\/p>\n<p>&nbsp;<\/p>\n<p style=\"font-weight: 400;\">Hauteur\u00a0: \u00a0 83 cm<\/p>\n<p style=\"font-weight: 400;\">Largeur\u00a0: 30 cm<\/p>\n<p style=\"font-weight: 400;\">Profondeur\u00a0: 20 cm<\/p>\n<p style=\"font-weight: 400;\"><strong>\u00a0<\/strong><\/p>\n<p style=\"font-weight: 400;\">Bois de tilleul<\/p>\n<p><span style=\"font-weight: 400;\">Bon \u00e9tat de conservation<\/span><\/p>\n<p>&nbsp;<\/p>\n[dt_button size=\"small\" style=\"default\" animation=\"none\" color_mode=\"default\" icon=\"\" icon_align=\"left\" color=\"\" link=\"mailto:gabrielle-laroche@wanadoo.fr?subject=295_IMPORTANT BOIS SCULPT\u00c9 D\u2019\u00c9POQUE GOTHIQUE REPR\u00c9SENTANT SAINT VENCESLAS\" target_blank=\"true\"]DEMANDE D&rsquo;INFORMATIONS[\/dt_button]\n<p>&nbsp;<\/p>\n<p><a href=\"\/fr\/antiquites\/mobilier\/meubles\/\">Retour aux meubles<\/a><\/p>\n","protected":false},"featured_media":8115,"template":"","meta":[],"product_brand":[],"product_cat":[32],"product_tag":[],"class_list":{"0":"post-8114","1":"product","2":"type-product","3":"status-publish","4":"has-post-thumbnail","6":"product_cat-sculptures","7":"description-off","9":"first","10":"instock","11":"shipping-taxable","12":"product-type-simple"},"aioseo_notices":[],"_links":{"self":[{"href":"https:\/\/www.gabrielle-laroche.com\/fr\/wp-json\/wp\/v2\/product\/8114","targetHints":{"allow":["GET"]}}],"collection":[{"href":"https:\/\/www.gabrielle-laroche.com\/fr\/wp-json\/wp\/v2\/product"}],"about":[{"href":"https:\/\/www.gabrielle-laroche.com\/fr\/wp-json\/wp\/v2\/types\/product"}],"wp:featuredmedia":[{"embeddable":true,"href":"https:\/\/www.gabrielle-laroche.com\/fr\/wp-json\/wp\/v2\/media\/8115"}],"wp:attachment":[{"href":"https:\/\/www.gabrielle-laroche.com\/fr\/wp-json\/wp\/v2\/media?parent=8114"}],"wp:term":[{"taxonomy":"product_brand","embeddable":true,"href":"https:\/\/www.gabrielle-laroche.com\/fr\/wp-json\/wp\/v2\/product_brand?post=8114"},{"taxonomy":"product_cat","embeddable":true,"href":"https:\/\/www.gabrielle-laroche.com\/fr\/wp-json\/wp\/v2\/product_cat?post=8114"},{"taxonomy":"product_tag","embeddable":true,"href":"https:\/\/www.gabrielle-laroche.com\/fr\/wp-json\/wp\/v2\/product_tag?post=8114"}],"curies":[{"name":"wp","href":"https:\/\/api.w.org\/{rel}","templated":true}]}}