

{"id":8840,"date":"2000-01-20T11:00:38","date_gmt":"2000-01-20T10:00:38","guid":{"rendered":"https:\/\/www.gabrielle-laroche.com\/?post_type=product&#038;p=8840"},"modified":"2023-02-20T14:08:22","modified_gmt":"2023-02-20T13:08:22","slug":"kim-hamisky-masque-julie","status":"publish","type":"product","link":"https:\/\/www.gabrielle-laroche.com\/fr\/product\/kim-hamisky-masque-julie\/","title":{"rendered":"KIM HAMISKY- Masque Julie"},"content":{"rendered":"<div class=\"wpb-content-wrapper\"><p>[vc_row][vc_column width=\u00a0\u00bb1\/2&Prime;][vc_column_text]<\/p>\n<p style=\"text-align: justify;\"><strong>Biographie\u00a0:<span class=\"Apple-converted-space\">\u00a0<\/span><\/strong><\/p>\n<p style=\"text-align: justify;\">Kim Hamisky est un artiste n\u00e9 au Vi\u00eat Nam en 1943. Peintre de formation, Hamisky a commenc\u00e9 comme un abstractionist lyrique, Lors de cette p\u00e9riode d&rsquo;abstraction lyrique, cet artiste expose \u00e0 la galerie Arnaud \u00e0 Paris, des \u0153uvres o\u00f9 apparait le go\u00fbt des techniques d&rsquo;artisanat tels que le bois ou la laque sculpt\u00e9e afin de donner son travail un aspect de la perfection. Ses tableaux affichent une surface merveilleusement impeccable \u00e0 travers laquelle l&rsquo;arri\u00e8re &#8211; plan \u00e9tait visible, cr\u00e9ant ainsi l&rsquo;impression d&rsquo;une d\u00e9chirure ou d&rsquo;un accident \u00e0 la peinture.<\/p>\n<p style=\"text-align: justify;\">Au fil des ans, la cl\u00e9 de son iconographie \u00e9tait la modification de la fonctionnalit\u00e9 des objets ainsi que la r\u00e9f\u00e9rence \u00e0 une action humaine pr\u00e9c\u00e9dente, comme il est brillamment affich\u00e9 dans son bronze c\u00e9l\u00e8bre \u00abKnot\u00bb et Le Complexe de Janus.<\/p>\n<p style=\"text-align: justify;\">Pendant les ann\u00e9es 1980, Hamisky fait une s\u00e9rie de t\u00eates humaines, en utilisant souvent le th\u00e9\u00e2tre japonais ou le style Art D\u00e9co comme un point de d\u00e9part. Ses t\u00eates rappellent des arch\u00e9types mythologiques ainsi que de puissants rituels magiques.<\/p>\n<p>&nbsp;<\/p>\n<p style=\"text-align: justify;\"><strong>Bibliographie\u00a0:<span class=\"Apple-converted-space\">\u00a0<\/span><\/strong><\/p>\n<p style=\"text-align: justify;\"><em>Catalogue d\u2019Exposition Galerie Arnaud<\/em>, Texte de Michel Ragon<\/p>\n<p style=\"text-align: justify;\"><em>Catalogue de la Galerie Guy Pieters<\/em> paru \u00e0 l\u2019occasion de l\u2019Exposition\u00a0:<\/p>\n<p style=\"text-align: justify;\">Kim Hamisky\u00a0, <em>Sculptures R\u00e9centes<\/em>,(1996-2002)<\/p>\n<p style=\"text-align: justify;\">Texte de Jean-Jacques L\u00e9v\u00eaque, 2002,<em> Hamisky\u00a0: Les politiques de l\u2019air et du vent<\/em><\/p>\n<p>[\/vc_column_text][\/vc_column][vc_column width=\u00a0\u00bb1\/2&Prime;][\/vc_column][\/vc_row]<\/p>\n<\/div>","protected":false},"excerpt":{"rendered":"<p><strong>KIM HAMISKY<\/strong><\/p>\n<p><strong>1943 (Sontay, Nord Vietnam) &#8211; 2002<\/strong><\/p>\n<p>&nbsp;<\/p>\n<p>&nbsp;<\/p>\n<p>&nbsp;<\/p>\n<p><strong>Titre\u00a0:\u00a0\u00a0 \u00a0\u00a0\u00a0\u00a0\u00a0\u00a0\u00a0\u00a0\u00a0\u00a0\u00a0\u00a0\u00a0\u00a0\u00a0\u00a0\u00a0\u00a0 <span class=\"Apple-converted-space\">\u00a0 <\/span>Masque Julie<\/strong><\/p>\n<p>&nbsp;<\/p>\n<p><strong>Technique\u00a0:\u00a0<\/strong>\u00a0\u00a0\u00a0\u00a0\u00a0<span class=\"Apple-converted-space\">\u00a0 <\/span>\u00a0\u00a0\u00a0\u00a0\u00a0<span class=\"Apple-converted-space\">\u00a0 <\/span>Bronze \u00e0 patine brune<\/p>\n<p><span class=\"Apple-converted-space\">\u00a0 \u00a0 \u00a0 \u00a0 \u00a0 <\/span>\u00a0 \u00a0 \u00a0 \u00a0 \u00a0 \u00a0 \u00a0 \u00a0 \u00a0 \u00a0 \u00a0 \u00a0 Sign\u00e9 \u00e0 la base et num\u00e9rot\u00e9 1\/8<\/p>\n<p><span class=\"Apple-converted-space\">\u00a0 \u00a0 \u00a0 \u00a0 \u00a0 <\/span>\u00a0 \u00a0 \u00a0 \u00a0 \u00a0 \u00a0 \u00a0 \u00a0 \u00a0 \u00a0 \u00a0 \u00a0 Cachet du fondeur Deroyaume<\/p>\n<p>&nbsp;<\/p>\n<p><strong>Dimensions\u00a0:<\/strong>\u00a0 \u00a0 \u00a0 \u00a0 \u00a0 Hauteur\u00a0: 53 cm<\/p>\n<p>Largeur\u00a0: 25 cm<\/p>\n<p>Profondeur\u00a0: 11 cm<\/p>\n<p style=\"font-weight: 400;\"><strong>\u00a0<\/strong><\/p>\n<p style=\"font-weight: 400;\"><strong>\u00a0<\/strong><\/p>\n[dt_button size=\"small\" style=\"default\" animation=\"none\" color_mode=\"default\" icon=\"\" icon_align=\"left\" color=\"\" link=\"mailto:gabrielle-laroche@wanadoo.fr?subject=178_KIM_HAMISKY- Masque-Julie\" target_blank=\"true\"]DEMANDE D&rsquo;INFORMATIONS[\/dt_button]\n<p>&nbsp;<\/p>\n<p><a href=\"\/fr\/contemporains\/\">Retour aux contemporains<\/a><\/p>\n","protected":false},"featured_media":8871,"template":"","meta":[],"product_brand":[],"product_cat":[39],"product_tag":[],"class_list":{"0":"post-8840","1":"product","2":"type-product","3":"status-publish","4":"has-post-thumbnail","6":"product_cat-contemporain","7":"description-off","9":"first","10":"instock","11":"shipping-taxable","12":"product-type-simple"},"aioseo_notices":[],"_links":{"self":[{"href":"https:\/\/www.gabrielle-laroche.com\/fr\/wp-json\/wp\/v2\/product\/8840","targetHints":{"allow":["GET"]}}],"collection":[{"href":"https:\/\/www.gabrielle-laroche.com\/fr\/wp-json\/wp\/v2\/product"}],"about":[{"href":"https:\/\/www.gabrielle-laroche.com\/fr\/wp-json\/wp\/v2\/types\/product"}],"wp:featuredmedia":[{"embeddable":true,"href":"https:\/\/www.gabrielle-laroche.com\/fr\/wp-json\/wp\/v2\/media\/8871"}],"wp:attachment":[{"href":"https:\/\/www.gabrielle-laroche.com\/fr\/wp-json\/wp\/v2\/media?parent=8840"}],"wp:term":[{"taxonomy":"product_brand","embeddable":true,"href":"https:\/\/www.gabrielle-laroche.com\/fr\/wp-json\/wp\/v2\/product_brand?post=8840"},{"taxonomy":"product_cat","embeddable":true,"href":"https:\/\/www.gabrielle-laroche.com\/fr\/wp-json\/wp\/v2\/product_cat?post=8840"},{"taxonomy":"product_tag","embeddable":true,"href":"https:\/\/www.gabrielle-laroche.com\/fr\/wp-json\/wp\/v2\/product_tag?post=8840"}],"curies":[{"name":"wp","href":"https:\/\/api.w.org\/{rel}","templated":true}]}}