

{"id":8841,"date":"2000-01-20T12:00:21","date_gmt":"2000-01-20T11:00:21","guid":{"rendered":"https:\/\/www.gabrielle-laroche.com\/?post_type=product&#038;p=8841"},"modified":"2023-02-20T12:52:51","modified_gmt":"2023-02-20T11:52:51","slug":"mircea-milcovitch-opus-931","status":"publish","type":"product","link":"https:\/\/www.gabrielle-laroche.com\/fr\/product\/mircea-milcovitch-opus-931\/","title":{"rendered":"MIRCEA MILCOVITCH &#8211; Opus 931"},"content":{"rendered":"<div class=\"wpb-content-wrapper\"><p>[vc_row][vc_column width=\u00a0\u00bb1\/2&Prime;][vc_column_text]<\/p>\n<p style=\"text-align: justify;\"><strong>Biographie\u00a0:<span class=\"Apple-converted-space\">\u00a0<\/span><\/strong><\/p>\n<p style=\"text-align: justify;\">Natif de Bessarabie, province actuelle de Russie, et fort d\u2019une formation en arts \u00e0 Bucarest, Mircea Milcovitch rejoint un groupe d\u2019amis peintres avec lesquels il s\u00e9journe r\u00e9guli\u00e8rement dans un village des Carpates, en montagne, pour \u00ab\u00a0peindre sur le motif\u00a0\u00bb. Le petit groupe est rapidement consid\u00e9r\u00e9 en rupture avec l\u2019art r\u00e9aliste socialiste.<\/p>\n<p style=\"text-align: justify;\">Aux lendemains de Mai 1968, il est invit\u00e9 \u00e0 participer \u00e0 Paris \u00e0 l\u2019exposition \u00ab\u00a0Six jeunes peintres roumains\u00a0\u00bb. Il d\u00e9cide alors de rester d\u00e9finitivement \u00e0 la capitale. Il choisit l\u2019exil et attend deux ans avant que sa femme peintre Marga le rejoigne.<\/p>\n<p style=\"text-align: justify;\">\u00a0Accueilli par des amis dans un atelier rue du Montparnasse, tr\u00e8s vite il est naturalis\u00e9 fran\u00e7ais. Il obtient ensuite un atelier \u00e0 la Cit\u00e9 des Arts, puis de la Ville de Paris et commence \u00e0 r\u00e9aliser d\u2019importantes s\u00e9ries d\u2019estampes pendant plus de dix ans. Il en r\u00e9serve certaines qu\u2019il reprend \u00e0 la mine d\u2019argent, au crayon et plus tard au fusain. La Biblioth\u00e8que nationale poss\u00e8de plusieurs exemplaires.<\/p>\n<p style=\"text-align: justify;\">Mircea Milcovitch d\u00e9veloppe un int\u00e9r\u00eat pour la symbolique universelle qu\u2019il \u00e9tudie en marge de ses r\u00e9alisations graphiques. Ces \u00e9tudes le conduiront \u00e0 la publication de son ouvrage <i>Des symboles universels \u00e0 la spiritualit\u00e9 chr\u00e9tienne <\/i>en 1991 (\u00c9ditions Retz) qu\u2019il aborde autant d\u2019un point de vue historique que du registre formel qu\u2019ils d\u00e9tiennent.<span class=\"Apple-converted-space\">\u00a0<\/span><\/p>\n<p style=\"text-align: justify;\">Amoureux de la nature et des forces telluriques des paysages rocheux, depuis les contreforts des Carpates jusqu\u2019aux sommets alpins, Milcovitch s\u2019exerce au m\u00e9tier de la taille en explorant le schiste de Savoie. Une fois son atelier install\u00e9 \u00e0 Nogent-sur-Marne qui lui permet de tailler sans encombre, il se tourne vers les pierres blanches. Le marbre de Carrare m\u00eale chez l\u2019artiste un sentiment de fascination pour son caract\u00e8re ancestral et l\u2019id\u00e9e de d\u00e9passement dans la difficult\u00e9 de taille pareille aux sommets qu\u2019il gravit quand il n\u2019est pas dans son atelier parisien ou \u00e0 Pietrasanta, sa r\u00e9sidence d\u2019\u00e9t\u00e9.<span class=\"Apple-converted-space\">\u00a0<\/span><\/p>\n<p style=\"text-align: justify;\">Milcovitch participe \u00e0 de nombreuses expositions collectives en Europe, aux Salons parisiens tels La Jeune Sculpture, Comparaisons, Grands et Jeunes d\u2019Aujourd\u2019hui, Salon D\u2019Automne, distingu\u00e9 du Prix F\u00e9n\u00e9on de l\u2019acad\u00e9mie de Paris en 1977. Il obtient plusieurs commandes de sculptures monumentales en marbre et son \u0153uvre sculpt\u00e9 est repr\u00e9sent\u00e9 dans les collections priv\u00e9es et publiques fran\u00e7aises et roumaines.<\/p>\n<p style=\"text-align: justify;\">Mircea Milcovitch sculpte sans rel\u00e2che des pierres dures, anim\u00e9 par la recherche de la forme \u00e9l\u00e9mentaire, la \u00ab\u00a0forme des formes\u00a0\u00bb dit-il, un cosmos quelque part d\u2019entre les courbes, situ\u00e9 au croisement de l\u2019organicit\u00e9 et de la puret\u00e9.<\/p>\n<p>[\/vc_column_text][\/vc_column][vc_column width=\u00a0\u00bb1\/2&Prime;][\/vc_column][\/vc_row]<\/p>\n<\/div>","protected":false},"excerpt":{"rendered":"<p><b>MIRCEA MILCOVITCH<\/b><\/p>\n<p>1941 &#8211;<span class=\"Apple-converted-space\">\u00a0<\/span><\/p>\n<p><b>\u00a0<\/b><\/p>\n<p><b>Titre \u00a0: <i>\u00a0 \u00a0 \u00a0 \u00a0 \u00a0 \u00a0 Opus 931<\/i><\/b><\/p>\n<p>&nbsp;<\/p>\n<p><strong>Technique :<\/strong> \u00a0 \u00a0 Ardoise d\u2019Angers<\/p>\n<p>Sign\u00e9 sur la base \u00e0 droite <i>Milcovitch<\/i><\/p>\n<p>Titr\u00e9 sur la base gauche<\/p>\n<p><strong>Dimensions :<\/strong><\/p>\n<p>Hauteur\u00a0: 72,5 cm<\/p>\n<p>Largeur\u00a0: 31,5 cm<\/p>\n<p>Profondeur\u00a0: 23,5 cm<\/p>\n<p style=\"font-weight: 400;\"><strong>\u00a0<\/strong><\/p>\n<p style=\"font-weight: 400;\"><strong>\u00a0<\/strong><\/p>\n[dt_button size=\"small\" style=\"default\" animation=\"none\" color_mode=\"default\" icon=\"\" icon_align=\"left\" color=\"\" link=\"mailto:gabrielle-laroche@wanadoo.fr?subject=13_MIRCEA_MILCOVITCH_ Opus_-931\" target_blank=\"true\"]DEMANDE D&rsquo;INFORMATIONS[\/dt_button]\n<p>&nbsp;<\/p>\n<p><a href=\"\/fr\/contemporains\/\">Retour aux contemporains<\/a><\/p>\n","protected":false},"featured_media":8842,"template":"","meta":[],"product_brand":[],"product_cat":[39],"product_tag":[],"class_list":{"0":"post-8841","1":"product","2":"type-product","3":"status-publish","4":"has-post-thumbnail","6":"product_cat-contemporain","7":"description-off","9":"first","10":"instock","11":"shipping-taxable","12":"product-type-simple"},"aioseo_notices":[],"_links":{"self":[{"href":"https:\/\/www.gabrielle-laroche.com\/fr\/wp-json\/wp\/v2\/product\/8841","targetHints":{"allow":["GET"]}}],"collection":[{"href":"https:\/\/www.gabrielle-laroche.com\/fr\/wp-json\/wp\/v2\/product"}],"about":[{"href":"https:\/\/www.gabrielle-laroche.com\/fr\/wp-json\/wp\/v2\/types\/product"}],"wp:featuredmedia":[{"embeddable":true,"href":"https:\/\/www.gabrielle-laroche.com\/fr\/wp-json\/wp\/v2\/media\/8842"}],"wp:attachment":[{"href":"https:\/\/www.gabrielle-laroche.com\/fr\/wp-json\/wp\/v2\/media?parent=8841"}],"wp:term":[{"taxonomy":"product_brand","embeddable":true,"href":"https:\/\/www.gabrielle-laroche.com\/fr\/wp-json\/wp\/v2\/product_brand?post=8841"},{"taxonomy":"product_cat","embeddable":true,"href":"https:\/\/www.gabrielle-laroche.com\/fr\/wp-json\/wp\/v2\/product_cat?post=8841"},{"taxonomy":"product_tag","embeddable":true,"href":"https:\/\/www.gabrielle-laroche.com\/fr\/wp-json\/wp\/v2\/product_tag?post=8841"}],"curies":[{"name":"wp","href":"https:\/\/api.w.org\/{rel}","templated":true}]}}