

{"id":9208,"date":"2021-03-31T09:55:51","date_gmt":"2021-03-31T07:55:51","guid":{"rendered":"https:\/\/www.gabrielle-laroche.com\/?post_type=product&#038;p=9208"},"modified":"2024-02-09T13:14:18","modified_gmt":"2024-02-09T12:14:18","slug":"vierge-a-lenfant-en-majeste-sedes-sapientiae-dite-trone-de-sagesse-2","status":"publish","type":"product","link":"https:\/\/www.gabrielle-laroche.com\/fr\/product\/vierge-a-lenfant-en-majeste-sedes-sapientiae-dite-trone-de-sagesse-2\/","title":{"rendered":"VIERGE A L&rsquo;ENFANT EN MAJESTE SEDES SAPIENTIAE DITE TR\u00d4NE DE SAGESSE"},"content":{"rendered":"<div class=\"wpb-content-wrapper\"><p>[vc_row][vc_column width=\u00a0\u00bb1\/2&Prime;][vc_column_text]<\/p>\n<p style=\"text-align: justify;\">Au milieu du XIIe si\u00e8cle, la Vierge prend place dans les \u00e9glises, si\u00e9geant en Majest\u00e9, servant de tr\u00f4ne \u00e0 son fils J\u00e9sus. Elle est alors dite Sedes Sapientiae soit tr\u00f4ne de Sagesse. \u00a0Elle n\u2019est alors pas repr\u00e9sent\u00e9e pour elle-m\u00eame, et n\u2019a d\u2019existence que parce qu\u2019elle a \u00e9t\u00e9 d\u00e9sign\u00e9e comme\u00a0Theotokos, m\u00e8re de Dieu, au concile d\u2019Eph\u00e8se en 431 o\u00f9 a \u00e9t\u00e9 proclam\u00e9e la nature divine du Christ d\u00e8s sa naissance.<\/p>\n<p style=\"text-align: justify;\">Les Vierges \u00e0 l\u2019Enfant en Majest\u00e9 furent un th\u00e8me iconographique particuli\u00e8rement important durant l\u2019\u00e9poque m\u00e9di\u00e9vale. Les p\u00e8lerinages encourag\u00e8rent leur d\u00e9veloppement tout en diffusant les mod\u00e8les.<span class=\"Apple-converted-space\">\u00a0<\/span><\/p>\n<p style=\"text-align: justify;\">Cette Vierge \u00e0 l&rsquo;Enfant, aux \u00e9paules \u00e9troites et tombantes, est assise sur un banc tr\u00f4ne. Elle est v\u00eatue d\u2019une robe rouge \u00e0 l\u2019encolure arrondie et d\u2019un manteau bleu dont un pan couvre ses genoux. Ces v\u00eatements souples ont un trac\u00e9 longiligne.<span class=\"Apple-converted-space\">\u00a0<\/span><\/p>\n<p style=\"text-align: justify;\">La Vierge au visage ovale, au nez droit, \u00e0 la bouche menue et au petit menton rond porte un voile qui couvre sa chevelure.<span class=\"Apple-converted-space\">\u00a0<\/span><\/p>\n<p style=\"text-align: justify;\">Elle l\u00e8ve sa main droite et pr\u00e9sente un fruit du bout de ses doigts fins.<\/p>\n<p style=\"text-align: justify;\">L\u2019enfant adopte la position hi\u00e9ratique des groupes du XIIe si\u00e8cle, plac\u00e9 bien au centre.<span class=\"Apple-converted-space\">\u00a0<\/span><\/p>\n<p style=\"text-align: justify;\">Il porte une longue tunique rouge qui laisse d\u00e9passer ses petits pieds. Un large plis en M creuse sa tunique, typique des productions castillanes de la fin du XIIIe si\u00e8cle et du d\u00e9but du XIVe si\u00e8cle.<span class=\"Apple-converted-space\">\u00a0<\/span><\/p>\n<p style=\"text-align: justify;\">Il a le visage fin. Ses l\u00e8vres lui donnent l\u2019air joyeux et amus\u00e9. Il tient un livre dans sa main gauche et l\u00e8ve la main droite en signe de b\u00e9n\u00e9diction.<span class=\"Apple-converted-space\">\u00a0<\/span><\/p>\n<p style=\"text-align: justify;\">Toutes ces caract\u00e9ristiques permettent de situer cette Vierge \u00e0 l\u2019Enfant comme \u00e9tant de Castille \u00e0 la fin du XIIIe si\u00e8cle.<span class=\"Apple-converted-space\">\u00a0<\/span><\/p>\n<p style=\"text-align: justify;\">Encore tr\u00e8s hi\u00e9ratique, l\u2019enfant plac\u00e9 bien au centre, on commence pourtant \u00e0 percevoir un mouvement nouveau, sugg\u00e9r\u00e9 par la position des mains. En outre, \u00a0les sourires qui se dessinent sur les deux visages confirment que ce groupe f\u00fbt ex\u00e9cut\u00e9 \u00e0 la fin du XIIIe.<\/p>\n<p style=\"text-align: justify;\"><strong>Cette Vierge \u00e0 l\u2019Enfant appara\u00eet ainsi comme une tr\u00e8s belle r\u00e9alisation de l\u2019art ib\u00e9rique et nous est parvenue dans un bon \u00e9tat de conservation.<span class=\"Apple-converted-space\">\u00a0<\/span><\/strong><\/p>\n<p>&nbsp;<\/p>\n<p style=\"text-align: justify;\"><strong>Bibliographie<\/strong><\/p>\n<p style=\"text-align: justify;\"><em>Fons del Museu Frederic Mar\u00e8s \/1,<\/em> Cat\u00e0leg d\u2019escultura i pintura medievals, Ajuntament de Barcelona, 1991<\/p>\n<p>[\/vc_column_text][vc_empty_space][\/vc_column][vc_column width=\u00a0\u00bb1\/2&Prime;][vc_empty_space][\/vc_column][\/vc_row]<\/p>\n<\/div>","protected":false},"excerpt":{"rendered":"<p><strong>VIERGE A L&rsquo;ENFANT EN MAJESTE SEDES SAPIENTIAE DITE TR\u00d4NE DE SAGESSE<\/strong><\/p>\n<p>&nbsp;<\/p>\n<p><strong>ORIGINE: CASTILLE<\/strong><\/p>\n<p><strong>EPOQUE: XIIIe SIECLE<\/strong><\/p>\n<p>&nbsp;<\/p>\n<p>Hauteur : \u00a067 cm<\/p>\n<p>Largeur\u00a0: 27 cm<\/p>\n<p>Profondeur\u00a0: 22 \u00a0cm<\/p>\n<p>&nbsp;<\/p>\n<p>Bois polychrom\u00e9<span class=\"Apple-converted-space\">\u00a0<\/span><\/p>\n<p>Bon \u00e9tat de conservation<\/p>\n<p>&nbsp;<\/p>\n[dt_button size=\"small\" style=\"default\" animation=\"none\" color_mode=\"default\" icon=\"\" icon_align=\"left\" color=\"\" link=\"mailto:gabrielle-laroche@wanadoo.fr?subject=263__VIERGE_A_L'ENFANT_EN_MAJESTE_SEDES_SAPIENTIAE_DITE_TR\u00d4NE_DE_SAGESSE\" target_blank=\"true\"]DEMANDE D&rsquo;INFORMATIONS[\/dt_button]\n<p>&nbsp;<\/p>\n<p><a href=\"\/fr\/antiquites\/mobilier\/meubles\/\">Retour aux meubles<\/a><\/p>\n","protected":false},"featured_media":9209,"template":"","meta":[],"product_brand":[],"product_cat":[17],"product_tag":[],"class_list":{"0":"post-9208","1":"product","2":"type-product","3":"status-publish","4":"has-post-thumbnail","6":"product_cat-uncategorized","7":"description-off","9":"first","10":"instock","11":"shipping-taxable","12":"product-type-simple"},"aioseo_notices":[],"_links":{"self":[{"href":"https:\/\/www.gabrielle-laroche.com\/fr\/wp-json\/wp\/v2\/product\/9208","targetHints":{"allow":["GET"]}}],"collection":[{"href":"https:\/\/www.gabrielle-laroche.com\/fr\/wp-json\/wp\/v2\/product"}],"about":[{"href":"https:\/\/www.gabrielle-laroche.com\/fr\/wp-json\/wp\/v2\/types\/product"}],"wp:featuredmedia":[{"embeddable":true,"href":"https:\/\/www.gabrielle-laroche.com\/fr\/wp-json\/wp\/v2\/media\/9209"}],"wp:attachment":[{"href":"https:\/\/www.gabrielle-laroche.com\/fr\/wp-json\/wp\/v2\/media?parent=9208"}],"wp:term":[{"taxonomy":"product_brand","embeddable":true,"href":"https:\/\/www.gabrielle-laroche.com\/fr\/wp-json\/wp\/v2\/product_brand?post=9208"},{"taxonomy":"product_cat","embeddable":true,"href":"https:\/\/www.gabrielle-laroche.com\/fr\/wp-json\/wp\/v2\/product_cat?post=9208"},{"taxonomy":"product_tag","embeddable":true,"href":"https:\/\/www.gabrielle-laroche.com\/fr\/wp-json\/wp\/v2\/product_tag?post=9208"}],"curies":[{"name":"wp","href":"https:\/\/api.w.org\/{rel}","templated":true}]}}