

{"id":9554,"date":"2000-01-01T10:00:40","date_gmt":"2000-01-01T09:00:40","guid":{"rendered":"https:\/\/www.gabrielle-laroche.com\/?post_type=product&#038;p=9554"},"modified":"2025-07-02T15:46:20","modified_gmt":"2025-07-02T13:46:20","slug":"suite-de-quatre-chaises-flamandes","status":"publish","type":"product","link":"https:\/\/www.gabrielle-laroche.com\/fr\/product\/suite-de-quatre-chaises-flamandes\/","title":{"rendered":"SUITE DE QUATRE CHAISES FLAMANDES"},"content":{"rendered":"<div class=\"wpb-content-wrapper\"><p>[vc_row][vc_column width=\u00a0\u00bb1\/2&Prime;][vc_column_text]<\/p>\n<p class=\"p1\">Ces chaises reposent sur un pi\u00e9tement r\u00e9uni par deux entretoises rectangulaires dispos\u00e9es sur deux niveaux. Les pieds sont tourn\u00e9s en balustre.<\/p>\n<p class=\"p1\">Les montants post\u00e9rieurs sont orn\u00e9s de lions d\u00e9licatement sculpt\u00e9s.<\/p>\n<p class=\"p1\">Elles sont recouvertes d\u2019une tapisserie beige.<\/p>\n<p>&nbsp;<\/p>\n<p>&nbsp;<\/p>\n<p>[\/vc_column_text][\/vc_column][vc_column width=\u00a0\u00bb1\/2&Prime;][\/vc_column][\/vc_row][vc_row][vc_column width=\u00a0\u00bb1\/2&Prime;][vc_single_image image=\u00a0\u00bb9555&Prime; img_size=\u00a0\u00bbmedium\u00a0\u00bb alignment=\u00a0\u00bbcenter\u00a0\u00bb][\/vc_column][vc_column width=\u00a0\u00bb1\/2&Prime;][\/vc_column][\/vc_row][vc_row][vc_column width=\u00a0\u00bb1\/2&Prime;][vc_column_text]<\/p>\n<p class=\"p1\">Ce mod\u00e8le de chaises est typique des Flandres. Le Rijksmuseum conserve des chaises similaires (BK-KOG-1795).<\/p>\n<p>[\/vc_column_text][\/vc_column][vc_column width=\u00a0\u00bb1\/2&Prime;][\/vc_column][\/vc_row]<\/p>\n<\/div>","protected":false},"excerpt":{"rendered":"<h4 class=\"p1\"><strong>SUITE DE QUATRE CHAISES FLAMANDES<\/strong><\/h4>\n<p>&nbsp;<\/p>\n<p class=\"p1\"><strong>ORIGINE : FLANDRE<\/strong><\/p>\n<p class=\"p1\"><strong>\u00c9POQUE\u00a0: XVIIe SI\u00c8CLE<\/strong><\/p>\n<p>&nbsp;<\/p>\n<p class=\"p1\">Hauteur\u00a0: \u00a091 cm<\/p>\n<p class=\"p1\">Longueur\u00a0:\u00a0 46 cm<\/p>\n<p class=\"p1\">Profondeur\u00a0: 40 cm<\/p>\n<p>&nbsp;<\/p>\n<p class=\"p1\">Bois de ch\u00eane<\/p>\n<p class=\"p1\">Bon \u00e9tat de conservation<\/p>\n<p>&nbsp;<\/p>\n<p>&nbsp;<\/p>\n[dt_button size=\"small\" style=\"default\" animation=\"none\" color_mode=\"default\" icon=\"\" icon_align=\"left\" color=\"\" link=\"mailto:gabrielle-laroche@wanadoo.fr?subject=163_SUITE DE_QUATRE_CHAISES_FLAMANDES\" target_blank=\"true\"]DEMANDE D&rsquo;INFORMATIONS[\/dt_button]\n<p>&nbsp;<\/p>\n<p><a href=\"\/fr\/antiquites\/mobilier\/sieges\/\">Retour aux si\u00e8ges<\/a><\/p>\n","protected":false},"featured_media":11694,"template":"","meta":[],"product_brand":[],"product_cat":[17],"product_tag":[],"class_list":{"0":"post-9554","1":"product","2":"type-product","3":"status-publish","4":"has-post-thumbnail","6":"product_cat-uncategorized","7":"description-off","9":"first","10":"instock","11":"shipping-taxable","12":"product-type-simple"},"aioseo_notices":[],"_links":{"self":[{"href":"https:\/\/www.gabrielle-laroche.com\/fr\/wp-json\/wp\/v2\/product\/9554","targetHints":{"allow":["GET"]}}],"collection":[{"href":"https:\/\/www.gabrielle-laroche.com\/fr\/wp-json\/wp\/v2\/product"}],"about":[{"href":"https:\/\/www.gabrielle-laroche.com\/fr\/wp-json\/wp\/v2\/types\/product"}],"wp:featuredmedia":[{"embeddable":true,"href":"https:\/\/www.gabrielle-laroche.com\/fr\/wp-json\/wp\/v2\/media\/11694"}],"wp:attachment":[{"href":"https:\/\/www.gabrielle-laroche.com\/fr\/wp-json\/wp\/v2\/media?parent=9554"}],"wp:term":[{"taxonomy":"product_brand","embeddable":true,"href":"https:\/\/www.gabrielle-laroche.com\/fr\/wp-json\/wp\/v2\/product_brand?post=9554"},{"taxonomy":"product_cat","embeddable":true,"href":"https:\/\/www.gabrielle-laroche.com\/fr\/wp-json\/wp\/v2\/product_cat?post=9554"},{"taxonomy":"product_tag","embeddable":true,"href":"https:\/\/www.gabrielle-laroche.com\/fr\/wp-json\/wp\/v2\/product_tag?post=9554"}],"curies":[{"name":"wp","href":"https:\/\/api.w.org\/{rel}","templated":true}]}}