

{"id":9650,"date":"2023-08-29T15:19:03","date_gmt":"2023-08-29T13:19:03","guid":{"rendered":"https:\/\/www.gabrielle-laroche.com\/?post_type=product&#038;p=9650"},"modified":"2023-08-29T15:24:43","modified_gmt":"2023-08-29T13:24:43","slug":"cabinet-depoque-renaissance-de-la-region-lyonnaise","status":"publish","type":"product","link":"https:\/\/www.gabrielle-laroche.com\/fr\/product\/cabinet-depoque-renaissance-de-la-region-lyonnaise\/","title":{"rendered":"CABINET D\u2019\u00c9POQUE RENAISSANCE DE LA R\u00c9GION LYONNAISE"},"content":{"rendered":"<div class=\"wpb-content-wrapper\"><p>[vc_row][vc_column width=\u00a0\u00bb1\/2&Prime;][vc_column_text]<\/p>\n<p style=\"text-align: justify;\">D\u2019une composition rigoureuse et bien proportionn\u00e9, ce cabinet rend compte de l\u2019influence de l\u2019architecture sur l\u2019art du meuble de la seconde moiti\u00e9 du XVIe si\u00e8cle.<span class=\"Apple-converted-space\">\u00a0<\/span><\/p>\n<p style=\"text-align: justify;\">Les deux corps de ce cabinet sont ainsi rythm\u00e9s par la pr\u00e9sence de trois pilastres cannel\u00e9s sculpt\u00e9s sur les montants lat\u00e9raux et les dormants. Il ouvre \u00e0 quatre vantaux et deux tiroirs en ceinture. L\u2019originalit\u00e9 de ce meuble tient dans la vari\u00e9t\u00e9 des motifs employ\u00e9s \u00e0 son ornementation.<span class=\"Apple-converted-space\">\u00a0<\/span><\/p>\n<p style=\"text-align: justify;\">Sur les vantaux du corps inf\u00e9rieur se d\u00e9ploie autour de deux masques f\u00e9minins un fantastique d\u00e9cor de vermiculures tr\u00e8s habillement travaill\u00e9es. Elles s\u2019\u00e9panouissent sym\u00e9triquement et s\u2019entrelacent \u00e0 de beaux choux bourguignons.<span class=\"Apple-converted-space\">\u00a0<\/span><\/p>\n<p style=\"text-align: justify;\">En ceinture, on retrouve deux tiroirs\u00a0 moulur\u00e9s et sobrement d\u00e9cor\u00e9s d\u2019une frise de palmettes.<span class=\"Apple-converted-space\">\u00a0<\/span><\/p>\n<p style=\"text-align: justify;\">\u00a0Les panneaux du corps sup\u00e9rieur sont quant \u00e0 eux orn\u00e9s de niches dont le culot est sculpt\u00e9 de t\u00eate d\u2019angelots ail\u00e9s, surmont\u00e9es d\u2019un entablement incrust\u00e9 d\u2019une tablette de marbre, de fleurs et d\u2019un fronton triangulaire interrompu. Sous ces niches sont repr\u00e9sent\u00e9s deux personnages de grande qualit\u00e9.<span class=\"Apple-converted-space\">\u00a0<\/span><\/p>\n<p style=\"text-align: justify;\">A gauche, une figure f\u00e9minine, tient dans sa main gauche un calice. Il s\u2019agit d\u2019Aphrodite.<\/p>\n<p style=\"text-align: justify;\">A droite, un homme tient dans sa main gauche un livre. Deux ailes se d\u00e9ploient dans son dos et il porte sur la t\u00eate le p\u00e9tase. Ces diff\u00e9rents attributs nous permettent d\u2019identifier Hermes.<span class=\"Apple-converted-space\">\u00a0<\/span><\/p>\n<p style=\"text-align: justify;\">Sur l\u2019entablement du meuble, deux cartouches, s\u00e9par\u00e9s par des consoles orn\u00e9es de palmettes, sont sculpt\u00e9s de repr\u00e9sentations f\u00e9minines.<span class=\"Apple-converted-space\">\u00a0<\/span><\/p>\n<p style=\"text-align: justify;\">Ce beau cabinet de la Renaissance est un exemple de la virtuosit\u00e9 des ateliers lyonnais vers 1560-1580.\u00a0 Le d\u00e9cor graphique de vermiculure, issu des recherches des illustrateurs et des graveurs, alli\u00e9 \u00e0 une structure parfaitement architectur\u00e9e, gr\u00e2ce notamment \u00e0 l\u2019utilisation des pilastres cannel\u00e9s, sont caract\u00e9ristiques de cette r\u00e9gion. Employant des proc\u00e9d\u00e9s techniques et ornementaux originaux, \u00e0 l\u2019image de la vermiculure, d\u00e9cor lyonnais le plus original et le plus typique, ils donn\u00e8rent \u00e0 leurs cr\u00e9ations une v\u00e9ritable identit\u00e9.<span class=\"Apple-converted-space\">\u00a0<\/span><\/p>\n<p style=\"text-align: justify;\">Le d\u00e9cor du corps du haut sugg\u00e8re en revanche une influence bellifontaine. Ces figures de divinit\u00e9s furent en effet tr\u00e8s en faveur aupr\u00e8s des artistes de cette r\u00e9gion qui prirent leur inspiration dans les d\u00e9cors des grands chantiers royaux tels qu\u2019au chateau de Fontainebleau. Ces mod\u00e8les se diffus\u00e8rent ensuite \u00e0 travers la France et l\u2019Europe par l\u2019interm\u00e9diaire des gravures et recueils de mod\u00e8les.<\/p>\n<p>[\/vc_column_text][\/vc_column][vc_column width=\u00a0\u00bb1\/2&Prime;][\/vc_column][\/vc_row]<\/p>\n<\/div>","protected":false},"excerpt":{"rendered":"<h4>CABINET D\u2019\u00c9POQUE RENAISSANCE DE LA R\u00c9GION LYONNAISE<\/h4>\n<p>&nbsp;<\/p>\n<p>ORIGINE : LYON<\/p>\n<p>\u00c9POQUE : XVIe SI\u00c8CLE<\/p>\n<p>&nbsp;<\/p>\n<p>Hauteur : 189 cm<\/p>\n<p>Largeur : \u00a0132,5 cm<\/p>\n<p>Profondeur : 54 cm<\/p>\n<p>&nbsp;<\/p>\n<p>Noyer<\/p>\n<p>Bon \u00e9tat de conservation<\/p>\n<p>&nbsp;<\/p>\n<p>&nbsp;<\/p>\n[dt_button size=\"small\" style=\"default\" animation=\"none\" color_mode=\"default\" icon=\"\" icon_align=\"left\" color=\"\" link=\"mailto:gabrielle-laroche@wanadoo.fr?subject=322_CABINET_D\u2019\u00c9POQUE_RENAISSANCE_DE_LA_R\u00c9GION_LYONNAISE\" target_blank=\"true\"]DEMANDE D&rsquo;INFORMATIONS[\/dt_button]\n<p>&nbsp;<\/p>\n<p><a href=\"\/fr\/antiquites\/mobilier\/meubles\/\">Retour aux meubles<\/a><\/p>\n","protected":false},"featured_media":9651,"template":"","meta":[],"product_brand":[],"product_cat":[18],"product_tag":[],"class_list":{"0":"post-9650","1":"product","2":"type-product","3":"status-publish","4":"has-post-thumbnail","6":"product_cat-meubles","7":"description-off","9":"first","10":"instock","11":"shipping-taxable","12":"product-type-simple"},"aioseo_notices":[],"_links":{"self":[{"href":"https:\/\/www.gabrielle-laroche.com\/fr\/wp-json\/wp\/v2\/product\/9650","targetHints":{"allow":["GET"]}}],"collection":[{"href":"https:\/\/www.gabrielle-laroche.com\/fr\/wp-json\/wp\/v2\/product"}],"about":[{"href":"https:\/\/www.gabrielle-laroche.com\/fr\/wp-json\/wp\/v2\/types\/product"}],"wp:featuredmedia":[{"embeddable":true,"href":"https:\/\/www.gabrielle-laroche.com\/fr\/wp-json\/wp\/v2\/media\/9651"}],"wp:attachment":[{"href":"https:\/\/www.gabrielle-laroche.com\/fr\/wp-json\/wp\/v2\/media?parent=9650"}],"wp:term":[{"taxonomy":"product_brand","embeddable":true,"href":"https:\/\/www.gabrielle-laroche.com\/fr\/wp-json\/wp\/v2\/product_brand?post=9650"},{"taxonomy":"product_cat","embeddable":true,"href":"https:\/\/www.gabrielle-laroche.com\/fr\/wp-json\/wp\/v2\/product_cat?post=9650"},{"taxonomy":"product_tag","embeddable":true,"href":"https:\/\/www.gabrielle-laroche.com\/fr\/wp-json\/wp\/v2\/product_tag?post=9650"}],"curies":[{"name":"wp","href":"https:\/\/api.w.org\/{rel}","templated":true}]}}